{"version":"1.0","provider_name":"Ecole \/ ESHS","provider_url":"https:\/\/web.umons.ac.be\/eshs","author_name":"L\u00e9a Saintghislain","author_url":"https:\/\/web.umons.ac.be\/eshs\/author\/lsaintghislain\/","title":"Des toques, des sourires et des r\u00e9ussites ! - Ecole \/ ESHS","type":"rich","width":600,"height":338,"html":"<blockquote class=\"wp-embedded-content\" data-secret=\"MosAYGoV1I\"><a href=\"https:\/\/web.umons.ac.be\/eshs\/fr\/des-toques-des-sourires-et-des-reussites\/\">Des toques, des sourires et des r\u00e9ussites !<\/a><\/blockquote><iframe sandbox=\"allow-scripts\" security=\"restricted\" src=\"https:\/\/web.umons.ac.be\/eshs\/fr\/des-toques-des-sourires-et-des-reussites\/embed\/#?secret=MosAYGoV1I\" width=\"600\" height=\"338\" title=\"\u00ab\u00a0Des toques, des sourires et des r\u00e9ussites !\u00a0\u00bb &#8212; Ecole \/ ESHS\" data-secret=\"MosAYGoV1I\" frameborder=\"0\" marginwidth=\"0\" marginheight=\"0\" scrolling=\"no\" class=\"wp-embedded-content\"><\/iframe><script type=\"text\/javascript\">\n\/* <![CDATA[ *\/\n\/*! This file is auto-generated *\/\n!function(d,l){\"use strict\";l.querySelector&&d.addEventListener&&\"undefined\"!=typeof URL&&(d.wp=d.wp||{},d.wp.receiveEmbedMessage||(d.wp.receiveEmbedMessage=function(e){var t=e.data;if((t||t.secret||t.message||t.value)&&!\/[^a-zA-Z0-9]\/.test(t.secret)){for(var s,r,n,a=l.querySelectorAll('iframe[data-secret=\"'+t.secret+'\"]'),o=l.querySelectorAll('blockquote[data-secret=\"'+t.secret+'\"]'),c=new RegExp(\"^https?:$\",\"i\"),i=0;i<o.length;i++)o[i].style.display=\"none\";for(i=0;i<a.length;i++)s=a[i],e.source===s.contentWindow&&(s.removeAttribute(\"style\"),\"height\"===t.message?(1e3<(r=parseInt(t.value,10))?r=1e3:~~r<200&&(r=200),s.height=r):\"link\"===t.message&&(r=new URL(s.getAttribute(\"src\")),n=new URL(t.value),c.test(n.protocol))&&n.host===r.host&&l.activeElement===s&&(d.top.location.href=t.value))}},d.addEventListener(\"message\",d.wp.receiveEmbedMessage,!1),l.addEventListener(\"DOMContentLoaded\",function(){for(var e,t,s=l.querySelectorAll(\"iframe.wp-embedded-content\"),r=0;r<s.length;r++)(t=(e=s[r]).getAttribute(\"data-secret\"))||(t=Math.random().toString(36).substring(2,12),e.src+=\"#?secret=\"+t,e.setAttribute(\"data-secret\",t)),e.contentWindow.postMessage({message:\"ready\",secret:t},\"*\")},!1)))}(window,document);\n\/\/# sourceURL=https:\/\/web.umons.ac.be\/eshs\/wp-includes\/js\/wp-embed.min.js\n\/* ]]> *\/\n<\/script>\n","thumbnail_url":"https:\/\/web.umons.ac.be\/app\/uploads\/sites\/8\/2025\/10\/DSC_6396-scaled.jpg","thumbnail_width":2560,"thumbnail_height":1707,"description":"Le vendredi 10 octobre, la Salle Acad\u00e9mique a accueilli la c\u00e9r\u00e9monie de proclamation du Bachelier en Sciences Humaines et Sociales (Promotion 2024-2025). Un moment empreint d\u2019\u00e9motion o\u00f9 les dipl\u00f4m\u00e9\u00b7es, entour\u00e9\u00b7es de leurs proches et de leurs enseignant\u00b7es, ont c\u00e9l\u00e9br\u00e9 la fin d\u2019un parcours riche en curiosit\u00e9, en r\u00e9flexion et en humanit\u00e9."}