{"version":"1.0","provider_name":"Ecole \/ ESHS","provider_url":"https:\/\/web.umons.ac.be\/eshs","author_name":"Am\u00e9lie Honorez","author_url":"https:\/\/web.umons.ac.be\/eshs\/author\/ahonorez\/","title":"S\u00e9minaire : Les sciences humaines et sociales face \u00e0 l'IA","type":"rich","width":600,"height":338,"html":"<blockquote class=\"wp-embedded-content\" data-secret=\"HhlVWRlqVL\"><a href=\"https:\/\/web.umons.ac.be\/eshs\/fr\/evenements\/seminaire-sciences-humaines-et-sociales-ia\/\">S\u00e9minaire : Les sciences humaines et sociales face \u00e0 l&rsquo;IA<\/a><\/blockquote><iframe sandbox=\"allow-scripts\" security=\"restricted\" src=\"https:\/\/web.umons.ac.be\/eshs\/fr\/evenements\/seminaire-sciences-humaines-et-sociales-ia\/embed\/#?secret=HhlVWRlqVL\" width=\"600\" height=\"338\" title=\"\u00ab\u00a0S\u00e9minaire : Les sciences humaines et sociales face \u00e0 l&rsquo;IA\u00a0\u00bb &#8212; Ecole \/ ESHS\" data-secret=\"HhlVWRlqVL\" frameborder=\"0\" marginwidth=\"0\" marginheight=\"0\" scrolling=\"no\" class=\"wp-embedded-content\"><\/iframe><script type=\"text\/javascript\">\n\/* <![CDATA[ *\/\n\/*! This file is auto-generated *\/\n!function(d,l){\"use strict\";l.querySelector&&d.addEventListener&&\"undefined\"!=typeof URL&&(d.wp=d.wp||{},d.wp.receiveEmbedMessage||(d.wp.receiveEmbedMessage=function(e){var t=e.data;if((t||t.secret||t.message||t.value)&&!\/[^a-zA-Z0-9]\/.test(t.secret)){for(var s,r,n,a=l.querySelectorAll('iframe[data-secret=\"'+t.secret+'\"]'),o=l.querySelectorAll('blockquote[data-secret=\"'+t.secret+'\"]'),c=new RegExp(\"^https?:$\",\"i\"),i=0;i<o.length;i++)o[i].style.display=\"none\";for(i=0;i<a.length;i++)s=a[i],e.source===s.contentWindow&&(s.removeAttribute(\"style\"),\"height\"===t.message?(1e3<(r=parseInt(t.value,10))?r=1e3:~~r<200&&(r=200),s.height=r):\"link\"===t.message&&(r=new URL(s.getAttribute(\"src\")),n=new URL(t.value),c.test(n.protocol))&&n.host===r.host&&l.activeElement===s&&(d.top.location.href=t.value))}},d.addEventListener(\"message\",d.wp.receiveEmbedMessage,!1),l.addEventListener(\"DOMContentLoaded\",function(){for(var e,t,s=l.querySelectorAll(\"iframe.wp-embedded-content\"),r=0;r<s.length;r++)(t=(e=s[r]).getAttribute(\"data-secret\"))||(t=Math.random().toString(36).substring(2,12),e.src+=\"#?secret=\"+t,e.setAttribute(\"data-secret\",t)),e.contentWindow.postMessage({message:\"ready\",secret:t},\"*\")},!1)))}(window,document);\n\/\/# sourceURL=https:\/\/web.umons.ac.be\/eshs\/wp-includes\/js\/wp-embed.min.js\n\/* ]]> *\/\n<\/script>\n","thumbnail_url":"https:\/\/web.umons.ac.be\/app\/uploads\/sites\/8\/2025\/04\/SHS-face-a-lIA-3.jpeg","thumbnail_width":1280,"thumbnail_height":720,"description":"Renaud Maes et l'\u00c9cole des Sciences humaines et sociales vous convient au s\u00e9minaire \"Les sciences humaines et sociales face \u00e0 l'IA\".Ce s\u00e9minaire, ouvert \u00e0 toutes et tous, est organis\u00e9 dans le cadre du cours \u00ab Techniques quantitatives en sciences humaines et sociales \u00bb qui figure au programme de 2\u00e8me ann\u00e9e de Bachelier en Sciences humaines et sociales."}