{"id":20,"date":"2017-05-12T15:50:46","date_gmt":"2017-05-12T13:50:46","guid":{"rendered":"https:\/\/web.umons.ac.be\/faculte\/eshs\/?page_id=20"},"modified":"2025-11-20T15:31:16","modified_gmt":"2025-11-20T14:31:16","slug":"vie-etudiante","status":"publish","type":"page","link":"https:\/\/web.umons.ac.be\/eshs\/fr\/ecole-dynamique\/vie-etudiante\/","title":{"rendered":"Vie \u00e9tudiante"},"content":{"rendered":"<p data-start=\"85\" data-end=\"430\">\u00c9tudier en Sciences Humaines et Sociales, c\u2019est bien plus que suivre des cours : c\u2019est entrer dans une communaut\u00e9 vivante, o\u00f9 solidarit\u00e9, convivialit\u00e9 et cr\u00e9ativit\u00e9 rythment l\u2019ann\u00e9e. Situ\u00e9e au c\u0153ur d\u2019une ville chaleureuse, culturelle et \u00e9tudiante, l\u2019ESHS offre un environnement d\u2019apprentissage stimulant\u2026 et une vie \u00e9tudiante active et vari\u00e9e.<\/p>\n<h3 data-start=\"437\" data-end=\"472\">L\u2019AGE ESHS : une \u00e9nergie unique<\/h3>\n<p data-start=\"474\" data-end=\"641\">L\u2019AGE (Assembl\u00e9e G\u00e9n\u00e9rale des \u00c9tudiant\u00b7e\u00b7s) anime la vie de l\u2019\u00c9cole et cr\u00e9e du lien entre les \u00e9tudiant\u00b7e\u00b7s gr\u00e2ce \u00e0 de nombreuses activit\u00e9s tout au long de l\u2019ann\u00e9e.<\/p>\n<p data-start=\"643\" data-end=\"666\">Ce qui la caract\u00e9rise :<\/p>\n<ul data-start=\"668\" data-end=\"1090\">\n<li data-start=\"668\" data-end=\"783\">\n<p data-start=\"670\" data-end=\"783\">Une participation ouverte \u00e0 toutes et tous : pas de bapt\u00eame, pas de rite, chaque \u00e9tudiant\u00b7e est le\u00b7la bienvenu\u00b7e.<\/p>\n<\/li>\n<li data-start=\"784\" data-end=\"955\">\n<p data-start=\"786\" data-end=\"955\">Plus d\u2019une vingtaine d\u2019\u00e9v\u00e9nements par an : cin\u00e9-club, Garden Party, Bal annuel, Coupe du Mons, grandes soir\u00e9es, activit\u00e9s sportives, concerts, ateliers artistiques, etc.<\/p>\n<\/li>\n<li data-start=\"956\" data-end=\"1090\">\n<p data-start=\"958\" data-end=\"1090\">Des comit\u00e9s sp\u00e9cialis\u00e9s : Art, Sport, F\u00eate, Culturel\u2013Associatif\u2013Citoyen (CAC), ainsi que Pom-poms et organisation du Bal\/Pull\/Promo.<\/p>\n<\/li>\n<\/ul>\n<p data-start=\"1092\" data-end=\"1235\">Voyages, concerts, d\u00e9bats, comp\u00e9titions sportives, soir\u00e9es et autres initiatives font de l\u2019AGE un acteur essentiel de la convivialit\u00e9 \u00e0 l\u2019ESHS.<\/p>\n<p data-start=\"1237\" data-end=\"1327\">Local de l\u2019AGE : b\u00e2timent Rosa Parks (avenue Fr\u00e8re Orban 9 \u00e0 Mons &#8211; mezzanine)<br data-start=\"1285\" data-end=\"1288\" \/>R\u00e9seaux sociaux : <a href=\"https:\/\/www.facebook.com\/agepsychoshs\/?locale=fr_FR\" target=\"_blank\" rel=\"noopener\">Facebook<\/a> et <a href=\"https:\/\/www.instagram.com\/age_eshs\/\" target=\"_blank\" rel=\"noopener\">Instagram<\/a><\/p>\n<h3 data-start=\"1334\" data-end=\"1377\">Le CRE ESHS : repr\u00e9senter et rassembler<\/h3>\n<p data-start=\"1379\" data-end=\"1565\">Le CRE (Comit\u00e9 Repr\u00e9sentatif des \u00c9tudiant\u00b7e\u00b7s SHS) est l\u2019organe de repr\u00e9sentation interne \u00e0 l\u2019\u00c9cole. Il porte la voix des \u00e9tudiant\u00b7e\u00b7s aupr\u00e8s des commissions officielles, en mati\u00e8re de :<\/p>\n<ul data-start=\"1567\" data-end=\"1679\">\n<li data-start=\"1567\" data-end=\"1593\">\n<p data-start=\"1569\" data-end=\"1593\">organisation des \u00e9tudes,<\/p>\n<\/li>\n<li data-start=\"1594\" data-end=\"1628\">\n<p data-start=\"1596\" data-end=\"1628\">programmes et contenu des cours,<\/p>\n<\/li>\n<li data-start=\"1629\" data-end=\"1657\">\n<p data-start=\"1631\" data-end=\"1657\">qualit\u00e9 de l\u2019enseignement,<\/p>\n<\/li>\n<li data-start=\"1658\" data-end=\"1679\">\n<p data-start=\"1660\" data-end=\"1679\">aide \u00e0 la r\u00e9ussite.<\/p>\n<\/li>\n<\/ul>\n<p data-start=\"1681\" data-end=\"1835\">Le CRE organise \u00e9galement des activit\u00e9s visant \u00e0 renforcer la coh\u00e9sion et \u00e0 faciliter l\u2019int\u00e9gration des nouveaux arrivants, comme l\u2019apr\u00e8s-midi parrainage.<\/p>\n<p data-start=\"1837\" data-end=\"1909\">Il est disponible pour r\u00e9pondre \u00e0 toute question acad\u00e9mique ou pratique.<\/p>\n<p data-start=\"1911\" data-end=\"1939\">Contact : <a class=\"decorated-link cursor-pointer\" href=\"mailto:cre.eshs@gmail.com\" rel=\"noopener\" data-start=\"1921\" data-end=\"1939\">cre.eshs@gmail.com<\/a><\/p>\n<h3 data-start=\"1946\" data-end=\"2001\">L\u2019ORE : la voix de tous les \u00e9tudiant\u00b7e\u00b7s de l\u2019UMONS<\/h3>\n<p data-start=\"2003\" data-end=\"2207\">L\u2019ORE (Organisation Repr\u00e9sentative des \u00c9tudiant\u00b7e\u00b7s) est l\u2019instance officielle qui repr\u00e9sente l\u2019ensemble des \u00e9tudiant\u00b7e\u00b7s de l\u2019UMONS, conform\u00e9ment au d\u00e9cret Participation de 2003. Elle a pour mission de :<\/p>\n<ul data-start=\"2209\" data-end=\"2447\">\n<li data-start=\"2209\" data-end=\"2295\">\n<p data-start=\"2211\" data-end=\"2295\">d\u00e9fendre les int\u00e9r\u00eats des \u00e9tudiant\u00b7e\u00b7s dans les diff\u00e9rents conseils de l\u2019Universit\u00e9,<\/p>\n<\/li>\n<li data-start=\"2296\" data-end=\"2382\">\n<p data-start=\"2298\" data-end=\"2382\">soutenir et coordonner les initiatives \u00e0 vocation sportive, culturelle ou citoyenne,<\/p>\n<\/li>\n<li data-start=\"2383\" data-end=\"2447\">\n<p data-start=\"2385\" data-end=\"2447\">repr\u00e9senter les \u00e9tudiant\u00b7e\u00b7s aupr\u00e8s des institutions externes.<\/p>\n<\/li>\n<\/ul>\n<p data-start=\"2449\" data-end=\"2608\">Contrairement aux AGE, qui agissent au sein d\u2019une seule facult\u00e9 ou \u00e9cole, l\u2019ORE a un r\u00f4le inter-facultaire et repr\u00e9sente tous les \u00e9tudiant\u00b7e\u00b7s de l\u2019Universit\u00e9.<\/p>\n<p data-start=\"2610\" data-end=\"2658\">Contact : <a class=\"decorated-link cursor-pointer\" href=\"mailto:ore@umons.ac.be\" rel=\"noopener\" data-start=\"2620\" data-end=\"2635\">ore@umons.ac.be<\/a><br data-start=\"2635\" data-end=\"2638\" \/>R\u00e9seaux sociaux : <a href=\"https:\/\/www.facebook.com\/ORE.UMONS\/?locale=fr_FR\" target=\"_blank\" rel=\"noopener\">Facebook<\/a> et <a href=\"https:\/\/www.instagram.com\/ore_umons\/\" target=\"_blank\" rel=\"noopener\">Instagram<\/a><\/p>\n<h3 data-start=\"2665\" data-end=\"2706\">Une vie \u00e9tudiante \u00e0 l\u2019image de l\u2019ESHS<\/h3>\n<p data-start=\"2708\" data-end=\"2998\">Festive, citoyenne, solidaire, cr\u00e9ative et engag\u00e9e, la vie \u00e9tudiante de l\u2019ESHS refl\u00e8te l\u2019esprit de l\u2019\u00c9cole. Quelle que soit l\u2019activit\u00e9, l\u2019\u00e9quipe p\u00e9dagogique soutient les initiatives \u00e9tudiantes et encourage leur d\u00e9veloppement, qu\u2019elles soient culturelles, sportives, acad\u00e9miques ou festives.<\/p>\n<p data-start=\"2708\" data-end=\"2998\"><a href=\"https:\/\/web.umons.ac.be\/app\/uploads\/sites\/8\/2025\/11\/SHS-36-scaled.jpg\"><img loading=\"lazy\" decoding=\"async\" class=\"aligncenter wp-image-2032 size-medium\" src=\"https:\/\/web.umons.ac.be\/app\/uploads\/sites\/8\/2025\/11\/SHS-36-300x200.jpg\" alt=\"\" width=\"300\" height=\"200\" srcset=\"https:\/\/web.umons.ac.be\/app\/uploads\/sites\/8\/2025\/11\/SHS-36-300x200.jpg 300w, https:\/\/web.umons.ac.be\/app\/uploads\/sites\/8\/2025\/11\/SHS-36-1024x683.jpg 1024w, https:\/\/web.umons.ac.be\/app\/uploads\/sites\/8\/2025\/11\/SHS-36-768x512.jpg 768w, https:\/\/web.umons.ac.be\/app\/uploads\/sites\/8\/2025\/11\/SHS-36-1536x1024.jpg 1536w, https:\/\/web.umons.ac.be\/app\/uploads\/sites\/8\/2025\/11\/SHS-36-2048x1365.jpg 2048w, https:\/\/web.umons.ac.be\/app\/uploads\/sites\/8\/2025\/11\/SHS-36-990x660.jpg 990w, https:\/\/web.umons.ac.be\/app\/uploads\/sites\/8\/2025\/11\/SHS-36-30x20.jpg 30w, https:\/\/web.umons.ac.be\/app\/uploads\/sites\/8\/2025\/11\/SHS-36-60x40.jpg 60w, https:\/\/web.umons.ac.be\/app\/uploads\/sites\/8\/2025\/11\/SHS-36-360x240.jpg 360w\" sizes=\"auto, (max-width: 300px) 100vw, 300px\" \/><\/a><\/p>\n","protected":false},"excerpt":{"rendered":"<p>\u00c9tudier en Sciences Humaines et Sociales, c\u2019est bien plus que suivre des cours : c\u2019est entrer dans une communaut\u00e9 vivante, o\u00f9 solidarit\u00e9, convivialit\u00e9 et cr\u00e9ativit\u00e9 rythment l\u2019ann\u00e9e. Situ\u00e9e au c\u0153ur d\u2019une ville chaleureuse, culturelle et \u00e9tudiante, l\u2019ESHS offre un environnement d\u2019apprentissage stimulant\u2026 et une vie \u00e9tudiante active et vari\u00e9e. L\u2019AGE ESHS : une \u00e9nergie unique [&hellip;]<\/p>\n","protected":false},"author":2,"featured_media":0,"parent":36,"menu_order":0,"comment_status":"closed","ping_status":"closed","template":"","meta":{"footnotes":""},"class_list":["post-20","page","type-page","status-publish","hentry"],"yoast_head":"<!-- This site is optimized with the Yoast SEO plugin v27.2 - https:\/\/yoast.com\/product\/yoast-seo-wordpress\/ -->\n<title>Vie \u00e9tudiante - Ecole \/ ESHS<\/title>\n<meta name=\"robots\" content=\"index, follow, max-snippet:-1, max-image-preview:large, max-video-preview:-1\" \/>\n<link rel=\"canonical\" href=\"https:\/\/web.umons.ac.be\/eshs\/fr\/ecole-dynamique\/vie-etudiante\/\" \/>\n<meta property=\"og:locale\" content=\"fr_FR\" \/>\n<meta property=\"og:type\" content=\"article\" \/>\n<meta property=\"og:title\" content=\"Vie \u00e9tudiante - Ecole \/ ESHS\" \/>\n<meta property=\"og:description\" content=\"\u00c9tudier en Sciences Humaines et Sociales, c\u2019est bien plus que suivre des cours : c\u2019est entrer dans une communaut\u00e9 vivante, o\u00f9 solidarit\u00e9, convivialit\u00e9 et cr\u00e9ativit\u00e9 rythment l\u2019ann\u00e9e. Situ\u00e9e au c\u0153ur d\u2019une ville chaleureuse, culturelle et \u00e9tudiante, l\u2019ESHS offre un environnement d\u2019apprentissage stimulant\u2026 et une vie \u00e9tudiante active et vari\u00e9e. L\u2019AGE ESHS : une \u00e9nergie unique [&hellip;]\" \/>\n<meta property=\"og:url\" content=\"https:\/\/web.umons.ac.be\/eshs\/fr\/ecole-dynamique\/vie-etudiante\/\" \/>\n<meta property=\"og:site_name\" content=\"Ecole \/ ESHS\" \/>\n<meta property=\"article:modified_time\" content=\"2025-11-20T14:31:16+00:00\" \/>\n<meta property=\"og:image\" content=\"https:\/\/web.umons.ac.be\/app\/uploads\/sites\/8\/2025\/11\/SHS-36-scaled.jpg\" \/>\n\t<meta property=\"og:image:width\" content=\"2560\" \/>\n\t<meta property=\"og:image:height\" content=\"1707\" \/>\n\t<meta property=\"og:image:type\" content=\"image\/jpeg\" \/>\n<meta name=\"twitter:card\" content=\"summary_large_image\" \/>\n<meta name=\"twitter:label1\" content=\"Dur\u00e9e de lecture estim\u00e9e\" \/>\n\t<meta name=\"twitter:data1\" content=\"3 minutes\" \/>\n<script type=\"application\/ld+json\" class=\"yoast-schema-graph\">{\"@context\":\"https:\/\/schema.org\",\"@graph\":[{\"@type\":\"WebPage\",\"@id\":\"https:\/\/web.umons.ac.be\/eshs\/fr\/ecole-dynamique\/vie-etudiante\/\",\"url\":\"https:\/\/web.umons.ac.be\/eshs\/fr\/ecole-dynamique\/vie-etudiante\/\",\"name\":\"Vie \u00e9tudiante - Ecole \/ ESHS\",\"isPartOf\":{\"@id\":\"https:\/\/web.umons.ac.be\/eshs\/#website\"},\"primaryImageOfPage\":{\"@id\":\"https:\/\/web.umons.ac.be\/eshs\/fr\/ecole-dynamique\/vie-etudiante\/#primaryimage\"},\"image\":{\"@id\":\"https:\/\/web.umons.ac.be\/eshs\/fr\/ecole-dynamique\/vie-etudiante\/#primaryimage\"},\"thumbnailUrl\":\"https:\/\/web.umons.ac.be\/app\/uploads\/sites\/8\/2025\/11\/SHS-36-300x200.jpg\",\"datePublished\":\"2017-05-12T13:50:46+00:00\",\"dateModified\":\"2025-11-20T14:31:16+00:00\",\"breadcrumb\":{\"@id\":\"https:\/\/web.umons.ac.be\/eshs\/fr\/ecole-dynamique\/vie-etudiante\/#breadcrumb\"},\"inLanguage\":\"fr-FR\",\"potentialAction\":[{\"@type\":\"ReadAction\",\"target\":[\"https:\/\/web.umons.ac.be\/eshs\/fr\/ecole-dynamique\/vie-etudiante\/\"]}]},{\"@type\":\"ImageObject\",\"inLanguage\":\"fr-FR\",\"@id\":\"https:\/\/web.umons.ac.be\/eshs\/fr\/ecole-dynamique\/vie-etudiante\/#primaryimage\",\"url\":\"https:\/\/web.umons.ac.be\/app\/uploads\/sites\/8\/2025\/11\/SHS-36-300x200.jpg\",\"contentUrl\":\"https:\/\/web.umons.ac.be\/app\/uploads\/sites\/8\/2025\/11\/SHS-36-300x200.jpg\"},{\"@type\":\"BreadcrumbList\",\"@id\":\"https:\/\/web.umons.ac.be\/eshs\/fr\/ecole-dynamique\/vie-etudiante\/#breadcrumb\",\"itemListElement\":[{\"@type\":\"ListItem\",\"position\":1,\"name\":\"Accueil\",\"item\":\"https:\/\/web.umons.ac.be\/eshs\/fr\/\"},{\"@type\":\"ListItem\",\"position\":2,\"name\":\"Une \u00c9cole dynamique\",\"item\":\"https:\/\/web.umons.ac.be\/eshs\/fr\/ecole-dynamique\/\"},{\"@type\":\"ListItem\",\"position\":3,\"name\":\"Vie \u00e9tudiante\"}]},{\"@type\":\"WebSite\",\"@id\":\"https:\/\/web.umons.ac.be\/eshs\/#website\",\"url\":\"https:\/\/web.umons.ac.be\/eshs\/\",\"name\":\"Ecole \/ ESHS\",\"description\":\"\",\"potentialAction\":[{\"@type\":\"SearchAction\",\"target\":{\"@type\":\"EntryPoint\",\"urlTemplate\":\"https:\/\/web.umons.ac.be\/eshs\/?s={search_term_string}\"},\"query-input\":{\"@type\":\"PropertyValueSpecification\",\"valueRequired\":true,\"valueName\":\"search_term_string\"}}],\"inLanguage\":\"fr-FR\"}]}<\/script>\n<!-- \/ Yoast SEO plugin. -->","yoast_head_json":{"title":"Vie \u00e9tudiante - Ecole \/ ESHS","robots":{"index":"index","follow":"follow","max-snippet":"max-snippet:-1","max-image-preview":"max-image-preview:large","max-video-preview":"max-video-preview:-1"},"canonical":"https:\/\/web.umons.ac.be\/eshs\/fr\/ecole-dynamique\/vie-etudiante\/","og_locale":"fr_FR","og_type":"article","og_title":"Vie \u00e9tudiante - Ecole \/ ESHS","og_description":"\u00c9tudier en Sciences Humaines et Sociales, c\u2019est bien plus que suivre des cours : c\u2019est entrer dans une communaut\u00e9 vivante, o\u00f9 solidarit\u00e9, convivialit\u00e9 et cr\u00e9ativit\u00e9 rythment l\u2019ann\u00e9e. Situ\u00e9e au c\u0153ur d\u2019une ville chaleureuse, culturelle et \u00e9tudiante, l\u2019ESHS offre un environnement d\u2019apprentissage stimulant\u2026 et une vie \u00e9tudiante active et vari\u00e9e. L\u2019AGE ESHS : une \u00e9nergie unique [&hellip;]","og_url":"https:\/\/web.umons.ac.be\/eshs\/fr\/ecole-dynamique\/vie-etudiante\/","og_site_name":"Ecole \/ ESHS","article_modified_time":"2025-11-20T14:31:16+00:00","og_image":[{"width":2560,"height":1707,"url":"https:\/\/web.umons.ac.be\/app\/uploads\/sites\/8\/2025\/11\/SHS-36-scaled.jpg","type":"image\/jpeg"}],"twitter_card":"summary_large_image","twitter_misc":{"Dur\u00e9e de lecture estim\u00e9e":"3 minutes"},"schema":{"@context":"https:\/\/schema.org","@graph":[{"@type":"WebPage","@id":"https:\/\/web.umons.ac.be\/eshs\/fr\/ecole-dynamique\/vie-etudiante\/","url":"https:\/\/web.umons.ac.be\/eshs\/fr\/ecole-dynamique\/vie-etudiante\/","name":"Vie \u00e9tudiante - Ecole \/ ESHS","isPartOf":{"@id":"https:\/\/web.umons.ac.be\/eshs\/#website"},"primaryImageOfPage":{"@id":"https:\/\/web.umons.ac.be\/eshs\/fr\/ecole-dynamique\/vie-etudiante\/#primaryimage"},"image":{"@id":"https:\/\/web.umons.ac.be\/eshs\/fr\/ecole-dynamique\/vie-etudiante\/#primaryimage"},"thumbnailUrl":"https:\/\/web.umons.ac.be\/app\/uploads\/sites\/8\/2025\/11\/SHS-36-300x200.jpg","datePublished":"2017-05-12T13:50:46+00:00","dateModified":"2025-11-20T14:31:16+00:00","breadcrumb":{"@id":"https:\/\/web.umons.ac.be\/eshs\/fr\/ecole-dynamique\/vie-etudiante\/#breadcrumb"},"inLanguage":"fr-FR","potentialAction":[{"@type":"ReadAction","target":["https:\/\/web.umons.ac.be\/eshs\/fr\/ecole-dynamique\/vie-etudiante\/"]}]},{"@type":"ImageObject","inLanguage":"fr-FR","@id":"https:\/\/web.umons.ac.be\/eshs\/fr\/ecole-dynamique\/vie-etudiante\/#primaryimage","url":"https:\/\/web.umons.ac.be\/app\/uploads\/sites\/8\/2025\/11\/SHS-36-300x200.jpg","contentUrl":"https:\/\/web.umons.ac.be\/app\/uploads\/sites\/8\/2025\/11\/SHS-36-300x200.jpg"},{"@type":"BreadcrumbList","@id":"https:\/\/web.umons.ac.be\/eshs\/fr\/ecole-dynamique\/vie-etudiante\/#breadcrumb","itemListElement":[{"@type":"ListItem","position":1,"name":"Accueil","item":"https:\/\/web.umons.ac.be\/eshs\/fr\/"},{"@type":"ListItem","position":2,"name":"Une \u00c9cole dynamique","item":"https:\/\/web.umons.ac.be\/eshs\/fr\/ecole-dynamique\/"},{"@type":"ListItem","position":3,"name":"Vie \u00e9tudiante"}]},{"@type":"WebSite","@id":"https:\/\/web.umons.ac.be\/eshs\/#website","url":"https:\/\/web.umons.ac.be\/eshs\/","name":"Ecole \/ ESHS","description":"","potentialAction":[{"@type":"SearchAction","target":{"@type":"EntryPoint","urlTemplate":"https:\/\/web.umons.ac.be\/eshs\/?s={search_term_string}"},"query-input":{"@type":"PropertyValueSpecification","valueRequired":true,"valueName":"search_term_string"}}],"inLanguage":"fr-FR"}]}},"lang":"fr","translations":{"fr":20,"en":373},"pll_sync_post":[],"_links":{"self":[{"href":"https:\/\/web.umons.ac.be\/eshs\/wp-json\/wp\/v2\/pages\/20","targetHints":{"allow":["GET"]}}],"collection":[{"href":"https:\/\/web.umons.ac.be\/eshs\/wp-json\/wp\/v2\/pages"}],"about":[{"href":"https:\/\/web.umons.ac.be\/eshs\/wp-json\/wp\/v2\/types\/page"}],"author":[{"embeddable":true,"href":"https:\/\/web.umons.ac.be\/eshs\/wp-json\/wp\/v2\/users\/2"}],"replies":[{"embeddable":true,"href":"https:\/\/web.umons.ac.be\/eshs\/wp-json\/wp\/v2\/comments?post=20"}],"version-history":[{"count":4,"href":"https:\/\/web.umons.ac.be\/eshs\/wp-json\/wp\/v2\/pages\/20\/revisions"}],"predecessor-version":[{"id":2080,"href":"https:\/\/web.umons.ac.be\/eshs\/wp-json\/wp\/v2\/pages\/20\/revisions\/2080"}],"up":[{"embeddable":true,"href":"https:\/\/web.umons.ac.be\/eshs\/wp-json\/wp\/v2\/pages\/36"}],"wp:attachment":[{"href":"https:\/\/web.umons.ac.be\/eshs\/wp-json\/wp\/v2\/media?parent=20"}],"curies":[{"name":"wp","href":"https:\/\/api.w.org\/{rel}","templated":true}]}}