{"id":2239,"date":"2026-03-18T13:26:21","date_gmt":"2026-03-18T12:26:21","guid":{"rendered":"https:\/\/web.umons.ac.be\/eshs\/?page_id=2239"},"modified":"2026-04-28T13:14:10","modified_gmt":"2026-04-28T11:14:10","slug":"equipe-du-service-de-sociologie-et-anthropologie","status":"publish","type":"page","link":"https:\/\/web.umons.ac.be\/eshs\/fr\/activites-de-recherche\/services-denseignement-et-de-recherche\/service-de-sociologie-et-anthropologie\/equipe-du-service-de-sociologie-et-anthropologie\/","title":{"rendered":"\u00c9quipe du service de Sociologie et Anthropologie"},"content":{"rendered":"<h1><span style=\"color: #7f2816;\">Chercheur\u00b7euse\u00b7s et professeur\u00b7e\u00b7s<\/span><\/h1>\n<h3 data-start=\"224\" data-end=\"290\"><span style=\"color: #f28c2f;\"><strong data-start=\"224\" data-end=\"244\"><strong style=\"font-size: 22px;\" data-start=\"224\" data-end=\"244\">MARTINUS Claire<\/strong><br \/>\n<\/strong><\/span><\/h3>\n<p data-start=\"224\" data-end=\"290\"><em>Charg\u00e9e de cours et adjointe p\u00e9dagogique<\/em><\/p>\n<p data-start=\"303\" data-end=\"395\"><strong data-start=\"303\" data-end=\"342\"><span style=\"font-size: 12pt;\"><span style=\"font-family: arial, helvetica, sans-serif;\">Domaines de recherche<\/span><\/span><\/strong><br data-start=\"342\" data-end=\"345\" \/>Sociologie et anthropologie du genre et du corps.<\/p>\n<p data-start=\"397\" data-end=\"1018\"><strong data-start=\"397\" data-end=\"450\"><span style=\"font-size: 12pt;\"><span style=\"font-family: arial, helvetica, sans-serif;\">Activit\u00e9s de recherche<\/span><\/span><\/strong><br data-start=\"450\" data-end=\"453\" \/>Travaux en socio-anthropologie du genre et du corps, portant sur les transformations sociales, religieuses et politiques. Plusieurs axes de recherche sont d\u00e9velopp\u00e9s, notamment :<\/p>\n<ul>\n<li data-start=\"397\" data-end=\"1018\">l\u2019analyse des effets de la mondialisation et de la s\u00e9cularisation sur les pratiques sociales (mariage, rituels, institutions) et les rapports de genre ;<\/li>\n<li data-start=\"397\" data-end=\"1018\">l\u2019\u00e9tude des dynamiques sociales au N\u00e9pal, envisag\u00e9 comme terrain privil\u00e9gi\u00e9 d\u2019observation ;<\/li>\n<li data-start=\"397\" data-end=\"1018\">l\u2019analyse des normes corporelles, des pratiques de soin, des sexualit\u00e9s et des droits ;<\/li>\n<li data-start=\"397\" data-end=\"1018\">une approche comparative (Belgique, N\u00e9pal, \u00e9chelle globale), mobilisant les \u00e9tudes f\u00e9ministes, postcoloniales et intersectionnelles.<\/li>\n<\/ul>\n<p data-start=\"1028\" data-end=\"1102\"><span style=\"font-size: 12pt;\"><strong><span style=\"font-family: arial, helvetica, sans-serif;\">Encadrement scientifique<\/span><\/strong><\/span><br data-start=\"1056\" data-end=\"1059\" \/>Co-promotrice de plusieurs th\u00e8ses de doctorat.<\/p>\n<p data-start=\"1104\" data-end=\"1235\"><span style=\"font-size: 12pt;\"><strong><span style=\"font-family: arial, helvetica, sans-serif;\">Activit\u00e9s d&rsquo;enseignement<\/span><\/strong><\/span><\/p>\n<ul>\n<li data-start=\"1104\" data-end=\"1235\"><a href=\"https:\/\/webcontent.umons.ac.be\/web\/fr\/pde\/2026-2027\/cursus\/BHS1.htm\" target=\"_blank\" rel=\"noopener\">Initiation \u00e0 la recherche en sciences sociales<\/a><\/li>\n<li data-start=\"1104\" data-end=\"1235\"><a href=\"https:\/\/webcontent.umons.ac.be\/web\/fr\/pde\/2026-2027\/cursus\/BHS1.htm\" target=\"_blank\" rel=\"noopener\">Gestion d\u2019\u00e9quipes<\/a><\/li>\n<li data-start=\"1104\" data-end=\"1235\"><a href=\"https:\/\/webcontent.umons.ac.be\/web\/fr\/pde\/2026-2027\/cursus\/TIS1.htm\" target=\"_blank\" rel=\"noopener\">S\u00e9minaire de recherche participante 1<\/a><\/li>\n<li data-start=\"1104\" data-end=\"1235\"><a href=\"https:\/\/webcontent.umons.ac.be\/web\/fr\/pde\/2026-2027\/cursus\/TIS1.htm\" target=\"_blank\" rel=\"noopener\">S\u00e9minaire de recherche participante 2<\/a><\/li>\n<li data-start=\"1104\" data-end=\"1235\"><a href=\"https:\/\/webcontent.umons.ac.be\/web\/fr\/pde\/2026-2027\/cursus\/TIS1.htm\" target=\"_blank\" rel=\"noopener\">Sociologie du genre et mondialisations<\/a><\/li>\n<li data-start=\"1104\" data-end=\"1235\"><a href=\"https:\/\/www.mastergenre.be\" target=\"_blank\" rel=\"noopener\">Genre et corps<\/a><\/li>\n<\/ul>\n<p><a href=\"mailto:claire.martinus@umons.ac.be\"><img loading=\"lazy\" decoding=\"async\" class=\"alignnone wp-image-70\" src=\"https:\/\/web.umons.ac.be\/app\/uploads\/sites\/126\/2026\/03\/AdobeStock_503956427.gif\" alt=\"\" width=\"22\" height=\"22\" \/><\/a><\/p>\n<hr data-start=\"1547\" data-end=\"1550\" \/>\n<h3 data-start=\"224\" data-end=\"290\"><span style=\"color: #f28c2f;\"><strong data-start=\"224\" data-end=\"244\"><strong style=\"font-size: 22px;\" data-start=\"224\" data-end=\"244\"><strong style=\"font-size: 22px;\" data-start=\"224\" data-end=\"244\"><img loading=\"lazy\" decoding=\"async\" class=\"size-medium wp-image-2413 alignright\" src=\"https:\/\/web.umons.ac.be\/app\/uploads\/sites\/8\/2026\/04\/Design-sans-titre-2-300x300.png\" alt=\"\" width=\"300\" height=\"300\" srcset=\"https:\/\/web.umons.ac.be\/app\/uploads\/sites\/8\/2026\/04\/Design-sans-titre-2-300x300.png 300w, https:\/\/web.umons.ac.be\/app\/uploads\/sites\/8\/2026\/04\/Design-sans-titre-2-150x150.png 150w, https:\/\/web.umons.ac.be\/app\/uploads\/sites\/8\/2026\/04\/Design-sans-titre-2-30x30.png 30w, https:\/\/web.umons.ac.be\/app\/uploads\/sites\/8\/2026\/04\/Design-sans-titre-2-80x80.png 80w, https:\/\/web.umons.ac.be\/app\/uploads\/sites\/8\/2026\/04\/Design-sans-titre-2-60x60.png 60w, https:\/\/web.umons.ac.be\/app\/uploads\/sites\/8\/2026\/04\/Design-sans-titre-2-360x360.png 360w, https:\/\/web.umons.ac.be\/app\/uploads\/sites\/8\/2026\/04\/Design-sans-titre-2-400x400.png 400w, https:\/\/web.umons.ac.be\/app\/uploads\/sites\/8\/2026\/04\/Design-sans-titre-2-200x200.png 200w, https:\/\/web.umons.ac.be\/app\/uploads\/sites\/8\/2026\/04\/Design-sans-titre-2.png 600w\" sizes=\"auto, (max-width: 300px) 100vw, 300px\" \/>TANASESCU Mihnea<\/strong><\/strong><br \/>\n<\/strong><\/span><\/h3>\n<p data-start=\"224\" data-end=\"290\"><em>Chercheur qualifi\u00e9 <a href=\"https:\/\/www.frs-fnrs.be\/fr\/scientifique\" target=\"_blank\" rel=\"noopener\">FNRS<\/a> et professeur\u00a0<\/em><\/p>\n<p data-start=\"292\" data-end=\"829\"><span style=\"font-size: 12pt;\"><strong><span style=\"font-family: arial, helvetica, sans-serif;\">Domaines de recherche<\/span><\/strong><\/span><\/p>\n<p data-start=\"292\" data-end=\"829\">Travaux en \u00e9cologie politique et sur les relations entre soci\u00e9t\u00e9s humaines et environnements. Plusieurs axes de recherche sont d\u00e9velopp\u00e9s, notamment :<\/p>\n<ul>\n<li data-start=\"292\" data-end=\"829\">le projet TERRA (Terrestrial Politics in the Anthropocene), qui \u00e9tudie les dimensions politiques et sociales des bact\u00e9ries affectant les oliveraies dans le sud de l\u2019Europe (Pouilles, Majorque) ;<\/li>\n<li data-start=\"292\" data-end=\"829\">l\u2019analyse comparative de l\u2019octroi de droits \u00e0 la nature ;<\/li>\n<li data-start=\"292\" data-end=\"829\">les politiques de restauration \u00e9cologique et les formes de repr\u00e9sentation politique du non-humain.<\/li>\n<\/ul>\n<p data-start=\"831\" data-end=\"1026\"><span style=\"font-size: 12pt;\"><strong><span style=\"font-family: arial, helvetica, sans-serif;\">Projet de recherche<\/span><\/strong><\/span><br data-start=\"855\" data-end=\"858\" \/><em data-start=\"858\" data-end=\"908\">TERRA &#8211; Terrestrial Politics in the Anthropocene<\/em> (FNRS MIS)<br data-start=\"919\" data-end=\"922\" \/>Participants : Livia Maltese (doctorante), Fabio Gatti (postdoctorant)<br data-start=\"992\" data-end=\"995\" \/>R\u00f4le : Principal Investigator<\/p>\n<p data-start=\"1028\" data-end=\"1102\"><span style=\"font-size: 12pt;\"><strong><span style=\"font-family: arial, helvetica, sans-serif;\">Encadrement scientifique<\/span><\/strong><\/span><br data-start=\"1056\" data-end=\"1059\" \/>Promoteur de plusieurs th\u00e8ses de doctorat.<\/p>\n<p data-start=\"1104\" data-end=\"1235\"><span style=\"font-size: 12pt;\"><strong><span style=\"font-family: arial, helvetica, sans-serif;\">Activit\u00e9s d&rsquo;enseignement<\/span><\/strong><\/span><\/p>\n<ul>\n<li data-start=\"1104\" data-end=\"1235\"><em data-start=\"1176\" data-end=\"1205\">Human and Political Ecology<\/em> (cours \u00e0 option du <a href=\"https:\/\/web.umons.ac.be\/eshs\/fr\/formations\/m2-metiss\/\" target=\"_blank\" rel=\"noopener\">Master en Transitions et Innovations Sociales<\/a>)<\/li>\n<\/ul>\n<p data-start=\"1382\" data-end=\"1442\"><a href=\"mailto:mihnea.tanasescu@umons.ac.be\"><img loading=\"lazy\" decoding=\"async\" class=\"alignnone wp-image-70\" src=\"https:\/\/web.umons.ac.be\/app\/uploads\/sites\/126\/2026\/03\/AdobeStock_503956427.gif\" alt=\"\" width=\"22\" height=\"22\" \/><\/a><a href=\"https:\/\/www.linkedin.com\/in\/mihnea-tanasescu-3b538876\/\" target=\"_blank\" rel=\"noopener\"><img loading=\"lazy\" decoding=\"async\" class=\"alignnone wp-image-64\" src=\"https:\/\/web.umons.ac.be\/app\/uploads\/sites\/126\/2026\/03\/LinkedIn_icon.svg-300x300.png\" alt=\"\" width=\"22\" height=\"23\" \/><\/a><a href=\"https:\/\/scholar.google.com\/citations?user=hK3OSK4AAAAJ&amp;hl=en\" target=\"_blank\" rel=\"noopener\"><img loading=\"lazy\" decoding=\"async\" class=\"alignnone wp-image-106\" src=\"https:\/\/web.umons.ac.be\/app\/uploads\/sites\/126\/2026\/03\/Google_Scholar_logo.svg-300x300.png\" alt=\"\" width=\"22\" height=\"22\" \/><\/a><\/p>\n<hr data-start=\"1547\" data-end=\"1550\" \/>\n<h1><span style=\"color: #7f2816;\">Doctorant<\/span><span style=\"color: #7f2816;\">\u00b7<\/span><span style=\"color: #7f2816;\">e<\/span><span style=\"color: #7f2816;\">\u00b7<\/span><span style=\"color: #7f2816;\">s et assistant<\/span><span style=\"color: #7f2816;\">\u00b7<\/span><span style=\"color: #7f2816;\">e<\/span><span style=\"color: #7f2816;\">\u00b7<\/span><span style=\"color: #7f2816;\">s<\/span><\/h1>\n<h3 data-start=\"807\" data-end=\"834\"><span style=\"color: #f28c2f;\"><strong><span style=\"font-family: arial, helvetica, sans-serif;\">BORAUZIMA FEZA Esther<\/span><\/strong><\/span><\/h3>\n<p data-start=\"835\" data-end=\"845\"><em><span style=\"font-family: arial, helvetica, sans-serif;\">Doctorante<\/span><\/em><\/p>\n<p data-start=\"847\" data-end=\"974\"><span style=\"font-size: 12pt;\"><strong><span style=\"font-family: arial, helvetica, sans-serif;\">Sujet de recherche<\/span><\/strong><\/span><br data-start=\"865\" data-end=\"868\" \/><span style=\"font-family: arial, helvetica, sans-serif;\">N\u00e9gocier avec la mort : agency f\u00e9minine, \u00e9conomies de guerre et pouvoir environnemental \u00e0 l\u2019est de la RDC.<\/span><\/p>\n<p data-start=\"976\" data-end=\"1380\"><span style=\"font-size: 12pt;\"><strong><span style=\"font-family: arial, helvetica, sans-serif;\">Projet de recherche<\/span><\/strong><\/span><br data-start=\"995\" data-end=\"998\" \/>Trajectoires et formes d\u2019action des femmes dans des contextes de conflit arm\u00e9 \u00e0 l\u2019est de la R\u00e9publique d\u00e9mocratique du Congo. L\u2019\u00e9tude met en lumi\u00e8re les liens entre militarisation, exploitation des ressources naturelles et dynamiques sociales locales, afin de mieux comprendre les formes d\u2019agency et de pouvoir qu\u2019elles d\u00e9veloppent dans ces environnements.<\/p>\n<p data-start=\"1382\" data-end=\"1442\"><span style=\"font-size: 12pt;\"><strong><span style=\"font-family: arial, helvetica, sans-serif;\">Encadrement scientifique<\/span><\/strong><\/span><br data-start=\"1406\" data-end=\"1409\" \/><span style=\"font-family: arial, helvetica, sans-serif;\">Promoteur : Aymar Nyenyezi Bisoka<\/span><\/p>\n<p data-start=\"1382\" data-end=\"1442\"><a href=\"mailto:esther.BORAUZIMAFEZA@student.umons.ac.be\"><img loading=\"lazy\" decoding=\"async\" class=\"alignnone wp-image-70\" src=\"https:\/\/web.umons.ac.be\/app\/uploads\/sites\/126\/2026\/03\/AdobeStock_503956427.gif\" alt=\"\" width=\"22\" height=\"22\" \/><\/a><a href=\"https:\/\/www.linkedin.com\/in\/esther-borauzima-40472b262\/\" target=\"_blank\" rel=\"noopener\"><img loading=\"lazy\" decoding=\"async\" class=\"alignnone wp-image-64\" src=\"https:\/\/web.umons.ac.be\/app\/uploads\/sites\/126\/2026\/03\/LinkedIn_icon.svg-300x300.png\" alt=\"\" width=\"22\" height=\"23\" \/><\/a><\/p>\n<hr data-start=\"1547\" data-end=\"1550\" \/>\n<h3 data-start=\"1552\" data-end=\"1571\"><span style=\"color: #f28c2f;\"><strong><span style=\"font-family: arial, helvetica, sans-serif;\"><img loading=\"lazy\" decoding=\"async\" class=\"size-medium wp-image-85 alignright\" src=\"https:\/\/web.umons.ac.be\/app\/uploads\/sites\/126\/2026\/03\/1-300x300.png\" alt=\"\" width=\"300\" height=\"300\" \/>CARLIER C\u00e9lia<\/span><\/strong><\/span><\/h3>\n<p data-start=\"1572\" data-end=\"1582\"><em><span style=\"font-family: arial, helvetica, sans-serif;\">Doctorante<\/span><\/em><\/p>\n<p data-start=\"1584\" data-end=\"1678\"><span style=\"font-size: 12pt;\"><strong><span style=\"font-family: arial, helvetica, sans-serif;\">Sujet de recherche<\/span><\/strong><\/span><br data-start=\"1602\" data-end=\"1605\" \/><span style=\"font-family: arial, helvetica, sans-serif;\">Une political ecology de l\u2019exploitation de l\u2019uranium \u00e0 Shinkolobwe (RDC).<\/span><\/p>\n<p data-start=\"1680\" data-end=\"2044\"><span style=\"font-size: 12pt;\"><strong><span style=\"font-family: arial, helvetica, sans-serif;\">Projet de recherche<\/span><\/strong><\/span><br data-start=\"1699\" data-end=\"1702\" \/>Rapports de pouvoir li\u00e9s \u00e0 l\u2019exploitation de l\u2019uranium \u00e0 Shinkolobwe en R\u00e9publique d\u00e9mocratique du Congo, abord\u00e9s dans une perspective de <em data-start=\"432\" data-end=\"451\">political ecology<\/em>. Le travail examine l\u2019h\u00e9ritage historique de cette activit\u00e9, les dispositifs de surveillance encore en place ainsi que les cons\u00e9quences sociales et environnementales de cette \u00ab ruine mini\u00e8re \u00bb sur les communaut\u00e9s locales.<\/p>\n<p data-start=\"2046\" data-end=\"2106\"><span style=\"font-size: 12pt;\"><strong><span style=\"font-family: arial, helvetica, sans-serif;\">Encadrement scientifique<\/span><\/strong><\/span><br data-start=\"2070\" data-end=\"2073\" \/><span style=\"font-family: arial, helvetica, sans-serif;\">Promoteur : Aymar Nyenyezi Bisoka<\/span><\/p>\n<p data-start=\"2046\" data-end=\"2106\"><a href=\"mailto:celia.carlier@umons.ac.be\"><img loading=\"lazy\" decoding=\"async\" class=\"alignnone wp-image-70\" src=\"https:\/\/web.umons.ac.be\/app\/uploads\/sites\/126\/2026\/03\/AdobeStock_503956427.gif\" alt=\"\" width=\"22\" height=\"22\" \/><\/a><a href=\"https:\/\/www.linkedin.com\/in\/c\u00e9lia-carlier-391604257\/\" target=\"_blank\" rel=\"noopener\"><img loading=\"lazy\" decoding=\"async\" class=\"alignnone wp-image-64\" src=\"https:\/\/web.umons.ac.be\/app\/uploads\/sites\/126\/2026\/03\/LinkedIn_icon.svg-300x300.png\" alt=\"\" width=\"22\" height=\"23\" \/><\/a><\/p>\n<hr data-start=\"2199\" data-end=\"2202\" \/>\n<h3 data-start=\"2204\" data-end=\"2224\"><span style=\"color: #f28c2f;\"><strong><span style=\"font-family: arial, helvetica, sans-serif;\"><img loading=\"lazy\" decoding=\"async\" class=\"size-medium wp-image-86 alignright\" src=\"https:\/\/web.umons.ac.be\/app\/uploads\/sites\/126\/2026\/03\/2-300x300.png\" alt=\"\" width=\"300\" height=\"300\" \/>D\u2019HAUSSY Julie<\/span><\/strong><\/span><\/h3>\n<p data-start=\"2225\" data-end=\"2235\"><em><span style=\"font-family: arial, helvetica, sans-serif;\">Doctorante<\/span><\/em><\/p>\n<p data-start=\"2237\" data-end=\"2365\"><span style=\"font-size: 12pt;\"><strong><span style=\"font-family: arial, helvetica, sans-serif;\">Sujet de recherche<\/span><\/strong><\/span><br data-start=\"2255\" data-end=\"2258\" \/><span style=\"font-family: arial, helvetica, sans-serif;\">Faire probl\u00e8me du poids : une socio-anthropologie pragmatiste de l\u2019exp\u00e9rience de grossophobie et d\u2019ob\u00e9sit\u00e9.<\/span><\/p>\n<p data-start=\"2367\" data-end=\"2695\"><span style=\"font-size: 12pt;\"><strong><span style=\"font-family: arial, helvetica, sans-serif;\">Projet de recherche<\/span><\/strong><\/span><br data-start=\"2386\" data-end=\"2389\" \/>Construction du poids comme probl\u00e8me social \u00e0 travers les processus de m\u00e9dicalisation et les d\u00e9bats autour de l\u2019ob\u00e9sit\u00e9 et de la grosseur dans diff\u00e9rents contextes. \u00c0 partir d\u2019une enqu\u00eate ethnographique, l\u2019\u00e9tude met en lumi\u00e8re les exp\u00e9riences v\u00e9cues par les personnes concern\u00e9es ainsi que les mobilisations qui contestent les approches m\u00e9dicales dominantes.<\/p>\n<p data-start=\"2697\" data-end=\"2751\"><span style=\"font-size: 12pt;\"><strong><span style=\"font-family: arial, helvetica, sans-serif;\">Encadrement scientifique<\/span><\/strong><\/span><br data-start=\"2721\" data-end=\"2724\" \/><span style=\"font-family: arial, helvetica, sans-serif;\">Promotrice : Katrin Solhdju<\/span><\/p>\n<p data-start=\"2697\" data-end=\"2751\"><a href=\"mailto:julie.dhaussy@umons.ac.be\"><img loading=\"lazy\" decoding=\"async\" class=\"alignnone wp-image-70\" src=\"https:\/\/web.umons.ac.be\/app\/uploads\/sites\/126\/2026\/03\/AdobeStock_503956427.gif\" alt=\"\" width=\"22\" height=\"22\" \/><\/a><\/p>\n<hr data-start=\"2801\" data-end=\"2804\" \/>\n<h3 data-start=\"2806\" data-end=\"2828\"><span style=\"color: #f28c2f;\"><strong><span style=\"font-family: arial, helvetica, sans-serif;\">DELHAYE Florence<\/span><\/strong><\/span><\/h3>\n<p data-start=\"2829\" data-end=\"2862\"><em><span style=\"font-family: arial, helvetica, sans-serif;\">Doctorante &#8211; Aspirante <a href=\"https:\/\/frs-fnrs.be\/fr\/scientifique\" target=\"_blank\" rel=\"noopener\">FNRS<\/a><\/span><\/em><\/p>\n<p data-start=\"2864\" data-end=\"2987\"><span style=\"font-size: 12pt;\"><strong><span style=\"font-family: arial, helvetica, sans-serif;\">Sujet de recherche<\/span><\/strong><\/span><br data-start=\"2882\" data-end=\"2885\" \/><span style=\"font-family: arial, helvetica, sans-serif;\">Se r\u00e9organiser et se r\u00e9inventer apr\u00e8s un retour \u00ab contraint \u00bb : ethnographie de collectifs au S\u00e9n\u00e9gal.<\/span><\/p>\n<p data-start=\"2989\" data-end=\"3371\"><span style=\"font-size: 12pt;\"><strong><span style=\"font-family: arial, helvetica, sans-serif;\">Projet de recherche<\/span><\/strong><\/span><br data-start=\"3008\" data-end=\"3011\" \/>Retour migratoire contraint au S\u00e9n\u00e9gal abord\u00e9 \u00e0 travers trois collectifs : une structure \u00e9tatique, une association militante et un groupe artistique. Le travail met en lumi\u00e8re la mani\u00e8re dont ces organisations se r\u00e9organisent et red\u00e9finissent leurs actions et leurs revendications dans un contexte marqu\u00e9 par des enjeux institutionnels, politiques et sociaux.<\/p>\n<p data-start=\"3373\" data-end=\"3433\"><span style=\"font-size: 12pt;\"><strong><span style=\"font-family: arial, helvetica, sans-serif;\">Encadrement scientifique<\/span><\/strong><\/span><br data-start=\"3397\" data-end=\"3400\" \/><span style=\"font-family: arial, helvetica, sans-serif;\">Promoteur : Aymar Nyenyezi Bisoka<\/span><\/p>\n<p data-start=\"3373\" data-end=\"3433\" data-wp-editing=\"1\"><a href=\"mailto:florence.delhaye@umons.ac.be\"><img loading=\"lazy\" decoding=\"async\" class=\"alignnone wp-image-70\" src=\"https:\/\/web.umons.ac.be\/app\/uploads\/sites\/126\/2026\/03\/AdobeStock_503956427.gif\" alt=\"\" width=\"22\" height=\"22\" \/><\/a><\/p>\n<p data-start=\"3373\" data-end=\"3433\"><a href=\"https:\/\/www.linkedin.com\/in\/florence-delhaye-0295a9113\/\" target=\"_blank\" rel=\"noopener\"><img loading=\"lazy\" decoding=\"async\" class=\"alignnone wp-image-64\" src=\"https:\/\/web.umons.ac.be\/app\/uploads\/sites\/126\/2026\/03\/LinkedIn_icon.svg-300x300.png\" alt=\"\" width=\"22\" height=\"23\" \/><\/a><\/p>\n<hr data-start=\"2801\" data-end=\"2804\" \/>\n<h3 data-start=\"4125\" data-end=\"4195\"><span style=\"color: #f28c2f;\"><strong>FONE KAMDEM Raoul<\/strong><\/span><\/h3>\n<p data-start=\"4125\" data-end=\"4195\"><em>Doctorant\u00a0<\/em><\/p>\n<p data-start=\"4197\" data-end=\"4328\"><span style=\"font-size: 12pt;\"><strong>Sujet de recherche<\/strong><\/span><br data-start=\"4218\" data-end=\"4221\" \/>La th\u00e9orie du racisme syst\u00e9mique \u00e0 l\u2019\u00e9preuve du travail des Africains subsahariens en Belgique francophone.<\/p>\n<p data-start=\"4330\" data-end=\"4742\"><span style=\"font-size: 12pt;\"><strong>Projet de recherche<\/strong><\/span><br data-start=\"4349\" data-end=\"4352\" \/>Interroge la pertinence de la notion de racisme syst\u00e9mique \u00e0 partir des trajectoires professionnelles d\u2019Africains subsahariens en Belgique francophone. Met en \u00e9vidence les m\u00e9canismes institutionnels et organisationnels susceptibles de produire des discriminations, m\u00eame en l\u2019absence d\u2019intentions racistes explicites, \u00e0 travers plusieurs secteurs, notamment les maisons de repos, l\u2019horeca et le b\u00e2timent.<\/p>\n<p data-start=\"4330\" data-end=\"4742\"><span style=\"font-size: 12pt;\"><strong>Encadrement scientifique<\/strong><\/span><br data-start=\"799\" data-end=\"802\" \/>Promoteur : David Jamar<\/p>\n<p data-start=\"4330\" data-end=\"4742\"><a href=\"mailto:raoul.fonekamdem@student.umons.ac.be\"><img loading=\"lazy\" decoding=\"async\" class=\"alignnone wp-image-70\" src=\"https:\/\/web.umons.ac.be\/app\/uploads\/sites\/126\/2026\/03\/AdobeStock_503956427.gif\" alt=\"\" width=\"22\" height=\"22\" \/><\/a><\/p>\n<hr data-start=\"2801\" data-end=\"2804\" \/>\n<h3 data-start=\"173\" data-end=\"207\"><span style=\"color: #f28c2f;\"><strong>GALLEGOS CANTINCUS Marianela<\/strong><\/span><\/h3>\n<p data-start=\"208\" data-end=\"259\"><em>Doctorante<\/em><\/p>\n<p data-start=\"261\" data-end=\"411\"><span style=\"font-size: 12pt;\"><strong>Sujet de recherche<\/strong><\/span><br data-start=\"279\" data-end=\"282\" \/>Circulations de la pens\u00e9e d\u00e9coloniale entre Abya Yala\/Am\u00e9rique latine et la Belgique<\/p>\n<p data-start=\"413\" data-end=\"751\"><span style=\"font-size: 12pt;\"><strong>Projet de recherche<\/strong><\/span><br data-start=\"432\" data-end=\"435\" \/>\u00c9tudie, dans une approche ethnographique, les circulations de la pens\u00e9e d\u00e9coloniale n\u00e9e en Abya Yala\/Am\u00e9rique latine et ses r\u00e9appropriations en Belgique. L\u2019objectif est de comprendre dans quelles conditions ces savoirs restent porteurs de rupture avec la colonialit\u00e9, et dans quelles conditions ils deviennent plus acceptables au prix d\u2019une perte de leur m\u00e9moire politique.<\/p>\n<p data-start=\"753\" data-end=\"837\"><span style=\"font-size: 12pt;\"><strong>Encadrement scientifique<\/strong><\/span><br data-start=\"777\" data-end=\"780\" \/>Promoteur : David Jamar<br data-start=\"803\" data-end=\"806\" \/>Co-promotrice : Claire Martinus<\/p>\n<p data-start=\"753\" data-end=\"837\"><a href=\"mailto:marianela.gallegoscantincus@student.umons.ac.be\"><img loading=\"lazy\" decoding=\"async\" class=\"alignnone wp-image-70\" src=\"https:\/\/web.umons.ac.be\/app\/uploads\/sites\/126\/2026\/03\/AdobeStock_503956427.gif\" alt=\"\" width=\"22\" height=\"22\" \/><\/a><\/p>\n<hr data-start=\"887\" data-end=\"890\" \/>\n<h3 data-start=\"82\" data-end=\"126\"><span style=\"color: #f28c2f;\"><strong><img loading=\"lazy\" decoding=\"async\" class=\"size-medium wp-image-2431 alignright\" src=\"https:\/\/web.umons.ac.be\/app\/uploads\/sites\/8\/2026\/04\/Design-sans-titre-4-300x300.png\" alt=\"\" width=\"300\" height=\"300\" srcset=\"https:\/\/web.umons.ac.be\/app\/uploads\/sites\/8\/2026\/04\/Design-sans-titre-4-300x300.png 300w, https:\/\/web.umons.ac.be\/app\/uploads\/sites\/8\/2026\/04\/Design-sans-titre-4-150x150.png 150w, https:\/\/web.umons.ac.be\/app\/uploads\/sites\/8\/2026\/04\/Design-sans-titre-4-30x30.png 30w, https:\/\/web.umons.ac.be\/app\/uploads\/sites\/8\/2026\/04\/Design-sans-titre-4-80x80.png 80w, https:\/\/web.umons.ac.be\/app\/uploads\/sites\/8\/2026\/04\/Design-sans-titre-4-60x60.png 60w, https:\/\/web.umons.ac.be\/app\/uploads\/sites\/8\/2026\/04\/Design-sans-titre-4-360x360.png 360w, https:\/\/web.umons.ac.be\/app\/uploads\/sites\/8\/2026\/04\/Design-sans-titre-4-400x400.png 400w, https:\/\/web.umons.ac.be\/app\/uploads\/sites\/8\/2026\/04\/Design-sans-titre-4-200x200.png 200w, https:\/\/web.umons.ac.be\/app\/uploads\/sites\/8\/2026\/04\/Design-sans-titre-4.png 600w\" sizes=\"auto, (max-width: 300px) 100vw, 300px\" \/>KANINGU BUSHENYULA Parfait<\/strong><\/span><\/h3>\n<p data-start=\"82\" data-end=\"126\"><em>Doctorant<\/em><\/p>\n<p data-start=\"128\" data-end=\"254\"><span style=\"font-size: 12pt;\"><strong>Sujet de recherche<\/strong><\/span><br data-start=\"150\" data-end=\"153\" \/>Habiter l\u2019extraction : recompositions \u00e9cologiques et micropolitiques du vivant \u00e0 Muanda, en RD Congo.<\/p>\n<p data-start=\"256\" data-end=\"768\"><span style=\"font-size: 12pt;\"><strong>Projet de recherche<\/strong><\/span><br data-start=\"279\" data-end=\"282\" \/>Transformations \u00e9cologiques et sociales li\u00e9es \u00e0 l\u2019exploitation p\u00e9troli\u00e8re \u00e0 Muanda, en R\u00e9publique d\u00e9mocratique du Congo. L\u2019\u00e9tude met en lumi\u00e8re l\u2019\u00e9volution des mangroves, des populations de poissons et des conditions de vie des p\u00eacheurs le long du littoral. Elle montre que cette exploitation d\u00e9passe les seuls enjeux environnementaux et s\u2019inscrit dans des choix politiques et des relations complexes entre soci\u00e9t\u00e9s humaines et milieux.<\/p>\n<p data-start=\"770\" data-end=\"836\"><span style=\"font-size: 12pt;\"><strong>Encadrement scientifique<\/strong><\/span><br data-start=\"798\" data-end=\"801\" \/>Promoteur : Aymar Nyenyezi Bisoka<\/p>\n<p data-start=\"3504\" data-end=\"3599\"><a href=\"mailto:parfait.kaningubushenyula@student.umons.ac.be\"><img loading=\"lazy\" decoding=\"async\" class=\"alignnone wp-image-70\" src=\"https:\/\/web.umons.ac.be\/app\/uploads\/sites\/126\/2026\/03\/AdobeStock_503956427.gif\" alt=\"\" width=\"22\" height=\"22\" \/><\/a><\/p>\n<p data-start=\"3504\" data-end=\"3599\"><a href=\"https:\/\/www.linkedin.com\/in\/parfait-kaningu-bushenyula-a0289517b\/\" target=\"_blank\" rel=\"noopener\"><img loading=\"lazy\" decoding=\"async\" class=\"alignnone wp-image-64\" src=\"https:\/\/web.umons.ac.be\/app\/uploads\/sites\/126\/2026\/03\/LinkedIn_icon.svg-300x300.png\" alt=\"\" width=\"22\" height=\"23\" \/><\/a><\/p>\n<hr data-start=\"887\" data-end=\"890\" \/>\n<h3 data-start=\"892\" data-end=\"911\"><span style=\"color: #f28c2f;\"><strong><img loading=\"lazy\" decoding=\"async\" class=\"size-medium wp-image-87 alignright\" src=\"https:\/\/web.umons.ac.be\/app\/uploads\/sites\/126\/2026\/03\/3-300x300.png\" alt=\"\" width=\"300\" height=\"300\" \/>LEJEUNE Tanya<\/strong><\/span><\/h3>\n<p data-start=\"912\" data-end=\"963\"><em>Doctorante<\/em><\/p>\n<p data-start=\"965\" data-end=\"1072\"><span style=\"font-size: 12pt;\"><strong>Sujet de recherche<\/strong><\/span><br data-start=\"983\" data-end=\"986\" \/>Mobilisations des \u00e9l\u00e8ves et reconnaissance \u00e0 l\u2019\u00e9cole en F\u00e9d\u00e9ration Wallonie-Bruxelles.<\/p>\n<p data-start=\"1074\" data-end=\"1381\"><strong><span style=\"font-size: 12pt;\">Projet de recherche<\/span><\/strong><br data-start=\"1093\" data-end=\"1096\" \/>Mobilisations d\u2019\u00e9l\u00e8ves du secondaire en vue de la reconnaissance de leurs droits et de leur place dans l\u2019institution scolaire. L\u2019\u00e9tude met en lumi\u00e8re les formes d\u2019action collective ainsi que leurs effets sur les pratiques p\u00e9dagogiques et la d\u00e9mocratie scolaire.<\/p>\n<p data-start=\"1383\" data-end=\"1433\"><span style=\"font-size: 12pt;\"><strong>Encadrement scientifique<\/strong><\/span><br data-start=\"1407\" data-end=\"1410\" \/>Promoteur : David Jamar<\/p>\n<p data-start=\"1383\" data-end=\"1433\"><a href=\"mailto:tanya.lejeune@umons.ac.be\"><img loading=\"lazy\" decoding=\"async\" class=\"alignnone wp-image-70\" src=\"https:\/\/web.umons.ac.be\/app\/uploads\/sites\/126\/2026\/03\/AdobeStock_503956427.gif\" alt=\"\" width=\"22\" height=\"22\" \/><\/a><\/p>\n<p data-start=\"1383\" data-end=\"1433\"><a href=\"https:\/\/www.linkedin.com\/in\/tanya-lejeune-b8078531a\/\" target=\"_blank\" rel=\"noopener\"><img loading=\"lazy\" decoding=\"async\" class=\"alignnone wp-image-64\" src=\"https:\/\/web.umons.ac.be\/app\/uploads\/sites\/126\/2026\/03\/LinkedIn_icon.svg-300x300.png\" alt=\"\" width=\"22\" height=\"23\" \/><\/a><\/p>\n<hr data-start=\"1483\" data-end=\"1486\" \/>\n<h3 data-start=\"1488\" data-end=\"1508\"><span style=\"color: #f28c2f;\"><strong><img loading=\"lazy\" decoding=\"async\" class=\"size-medium wp-image-90 alignright\" src=\"https:\/\/web.umons.ac.be\/app\/uploads\/sites\/126\/2026\/03\/6-300x300.png\" alt=\"\" width=\"300\" height=\"300\" \/>LESZKOWSKI Jan<\/strong><\/span><\/h3>\n<p data-start=\"1509\" data-end=\"1559\"><em>Doctorant<\/em><\/p>\n<p data-start=\"1561\" data-end=\"1675\"><span style=\"font-size: 12pt;\"><strong>Sujet de recherche<\/strong><\/span><br data-start=\"1579\" data-end=\"1582\" \/>Int\u00e9gration des m\u00e9decines traditionnelles \u00e0 Madagascar : enjeux de preuve et de l\u00e9gitimation.<\/p>\n<p data-start=\"1677\" data-end=\"2020\"><span style=\"font-size: 12pt;\"><strong>Projet de recherche<\/strong><\/span><br data-start=\"1696\" data-end=\"1699\" \/>Tensions entre m\u00e9decine fond\u00e9e sur les preuves et savoirs th\u00e9rapeutiques traditionnels \u00e0 Madagascar. \u00c0 partir d\u2019une enqu\u00eate ethnographique, mise en lumi\u00e8re des processus de reconnaissance, de marginalisation et de l\u00e9gitimation des pratiques m\u00e9dicales locales dans les syst\u00e8mes de sant\u00e9 contemporains.<\/p>\n<p data-start=\"2022\" data-end=\"2076\"><span style=\"font-size: 12pt;\"><strong>Encadrement scientifique<\/strong><\/span><br data-start=\"2046\" data-end=\"2049\" \/>Promotrice : Katrin Solhdju<\/p>\n<p data-start=\"2078\" data-end=\"2189\"><span style=\"font-size: 12pt;\"><strong>Projet associ\u00e9<\/strong><\/span><br data-start=\"2092\" data-end=\"2095\" \/>Pragmatics of Healing: Which \u201cEvidence-Base\u201d for which \u201cIntegration\u201d of Traditional Medicines.<\/p>\n<p data-start=\"2078\" data-end=\"2189\"><a href=\"mailto:jan.leszkowski@umons.ac.be\"><img loading=\"lazy\" decoding=\"async\" class=\"alignnone wp-image-70\" src=\"https:\/\/web.umons.ac.be\/app\/uploads\/sites\/126\/2026\/03\/AdobeStock_503956427.gif\" alt=\"\" width=\"22\" height=\"22\" \/><\/a><\/p>\n<p data-start=\"2078\" data-end=\"2189\"><a href=\"https:\/\/www.linkedin.com\/in\/jan-leszkowski-4a9209264\/\" target=\"_blank\" rel=\"noopener\"><img loading=\"lazy\" decoding=\"async\" class=\"alignnone wp-image-64\" src=\"https:\/\/web.umons.ac.be\/app\/uploads\/sites\/126\/2026\/03\/LinkedIn_icon.svg-300x300.png\" alt=\"\" width=\"22\" height=\"23\" \/><\/a><\/p>\n<hr data-start=\"2239\" data-end=\"2242\" \/>\n<h3 data-start=\"2244\" data-end=\"2265\"><span style=\"color: #f28c2f;\"><strong>LIENAERT J\u00e9r\u00e9my<\/strong><\/span><\/h3>\n<p data-start=\"2266\" data-end=\"2328\"><em>Doctorant<\/em><\/p>\n<p data-start=\"2330\" data-end=\"2408\"><span style=\"font-size: 12pt;\"><strong>Sujet de recherche<\/strong><\/span><br data-start=\"2348\" data-end=\"2351\" \/>Savoirs, luttes et exclusions autour des terrils wallons.<\/p>\n<p data-start=\"2410\" data-end=\"2742\"><strong><span style=\"font-size: 12pt;\">Projet de recherche<\/span><\/strong><br data-start=\"2429\" data-end=\"2432\" \/>Usages sociaux et politiques des terrils en Wallonie. L\u2019\u00e9tude met en lumi\u00e8re les relations entre habitant\u00b7es, militant\u00b7es, institutions et environnement, afin de comprendre comment ces anciens sites industriels deviennent des espaces de conflit, de m\u00e9moire et d\u2019exp\u00e9rimentation \u00e9cologique.<\/p>\n<p data-start=\"2744\" data-end=\"2825\"><span style=\"font-size: 12pt;\"><strong>Encadrement scientifique<\/strong><\/span><br data-start=\"2768\" data-end=\"2771\" \/>Promoteur : Damien Darcis<br data-start=\"2796\" data-end=\"2799\" \/>Co-promoteur : David Jamar<\/p>\n<p data-start=\"2744\" data-end=\"2825\"><a href=\"mailto:jeremy.lienaert@umons.ac.be\"><img loading=\"lazy\" decoding=\"async\" class=\"alignnone wp-image-70\" src=\"https:\/\/web.umons.ac.be\/app\/uploads\/sites\/126\/2026\/03\/AdobeStock_503956427.gif\" alt=\"\" width=\"22\" height=\"22\" \/><\/a><\/p>\n<hr data-start=\"3035\" data-end=\"3038\" \/>\n<h3 data-start=\"98\" data-end=\"165\"><span style=\"color: #f28c2f;\"><strong><img loading=\"lazy\" decoding=\"async\" class=\"alignright wp-image-2435 size-medium\" src=\"https:\/\/web.umons.ac.be\/app\/uploads\/sites\/8\/2026\/04\/Design-sans-titre-5-300x300.png\" alt=\"\" width=\"300\" height=\"300\" srcset=\"https:\/\/web.umons.ac.be\/app\/uploads\/sites\/8\/2026\/04\/Design-sans-titre-5-300x300.png 300w, https:\/\/web.umons.ac.be\/app\/uploads\/sites\/8\/2026\/04\/Design-sans-titre-5-150x150.png 150w, https:\/\/web.umons.ac.be\/app\/uploads\/sites\/8\/2026\/04\/Design-sans-titre-5-30x30.png 30w, https:\/\/web.umons.ac.be\/app\/uploads\/sites\/8\/2026\/04\/Design-sans-titre-5-80x80.png 80w, https:\/\/web.umons.ac.be\/app\/uploads\/sites\/8\/2026\/04\/Design-sans-titre-5-60x60.png 60w, https:\/\/web.umons.ac.be\/app\/uploads\/sites\/8\/2026\/04\/Design-sans-titre-5-360x360.png 360w, https:\/\/web.umons.ac.be\/app\/uploads\/sites\/8\/2026\/04\/Design-sans-titre-5-400x400.png 400w, https:\/\/web.umons.ac.be\/app\/uploads\/sites\/8\/2026\/04\/Design-sans-titre-5-200x200.png 200w, https:\/\/web.umons.ac.be\/app\/uploads\/sites\/8\/2026\/04\/Design-sans-titre-5.png 600w\" sizes=\"auto, (max-width: 300px) 100vw, 300px\" \/>MALTESE Livia<\/strong><\/span><\/h3>\n<p data-start=\"98\" data-end=\"165\"><em>Doctorante<\/em><\/p>\n<p data-start=\"167\" data-end=\"244\"><span style=\"font-size: 12pt;\"><strong>Sujet de recherche<\/strong><\/span><br data-start=\"185\" data-end=\"188\" \/>TERRA Project (Terrestrial Politics in the Anthropocene)<\/p>\n<p data-start=\"246\" data-end=\"641\"><span style=\"font-size: 12pt;\"><strong>Projet de recherche<\/strong><\/span><br data-start=\"265\" data-end=\"268\" \/>Transformations \u00e9cologiques et politiques li\u00e9es aux maladies des plantations dans le bassin m\u00e9diterran\u00e9en. Le cas de <em data-start=\"745\" data-end=\"765\">Xylella fastidiosa<\/em>, bact\u00e9rie affectant les oliveraies du sud de l\u2019Europe, permet d\u2019interroger les r\u00e9ponses politiques, scientifiques et sociales face aux crises environnementales dans le contexte de l\u2019Anthropoc\u00e8ne.<\/p>\n<p data-start=\"643\" data-end=\"698\"><span style=\"font-size: 12pt;\"><strong>Encadrement scientifique<\/strong><\/span><br data-start=\"667\" data-end=\"670\" \/>Promoteur : Mihnea T\u0103n\u0103sescu<\/p>\n<p data-start=\"700\" data-end=\"825\"><span style=\"font-size: 12pt;\"><strong>Projet de recherche associ\u00e9<\/strong><\/span><br data-start=\"727\" data-end=\"730\" \/>TERRA &#8211; Terrestrial Politics in the Anthropocene<br data-start=\"778\" data-end=\"781\" \/>Participants : Mihnea T\u0103n\u0103sescu, Fabio Gatti<\/p>\n<p data-start=\"700\" data-end=\"825\"><a href=\"mailto:livia.maltese@student.umons.ac.be\"><img loading=\"lazy\" decoding=\"async\" class=\"alignnone wp-image-70\" src=\"https:\/\/web.umons.ac.be\/app\/uploads\/sites\/126\/2026\/03\/AdobeStock_503956427.gif\" alt=\"\" width=\"22\" height=\"22\" \/><\/a><\/p>\n<p data-start=\"700\" data-end=\"825\"><a href=\"https:\/\/www.linkedin.com\/in\/livia-maltese\/\" target=\"_blank\" rel=\"noopener\"><img loading=\"lazy\" decoding=\"async\" class=\"alignnone wp-image-64\" src=\"https:\/\/web.umons.ac.be\/app\/uploads\/sites\/126\/2026\/03\/LinkedIn_icon.svg-300x300.png\" alt=\"\" width=\"22\" height=\"23\" \/><\/a><\/p>\n<hr data-start=\"3035\" data-end=\"3038\" \/>\n<h3 data-start=\"3040\" data-end=\"3062\"><strong style=\"font-family: Gotham, Arial, Helvetica, sans-serif; font-size: 1.375rem;\"><span style=\"color: #f28c2f;\">MARBAIX Charline<\/span><\/strong><strong><span style=\"color: #f28c2f;\"><img loading=\"lazy\" decoding=\"async\" class=\"size-medium wp-image-88 alignright\" src=\"https:\/\/web.umons.ac.be\/app\/uploads\/sites\/126\/2026\/03\/4-300x300.png\" alt=\"\" width=\"300\" height=\"300\" \/><\/span><\/strong><\/h3>\n<p data-start=\"3063\" data-end=\"3114\"><em>Doctorante<\/em><\/p>\n<p data-start=\"3116\" data-end=\"3189\"><span style=\"font-size: 12pt;\"><strong>Sujet de recherche<\/strong><\/span><br data-start=\"3134\" data-end=\"3137\" \/>Objectivit\u00e9 forte et m\u00e9decine bas\u00e9e sur les preuves.<\/p>\n<p data-start=\"3191\" data-end=\"3502\"><span style=\"font-size: 12pt;\"><strong>Projet de recherche<\/strong><\/span><br data-start=\"3210\" data-end=\"3213\" \/>Production des connaissances m\u00e9dicales abord\u00e9e \u00e0 partir des \u00e9tudes f\u00e9ministes des sciences. Proposition du concept de \u00ab preuve forte \u00bb afin d\u2019interroger les valeurs, les contextes sociaux et les positions des scientifiques qui influencent les preuves mobilis\u00e9es en m\u00e9decine.<\/p>\n<p data-start=\"3504\" data-end=\"3599\"><span style=\"font-size: 12pt;\"><strong>Encadrement scientifique<\/strong><\/span><br data-start=\"3528\" data-end=\"3531\" \/>Promotrice : Katrin Solhdju<br data-start=\"3558\" data-end=\"3561\" \/>Co-promotrice : St\u00e9phanie Pache (<a href=\"https:\/\/uqam.ca\" target=\"_blank\" rel=\"noopener\">UQAM<\/a>)<\/p>\n<p data-start=\"3504\" data-end=\"3599\"><a href=\"mailto:charline.marbaix@umons.ac.be\"><img loading=\"lazy\" decoding=\"async\" class=\"alignnone wp-image-70\" src=\"https:\/\/web.umons.ac.be\/app\/uploads\/sites\/126\/2026\/03\/AdobeStock_503956427.gif\" alt=\"\" width=\"22\" height=\"22\" \/><\/a><\/p>\n<p data-start=\"3504\" data-end=\"3599\"><a href=\"https:\/\/www.linkedin.com\/in\/charline-marbaix-166bb32ba\/\" target=\"_blank\" rel=\"noopener\"><img loading=\"lazy\" decoding=\"async\" class=\"alignnone wp-image-64\" src=\"https:\/\/web.umons.ac.be\/app\/uploads\/sites\/126\/2026\/03\/LinkedIn_icon.svg-300x300.png\" alt=\"\" width=\"22\" height=\"23\" \/><\/a><\/p>\n<hr data-start=\"1483\" data-end=\"1486\" \/>\n<h3 data-start=\"81\" data-end=\"117\"><span style=\"color: #f28c2f;\"><strong data-start=\"81\" data-end=\"102\"><img loading=\"lazy\" decoding=\"async\" class=\"size-medium wp-image-2277 alignright\" src=\"https:\/\/web.umons.ac.be\/app\/uploads\/sites\/8\/2026\/03\/Design-sans-titre-300x300.png\" alt=\"\" width=\"300\" height=\"300\" srcset=\"https:\/\/web.umons.ac.be\/app\/uploads\/sites\/8\/2026\/03\/Design-sans-titre-300x300.png 300w, https:\/\/web.umons.ac.be\/app\/uploads\/sites\/8\/2026\/03\/Design-sans-titre-150x150.png 150w, https:\/\/web.umons.ac.be\/app\/uploads\/sites\/8\/2026\/03\/Design-sans-titre-30x30.png 30w, https:\/\/web.umons.ac.be\/app\/uploads\/sites\/8\/2026\/03\/Design-sans-titre-80x80.png 80w, https:\/\/web.umons.ac.be\/app\/uploads\/sites\/8\/2026\/03\/Design-sans-titre-60x60.png 60w, https:\/\/web.umons.ac.be\/app\/uploads\/sites\/8\/2026\/03\/Design-sans-titre-360x360.png 360w, https:\/\/web.umons.ac.be\/app\/uploads\/sites\/8\/2026\/03\/Design-sans-titre-400x400.png 400w, https:\/\/web.umons.ac.be\/app\/uploads\/sites\/8\/2026\/03\/Design-sans-titre-200x200.png 200w, https:\/\/web.umons.ac.be\/app\/uploads\/sites\/8\/2026\/03\/Design-sans-titre.png 600w\" sizes=\"auto, (max-width: 300px) 100vw, 300px\" \/>UKECI UWODHA Rose<\/strong><\/span><\/h3>\n<p data-start=\"81\" data-end=\"117\"><em>Doctorante<\/em><\/p>\n<p data-start=\"119\" data-end=\"228\"><span style=\"font-size: 12pt;\"><strong>Sujet de recherche<\/strong><\/span><br data-start=\"141\" data-end=\"144\" \/>Discours, pouvoir et r\u00e9sistances : reconfigurer l\u2019Anthropoc\u00e8ne minier \u00e0 Kilo-Moto.<\/p>\n<p data-start=\"230\" data-end=\"876\"><span style=\"font-size: 12pt;\"><strong>Projet de recherche<\/strong><\/span><br data-start=\"253\" data-end=\"256\" \/>Dynamiques d\u2019interaction entre acteurs dans les r\u00e9gions mini\u00e8res de Kilo-Moto, en R\u00e9publique d\u00e9mocratique du Congo. L\u2019analyse porte sur les discours mobilis\u00e9s par les mineurs, autorit\u00e9s locales, groupes religieux ou anciens combattants pour d\u00e9fendre leurs int\u00e9r\u00eats autour de l\u2019exploitation de l\u2019or, et met en lumi\u00e8re leur r\u00f4le dans les rapports de pouvoir, les conflits et les alliances. L\u2019activit\u00e9 mini\u00e8re appara\u00eet ainsi comme un espace de lutte autour des significations du territoire, de la richesse et de la justice, au-del\u00e0 des seuls enjeux \u00e9conomiques.<\/p>\n<p data-start=\"878\" data-end=\"944\"><span style=\"font-size: 12pt;\"><strong>Encadrement scientifique<\/strong><\/span><br data-start=\"906\" data-end=\"909\" \/>Promoteur : Aymar Nyenyezi Bisoka<\/p>\n<p data-start=\"700\" data-end=\"825\"><a href=\"mailto:rose.ukeciuwhoda@student.umons.ac.be\"><img loading=\"lazy\" decoding=\"async\" class=\"alignnone wp-image-70\" src=\"https:\/\/web.umons.ac.be\/app\/uploads\/sites\/126\/2026\/03\/AdobeStock_503956427.gif\" alt=\"\" width=\"22\" height=\"22\" \/><\/a><\/p>\n","protected":false},"excerpt":{"rendered":"<p>Chercheur\u00b7euse\u00b7s et professeur\u00b7e\u00b7s MARTINUS Claire Charg\u00e9e de cours et adjointe p\u00e9dagogique Domaines de rechercheSociologie et anthropologie du genre et du corps. Activit\u00e9s de rechercheTravaux en socio-anthropologie du genre et du corps, portant sur les transformations sociales, religieuses et politiques. Plusieurs axes de recherche sont d\u00e9velopp\u00e9s, notamment : l\u2019analyse des effets de la mondialisation et de [&hellip;]<\/p>\n","protected":false},"author":305,"featured_media":0,"parent":2236,"menu_order":0,"comment_status":"closed","ping_status":"closed","template":"","meta":{"footnotes":""},"class_list":["post-2239","page","type-page","status-publish","hentry"],"yoast_head":"<!-- This site is optimized with the Yoast SEO plugin v27.2 - https:\/\/yoast.com\/product\/yoast-seo-wordpress\/ -->\n<title>\u00c9quipe du service de Sociologie et Anthropologie - Ecole \/ ESHS<\/title>\n<meta name=\"robots\" content=\"index, follow, max-snippet:-1, max-image-preview:large, max-video-preview:-1\" \/>\n<link rel=\"canonical\" href=\"https:\/\/web.umons.ac.be\/eshs\/fr\/activites-de-recherche\/services-denseignement-et-de-recherche\/service-de-sociologie-et-anthropologie\/equipe-du-service-de-sociologie-et-anthropologie\/\" \/>\n<meta property=\"og:locale\" content=\"fr_FR\" \/>\n<meta property=\"og:type\" content=\"article\" \/>\n<meta property=\"og:title\" content=\"\u00c9quipe du service de Sociologie et Anthropologie - Ecole \/ ESHS\" \/>\n<meta property=\"og:description\" content=\"Chercheur\u00b7euse\u00b7s et professeur\u00b7e\u00b7s MARTINUS Claire Charg\u00e9e de cours et adjointe p\u00e9dagogique Domaines de rechercheSociologie et anthropologie du genre et du corps. Activit\u00e9s de rechercheTravaux en socio-anthropologie du genre et du corps, portant sur les transformations sociales, religieuses et politiques. Plusieurs axes de recherche sont d\u00e9velopp\u00e9s, notamment : l\u2019analyse des effets de la mondialisation et de [&hellip;]\" \/>\n<meta property=\"og:url\" content=\"https:\/\/web.umons.ac.be\/eshs\/fr\/activites-de-recherche\/services-denseignement-et-de-recherche\/service-de-sociologie-et-anthropologie\/equipe-du-service-de-sociologie-et-anthropologie\/\" \/>\n<meta property=\"og:site_name\" content=\"Ecole \/ ESHS\" \/>\n<meta property=\"article:modified_time\" content=\"2026-04-28T11:14:10+00:00\" \/>\n<meta name=\"twitter:card\" content=\"summary_large_image\" \/>\n<meta name=\"twitter:label1\" content=\"Dur\u00e9e de lecture estim\u00e9e\" \/>\n\t<meta name=\"twitter:data1\" content=\"14 minutes\" \/>\n<script type=\"application\/ld+json\" class=\"yoast-schema-graph\">{\"@context\":\"https:\/\/schema.org\",\"@graph\":[{\"@type\":\"WebPage\",\"@id\":\"https:\/\/web.umons.ac.be\/eshs\/fr\/activites-de-recherche\/services-denseignement-et-de-recherche\/service-de-sociologie-et-anthropologie\/equipe-du-service-de-sociologie-et-anthropologie\/\",\"url\":\"https:\/\/web.umons.ac.be\/eshs\/fr\/activites-de-recherche\/services-denseignement-et-de-recherche\/service-de-sociologie-et-anthropologie\/equipe-du-service-de-sociologie-et-anthropologie\/\",\"name\":\"\u00c9quipe du service de Sociologie et Anthropologie - Ecole \/ ESHS\",\"isPartOf\":{\"@id\":\"https:\/\/web.umons.ac.be\/eshs\/#website\"},\"primaryImageOfPage\":{\"@id\":\"https:\/\/web.umons.ac.be\/eshs\/fr\/activites-de-recherche\/services-denseignement-et-de-recherche\/service-de-sociologie-et-anthropologie\/equipe-du-service-de-sociologie-et-anthropologie\/#primaryimage\"},\"image\":{\"@id\":\"https:\/\/web.umons.ac.be\/eshs\/fr\/activites-de-recherche\/services-denseignement-et-de-recherche\/service-de-sociologie-et-anthropologie\/equipe-du-service-de-sociologie-et-anthropologie\/#primaryimage\"},\"thumbnailUrl\":\"https:\/\/web.umons.ac.be\/app\/uploads\/sites\/126\/2026\/03\/AdobeStock_503956427.gif\",\"datePublished\":\"2026-03-18T12:26:21+00:00\",\"dateModified\":\"2026-04-28T11:14:10+00:00\",\"breadcrumb\":{\"@id\":\"https:\/\/web.umons.ac.be\/eshs\/fr\/activites-de-recherche\/services-denseignement-et-de-recherche\/service-de-sociologie-et-anthropologie\/equipe-du-service-de-sociologie-et-anthropologie\/#breadcrumb\"},\"inLanguage\":\"fr-FR\",\"potentialAction\":[{\"@type\":\"ReadAction\",\"target\":[\"https:\/\/web.umons.ac.be\/eshs\/fr\/activites-de-recherche\/services-denseignement-et-de-recherche\/service-de-sociologie-et-anthropologie\/equipe-du-service-de-sociologie-et-anthropologie\/\"]}]},{\"@type\":\"ImageObject\",\"inLanguage\":\"fr-FR\",\"@id\":\"https:\/\/web.umons.ac.be\/eshs\/fr\/activites-de-recherche\/services-denseignement-et-de-recherche\/service-de-sociologie-et-anthropologie\/equipe-du-service-de-sociologie-et-anthropologie\/#primaryimage\",\"url\":\"https:\/\/web.umons.ac.be\/app\/uploads\/sites\/126\/2026\/03\/AdobeStock_503956427.gif\",\"contentUrl\":\"https:\/\/web.umons.ac.be\/app\/uploads\/sites\/126\/2026\/03\/AdobeStock_503956427.gif\"},{\"@type\":\"BreadcrumbList\",\"@id\":\"https:\/\/web.umons.ac.be\/eshs\/fr\/activites-de-recherche\/services-denseignement-et-de-recherche\/service-de-sociologie-et-anthropologie\/equipe-du-service-de-sociologie-et-anthropologie\/#breadcrumb\",\"itemListElement\":[{\"@type\":\"ListItem\",\"position\":1,\"name\":\"Accueil\",\"item\":\"https:\/\/web.umons.ac.be\/eshs\/fr\/\"},{\"@type\":\"ListItem\",\"position\":2,\"name\":\"Activit\u00e9s de recherche\",\"item\":\"https:\/\/web.umons.ac.be\/eshs\/fr\/activites-de-recherche\/\"},{\"@type\":\"ListItem\",\"position\":3,\"name\":\"Services d\u2019enseignement et de recherche\",\"item\":\"https:\/\/web.umons.ac.be\/eshs\/fr\/activites-de-recherche\/services-denseignement-et-de-recherche\/\"},{\"@type\":\"ListItem\",\"position\":4,\"name\":\"Service de Sociologie et Anthropologie\",\"item\":\"https:\/\/web.umons.ac.be\/eshs\/fr\/activites-de-recherche\/services-denseignement-et-de-recherche\/service-de-sociologie-et-anthropologie\/\"},{\"@type\":\"ListItem\",\"position\":5,\"name\":\"\u00c9quipe du service de Sociologie et Anthropologie\"}]},{\"@type\":\"WebSite\",\"@id\":\"https:\/\/web.umons.ac.be\/eshs\/#website\",\"url\":\"https:\/\/web.umons.ac.be\/eshs\/\",\"name\":\"Ecole \/ ESHS\",\"description\":\"\",\"potentialAction\":[{\"@type\":\"SearchAction\",\"target\":{\"@type\":\"EntryPoint\",\"urlTemplate\":\"https:\/\/web.umons.ac.be\/eshs\/?s={search_term_string}\"},\"query-input\":{\"@type\":\"PropertyValueSpecification\",\"valueRequired\":true,\"valueName\":\"search_term_string\"}}],\"inLanguage\":\"fr-FR\"}]}<\/script>\n<!-- \/ Yoast SEO plugin. -->","yoast_head_json":{"title":"\u00c9quipe du service de Sociologie et Anthropologie - Ecole \/ ESHS","robots":{"index":"index","follow":"follow","max-snippet":"max-snippet:-1","max-image-preview":"max-image-preview:large","max-video-preview":"max-video-preview:-1"},"canonical":"https:\/\/web.umons.ac.be\/eshs\/fr\/activites-de-recherche\/services-denseignement-et-de-recherche\/service-de-sociologie-et-anthropologie\/equipe-du-service-de-sociologie-et-anthropologie\/","og_locale":"fr_FR","og_type":"article","og_title":"\u00c9quipe du service de Sociologie et Anthropologie - Ecole \/ ESHS","og_description":"Chercheur\u00b7euse\u00b7s et professeur\u00b7e\u00b7s MARTINUS Claire Charg\u00e9e de cours et adjointe p\u00e9dagogique Domaines de rechercheSociologie et anthropologie du genre et du corps. Activit\u00e9s de rechercheTravaux en socio-anthropologie du genre et du corps, portant sur les transformations sociales, religieuses et politiques. Plusieurs axes de recherche sont d\u00e9velopp\u00e9s, notamment : l\u2019analyse des effets de la mondialisation et de [&hellip;]","og_url":"https:\/\/web.umons.ac.be\/eshs\/fr\/activites-de-recherche\/services-denseignement-et-de-recherche\/service-de-sociologie-et-anthropologie\/equipe-du-service-de-sociologie-et-anthropologie\/","og_site_name":"Ecole \/ ESHS","article_modified_time":"2026-04-28T11:14:10+00:00","twitter_card":"summary_large_image","twitter_misc":{"Dur\u00e9e de lecture estim\u00e9e":"14 minutes"},"schema":{"@context":"https:\/\/schema.org","@graph":[{"@type":"WebPage","@id":"https:\/\/web.umons.ac.be\/eshs\/fr\/activites-de-recherche\/services-denseignement-et-de-recherche\/service-de-sociologie-et-anthropologie\/equipe-du-service-de-sociologie-et-anthropologie\/","url":"https:\/\/web.umons.ac.be\/eshs\/fr\/activites-de-recherche\/services-denseignement-et-de-recherche\/service-de-sociologie-et-anthropologie\/equipe-du-service-de-sociologie-et-anthropologie\/","name":"\u00c9quipe du service de Sociologie et Anthropologie - Ecole \/ ESHS","isPartOf":{"@id":"https:\/\/web.umons.ac.be\/eshs\/#website"},"primaryImageOfPage":{"@id":"https:\/\/web.umons.ac.be\/eshs\/fr\/activites-de-recherche\/services-denseignement-et-de-recherche\/service-de-sociologie-et-anthropologie\/equipe-du-service-de-sociologie-et-anthropologie\/#primaryimage"},"image":{"@id":"https:\/\/web.umons.ac.be\/eshs\/fr\/activites-de-recherche\/services-denseignement-et-de-recherche\/service-de-sociologie-et-anthropologie\/equipe-du-service-de-sociologie-et-anthropologie\/#primaryimage"},"thumbnailUrl":"https:\/\/web.umons.ac.be\/app\/uploads\/sites\/126\/2026\/03\/AdobeStock_503956427.gif","datePublished":"2026-03-18T12:26:21+00:00","dateModified":"2026-04-28T11:14:10+00:00","breadcrumb":{"@id":"https:\/\/web.umons.ac.be\/eshs\/fr\/activites-de-recherche\/services-denseignement-et-de-recherche\/service-de-sociologie-et-anthropologie\/equipe-du-service-de-sociologie-et-anthropologie\/#breadcrumb"},"inLanguage":"fr-FR","potentialAction":[{"@type":"ReadAction","target":["https:\/\/web.umons.ac.be\/eshs\/fr\/activites-de-recherche\/services-denseignement-et-de-recherche\/service-de-sociologie-et-anthropologie\/equipe-du-service-de-sociologie-et-anthropologie\/"]}]},{"@type":"ImageObject","inLanguage":"fr-FR","@id":"https:\/\/web.umons.ac.be\/eshs\/fr\/activites-de-recherche\/services-denseignement-et-de-recherche\/service-de-sociologie-et-anthropologie\/equipe-du-service-de-sociologie-et-anthropologie\/#primaryimage","url":"https:\/\/web.umons.ac.be\/app\/uploads\/sites\/126\/2026\/03\/AdobeStock_503956427.gif","contentUrl":"https:\/\/web.umons.ac.be\/app\/uploads\/sites\/126\/2026\/03\/AdobeStock_503956427.gif"},{"@type":"BreadcrumbList","@id":"https:\/\/web.umons.ac.be\/eshs\/fr\/activites-de-recherche\/services-denseignement-et-de-recherche\/service-de-sociologie-et-anthropologie\/equipe-du-service-de-sociologie-et-anthropologie\/#breadcrumb","itemListElement":[{"@type":"ListItem","position":1,"name":"Accueil","item":"https:\/\/web.umons.ac.be\/eshs\/fr\/"},{"@type":"ListItem","position":2,"name":"Activit\u00e9s de recherche","item":"https:\/\/web.umons.ac.be\/eshs\/fr\/activites-de-recherche\/"},{"@type":"ListItem","position":3,"name":"Services d\u2019enseignement et de recherche","item":"https:\/\/web.umons.ac.be\/eshs\/fr\/activites-de-recherche\/services-denseignement-et-de-recherche\/"},{"@type":"ListItem","position":4,"name":"Service de Sociologie et Anthropologie","item":"https:\/\/web.umons.ac.be\/eshs\/fr\/activites-de-recherche\/services-denseignement-et-de-recherche\/service-de-sociologie-et-anthropologie\/"},{"@type":"ListItem","position":5,"name":"\u00c9quipe du service de Sociologie et Anthropologie"}]},{"@type":"WebSite","@id":"https:\/\/web.umons.ac.be\/eshs\/#website","url":"https:\/\/web.umons.ac.be\/eshs\/","name":"Ecole \/ ESHS","description":"","potentialAction":[{"@type":"SearchAction","target":{"@type":"EntryPoint","urlTemplate":"https:\/\/web.umons.ac.be\/eshs\/?s={search_term_string}"},"query-input":{"@type":"PropertyValueSpecification","valueRequired":true,"valueName":"search_term_string"}}],"inLanguage":"fr-FR"}]}},"lang":"fr","translations":{"fr":2239},"pll_sync_post":[],"_links":{"self":[{"href":"https:\/\/web.umons.ac.be\/eshs\/wp-json\/wp\/v2\/pages\/2239","targetHints":{"allow":["GET"]}}],"collection":[{"href":"https:\/\/web.umons.ac.be\/eshs\/wp-json\/wp\/v2\/pages"}],"about":[{"href":"https:\/\/web.umons.ac.be\/eshs\/wp-json\/wp\/v2\/types\/page"}],"author":[{"embeddable":true,"href":"https:\/\/web.umons.ac.be\/eshs\/wp-json\/wp\/v2\/users\/305"}],"replies":[{"embeddable":true,"href":"https:\/\/web.umons.ac.be\/eshs\/wp-json\/wp\/v2\/comments?post=2239"}],"version-history":[{"count":3,"href":"https:\/\/web.umons.ac.be\/eshs\/wp-json\/wp\/v2\/pages\/2239\/revisions"}],"predecessor-version":[{"id":2451,"href":"https:\/\/web.umons.ac.be\/eshs\/wp-json\/wp\/v2\/pages\/2239\/revisions\/2451"}],"up":[{"embeddable":true,"href":"https:\/\/web.umons.ac.be\/eshs\/wp-json\/wp\/v2\/pages\/2236"}],"wp:attachment":[{"href":"https:\/\/web.umons.ac.be\/eshs\/wp-json\/wp\/v2\/media?parent=2239"}],"curies":[{"name":"wp","href":"https:\/\/api.w.org\/{rel}","templated":true}]}}