{"id":2243,"date":"2026-03-18T13:32:22","date_gmt":"2026-03-18T12:32:22","guid":{"rendered":"https:\/\/web.umons.ac.be\/eshs\/?page_id=2243"},"modified":"2026-04-23T14:22:57","modified_gmt":"2026-04-23T12:22:57","slug":"equipe-du-service-de-sciences-politiques","status":"publish","type":"page","link":"https:\/\/web.umons.ac.be\/eshs\/fr\/activites-de-recherche\/services-denseignement-et-de-recherche\/service-de-sciences-politiques\/equipe-du-service-de-sciences-politiques\/","title":{"rendered":"\u00c9quipe du service de Sciences politiques"},"content":{"rendered":"<h1><span style=\"color: #7f2816;\">Professeurs<\/span><\/h1>\n<h3 data-start=\"224\" data-end=\"290\"><span style=\"color: #f28c2f;\"><strong data-start=\"224\" data-end=\"244\"><strong style=\"font-size: 22px;\" data-start=\"224\" data-end=\"244\">FRAN\u00c7OIS St\u00e9phane<\/strong><br \/>\n<\/strong><\/span><\/h3>\n<p data-start=\"224\" data-end=\"290\"><em>Professeur\u00a0<\/em><\/p>\n<p data-start=\"292\" data-end=\"829\"><span style=\"font-size: 12pt;\"><strong><span style=\"font-family: arial, helvetica, sans-serif;\">Axes de recherche<\/span><\/strong><\/span><\/p>\n<p>Droite radicale, th\u00e9ories du complot, racisme, antis\u00e9mitisme, \u00e9cologie radicale, \u00e9sot\u00e9risme, religions de marge, n\u00e9opaganisme, contre-culture, irrationalisme. Sp\u00e9cialiste des marges radicales (politiques, religieuses et contre-culturelles).<\/p>\n<p data-start=\"1028\" data-end=\"1102\"><span style=\"font-size: 12pt;\"><strong><span style=\"font-family: arial, helvetica, sans-serif;\">Encadrement scientifique<\/span><\/strong><\/span><br data-start=\"1056\" data-end=\"1059\" \/>Promoteur de th\u00e8ses de doctorat.<\/p>\n<p data-start=\"1104\" data-end=\"1235\"><span style=\"font-size: 12pt;\"><strong><span style=\"font-family: arial, helvetica, sans-serif;\">Activit\u00e9s d&rsquo;enseignement<\/span><\/strong><\/span><\/p>\n<ul>\n<li class=\"elementToProof\" data-ogsc=\"rgb(0, 0, 0)\"><a href=\"https:\/\/webcontent.umons.ac.be\/web\/fr\/pde\/2026-2027\/cursus\/BHS1.htm\" target=\"_blank\" rel=\"noopener\">Introduction \u00e0 la science politique<\/a><\/li>\n<li class=\"elementToProof\" data-ogsc=\"rgb(0, 0, 0)\"><a href=\"https:\/\/webcontent.umons.ac.be\/web\/fr\/pde\/2026-2027\/cursus\/BHS1.htm\" target=\"_blank\" rel=\"noopener\">Introduction aux relations internationales<\/a><\/li>\n<li class=\"elementToProof\" data-ogsc=\"rgb(0, 0, 0)\"><a href=\"https:\/\/webcontent.umons.ac.be\/web\/fr\/pde\/2026-2027\/cursus\/BHS1.htm\" target=\"_blank\" rel=\"noopener\">M\u00e9thodes de recherche en sciences politiques et sociales<\/a><\/li>\n<li class=\"elementToProof\" data-ogsc=\"rgb(0, 0, 0)\"><a href=\"https:\/\/webcontent.umons.ac.be\/web\/fr\/pde\/2026-2027\/cursus\/BHS1.htm\" target=\"_blank\" rel=\"noopener\">Construction et politiques europ\u00e9ennes<\/a><\/li>\n<li class=\"elementToProof\" data-ogsc=\"rgb(0, 0, 0)\"><a href=\"https:\/\/webcontent.umons.ac.be\/web\/fr\/pde\/2026-2027\/cursus\/BHS1.htm\" target=\"_blank\" rel=\"noopener\">G\u00e9opolitique<\/a><\/li>\n<li class=\"elementToProof\" data-ogsc=\"rgb(0, 0, 0)\"><a href=\"https:\/\/webcontent.umons.ac.be\/web\/fr\/pde\/2026-2027\/cursus\/BHS1.htm\" target=\"_blank\" rel=\"noopener\">D\u00e9mocratie et citoyennet\u00e9<\/a><\/li>\n<\/ul>\n<p data-start=\"1382\" data-end=\"1442\"><a href=\"mailto:stephane.francois@umons.ac.be\"><img loading=\"lazy\" decoding=\"async\" class=\"alignnone wp-image-70\" src=\"https:\/\/web.umons.ac.be\/app\/uploads\/sites\/126\/2026\/03\/AdobeStock_503956427.gif\" alt=\"\" width=\"22\" height=\"22\" \/><\/a><\/p>\n<hr data-start=\"1547\" data-end=\"1550\" \/>\n<h1><span style=\"color: #7f2816;\">Doctorant<\/span><span style=\"color: #7f2816;\">\u00b7<\/span><span style=\"color: #7f2816;\">e<\/span><span style=\"color: #7f2816;\">\u00b7<\/span><span style=\"color: #7f2816;\">s et assistant<\/span><span style=\"color: #7f2816;\">\u00b7<\/span><span style=\"color: #7f2816;\">e<\/span><span style=\"color: #7f2816;\">\u00b7<\/span><span style=\"color: #7f2816;\">s<\/span><\/h1>\n<h3 data-start=\"153\" data-end=\"201\"><span style=\"color: #f28c2f;\"><strong data-start=\"153\" data-end=\"172\"><img loading=\"lazy\" decoding=\"async\" class=\"alignright wp-image-2427 size-medium\" src=\"https:\/\/web.umons.ac.be\/app\/uploads\/sites\/8\/2026\/04\/Design-sans-titre-3-300x300.png\" alt=\"\" width=\"300\" height=\"300\" srcset=\"https:\/\/web.umons.ac.be\/app\/uploads\/sites\/8\/2026\/04\/Design-sans-titre-3-300x300.png 300w, https:\/\/web.umons.ac.be\/app\/uploads\/sites\/8\/2026\/04\/Design-sans-titre-3-150x150.png 150w, https:\/\/web.umons.ac.be\/app\/uploads\/sites\/8\/2026\/04\/Design-sans-titre-3-30x30.png 30w, https:\/\/web.umons.ac.be\/app\/uploads\/sites\/8\/2026\/04\/Design-sans-titre-3-80x80.png 80w, https:\/\/web.umons.ac.be\/app\/uploads\/sites\/8\/2026\/04\/Design-sans-titre-3-60x60.png 60w, https:\/\/web.umons.ac.be\/app\/uploads\/sites\/8\/2026\/04\/Design-sans-titre-3-360x360.png 360w, https:\/\/web.umons.ac.be\/app\/uploads\/sites\/8\/2026\/04\/Design-sans-titre-3-400x400.png 400w, https:\/\/web.umons.ac.be\/app\/uploads\/sites\/8\/2026\/04\/Design-sans-titre-3-200x200.png 200w, https:\/\/web.umons.ac.be\/app\/uploads\/sites\/8\/2026\/04\/Design-sans-titre-3.png 600w\" sizes=\"auto, (max-width: 300px) 100vw, 300px\" \/>DUPUIS Apolline<\/strong><\/span><\/h3>\n<p data-start=\"153\" data-end=\"201\"><em>Assistante et doctorante<\/em><\/p>\n<p data-start=\"203\" data-end=\"347\"><span style=\"font-size: 12pt;\"><strong data-start=\"203\" data-end=\"225\">Sujet de recherche<\/strong><\/span><br data-start=\"225\" data-end=\"228\" \/>L\u2019\u00e9mancipation des ouvri\u00e8res passe-t-elle par l\u2019engagement syndical ? Enqu\u00eate en terrain politique belge et bangladais.<\/p>\n<p data-start=\"349\" data-end=\"850\"><span style=\"font-size: 12pt;\"><strong data-start=\"349\" data-end=\"372\">Projet de recherche<\/strong><\/span><br data-start=\"372\" data-end=\"375\" \/>Engagement syndical des ouvri\u00e8res comme processus d\u2019\u00e9mancipation politique et sociale. L\u2019enqu\u00eate ethnographique men\u00e9e en Belgique et au Bangladesh met en \u00e9vidence les formes de r\u00e9sistance face aux rapports de domination capitalistes et patriarcaux, ainsi que les transformations individuelles et collectives li\u00e9es \u00e0 l\u2019engagement militant et les dynamiques contemporaines des mouvements syndicaux f\u00e9minins.<\/p>\n<p data-start=\"852\" data-end=\"945\"><span style=\"font-size: 12pt;\"><strong data-start=\"852\" data-end=\"880\">Encadrement scientifique<\/strong><\/span><br data-start=\"880\" data-end=\"883\" \/>Promoteur : Serge Deruette<br data-start=\"909\" data-end=\"912\" \/>Co-promotrice : Claire Martinus<\/p>\n<p data-start=\"360\" data-end=\"428\"><span style=\"font-size: 12pt;\"><strong data-start=\"360\" data-end=\"388\">Activit\u00e9s d\u2019enseignement<\/strong><\/span><\/p>\n<ul data-start=\"429\" data-end=\"573\">\n<li data-start=\"494\" data-end=\"524\">\n<p data-start=\"496\" data-end=\"524\"><a href=\"https:\/\/webcontent.umons.ac.be\/web\/fr\/pde\/2026-2027\/cursus\/BHS1.htm\" target=\"_blank\" rel=\"noopener\">Partis et id\u00e9es politiques (s\u00e9minaire)<\/a><\/p>\n<\/li>\n<li data-start=\"525\" data-end=\"573\">\n<p data-start=\"527\" data-end=\"573\"><a href=\"https:\/\/webcontent.umons.ac.be\/web\/fr\/pde\/2026-2027\/cursus\/BHS1.htm\" target=\"_blank\" rel=\"noopener\">M\u00e9thodes de recherche en sciences politiques (s\u00e9minaire)<\/a><\/p>\n<\/li>\n<li data-start=\"525\" data-end=\"573\">\n<p data-start=\"527\" data-end=\"573\"><a href=\"https:\/\/webcontent.umons.ac.be\/web\/fr\/pde\/2026-2027\/cursus\/TIS1.htm\" target=\"_blank\" rel=\"noopener\"><span style=\"font-size: 14px;\">S\u00e9minaire de questions d&rsquo;actualit\u00e9s politiques et sociales<\/span><\/a><\/p>\n<\/li>\n<\/ul>\n<p data-start=\"1382\" data-end=\"1442\"><a href=\"mailto:apolline.dupuis@umons.ac.be\"><img loading=\"lazy\" decoding=\"async\" class=\"alignnone wp-image-70\" src=\"https:\/\/web.umons.ac.be\/app\/uploads\/sites\/126\/2026\/03\/AdobeStock_503956427.gif\" alt=\"\" width=\"22\" height=\"22\" \/><\/a><a href=\"https:\/\/www.linkedin.com\/in\/apolline-dupuis-339a7324b\/\" target=\"_blank\" rel=\"noopener\"><img loading=\"lazy\" decoding=\"async\" class=\"alignnone wp-image-64\" src=\"https:\/\/web.umons.ac.be\/app\/uploads\/sites\/126\/2026\/03\/LinkedIn_icon.svg-300x300.png\" alt=\"\" width=\"22\" height=\"23\" \/><\/a><\/p>\n<hr data-start=\"1547\" data-end=\"1550\" \/>\n<h3 data-start=\"973\" data-end=\"1003\"><span style=\"color: #f28c2f;\"><strong data-start=\"973\" data-end=\"989\"><img loading=\"lazy\" decoding=\"async\" class=\"size-medium wp-image-96 alignright\" src=\"https:\/\/web.umons.ac.be\/app\/uploads\/sites\/126\/2026\/03\/8-300x300.png\" alt=\"\" width=\"300\" height=\"300\" \/>HADIBI Zahir<\/strong><\/span><\/h3>\n<p data-start=\"973\" data-end=\"1003\"><em>Doctorant<\/em><\/p>\n<p data-start=\"1005\" data-end=\"1134\"><span style=\"font-size: 12pt;\"><strong data-start=\"1005\" data-end=\"1027\">Sujet de recherche<\/strong><\/span><br data-start=\"1027\" data-end=\"1030\" \/>L\u2019\u00e9tranger dans le discours politique espagnol : du franquisme au nationalisme contemporain (1936-2023).<\/p>\n<p data-start=\"1136\" data-end=\"1634\"><span style=\"font-size: 12pt;\"><strong data-start=\"1136\" data-end=\"1159\">Projet de recherche<\/strong><\/span><br data-start=\"1159\" data-end=\"1162\" \/>Repr\u00e9sentation de la figure de l\u2019\u00e9tranger dans le discours politique espagnol \u00e0 travers deux p\u00e9riodes : le r\u00e9gime franquiste et la p\u00e9riode contemporaine marqu\u00e9e par l\u2019\u00e9mergence de nouveaux mouvements nationalistes. L\u2019analyse met en \u00e9vidence les continuit\u00e9s et les ruptures, ainsi que les h\u00e9ritages politiques et id\u00e9ologiques qui structurent les repr\u00e9sentations de l\u2019alt\u00e9rit\u00e9 dans l\u2019espace politique espagnol.<\/p>\n<p data-start=\"1636\" data-end=\"1696\"><span style=\"font-size: 12pt;\"><strong data-start=\"1636\" data-end=\"1664\">Encadrement scientifique<\/strong><\/span><br data-start=\"1664\" data-end=\"1667\" \/>Promoteur : St\u00e9phane Fran\u00e7ois<\/p>\n<p data-start=\"1382\" data-end=\"1442\"><a href=\"mailto:zahir.hadibi@student.umons.ac.be\"><img loading=\"lazy\" decoding=\"async\" class=\"alignnone wp-image-70\" src=\"https:\/\/web.umons.ac.be\/app\/uploads\/sites\/126\/2026\/03\/AdobeStock_503956427.gif\" alt=\"\" width=\"22\" height=\"22\" \/><\/a><a href=\"https:\/\/www.researchgate.net\/profile\/Zahir-Hadibi\" target=\"_blank\" rel=\"noopener\"><img loading=\"lazy\" decoding=\"async\" class=\"alignnone wp-image-104\" src=\"https:\/\/web.umons.ac.be\/app\/uploads\/sites\/126\/2026\/03\/unnamed-300x300.png\" alt=\"\" width=\"22\" height=\"22\" \/><\/a><a href=\"https:\/\/orcid.org\/0000-0003-4842-9685\" target=\"_blank\" rel=\"noopener\"><img loading=\"lazy\" decoding=\"async\" class=\"alignnone wp-image-103\" src=\"https:\/\/web.umons.ac.be\/app\/uploads\/sites\/126\/2026\/03\/ORCID_iD.svg.png\" alt=\"\" width=\"22\" height=\"22\" \/><\/a><a href=\"https:\/\/scholar.google.es\/citations?user=CKPz2HAAAAAJ&amp;hl=fr\" target=\"_blank\" rel=\"noopener\"><img loading=\"lazy\" decoding=\"async\" class=\"alignnone wp-image-106\" src=\"https:\/\/web.umons.ac.be\/app\/uploads\/sites\/126\/2026\/03\/Google_Scholar_logo.svg-300x300.png\" alt=\"\" width=\"22\" height=\"22\" \/><\/a><a href=\"https:\/\/www.linkedin.com\/in\/zahir-hadibi-48629457\/\" target=\"_blank\" rel=\"noopener\"><img loading=\"lazy\" decoding=\"async\" class=\"alignnone wp-image-64\" src=\"https:\/\/web.umons.ac.be\/app\/uploads\/sites\/126\/2026\/03\/LinkedIn_icon.svg-300x300.png\" alt=\"\" width=\"22\" height=\"23\" \/><\/a><\/p>\n","protected":false},"excerpt":{"rendered":"<p>Professeurs FRAN\u00c7OIS St\u00e9phane Professeur\u00a0 Axes de recherche Droite radicale, th\u00e9ories du complot, racisme, antis\u00e9mitisme, \u00e9cologie radicale, \u00e9sot\u00e9risme, religions de marge, n\u00e9opaganisme, contre-culture, irrationalisme. Sp\u00e9cialiste des marges radicales (politiques, religieuses et contre-culturelles). Encadrement scientifiquePromoteur de th\u00e8ses de doctorat. Activit\u00e9s d&rsquo;enseignement Introduction \u00e0 la science politique Introduction aux relations internationales M\u00e9thodes de recherche en sciences politiques et [&hellip;]<\/p>\n","protected":false},"author":305,"featured_media":0,"parent":2241,"menu_order":0,"comment_status":"closed","ping_status":"closed","template":"","meta":{"footnotes":""},"class_list":["post-2243","page","type-page","status-publish","hentry"],"yoast_head":"<!-- This site is optimized with the Yoast SEO plugin v27.2 - https:\/\/yoast.com\/product\/yoast-seo-wordpress\/ -->\n<title>\u00c9quipe du service de Sciences politiques - Ecole \/ ESHS<\/title>\n<meta name=\"robots\" content=\"index, follow, max-snippet:-1, max-image-preview:large, max-video-preview:-1\" \/>\n<link rel=\"canonical\" href=\"https:\/\/web.umons.ac.be\/eshs\/fr\/activites-de-recherche\/services-denseignement-et-de-recherche\/service-de-sciences-politiques\/equipe-du-service-de-sciences-politiques\/\" \/>\n<meta property=\"og:locale\" content=\"fr_FR\" \/>\n<meta property=\"og:type\" content=\"article\" \/>\n<meta property=\"og:title\" content=\"\u00c9quipe du service de Sciences politiques - Ecole \/ ESHS\" \/>\n<meta property=\"og:description\" content=\"Professeurs FRAN\u00c7OIS St\u00e9phane Professeur\u00a0 Axes de recherche Droite radicale, th\u00e9ories du complot, racisme, antis\u00e9mitisme, \u00e9cologie radicale, \u00e9sot\u00e9risme, religions de marge, n\u00e9opaganisme, contre-culture, irrationalisme. Sp\u00e9cialiste des marges radicales (politiques, religieuses et contre-culturelles). Encadrement scientifiquePromoteur de th\u00e8ses de doctorat. Activit\u00e9s d&rsquo;enseignement Introduction \u00e0 la science politique Introduction aux relations internationales M\u00e9thodes de recherche en sciences politiques et [&hellip;]\" \/>\n<meta property=\"og:url\" content=\"https:\/\/web.umons.ac.be\/eshs\/fr\/activites-de-recherche\/services-denseignement-et-de-recherche\/service-de-sciences-politiques\/equipe-du-service-de-sciences-politiques\/\" \/>\n<meta property=\"og:site_name\" content=\"Ecole \/ ESHS\" \/>\n<meta property=\"article:modified_time\" content=\"2026-04-23T12:22:57+00:00\" \/>\n<meta name=\"twitter:card\" content=\"summary_large_image\" \/>\n<meta name=\"twitter:label1\" content=\"Dur\u00e9e de lecture estim\u00e9e\" \/>\n\t<meta name=\"twitter:data1\" content=\"4 minutes\" \/>\n<script type=\"application\/ld+json\" class=\"yoast-schema-graph\">{\"@context\":\"https:\/\/schema.org\",\"@graph\":[{\"@type\":\"WebPage\",\"@id\":\"https:\/\/web.umons.ac.be\/eshs\/fr\/activites-de-recherche\/services-denseignement-et-de-recherche\/service-de-sciences-politiques\/equipe-du-service-de-sciences-politiques\/\",\"url\":\"https:\/\/web.umons.ac.be\/eshs\/fr\/activites-de-recherche\/services-denseignement-et-de-recherche\/service-de-sciences-politiques\/equipe-du-service-de-sciences-politiques\/\",\"name\":\"\u00c9quipe du service de Sciences politiques - Ecole \/ ESHS\",\"isPartOf\":{\"@id\":\"https:\/\/web.umons.ac.be\/eshs\/#website\"},\"primaryImageOfPage\":{\"@id\":\"https:\/\/web.umons.ac.be\/eshs\/fr\/activites-de-recherche\/services-denseignement-et-de-recherche\/service-de-sciences-politiques\/equipe-du-service-de-sciences-politiques\/#primaryimage\"},\"image\":{\"@id\":\"https:\/\/web.umons.ac.be\/eshs\/fr\/activites-de-recherche\/services-denseignement-et-de-recherche\/service-de-sciences-politiques\/equipe-du-service-de-sciences-politiques\/#primaryimage\"},\"thumbnailUrl\":\"https:\/\/web.umons.ac.be\/app\/uploads\/sites\/126\/2026\/03\/AdobeStock_503956427.gif\",\"datePublished\":\"2026-03-18T12:32:22+00:00\",\"dateModified\":\"2026-04-23T12:22:57+00:00\",\"breadcrumb\":{\"@id\":\"https:\/\/web.umons.ac.be\/eshs\/fr\/activites-de-recherche\/services-denseignement-et-de-recherche\/service-de-sciences-politiques\/equipe-du-service-de-sciences-politiques\/#breadcrumb\"},\"inLanguage\":\"fr-FR\",\"potentialAction\":[{\"@type\":\"ReadAction\",\"target\":[\"https:\/\/web.umons.ac.be\/eshs\/fr\/activites-de-recherche\/services-denseignement-et-de-recherche\/service-de-sciences-politiques\/equipe-du-service-de-sciences-politiques\/\"]}]},{\"@type\":\"ImageObject\",\"inLanguage\":\"fr-FR\",\"@id\":\"https:\/\/web.umons.ac.be\/eshs\/fr\/activites-de-recherche\/services-denseignement-et-de-recherche\/service-de-sciences-politiques\/equipe-du-service-de-sciences-politiques\/#primaryimage\",\"url\":\"https:\/\/web.umons.ac.be\/app\/uploads\/sites\/126\/2026\/03\/AdobeStock_503956427.gif\",\"contentUrl\":\"https:\/\/web.umons.ac.be\/app\/uploads\/sites\/126\/2026\/03\/AdobeStock_503956427.gif\"},{\"@type\":\"BreadcrumbList\",\"@id\":\"https:\/\/web.umons.ac.be\/eshs\/fr\/activites-de-recherche\/services-denseignement-et-de-recherche\/service-de-sciences-politiques\/equipe-du-service-de-sciences-politiques\/#breadcrumb\",\"itemListElement\":[{\"@type\":\"ListItem\",\"position\":1,\"name\":\"Accueil\",\"item\":\"https:\/\/web.umons.ac.be\/eshs\/fr\/\"},{\"@type\":\"ListItem\",\"position\":2,\"name\":\"Activit\u00e9s de recherche\",\"item\":\"https:\/\/web.umons.ac.be\/eshs\/fr\/activites-de-recherche\/\"},{\"@type\":\"ListItem\",\"position\":3,\"name\":\"Services d\u2019enseignement et de recherche\",\"item\":\"https:\/\/web.umons.ac.be\/eshs\/fr\/activites-de-recherche\/services-denseignement-et-de-recherche\/\"},{\"@type\":\"ListItem\",\"position\":4,\"name\":\"Service de Sciences politiques\",\"item\":\"https:\/\/web.umons.ac.be\/eshs\/fr\/activites-de-recherche\/services-denseignement-et-de-recherche\/service-de-sciences-politiques\/\"},{\"@type\":\"ListItem\",\"position\":5,\"name\":\"\u00c9quipe du service de Sciences politiques\"}]},{\"@type\":\"WebSite\",\"@id\":\"https:\/\/web.umons.ac.be\/eshs\/#website\",\"url\":\"https:\/\/web.umons.ac.be\/eshs\/\",\"name\":\"Ecole \/ ESHS\",\"description\":\"\",\"potentialAction\":[{\"@type\":\"SearchAction\",\"target\":{\"@type\":\"EntryPoint\",\"urlTemplate\":\"https:\/\/web.umons.ac.be\/eshs\/?s={search_term_string}\"},\"query-input\":{\"@type\":\"PropertyValueSpecification\",\"valueRequired\":true,\"valueName\":\"search_term_string\"}}],\"inLanguage\":\"fr-FR\"}]}<\/script>\n<!-- \/ Yoast SEO plugin. -->","yoast_head_json":{"title":"\u00c9quipe du service de Sciences politiques - Ecole \/ ESHS","robots":{"index":"index","follow":"follow","max-snippet":"max-snippet:-1","max-image-preview":"max-image-preview:large","max-video-preview":"max-video-preview:-1"},"canonical":"https:\/\/web.umons.ac.be\/eshs\/fr\/activites-de-recherche\/services-denseignement-et-de-recherche\/service-de-sciences-politiques\/equipe-du-service-de-sciences-politiques\/","og_locale":"fr_FR","og_type":"article","og_title":"\u00c9quipe du service de Sciences politiques - Ecole \/ ESHS","og_description":"Professeurs FRAN\u00c7OIS St\u00e9phane Professeur\u00a0 Axes de recherche Droite radicale, th\u00e9ories du complot, racisme, antis\u00e9mitisme, \u00e9cologie radicale, \u00e9sot\u00e9risme, religions de marge, n\u00e9opaganisme, contre-culture, irrationalisme. Sp\u00e9cialiste des marges radicales (politiques, religieuses et contre-culturelles). Encadrement scientifiquePromoteur de th\u00e8ses de doctorat. Activit\u00e9s d&rsquo;enseignement Introduction \u00e0 la science politique Introduction aux relations internationales M\u00e9thodes de recherche en sciences politiques et [&hellip;]","og_url":"https:\/\/web.umons.ac.be\/eshs\/fr\/activites-de-recherche\/services-denseignement-et-de-recherche\/service-de-sciences-politiques\/equipe-du-service-de-sciences-politiques\/","og_site_name":"Ecole \/ ESHS","article_modified_time":"2026-04-23T12:22:57+00:00","twitter_card":"summary_large_image","twitter_misc":{"Dur\u00e9e de lecture estim\u00e9e":"4 minutes"},"schema":{"@context":"https:\/\/schema.org","@graph":[{"@type":"WebPage","@id":"https:\/\/web.umons.ac.be\/eshs\/fr\/activites-de-recherche\/services-denseignement-et-de-recherche\/service-de-sciences-politiques\/equipe-du-service-de-sciences-politiques\/","url":"https:\/\/web.umons.ac.be\/eshs\/fr\/activites-de-recherche\/services-denseignement-et-de-recherche\/service-de-sciences-politiques\/equipe-du-service-de-sciences-politiques\/","name":"\u00c9quipe du service de Sciences politiques - Ecole \/ ESHS","isPartOf":{"@id":"https:\/\/web.umons.ac.be\/eshs\/#website"},"primaryImageOfPage":{"@id":"https:\/\/web.umons.ac.be\/eshs\/fr\/activites-de-recherche\/services-denseignement-et-de-recherche\/service-de-sciences-politiques\/equipe-du-service-de-sciences-politiques\/#primaryimage"},"image":{"@id":"https:\/\/web.umons.ac.be\/eshs\/fr\/activites-de-recherche\/services-denseignement-et-de-recherche\/service-de-sciences-politiques\/equipe-du-service-de-sciences-politiques\/#primaryimage"},"thumbnailUrl":"https:\/\/web.umons.ac.be\/app\/uploads\/sites\/126\/2026\/03\/AdobeStock_503956427.gif","datePublished":"2026-03-18T12:32:22+00:00","dateModified":"2026-04-23T12:22:57+00:00","breadcrumb":{"@id":"https:\/\/web.umons.ac.be\/eshs\/fr\/activites-de-recherche\/services-denseignement-et-de-recherche\/service-de-sciences-politiques\/equipe-du-service-de-sciences-politiques\/#breadcrumb"},"inLanguage":"fr-FR","potentialAction":[{"@type":"ReadAction","target":["https:\/\/web.umons.ac.be\/eshs\/fr\/activites-de-recherche\/services-denseignement-et-de-recherche\/service-de-sciences-politiques\/equipe-du-service-de-sciences-politiques\/"]}]},{"@type":"ImageObject","inLanguage":"fr-FR","@id":"https:\/\/web.umons.ac.be\/eshs\/fr\/activites-de-recherche\/services-denseignement-et-de-recherche\/service-de-sciences-politiques\/equipe-du-service-de-sciences-politiques\/#primaryimage","url":"https:\/\/web.umons.ac.be\/app\/uploads\/sites\/126\/2026\/03\/AdobeStock_503956427.gif","contentUrl":"https:\/\/web.umons.ac.be\/app\/uploads\/sites\/126\/2026\/03\/AdobeStock_503956427.gif"},{"@type":"BreadcrumbList","@id":"https:\/\/web.umons.ac.be\/eshs\/fr\/activites-de-recherche\/services-denseignement-et-de-recherche\/service-de-sciences-politiques\/equipe-du-service-de-sciences-politiques\/#breadcrumb","itemListElement":[{"@type":"ListItem","position":1,"name":"Accueil","item":"https:\/\/web.umons.ac.be\/eshs\/fr\/"},{"@type":"ListItem","position":2,"name":"Activit\u00e9s de recherche","item":"https:\/\/web.umons.ac.be\/eshs\/fr\/activites-de-recherche\/"},{"@type":"ListItem","position":3,"name":"Services d\u2019enseignement et de recherche","item":"https:\/\/web.umons.ac.be\/eshs\/fr\/activites-de-recherche\/services-denseignement-et-de-recherche\/"},{"@type":"ListItem","position":4,"name":"Service de Sciences politiques","item":"https:\/\/web.umons.ac.be\/eshs\/fr\/activites-de-recherche\/services-denseignement-et-de-recherche\/service-de-sciences-politiques\/"},{"@type":"ListItem","position":5,"name":"\u00c9quipe du service de Sciences politiques"}]},{"@type":"WebSite","@id":"https:\/\/web.umons.ac.be\/eshs\/#website","url":"https:\/\/web.umons.ac.be\/eshs\/","name":"Ecole \/ ESHS","description":"","potentialAction":[{"@type":"SearchAction","target":{"@type":"EntryPoint","urlTemplate":"https:\/\/web.umons.ac.be\/eshs\/?s={search_term_string}"},"query-input":{"@type":"PropertyValueSpecification","valueRequired":true,"valueName":"search_term_string"}}],"inLanguage":"fr-FR"}]}},"lang":"fr","translations":{"fr":2243},"pll_sync_post":[],"_links":{"self":[{"href":"https:\/\/web.umons.ac.be\/eshs\/wp-json\/wp\/v2\/pages\/2243","targetHints":{"allow":["GET"]}}],"collection":[{"href":"https:\/\/web.umons.ac.be\/eshs\/wp-json\/wp\/v2\/pages"}],"about":[{"href":"https:\/\/web.umons.ac.be\/eshs\/wp-json\/wp\/v2\/types\/page"}],"author":[{"embeddable":true,"href":"https:\/\/web.umons.ac.be\/eshs\/wp-json\/wp\/v2\/users\/305"}],"replies":[{"embeddable":true,"href":"https:\/\/web.umons.ac.be\/eshs\/wp-json\/wp\/v2\/comments?post=2243"}],"version-history":[{"count":3,"href":"https:\/\/web.umons.ac.be\/eshs\/wp-json\/wp\/v2\/pages\/2243\/revisions"}],"predecessor-version":[{"id":2449,"href":"https:\/\/web.umons.ac.be\/eshs\/wp-json\/wp\/v2\/pages\/2243\/revisions\/2449"}],"up":[{"embeddable":true,"href":"https:\/\/web.umons.ac.be\/eshs\/wp-json\/wp\/v2\/pages\/2241"}],"wp:attachment":[{"href":"https:\/\/web.umons.ac.be\/eshs\/wp-json\/wp\/v2\/media?parent=2243"}],"curies":[{"name":"wp","href":"https:\/\/api.w.org\/{rel}","templated":true}]}}