{"id":44,"date":"2017-05-12T16:47:23","date_gmt":"2017-05-12T14:47:23","guid":{"rendered":"https:\/\/web.umons.ac.be\/faculte\/eshs\/?page_id=44"},"modified":"2025-11-20T13:41:35","modified_gmt":"2025-11-20T12:41:35","slug":"master","status":"publish","type":"page","link":"https:\/\/web.umons.ac.be\/eshs\/fr\/master\/","title":{"rendered":"Master"},"content":{"rendered":"<p data-start=\"138\" data-end=\"448\">L\u2019un des atouts majeurs du <strong data-start=\"165\" data-end=\"218\">Bachelier en Sciences Humaines et Sociales (BSHS)<\/strong> est l\u2019acc\u00e8s direct qu\u2019il offre \u00e0 <strong data-start=\"252\" data-end=\"278\">une dizaine de Masters<\/strong> dans les domaines des sciences humaines et sociales. Cette ouverture vers de nombreuses sp\u00e9cialisations fait du BSHS une formation riche et particuli\u00e8rement polyvalente.<\/p>\n<p data-start=\"450\" data-end=\"544\">La majorit\u00e9 de ces possibilit\u00e9s de poursuite d\u2019\u00e9tudes est pr\u00e9sent\u00e9e dans le sch\u00e9ma ci-dessous.<a href=\"https:\/\/web.umons.ac.be\/app\/uploads\/sites\/8\/2025\/11\/Capture-decran-2025-11-20-a-10.00.31.png\"><img loading=\"lazy\" decoding=\"async\" class=\"aligncenter wp-image-1996 size-large\" src=\"https:\/\/web.umons.ac.be\/app\/uploads\/sites\/8\/2025\/11\/Capture-decran-2025-11-20-a-10.00.31-817x1024.png\" alt=\"\" width=\"817\" height=\"1024\" srcset=\"https:\/\/web.umons.ac.be\/app\/uploads\/sites\/8\/2025\/11\/Capture-decran-2025-11-20-a-10.00.31-817x1024.png 817w, https:\/\/web.umons.ac.be\/app\/uploads\/sites\/8\/2025\/11\/Capture-decran-2025-11-20-a-10.00.31-239x300.png 239w, https:\/\/web.umons.ac.be\/app\/uploads\/sites\/8\/2025\/11\/Capture-decran-2025-11-20-a-10.00.31-768x963.png 768w, https:\/\/web.umons.ac.be\/app\/uploads\/sites\/8\/2025\/11\/Capture-decran-2025-11-20-a-10.00.31-1225x1536.png 1225w, https:\/\/web.umons.ac.be\/app\/uploads\/sites\/8\/2025\/11\/Capture-decran-2025-11-20-a-10.00.31-527x660.png 527w, https:\/\/web.umons.ac.be\/app\/uploads\/sites\/8\/2025\/11\/Capture-decran-2025-11-20-a-10.00.31-30x38.png 30w, https:\/\/web.umons.ac.be\/app\/uploads\/sites\/8\/2025\/11\/Capture-decran-2025-11-20-a-10.00.31-48x60.png 48w, https:\/\/web.umons.ac.be\/app\/uploads\/sites\/8\/2025\/11\/Capture-decran-2025-11-20-a-10.00.31-360x451.png 360w, https:\/\/web.umons.ac.be\/app\/uploads\/sites\/8\/2025\/11\/Capture-decran-2025-11-20-a-10.00.31.png 1420w\" sizes=\"auto, (max-width: 817px) 100vw, 817px\" \/><\/a><\/p>\n<p>&nbsp;<\/p>\n<h2>O\u00f9 suivre ces Masters\u00a0en acc\u00e8s direct ?<\/h2>\n<ul>\n<li style=\"list-style-type: none;\">\n<ul>\n<li><start-cask-shortcode-wrapper><article class=\"shortcode-training training-small content-block scheme-eshs\">\n\t<a href=\"https:\/\/web.umons.ac.be\/eshs\/fr\/formations\/m2-metiss\/\" class=\"training-link scheme-border-hover\">\n\t\t<header class=\"training-small-header\">\n\t\t\t<div class=\"training-small-entity scheme-color\">\n\t\t\t\tEcole \/ ESHS\t\t\t\t\t           \t<img decoding=\"async\" src=\"https:\/\/web.umons.ac.be\/app\/uploads\/sites\/8\/2017\/05\/ESHS.png\" class=\"training-small-entity-logo\" alt=\"Ic\u00f4ne de Ecole \/ ESHS\">\n\t        \t\t\t\t<\/div>\n\t\t\t<div class=\"training-small-degree\">\n\t\t\t\tMaster en\t\t\t<\/div>\n\n\t\t\t<h1 class=\"training-small-title\">Transitions et innovations sociales (METIS)<\/h1>\n\n\t\t\t\t\t<\/header>\n\t\t\t\t<div class=\"training-small-content\">\n\t\t\t<div class=\"training-small-location\">\n\t\t\t\t<span class=\"icon umons-icon-pin\" aria-hidden=\"true\"><\/span>\n\t\t\t\t<span class=\"location\">Mons<\/span>\n\t\t\t<\/div>\n\n\t\t\t\t\t\t<div class=\"training-small-side-info\">\n\t\t\t\t<ul class=\"training-small-side-info-list\">\n\t\t\t\t\t\t\t\t\t\t<li>\n\t\t\t\t\t\t<div class=\"training-single-schedule\">\n\t\t\t\t\t\t\t<div class=\"label\">Horaire<\/div>\n\t\t\t\t\t\t\t<div class=\"value\">Horaire de jour<\/div>\n\t\t\t\t\t\t<\/div>\n\t\t\t\t\t<\/li>\n\t\t\t\t\t\t\t\t\t\t\t\t\t\t\t<li>\n\t\t\t\t\t\t<div class=\"training-single-credits\">\n\t\t\t\t\t\t\t<div class=\"label\">Cr\u00e9dits ECTS<\/div>\n\t\t\t\t\t\t\t<div class=\"value\">120<\/div>\n\t\t\t\t\t\t<\/div>\n\t\t\t\t\t<\/li>\n\t\t\t\t\t\t\t\t\t\t\t\t\t\t\t<li>\n\t\t\t\t\t\t<div class=\"training-single-languages\">\n\t\t\t\t\t\t\t<div class=\"label\">Langue<\/div>\n\t\t\t\t\t\t\t<div class=\"value\">\n\t\t\t\t\t\t\t\t<span class=\"lang\">Fran\u00e7ais<\/span>\n\t\t\t\t\t\t\t<\/div>\n\t\t\t\t\t\t<\/div>\n\t\t\t\t\t<\/li>\n\t\t\t\t\t\t\t\t\t<\/ul>\n\t\t\t<\/div>\n\t\t\t\t\t<\/div>\n\t\t\t<\/a>\n<\/article>\n<end-cask-shortcode-wrapper><\/li>\n<li>\u00c0 l\u2019UMONS, la Facult\u00e9 Warocqu\u00e9 d\u2019Economie et de Gestion vous donne acc\u00e8s :\n<ul>\n<li>au Master en Politique \u00c9conomique et Sociale &#8211; 120 cr\u00e9dits (acc\u00e8s direct)<br \/>\n<start-cask-shortcode-wrapper><article class=\"shortcode-training training-small content-block scheme-fweg\">\n\t<a href=\"https:\/\/web.umons.ac.be\/fweg\/fr\/formations\/m2-pogpes\/\" class=\"training-link scheme-border-hover\">\n\t\t<header class=\"training-small-header\">\n\t\t\t<div class=\"training-small-entity scheme-color\">\n\t\t\t\tFacult\u00e9 \/ FWEG\t\t\t\t\t           \t<img decoding=\"async\" src=\"https:\/\/web.umons.ac.be\/app\/uploads\/sites\/9\/2017\/05\/FWEG.png\" class=\"training-small-entity-logo\" alt=\"Ic\u00f4ne de Facult\u00e9 \/ FWEG\">\n\t        \t\t\t\t<\/div>\n\t\t\t<div class=\"training-small-degree\">\n\t\t\t\tMaster en\t\t\t<\/div>\n\n\t\t\t<h1 class=\"training-small-title\">Politique \u00e9conomique et sociale<\/h1>\n\n\t\t\t\t\t\t<div class=\"training-small-subtitle\">\n\t\t\t\t<strong>Finalit\u00e9 sp\u00e9cialis\u00e9e en gestion des politiques \u00e9conomiques et sociales<\/strong>\n\t\t\t<\/div>\n\t\t\t\t\t<\/header>\n\t\t\t\t<div class=\"training-small-content\">\n\t\t\t<div class=\"training-small-location\">\n\t\t\t\t<span class=\"icon umons-icon-pin\" aria-hidden=\"true\"><\/span>\n\t\t\t\t<span class=\"location\">Mons<\/span>\n\t\t\t<\/div>\n\n\t\t\t\t\t\t<div class=\"training-small-side-info\">\n\t\t\t\t<ul class=\"training-small-side-info-list\">\n\t\t\t\t\t\t\t\t\t\t<li>\n\t\t\t\t\t\t<div class=\"training-single-schedule\">\n\t\t\t\t\t\t\t<div class=\"label\">Horaire<\/div>\n\t\t\t\t\t\t\t<div class=\"value\">Horaire de jour<\/div>\n\t\t\t\t\t\t<\/div>\n\t\t\t\t\t<\/li>\n\t\t\t\t\t\t\t\t\t\t\t\t\t\t\t<li>\n\t\t\t\t\t\t<div class=\"training-single-credits\">\n\t\t\t\t\t\t\t<div class=\"label\">Cr\u00e9dits ECTS<\/div>\n\t\t\t\t\t\t\t<div class=\"value\">120<\/div>\n\t\t\t\t\t\t<\/div>\n\t\t\t\t\t<\/li>\n\t\t\t\t\t\t\t\t\t\t\t\t\t\t\t<li>\n\t\t\t\t\t\t<div class=\"training-single-languages\">\n\t\t\t\t\t\t\t<div class=\"label\">Langue<\/div>\n\t\t\t\t\t\t\t<div class=\"value\">\n\t\t\t\t\t\t\t\t<span class=\"lang\">Fran\u00e7ais<\/span>\n\t\t\t\t\t\t\t<\/div>\n\t\t\t\t\t\t<\/div>\n\t\t\t\t\t<\/li>\n\t\t\t\t\t\t\t\t\t<\/ul>\n\t\t\t<\/div>\n\t\t\t\t\t<\/div>\n\t\t\t<\/a>\n<\/article>\n<end-cask-shortcode-wrapper><\/li>\n<li>au Master en Sciences de Gestion &#8211; 120 cr\u00e9dits (avec un programme compl\u00e9mentaire dont le nombre de cr\u00e9dits varie en fonction de la trajectoire acad\u00e9mique retenue)<br \/>\n<start-cask-shortcode-wrapper><article class=\"shortcode-training training-small content-block scheme-fweg\">\n\t<a href=\"https:\/\/web.umons.ac.be\/fweg\/fr\/formations\/m2-scgess\/\" class=\"training-link scheme-border-hover\">\n\t\t<header class=\"training-small-header\">\n\t\t\t<div class=\"training-small-entity scheme-color\">\n\t\t\t\tFacult\u00e9 \/ FWEG\t\t\t\t\t           \t<img decoding=\"async\" src=\"https:\/\/web.umons.ac.be\/app\/uploads\/sites\/9\/2017\/05\/FWEG.png\" class=\"training-small-entity-logo\" alt=\"Ic\u00f4ne de Facult\u00e9 \/ FWEG\">\n\t        \t\t\t\t<\/div>\n\t\t\t<div class=\"training-small-degree\">\n\t\t\t\tMaster en\t\t\t<\/div>\n\n\t\t\t<h1 class=\"training-small-title\">Sciences de gestion<\/h1>\n\n\t\t\t\t\t\t<div class=\"training-small-subtitle\">\n\t\t\t\t<strong>Finalit\u00e9 sp\u00e9cialis\u00e9e<\/strong>\n\t\t\t<\/div>\n\t\t\t\t\t<\/header>\n\t\t\t\t<div class=\"training-small-content\">\n\t\t\t<div class=\"training-small-location\">\n\t\t\t\t<span class=\"icon umons-icon-pin\" aria-hidden=\"true\"><\/span>\n\t\t\t\t<span class=\"location\">Mons<\/span>\n\t\t\t<\/div>\n\n\t\t\t\t\t\t<div class=\"training-small-side-info\">\n\t\t\t\t<ul class=\"training-small-side-info-list\">\n\t\t\t\t\t\t\t\t\t\t<li>\n\t\t\t\t\t\t<div class=\"training-single-schedule\">\n\t\t\t\t\t\t\t<div class=\"label\">Horaire<\/div>\n\t\t\t\t\t\t\t<div class=\"value\">Horaire de jour<\/div>\n\t\t\t\t\t\t<\/div>\n\t\t\t\t\t<\/li>\n\t\t\t\t\t\t\t\t\t\t\t\t\t\t\t<li>\n\t\t\t\t\t\t<div class=\"training-single-credits\">\n\t\t\t\t\t\t\t<div class=\"label\">Cr\u00e9dits ECTS<\/div>\n\t\t\t\t\t\t\t<div class=\"value\">120<\/div>\n\t\t\t\t\t\t<\/div>\n\t\t\t\t\t<\/li>\n\t\t\t\t\t\t\t\t\t\t\t\t\t\t\t<li>\n\t\t\t\t\t\t<div class=\"training-single-languages\">\n\t\t\t\t\t\t\t<div class=\"label\">Langue<\/div>\n\t\t\t\t\t\t\t<div class=\"value\">\n\t\t\t\t\t\t\t\t<span class=\"lang\">Fran\u00e7ais<\/span>\n\t\t\t\t\t\t\t<\/div>\n\t\t\t\t\t\t<\/div>\n\t\t\t\t\t<\/li>\n\t\t\t\t\t\t\t\t\t<\/ul>\n\t\t\t<\/div>\n\t\t\t\t\t<\/div>\n\t\t\t<\/a>\n<\/article>\n<end-cask-shortcode-wrapper><\/li>\n<li>au Master en Sciences de Gestion &#8211; 60 cr\u00e9dits (avec un programme compl\u00e9mentaire)<br \/>\n<start-cask-shortcode-wrapper><article class=\"shortcode-training training-small content-block scheme-fweg\">\n\t<a href=\"https:\/\/web.umons.ac.be\/fweg\/fr\/formations\/m1-sciges\/\" class=\"training-link scheme-border-hover\">\n\t\t<header class=\"training-small-header\">\n\t\t\t<div class=\"training-small-entity scheme-color\">\n\t\t\t\tFacult\u00e9 \/ FWEG\t\t\t\t\t           \t<img decoding=\"async\" src=\"https:\/\/web.umons.ac.be\/app\/uploads\/sites\/9\/2017\/05\/FWEG.png\" class=\"training-small-entity-logo\" alt=\"Ic\u00f4ne de Facult\u00e9 \/ FWEG\">\n\t        \t\t\t\t<\/div>\n\t\t\t<div class=\"training-small-degree\">\n\t\t\t\tMaster en\t\t\t<\/div>\n\n\t\t\t<h1 class=\"training-small-title\">Sciences de gestion (60)<\/h1>\n\n\t\t\t\t\t<\/header>\n\t\t\t\t<div class=\"training-small-content\">\n\t\t\t<div class=\"training-small-location\">\n\t\t\t\t<span class=\"icon umons-icon-pin\" aria-hidden=\"true\"><\/span>\n\t\t\t\t<span class=\"location\">Mons<\/span>\n\t\t\t<\/div>\n\n\t\t\t\t\t\t<div class=\"training-small-side-info\">\n\t\t\t\t<ul class=\"training-small-side-info-list\">\n\t\t\t\t\t\t\t\t\t\t<li>\n\t\t\t\t\t\t<div class=\"training-single-schedule\">\n\t\t\t\t\t\t\t<div class=\"label\">Horaire<\/div>\n\t\t\t\t\t\t\t<div class=\"value\">Horaire de jour<\/div>\n\t\t\t\t\t\t<\/div>\n\t\t\t\t\t<\/li>\n\t\t\t\t\t\t\t\t\t\t\t\t\t\t\t<li>\n\t\t\t\t\t\t<div class=\"training-single-credits\">\n\t\t\t\t\t\t\t<div class=\"label\">Cr\u00e9dits ECTS<\/div>\n\t\t\t\t\t\t\t<div class=\"value\">60<\/div>\n\t\t\t\t\t\t<\/div>\n\t\t\t\t\t<\/li>\n\t\t\t\t\t\t\t\t\t\t\t\t\t\t\t<li>\n\t\t\t\t\t\t<div class=\"training-single-languages\">\n\t\t\t\t\t\t\t<div class=\"label\">Langue<\/div>\n\t\t\t\t\t\t\t<div class=\"value\">\n\t\t\t\t\t\t\t\t<span class=\"lang\">Fran\u00e7ais<\/span>\n\t\t\t\t\t\t\t<\/div>\n\t\t\t\t\t\t<\/div>\n\t\t\t\t\t<\/li>\n\t\t\t\t\t\t\t\t\t<\/ul>\n\t\t\t<\/div>\n\t\t\t\t\t<\/div>\n\t\t\t<\/a>\n<\/article>\n<end-cask-shortcode-wrapper><\/li>\n<\/ul>\n<\/li>\n<\/ul>\n<\/li>\n<li data-start=\"101\" data-end=\"267\">\u00c0 l\u2019UMONS, l\u2019acc\u00e8s au <strong data-start=\"123\" data-end=\"168\">Master en Politique \u00c9conomique et Sociale<\/strong> se fait dans la continuit\u00e9 directe du BSHS, gr\u00e2ce \u00e0 une orientation sp\u00e9cifique pr\u00e9vue \u00e0 cet effet.<\/li>\n<li data-start=\"101\" data-end=\"267\">\u00c0 l\u2019UMONS \u00e9galement, le <strong data-start=\"293\" data-end=\"344\">Master en Sciences de Gestion (trajectoire GRH)<\/strong> est accessible directement, <strong data-start=\"373\" data-end=\"398\">sur examen du dossier<\/strong>.<\/li>\n<li data-start=\"401\" data-end=\"486\">\u00c0 l\u2019ULB, les autres masters accessibles apr\u00e8s le BSHS sont ouverts <strong data-start=\"468\" data-end=\"485\">sur admission<\/strong>.<\/li>\n<li data-start=\"488\" data-end=\"614\">Dans d\u2019autres universit\u00e9s, en Belgique, en Europe ou \u00e0 l\u2019international, l\u2019acc\u00e8s se fait \u00e9galement <strong data-start=\"586\" data-end=\"613\">sur dossier d\u2019admission<\/strong>.<\/li>\n<\/ul>\n<p data-start=\"616\" data-end=\"854\">Afin de pr\u00e9parer au mieux les \u00e9tudiants qui souhaitent poursuivre leur formation dans une autre universit\u00e9, une visite de l\u2019ULB est organis\u00e9e chaque ann\u00e9e, en collaboration avec la <a href=\"https:\/\/phisoc.ulb.be\" target=\"_blank\" rel=\"noopener\">Facult\u00e9 des Sciences politiques et sociales de l\u2019ULB<\/a>.<\/p>\n","protected":false},"excerpt":{"rendered":"<p>L\u2019un des atouts majeurs du Bachelier en Sciences Humaines et Sociales (BSHS) est l\u2019acc\u00e8s direct qu\u2019il offre \u00e0 une dizaine de Masters dans les domaines des sciences humaines et sociales. Cette ouverture vers de nombreuses sp\u00e9cialisations fait du BSHS une formation riche et particuli\u00e8rement polyvalente. La majorit\u00e9 de ces possibilit\u00e9s de poursuite d\u2019\u00e9tudes est pr\u00e9sent\u00e9e [&hellip;]<\/p>\n","protected":false},"author":2,"featured_media":0,"parent":0,"menu_order":2,"comment_status":"closed","ping_status":"closed","template":"","meta":{"footnotes":""},"class_list":["post-44","page","type-page","status-publish","hentry"],"yoast_head":"<!-- This site is optimized with the Yoast SEO plugin v27.2 - https:\/\/yoast.com\/product\/yoast-seo-wordpress\/ -->\n<title>Master - Ecole \/ ESHS<\/title>\n<meta name=\"robots\" content=\"index, follow, max-snippet:-1, max-image-preview:large, max-video-preview:-1\" \/>\n<link rel=\"canonical\" href=\"https:\/\/web.umons.ac.be\/eshs\/fr\/master\/\" \/>\n<meta property=\"og:locale\" content=\"fr_FR\" \/>\n<meta property=\"og:type\" content=\"article\" \/>\n<meta property=\"og:title\" content=\"Master - Ecole \/ ESHS\" \/>\n<meta property=\"og:description\" content=\"L\u2019un des atouts majeurs du Bachelier en Sciences Humaines et Sociales (BSHS) est l\u2019acc\u00e8s direct qu\u2019il offre \u00e0 une dizaine de Masters dans les domaines des sciences humaines et sociales. Cette ouverture vers de nombreuses sp\u00e9cialisations fait du BSHS une formation riche et particuli\u00e8rement polyvalente. La majorit\u00e9 de ces possibilit\u00e9s de poursuite d\u2019\u00e9tudes est pr\u00e9sent\u00e9e [&hellip;]\" \/>\n<meta property=\"og:url\" content=\"https:\/\/web.umons.ac.be\/eshs\/fr\/master\/\" \/>\n<meta property=\"og:site_name\" content=\"Ecole \/ ESHS\" \/>\n<meta property=\"article:modified_time\" content=\"2025-11-20T12:41:35+00:00\" \/>\n<meta property=\"og:image\" content=\"https:\/\/web.umons.ac.be\/app\/uploads\/sites\/8\/2025\/11\/Capture-decran-2025-11-20-a-10.00.31.png\" \/>\n\t<meta property=\"og:image:width\" content=\"1420\" \/>\n\t<meta property=\"og:image:height\" content=\"1780\" \/>\n\t<meta property=\"og:image:type\" content=\"image\/png\" \/>\n<meta name=\"twitter:card\" content=\"summary_large_image\" \/>\n<meta name=\"twitter:label1\" content=\"Dur\u00e9e de lecture estim\u00e9e\" \/>\n\t<meta name=\"twitter:data1\" content=\"2 minutes\" \/>\n<script type=\"application\/ld+json\" class=\"yoast-schema-graph\">{\"@context\":\"https:\/\/schema.org\",\"@graph\":[{\"@type\":\"WebPage\",\"@id\":\"https:\/\/web.umons.ac.be\/eshs\/fr\/master\/\",\"url\":\"https:\/\/web.umons.ac.be\/eshs\/fr\/master\/\",\"name\":\"Master - Ecole \/ ESHS\",\"isPartOf\":{\"@id\":\"https:\/\/web.umons.ac.be\/eshs\/#website\"},\"primaryImageOfPage\":{\"@id\":\"https:\/\/web.umons.ac.be\/eshs\/fr\/master\/#primaryimage\"},\"image\":{\"@id\":\"https:\/\/web.umons.ac.be\/eshs\/fr\/master\/#primaryimage\"},\"thumbnailUrl\":\"https:\/\/web.umons.ac.be\/app\/uploads\/sites\/8\/2025\/11\/Capture-decran-2025-11-20-a-10.00.31-817x1024.png\",\"datePublished\":\"2017-05-12T14:47:23+00:00\",\"dateModified\":\"2025-11-20T12:41:35+00:00\",\"breadcrumb\":{\"@id\":\"https:\/\/web.umons.ac.be\/eshs\/fr\/master\/#breadcrumb\"},\"inLanguage\":\"fr-FR\",\"potentialAction\":[{\"@type\":\"ReadAction\",\"target\":[\"https:\/\/web.umons.ac.be\/eshs\/fr\/master\/\"]}]},{\"@type\":\"ImageObject\",\"inLanguage\":\"fr-FR\",\"@id\":\"https:\/\/web.umons.ac.be\/eshs\/fr\/master\/#primaryimage\",\"url\":\"https:\/\/web.umons.ac.be\/app\/uploads\/sites\/8\/2025\/11\/Capture-decran-2025-11-20-a-10.00.31-817x1024.png\",\"contentUrl\":\"https:\/\/web.umons.ac.be\/app\/uploads\/sites\/8\/2025\/11\/Capture-decran-2025-11-20-a-10.00.31-817x1024.png\"},{\"@type\":\"BreadcrumbList\",\"@id\":\"https:\/\/web.umons.ac.be\/eshs\/fr\/master\/#breadcrumb\",\"itemListElement\":[{\"@type\":\"ListItem\",\"position\":1,\"name\":\"Accueil\",\"item\":\"https:\/\/web.umons.ac.be\/eshs\/fr\/\"},{\"@type\":\"ListItem\",\"position\":2,\"name\":\"Master\"}]},{\"@type\":\"WebSite\",\"@id\":\"https:\/\/web.umons.ac.be\/eshs\/#website\",\"url\":\"https:\/\/web.umons.ac.be\/eshs\/\",\"name\":\"Ecole \/ ESHS\",\"description\":\"\",\"potentialAction\":[{\"@type\":\"SearchAction\",\"target\":{\"@type\":\"EntryPoint\",\"urlTemplate\":\"https:\/\/web.umons.ac.be\/eshs\/?s={search_term_string}\"},\"query-input\":{\"@type\":\"PropertyValueSpecification\",\"valueRequired\":true,\"valueName\":\"search_term_string\"}}],\"inLanguage\":\"fr-FR\"}]}<\/script>\n<!-- \/ Yoast SEO plugin. -->","yoast_head_json":{"title":"Master - Ecole \/ ESHS","robots":{"index":"index","follow":"follow","max-snippet":"max-snippet:-1","max-image-preview":"max-image-preview:large","max-video-preview":"max-video-preview:-1"},"canonical":"https:\/\/web.umons.ac.be\/eshs\/fr\/master\/","og_locale":"fr_FR","og_type":"article","og_title":"Master - Ecole \/ ESHS","og_description":"L\u2019un des atouts majeurs du Bachelier en Sciences Humaines et Sociales (BSHS) est l\u2019acc\u00e8s direct qu\u2019il offre \u00e0 une dizaine de Masters dans les domaines des sciences humaines et sociales. Cette ouverture vers de nombreuses sp\u00e9cialisations fait du BSHS une formation riche et particuli\u00e8rement polyvalente. La majorit\u00e9 de ces possibilit\u00e9s de poursuite d\u2019\u00e9tudes est pr\u00e9sent\u00e9e [&hellip;]","og_url":"https:\/\/web.umons.ac.be\/eshs\/fr\/master\/","og_site_name":"Ecole \/ ESHS","article_modified_time":"2025-11-20T12:41:35+00:00","og_image":[{"width":1420,"height":1780,"url":"https:\/\/web.umons.ac.be\/app\/uploads\/sites\/8\/2025\/11\/Capture-decran-2025-11-20-a-10.00.31.png","type":"image\/png"}],"twitter_card":"summary_large_image","twitter_misc":{"Dur\u00e9e de lecture estim\u00e9e":"2 minutes"},"schema":{"@context":"https:\/\/schema.org","@graph":[{"@type":"WebPage","@id":"https:\/\/web.umons.ac.be\/eshs\/fr\/master\/","url":"https:\/\/web.umons.ac.be\/eshs\/fr\/master\/","name":"Master - Ecole \/ ESHS","isPartOf":{"@id":"https:\/\/web.umons.ac.be\/eshs\/#website"},"primaryImageOfPage":{"@id":"https:\/\/web.umons.ac.be\/eshs\/fr\/master\/#primaryimage"},"image":{"@id":"https:\/\/web.umons.ac.be\/eshs\/fr\/master\/#primaryimage"},"thumbnailUrl":"https:\/\/web.umons.ac.be\/app\/uploads\/sites\/8\/2025\/11\/Capture-decran-2025-11-20-a-10.00.31-817x1024.png","datePublished":"2017-05-12T14:47:23+00:00","dateModified":"2025-11-20T12:41:35+00:00","breadcrumb":{"@id":"https:\/\/web.umons.ac.be\/eshs\/fr\/master\/#breadcrumb"},"inLanguage":"fr-FR","potentialAction":[{"@type":"ReadAction","target":["https:\/\/web.umons.ac.be\/eshs\/fr\/master\/"]}]},{"@type":"ImageObject","inLanguage":"fr-FR","@id":"https:\/\/web.umons.ac.be\/eshs\/fr\/master\/#primaryimage","url":"https:\/\/web.umons.ac.be\/app\/uploads\/sites\/8\/2025\/11\/Capture-decran-2025-11-20-a-10.00.31-817x1024.png","contentUrl":"https:\/\/web.umons.ac.be\/app\/uploads\/sites\/8\/2025\/11\/Capture-decran-2025-11-20-a-10.00.31-817x1024.png"},{"@type":"BreadcrumbList","@id":"https:\/\/web.umons.ac.be\/eshs\/fr\/master\/#breadcrumb","itemListElement":[{"@type":"ListItem","position":1,"name":"Accueil","item":"https:\/\/web.umons.ac.be\/eshs\/fr\/"},{"@type":"ListItem","position":2,"name":"Master"}]},{"@type":"WebSite","@id":"https:\/\/web.umons.ac.be\/eshs\/#website","url":"https:\/\/web.umons.ac.be\/eshs\/","name":"Ecole \/ ESHS","description":"","potentialAction":[{"@type":"SearchAction","target":{"@type":"EntryPoint","urlTemplate":"https:\/\/web.umons.ac.be\/eshs\/?s={search_term_string}"},"query-input":{"@type":"PropertyValueSpecification","valueRequired":true,"valueName":"search_term_string"}}],"inLanguage":"fr-FR"}]}},"lang":"fr","translations":{"fr":44,"en":336},"pll_sync_post":[],"_links":{"self":[{"href":"https:\/\/web.umons.ac.be\/eshs\/wp-json\/wp\/v2\/pages\/44","targetHints":{"allow":["GET"]}}],"collection":[{"href":"https:\/\/web.umons.ac.be\/eshs\/wp-json\/wp\/v2\/pages"}],"about":[{"href":"https:\/\/web.umons.ac.be\/eshs\/wp-json\/wp\/v2\/types\/page"}],"author":[{"embeddable":true,"href":"https:\/\/web.umons.ac.be\/eshs\/wp-json\/wp\/v2\/users\/2"}],"replies":[{"embeddable":true,"href":"https:\/\/web.umons.ac.be\/eshs\/wp-json\/wp\/v2\/comments?post=44"}],"version-history":[{"count":3,"href":"https:\/\/web.umons.ac.be\/eshs\/wp-json\/wp\/v2\/pages\/44\/revisions"}],"predecessor-version":[{"id":2046,"href":"https:\/\/web.umons.ac.be\/eshs\/wp-json\/wp\/v2\/pages\/44\/revisions\/2046"}],"wp:attachment":[{"href":"https:\/\/web.umons.ac.be\/eshs\/wp-json\/wp\/v2\/media?parent=44"}],"curies":[{"name":"wp","href":"https:\/\/api.w.org\/{rel}","templated":true}]}}