{"id":55,"date":"2017-05-12T17:02:44","date_gmt":"2017-05-12T15:02:44","guid":{"rendered":"https:\/\/web.umons.ac.be\/faculte\/eshs\/?page_id=55"},"modified":"2025-11-20T14:41:54","modified_gmt":"2025-11-20T13:41:54","slug":"exemples-metiers","status":"publish","type":"page","link":"https:\/\/web.umons.ac.be\/eshs\/fr\/exemples-metiers\/","title":{"rendered":"Des carri\u00e8res vari\u00e9es apr\u00e8s le BSHS"},"content":{"rendered":"<p data-start=\"316\" data-end=\"736\">Les dipl\u00f4m\u00e9\u00b7e\u00b7s du Bachelier en Sciences Humaines et Sociales poursuivent ensuite un Master qui leur ouvre de tr\u00e8s nombreux horizons professionnels. Quel que soit leur choix d\u2019option au Bachelier ou leur sp\u00e9cialisation au Master, ils et elles travaillent aujourd\u2019hui dans des secteurs vari\u00e9s : communication, politique, ressources humaines, culture, organisations internationales, enseignement, finance, s\u00e9curit\u00e9, etc.<\/p>\n<h3 data-start=\"743\" data-end=\"788\">Communication, journalisme et m\u00e9dias<\/h3>\n<ul data-start=\"790\" data-end=\"1137\">\n<li data-start=\"790\" data-end=\"863\">\n<p data-start=\"792\" data-end=\"863\"><strong data-start=\"792\" data-end=\"805\">Catherine<\/strong> est journaliste au <em data-start=\"825\" data-end=\"847\">L\u00ebtzebuerger Journal<\/em> (Luxembourg).<\/p>\n<\/li>\n<li data-start=\"864\" data-end=\"959\">\n<p data-start=\"866\" data-end=\"959\"><strong data-start=\"866\" data-end=\"877\">Barbara<\/strong> est assistante en communication et community manager chez <em data-start=\"936\" data-end=\"956\">Next Communication<\/em>.<\/p>\n<\/li>\n<li data-start=\"960\" data-end=\"1042\">\n<p data-start=\"962\" data-end=\"1042\"><strong data-start=\"962\" data-end=\"972\">Am\u00e9lie<\/strong> est attach\u00e9e de communication \u00e0 la <em data-start=\"1008\" data-end=\"1039\">F\u00e9d\u00e9ration Wallonie-Bruxelles<\/em>.<\/p>\n<\/li>\n<li data-start=\"1043\" data-end=\"1137\">\n<p data-start=\"1045\" data-end=\"1137\"><strong data-start=\"1045\" data-end=\"1057\">El\u00e9onore<\/strong> est responsable de la communication \u00e0 l\u2019Administration communale d\u2019\u00c9caussinnes.<\/p>\n<\/li>\n<\/ul>\n<h3 data-start=\"1144\" data-end=\"1187\">Ressources humaines et recrutement<\/h3>\n<ul data-start=\"1189\" data-end=\"1610\">\n<li data-start=\"1189\" data-end=\"1346\">\n<p data-start=\"1191\" data-end=\"1346\"><strong data-start=\"1191\" data-end=\"1204\">Alexandre<\/strong>, <strong data-start=\"1206\" data-end=\"1217\">An\u00e9mone<\/strong>, <strong data-start=\"1219\" data-end=\"1230\">M\u00e9lissa<\/strong> et <strong data-start=\"1234\" data-end=\"1243\">Julie<\/strong> sont consultant\u00b7e\u00b7s en recrutement (<em data-start=\"1280\" data-end=\"1293\">Robert Half<\/em>, <em data-start=\"1295\" data-end=\"1309\">Adecco Group<\/em>, <em data-start=\"1311\" data-end=\"1322\">PageGroup<\/em>, <em data-start=\"1324\" data-end=\"1342\">Assystem Belgium<\/em>).<\/p>\n<\/li>\n<li data-start=\"1347\" data-end=\"1549\">\n<p data-start=\"1349\" data-end=\"1549\"><strong data-start=\"1349\" data-end=\"1361\">Amandine<\/strong>, <strong data-start=\"1363\" data-end=\"1372\">Laura<\/strong>, <strong data-start=\"1374\" data-end=\"1384\">\u00c9lodie<\/strong>, <strong data-start=\"1386\" data-end=\"1395\">Emlyn<\/strong> et <strong data-start=\"1399\" data-end=\"1409\">C\u00e9cile<\/strong> sont responsables ou gestionnaires RH (<em data-start=\"1449\" data-end=\"1464\">Ambroise Par\u00e9<\/em>, <em data-start=\"1466\" data-end=\"1485\">M\u00e9decins du Monde<\/em>, <em data-start=\"1487\" data-end=\"1496\">McBride<\/em>, <em data-start=\"1498\" data-end=\"1510\">BNY Mellon<\/em>, h\u00f4pitaux, institutions publiques\u2026).<\/p>\n<\/li>\n<li data-start=\"1550\" data-end=\"1610\">\n<p data-start=\"1552\" data-end=\"1610\"><strong data-start=\"1552\" data-end=\"1563\">Aur\u00e9lie<\/strong> est <em data-start=\"1568\" data-end=\"1588\">On-Site Consultant<\/em> chez <em data-start=\"1594\" data-end=\"1609\">ManpowerGroup<\/em>.<\/p>\n<\/li>\n<\/ul>\n<h3 data-start=\"1617\" data-end=\"1678\">Secteur public, institutions et politiques publiques<\/h3>\n<ul data-start=\"1680\" data-end=\"2327\">\n<li data-start=\"1680\" data-end=\"1759\">\n<p data-start=\"1682\" data-end=\"1759\"><strong data-start=\"1682\" data-end=\"1692\">Audrey<\/strong> est attach\u00e9e au <em data-start=\"1709\" data-end=\"1756\">Minist\u00e8re de la F\u00e9d\u00e9ration Wallonie-Bruxelles<\/em>.<\/p>\n<\/li>\n<li data-start=\"1760\" data-end=\"1849\">\n<p data-start=\"1762\" data-end=\"1849\"><strong data-start=\"1762\" data-end=\"1774\">Corentin<\/strong> est collaborateur parlementaire \u00e0 la <em data-start=\"1812\" data-end=\"1821\">Chambre<\/em> et au <em data-start=\"1828\" data-end=\"1846\">Parlement wallon<\/em>.<\/p>\n<\/li>\n<li data-start=\"1850\" data-end=\"1960\">\n<p data-start=\"1852\" data-end=\"1960\"><strong data-start=\"1852\" data-end=\"1863\">J\u00e9r\u00e9mie<\/strong> et <strong data-start=\"1867\" data-end=\"1879\">Aur\u00e9lien<\/strong> sont chefs de bureau dans des services communaux (Ville de Mons, La Louvi\u00e8re).<\/p>\n<\/li>\n<li data-start=\"1961\" data-end=\"2029\">\n<p data-start=\"1963\" data-end=\"2029\"><strong data-start=\"1963\" data-end=\"1975\">Delphine<\/strong> est cheffe de bureau RH \u00e0 la <em data-start=\"2005\" data-end=\"2026\">Province du Hainaut<\/em>.<\/p>\n<\/li>\n<li data-start=\"2030\" data-end=\"2113\">\n<p data-start=\"2032\" data-end=\"2113\"><strong data-start=\"2032\" data-end=\"2043\">Laurent<\/strong> est attach\u00e9-gestionnaire au <em data-start=\"2072\" data-end=\"2110\">Service public r\u00e9gional de Bruxelles<\/em>.<\/p>\n<\/li>\n<li data-start=\"2114\" data-end=\"2219\">\n<p data-start=\"2116\" data-end=\"2219\"><strong data-start=\"2116\" data-end=\"2125\">Marco<\/strong> et <strong data-start=\"2129\" data-end=\"2139\">Julien<\/strong> occupent des fonctions financi\u00e8res (Ford Motor Credit Company, SPF Finances).<\/p>\n<\/li>\n<li data-start=\"2220\" data-end=\"2327\">\n<p data-start=\"2222\" data-end=\"2327\"><strong data-start=\"2222\" data-end=\"2232\">Maxime<\/strong> est conseiller juridique aupr\u00e8s des institutions europ\u00e9ennes au cabinet <em data-start=\"2305\" data-end=\"2326\">Gide Loyrette Nouel<\/em>.<\/p>\n<\/li>\n<\/ul>\n<h3 data-start=\"2334\" data-end=\"2376\">International, ONG et coop\u00e9ration<\/h3>\n<ul data-start=\"2378\" data-end=\"2750\">\n<li data-start=\"2378\" data-end=\"2475\">\n<p data-start=\"2380\" data-end=\"2475\"><strong data-start=\"2380\" data-end=\"2389\">Ana\u00efs<\/strong> coordonne le \u00ab R\u00e9tablissement des liens familiaux \u00bb \u00e0 la <em data-start=\"2447\" data-end=\"2472\">Croix-Rouge de Belgique<\/em>.<\/p>\n<\/li>\n<li data-start=\"2476\" data-end=\"2568\">\n<p data-start=\"2478\" data-end=\"2568\"><strong data-start=\"2478\" data-end=\"2489\">Perihan<\/strong> est assistante aupr\u00e8s de la <em data-start=\"2518\" data-end=\"2536\">Mission de l\u2019OIC<\/em> aupr\u00e8s de l\u2019Union europ\u00e9enne.<\/p>\n<\/li>\n<li data-start=\"2569\" data-end=\"2685\">\n<p data-start=\"2571\" data-end=\"2685\"><strong data-start=\"2571\" data-end=\"2583\">Yoon-Hee<\/strong> coordonne des projets de coop\u00e9ration avec la Bolivie et Ha\u00efti \u00e0 <em data-start=\"2648\" data-end=\"2682\">Wallonie-Bruxelles International<\/em>.<\/p>\n<\/li>\n<li data-start=\"2686\" data-end=\"2750\">\n<p data-start=\"2688\" data-end=\"2750\"><strong data-start=\"2688\" data-end=\"2698\">Morena<\/strong> g\u00e8re des projets au <em data-start=\"2719\" data-end=\"2747\">Service public de Wallonie<\/em>.<\/p>\n<\/li>\n<\/ul>\n<h3 data-start=\"2757\" data-end=\"2810\">Culture, enseignement, cr\u00e9ation et recherche<\/h3>\n<ul data-start=\"2812\" data-end=\"3422\">\n<li data-start=\"2812\" data-end=\"2887\">\n<p data-start=\"2814\" data-end=\"2887\"><strong data-start=\"2814\" data-end=\"2822\">Alex<\/strong> est gestionnaire du Service s\u00e9curit\u00e9 aux <em data-start=\"2864\" data-end=\"2884\">Beaux-Arts de Mons<\/em>.<\/p>\n<\/li>\n<li data-start=\"2888\" data-end=\"2942\">\n<p data-start=\"2890\" data-end=\"2942\"><strong data-start=\"2890\" data-end=\"2903\">Salvatore<\/strong> est sc\u00e9nariste et dessinateur de BD.<\/p>\n<\/li>\n<li data-start=\"2943\" data-end=\"3011\">\n<p data-start=\"2945\" data-end=\"3011\"><strong data-start=\"2945\" data-end=\"2953\">Nico<\/strong> est enseignant en sciences sociales dans le secondaire.<\/p>\n<\/li>\n<li data-start=\"3012\" data-end=\"3088\">\n<p data-start=\"3014\" data-end=\"3088\"><strong data-start=\"3014\" data-end=\"3025\">Camille<\/strong> est doctorante en sciences politiques et sociales \u00e0 l\u2019UMONS.<\/p>\n<\/li>\n<li data-start=\"3089\" data-end=\"3161\">\n<p data-start=\"3091\" data-end=\"3161\"><strong data-start=\"3091\" data-end=\"3102\">Ludovic<\/strong> est d\u00e9veloppeur de projets chez <em data-start=\"3135\" data-end=\"3158\">Breaking Walls Studio<\/em>.<\/p>\n<\/li>\n<li data-start=\"3162\" data-end=\"3242\">\n<p data-start=\"3164\" data-end=\"3242\"><strong data-start=\"3164\" data-end=\"3175\">Flavien<\/strong> est responsable des syst\u00e8mes d\u2019information chez <em data-start=\"3224\" data-end=\"3239\">YoumanCapital<\/em>.<\/p>\n<\/li>\n<li data-start=\"3243\" data-end=\"3304\">\n<p data-start=\"3245\" data-end=\"3304\"><strong data-start=\"3245\" data-end=\"3256\">Florine<\/strong> est business analyst chez <em data-start=\"3283\" data-end=\"3301\">Deloitte Belgium<\/em>.<\/p>\n<\/li>\n<li data-start=\"3305\" data-end=\"3422\">\n<p data-start=\"3307\" data-end=\"3422\"><strong data-start=\"3307\" data-end=\"3317\">Jeremy<\/strong> est manager \u00ab Actions vertes \u00bb dans le cadre d\u2019un Contrat de Quartier Durable \u00e0 la Ville de Bruxelles.<\/p>\n<\/li>\n<\/ul>\n<h4 data-start=\"3429\" data-end=\"3455\"><a href=\"https:\/\/web.umons.ac.be\/app\/uploads\/sites\/8\/2025\/10\/DSC_6621-scaled.jpg\"><img loading=\"lazy\" decoding=\"async\" class=\"aligncenter wp-image-1745 size-medium\" src=\"https:\/\/web.umons.ac.be\/app\/uploads\/sites\/8\/2025\/10\/DSC_6621-300x200.jpg\" alt=\"\" width=\"300\" height=\"200\" srcset=\"https:\/\/web.umons.ac.be\/app\/uploads\/sites\/8\/2025\/10\/DSC_6621-300x200.jpg 300w, https:\/\/web.umons.ac.be\/app\/uploads\/sites\/8\/2025\/10\/DSC_6621-1024x683.jpg 1024w, https:\/\/web.umons.ac.be\/app\/uploads\/sites\/8\/2025\/10\/DSC_6621-768x512.jpg 768w, https:\/\/web.umons.ac.be\/app\/uploads\/sites\/8\/2025\/10\/DSC_6621-1536x1024.jpg 1536w, https:\/\/web.umons.ac.be\/app\/uploads\/sites\/8\/2025\/10\/DSC_6621-2048x1365.jpg 2048w, https:\/\/web.umons.ac.be\/app\/uploads\/sites\/8\/2025\/10\/DSC_6621-990x660.jpg 990w, https:\/\/web.umons.ac.be\/app\/uploads\/sites\/8\/2025\/10\/DSC_6621-30x20.jpg 30w, https:\/\/web.umons.ac.be\/app\/uploads\/sites\/8\/2025\/10\/DSC_6621-60x40.jpg 60w, https:\/\/web.umons.ac.be\/app\/uploads\/sites\/8\/2025\/10\/DSC_6621-360x240.jpg 360w\" sizes=\"auto, (max-width: 300px) 100vw, 300px\" \/><\/a>Ce que cela montre<\/h4>\n<p data-start=\"3457\" data-end=\"3531\">Le Bachelier en Sciences Humaines et Sociales m\u00e8ne \u00e0 des m\u00e9tiers o\u00f9 l\u2019on :<\/p>\n<ul data-start=\"3533\" data-end=\"3704\">\n<li data-start=\"3533\" data-end=\"3554\">\n<p data-start=\"3535\" data-end=\"3554\">analyse la soci\u00e9t\u00e9,<\/p>\n<\/li>\n<li data-start=\"3555\" data-end=\"3577\">\n<p data-start=\"3557\" data-end=\"3577\">agit sur le terrain,<\/p>\n<\/li>\n<li data-start=\"3578\" data-end=\"3607\">\n<p data-start=\"3580\" data-end=\"3607\">conseille les institutions,<\/p>\n<\/li>\n<li data-start=\"3608\" data-end=\"3632\">\n<p data-start=\"3610\" data-end=\"3632\">communique et informe,<\/p>\n<\/li>\n<li data-start=\"3633\" data-end=\"3675\">\n<p data-start=\"3635\" data-end=\"3675\">recrute et accompagne les organisations,<\/p>\n<\/li>\n<li data-start=\"3676\" data-end=\"3704\">\n<p data-start=\"3678\" data-end=\"3704\">cr\u00e9e, recherche et innove.<\/p>\n<\/li>\n<\/ul>\n<blockquote data-start=\"3706\" data-end=\"3792\">\n<p data-start=\"3708\" data-end=\"3792\">Nos dipl\u00f4m\u00e9\u00b7e\u00b7s \u0153uvrent dans la soci\u00e9t\u00e9, au c\u0153ur des transformations contemporaines !<\/p>\n<\/blockquote>\n","protected":false},"excerpt":{"rendered":"<p>Les dipl\u00f4m\u00e9\u00b7e\u00b7s du Bachelier en Sciences Humaines et Sociales poursuivent ensuite un Master qui leur ouvre de tr\u00e8s nombreux horizons professionnels. Quel que soit leur choix d\u2019option au Bachelier ou leur sp\u00e9cialisation au Master, ils et elles travaillent aujourd\u2019hui dans des secteurs vari\u00e9s : communication, politique, ressources humaines, culture, organisations internationales, enseignement, finance, s\u00e9curit\u00e9, etc. [&hellip;]<\/p>\n","protected":false},"author":2,"featured_media":0,"parent":0,"menu_order":0,"comment_status":"closed","ping_status":"closed","template":"","meta":{"footnotes":""},"class_list":["post-55","page","type-page","status-publish","hentry"],"yoast_head":"<!-- This site is optimized with the Yoast SEO plugin v27.2 - https:\/\/yoast.com\/product\/yoast-seo-wordpress\/ -->\n<title>Des carri\u00e8res vari\u00e9es apr\u00e8s le BSHS - Ecole \/ ESHS<\/title>\n<meta name=\"robots\" content=\"index, follow, max-snippet:-1, max-image-preview:large, max-video-preview:-1\" \/>\n<link rel=\"canonical\" href=\"https:\/\/web.umons.ac.be\/eshs\/fr\/exemples-metiers\/\" \/>\n<meta property=\"og:locale\" content=\"fr_FR\" \/>\n<meta property=\"og:type\" content=\"article\" \/>\n<meta property=\"og:title\" content=\"Des carri\u00e8res vari\u00e9es apr\u00e8s le BSHS - Ecole \/ ESHS\" \/>\n<meta property=\"og:description\" content=\"Les dipl\u00f4m\u00e9\u00b7e\u00b7s du Bachelier en Sciences Humaines et Sociales poursuivent ensuite un Master qui leur ouvre de tr\u00e8s nombreux horizons professionnels. Quel que soit leur choix d\u2019option au Bachelier ou leur sp\u00e9cialisation au Master, ils et elles travaillent aujourd\u2019hui dans des secteurs vari\u00e9s : communication, politique, ressources humaines, culture, organisations internationales, enseignement, finance, s\u00e9curit\u00e9, etc. [&hellip;]\" \/>\n<meta property=\"og:url\" content=\"https:\/\/web.umons.ac.be\/eshs\/fr\/exemples-metiers\/\" \/>\n<meta property=\"og:site_name\" content=\"Ecole \/ ESHS\" \/>\n<meta property=\"article:modified_time\" content=\"2025-11-20T13:41:54+00:00\" \/>\n<meta property=\"og:image\" content=\"https:\/\/web.umons.ac.be\/app\/uploads\/sites\/8\/2025\/10\/DSC_6621-scaled.jpg\" \/>\n\t<meta property=\"og:image:width\" content=\"2560\" \/>\n\t<meta property=\"og:image:height\" content=\"1707\" \/>\n\t<meta property=\"og:image:type\" content=\"image\/jpeg\" \/>\n<meta name=\"twitter:card\" content=\"summary_large_image\" \/>\n<meta name=\"twitter:label1\" content=\"Dur\u00e9e de lecture estim\u00e9e\" \/>\n\t<meta name=\"twitter:data1\" content=\"3 minutes\" \/>\n<script type=\"application\/ld+json\" class=\"yoast-schema-graph\">{\"@context\":\"https:\/\/schema.org\",\"@graph\":[{\"@type\":\"WebPage\",\"@id\":\"https:\/\/web.umons.ac.be\/eshs\/fr\/exemples-metiers\/\",\"url\":\"https:\/\/web.umons.ac.be\/eshs\/fr\/exemples-metiers\/\",\"name\":\"Des carri\u00e8res vari\u00e9es apr\u00e8s le BSHS - Ecole \/ ESHS\",\"isPartOf\":{\"@id\":\"https:\/\/web.umons.ac.be\/eshs\/#website\"},\"primaryImageOfPage\":{\"@id\":\"https:\/\/web.umons.ac.be\/eshs\/fr\/exemples-metiers\/#primaryimage\"},\"image\":{\"@id\":\"https:\/\/web.umons.ac.be\/eshs\/fr\/exemples-metiers\/#primaryimage\"},\"thumbnailUrl\":\"https:\/\/web.umons.ac.be\/app\/uploads\/sites\/8\/2025\/10\/DSC_6621-300x200.jpg\",\"datePublished\":\"2017-05-12T15:02:44+00:00\",\"dateModified\":\"2025-11-20T13:41:54+00:00\",\"breadcrumb\":{\"@id\":\"https:\/\/web.umons.ac.be\/eshs\/fr\/exemples-metiers\/#breadcrumb\"},\"inLanguage\":\"fr-FR\",\"potentialAction\":[{\"@type\":\"ReadAction\",\"target\":[\"https:\/\/web.umons.ac.be\/eshs\/fr\/exemples-metiers\/\"]}]},{\"@type\":\"ImageObject\",\"inLanguage\":\"fr-FR\",\"@id\":\"https:\/\/web.umons.ac.be\/eshs\/fr\/exemples-metiers\/#primaryimage\",\"url\":\"https:\/\/web.umons.ac.be\/app\/uploads\/sites\/8\/2025\/10\/DSC_6621-300x200.jpg\",\"contentUrl\":\"https:\/\/web.umons.ac.be\/app\/uploads\/sites\/8\/2025\/10\/DSC_6621-300x200.jpg\"},{\"@type\":\"BreadcrumbList\",\"@id\":\"https:\/\/web.umons.ac.be\/eshs\/fr\/exemples-metiers\/#breadcrumb\",\"itemListElement\":[{\"@type\":\"ListItem\",\"position\":1,\"name\":\"Accueil\",\"item\":\"https:\/\/web.umons.ac.be\/eshs\/fr\/\"},{\"@type\":\"ListItem\",\"position\":2,\"name\":\"Des carri\u00e8res vari\u00e9es apr\u00e8s le BSHS\"}]},{\"@type\":\"WebSite\",\"@id\":\"https:\/\/web.umons.ac.be\/eshs\/#website\",\"url\":\"https:\/\/web.umons.ac.be\/eshs\/\",\"name\":\"Ecole \/ ESHS\",\"description\":\"\",\"potentialAction\":[{\"@type\":\"SearchAction\",\"target\":{\"@type\":\"EntryPoint\",\"urlTemplate\":\"https:\/\/web.umons.ac.be\/eshs\/?s={search_term_string}\"},\"query-input\":{\"@type\":\"PropertyValueSpecification\",\"valueRequired\":true,\"valueName\":\"search_term_string\"}}],\"inLanguage\":\"fr-FR\"}]}<\/script>\n<!-- \/ Yoast SEO plugin. -->","yoast_head_json":{"title":"Des carri\u00e8res vari\u00e9es apr\u00e8s le BSHS - Ecole \/ ESHS","robots":{"index":"index","follow":"follow","max-snippet":"max-snippet:-1","max-image-preview":"max-image-preview:large","max-video-preview":"max-video-preview:-1"},"canonical":"https:\/\/web.umons.ac.be\/eshs\/fr\/exemples-metiers\/","og_locale":"fr_FR","og_type":"article","og_title":"Des carri\u00e8res vari\u00e9es apr\u00e8s le BSHS - Ecole \/ ESHS","og_description":"Les dipl\u00f4m\u00e9\u00b7e\u00b7s du Bachelier en Sciences Humaines et Sociales poursuivent ensuite un Master qui leur ouvre de tr\u00e8s nombreux horizons professionnels. Quel que soit leur choix d\u2019option au Bachelier ou leur sp\u00e9cialisation au Master, ils et elles travaillent aujourd\u2019hui dans des secteurs vari\u00e9s : communication, politique, ressources humaines, culture, organisations internationales, enseignement, finance, s\u00e9curit\u00e9, etc. [&hellip;]","og_url":"https:\/\/web.umons.ac.be\/eshs\/fr\/exemples-metiers\/","og_site_name":"Ecole \/ ESHS","article_modified_time":"2025-11-20T13:41:54+00:00","og_image":[{"width":2560,"height":1707,"url":"https:\/\/web.umons.ac.be\/app\/uploads\/sites\/8\/2025\/10\/DSC_6621-scaled.jpg","type":"image\/jpeg"}],"twitter_card":"summary_large_image","twitter_misc":{"Dur\u00e9e de lecture estim\u00e9e":"3 minutes"},"schema":{"@context":"https:\/\/schema.org","@graph":[{"@type":"WebPage","@id":"https:\/\/web.umons.ac.be\/eshs\/fr\/exemples-metiers\/","url":"https:\/\/web.umons.ac.be\/eshs\/fr\/exemples-metiers\/","name":"Des carri\u00e8res vari\u00e9es apr\u00e8s le BSHS - Ecole \/ ESHS","isPartOf":{"@id":"https:\/\/web.umons.ac.be\/eshs\/#website"},"primaryImageOfPage":{"@id":"https:\/\/web.umons.ac.be\/eshs\/fr\/exemples-metiers\/#primaryimage"},"image":{"@id":"https:\/\/web.umons.ac.be\/eshs\/fr\/exemples-metiers\/#primaryimage"},"thumbnailUrl":"https:\/\/web.umons.ac.be\/app\/uploads\/sites\/8\/2025\/10\/DSC_6621-300x200.jpg","datePublished":"2017-05-12T15:02:44+00:00","dateModified":"2025-11-20T13:41:54+00:00","breadcrumb":{"@id":"https:\/\/web.umons.ac.be\/eshs\/fr\/exemples-metiers\/#breadcrumb"},"inLanguage":"fr-FR","potentialAction":[{"@type":"ReadAction","target":["https:\/\/web.umons.ac.be\/eshs\/fr\/exemples-metiers\/"]}]},{"@type":"ImageObject","inLanguage":"fr-FR","@id":"https:\/\/web.umons.ac.be\/eshs\/fr\/exemples-metiers\/#primaryimage","url":"https:\/\/web.umons.ac.be\/app\/uploads\/sites\/8\/2025\/10\/DSC_6621-300x200.jpg","contentUrl":"https:\/\/web.umons.ac.be\/app\/uploads\/sites\/8\/2025\/10\/DSC_6621-300x200.jpg"},{"@type":"BreadcrumbList","@id":"https:\/\/web.umons.ac.be\/eshs\/fr\/exemples-metiers\/#breadcrumb","itemListElement":[{"@type":"ListItem","position":1,"name":"Accueil","item":"https:\/\/web.umons.ac.be\/eshs\/fr\/"},{"@type":"ListItem","position":2,"name":"Des carri\u00e8res vari\u00e9es apr\u00e8s le BSHS"}]},{"@type":"WebSite","@id":"https:\/\/web.umons.ac.be\/eshs\/#website","url":"https:\/\/web.umons.ac.be\/eshs\/","name":"Ecole \/ ESHS","description":"","potentialAction":[{"@type":"SearchAction","target":{"@type":"EntryPoint","urlTemplate":"https:\/\/web.umons.ac.be\/eshs\/?s={search_term_string}"},"query-input":{"@type":"PropertyValueSpecification","valueRequired":true,"valueName":"search_term_string"}}],"inLanguage":"fr-FR"}]}},"lang":"fr","translations":{"fr":55,"en":361},"pll_sync_post":[],"_links":{"self":[{"href":"https:\/\/web.umons.ac.be\/eshs\/wp-json\/wp\/v2\/pages\/55","targetHints":{"allow":["GET"]}}],"collection":[{"href":"https:\/\/web.umons.ac.be\/eshs\/wp-json\/wp\/v2\/pages"}],"about":[{"href":"https:\/\/web.umons.ac.be\/eshs\/wp-json\/wp\/v2\/types\/page"}],"author":[{"embeddable":true,"href":"https:\/\/web.umons.ac.be\/eshs\/wp-json\/wp\/v2\/users\/2"}],"replies":[{"embeddable":true,"href":"https:\/\/web.umons.ac.be\/eshs\/wp-json\/wp\/v2\/comments?post=55"}],"version-history":[{"count":3,"href":"https:\/\/web.umons.ac.be\/eshs\/wp-json\/wp\/v2\/pages\/55\/revisions"}],"predecessor-version":[{"id":2068,"href":"https:\/\/web.umons.ac.be\/eshs\/wp-json\/wp\/v2\/pages\/55\/revisions\/2068"}],"wp:attachment":[{"href":"https:\/\/web.umons.ac.be\/eshs\/wp-json\/wp\/v2\/media?parent=55"}],"curies":[{"name":"wp","href":"https:\/\/api.w.org\/{rel}","templated":true}]}}