{"version":"1.0","provider_name":"Facult\u00e9 \/ FAU","provider_url":"https:\/\/web.umons.ac.be\/fau","author_name":"Florence Laline","author_url":"https:\/\/web.umons.ac.be\/fau\/author\/flaline\/","title":"Le Bauhaus ou la r\u00e9volution artistique d\u00e9capit\u00e9e - Facult\u00e9 \/ FAU","type":"rich","width":600,"height":338,"html":"<blockquote class=\"wp-embedded-content\" data-secret=\"jGJ4mVrMIP\"><a href=\"https:\/\/web.umons.ac.be\/fau\/fr\/evenements\/le-bauhaus-ou-la-revolution-artistique-decapitee\/\">Le Bauhaus ou la r\u00e9volution artistique d\u00e9capit\u00e9e<\/a><\/blockquote><iframe sandbox=\"allow-scripts\" security=\"restricted\" src=\"https:\/\/web.umons.ac.be\/fau\/fr\/evenements\/le-bauhaus-ou-la-revolution-artistique-decapitee\/embed\/#?secret=jGJ4mVrMIP\" width=\"600\" height=\"338\" title=\"\u00ab\u00a0Le Bauhaus ou la r\u00e9volution artistique d\u00e9capit\u00e9e\u00a0\u00bb &#8212; Facult\u00e9 \/ FAU\" data-secret=\"jGJ4mVrMIP\" frameborder=\"0\" marginwidth=\"0\" marginheight=\"0\" scrolling=\"no\" class=\"wp-embedded-content\"><\/iframe><script type=\"text\/javascript\">\n\/* <![CDATA[ *\/\n\/*! This file is auto-generated *\/\n!function(d,l){\"use strict\";l.querySelector&&d.addEventListener&&\"undefined\"!=typeof URL&&(d.wp=d.wp||{},d.wp.receiveEmbedMessage||(d.wp.receiveEmbedMessage=function(e){var t=e.data;if((t||t.secret||t.message||t.value)&&!\/[^a-zA-Z0-9]\/.test(t.secret)){for(var s,r,n,a=l.querySelectorAll('iframe[data-secret=\"'+t.secret+'\"]'),o=l.querySelectorAll('blockquote[data-secret=\"'+t.secret+'\"]'),c=new RegExp(\"^https?:$\",\"i\"),i=0;i<o.length;i++)o[i].style.display=\"none\";for(i=0;i<a.length;i++)s=a[i],e.source===s.contentWindow&&(s.removeAttribute(\"style\"),\"height\"===t.message?(1e3<(r=parseInt(t.value,10))?r=1e3:~~r<200&&(r=200),s.height=r):\"link\"===t.message&&(r=new URL(s.getAttribute(\"src\")),n=new URL(t.value),c.test(n.protocol))&&n.host===r.host&&l.activeElement===s&&(d.top.location.href=t.value))}},d.addEventListener(\"message\",d.wp.receiveEmbedMessage,!1),l.addEventListener(\"DOMContentLoaded\",function(){for(var e,t,s=l.querySelectorAll(\"iframe.wp-embedded-content\"),r=0;r<s.length;r++)(t=(e=s[r]).getAttribute(\"data-secret\"))||(t=Math.random().toString(36).substring(2,12),e.src+=\"#?secret=\"+t,e.setAttribute(\"data-secret\",t)),e.contentWindow.postMessage({message:\"ready\",secret:t},\"*\")},!1)))}(window,document);\n\/\/# sourceURL=https:\/\/web.umons.ac.be\/fau\/wp-includes\/js\/wp-embed.min.js\n\/* ]]> *\/\n<\/script>\n","description":"Dans le cadre des 100 ans du Bauhaus et de l\u2019Ann\u00e9e de l\u2019Allemagne, la Facult\u00e9 d\u2019Architecture et d\u2019Urbanisme et la Facult\u00e9 de Traduction et d\u2019Interpr\u00e9tation de l\u2019Universit\u00e9 de Mons ont le plaisir de vous inviter \u00e0 la Conf\u00e9rence donn\u00e9e par Boris GRESILLON, Professeur de g\u00e9ographie \u00e0 l\u2019Universit\u00e9 Aix-Marseille, Chercheur associ\u00e9 \u00e0 la chaire de g\u00e9ographie [&hellip;]","thumbnail_url":"https:\/\/web.umons.ac.be\/app\/uploads\/sites\/5\/2019\/10\/BORIS-GRESILLON-14.10.2019-ter-724x1024.jpg"}