{"id":217,"date":"2017-09-11T16:06:45","date_gmt":"2017-09-11T14:06:45","guid":{"rendered":"https:\/\/web.umons.ac.be\/fpms\/?page_id=217"},"modified":"2021-09-29T11:23:53","modified_gmt":"2021-09-29T09:23:53","slug":"conseil-strategique","status":"publish","type":"page","link":"https:\/\/web.umons.ac.be\/fpms\/fr\/a-propos-de-la-faculte\/conseil-strategique\/","title":{"rendered":"Conseil Strat\u00e9gique"},"content":{"rendered":"<p>Le Conseil strat\u00e9gique de la Facult\u00e9 Polytechnique est un organe consultatif au sein duquel si\u00e8gent de mani\u00e8re paritaire des <strong>repr\u00e9sentants de la Facult\u00e9<\/strong> et des <strong>membres issus du monde \u00e9conomique<\/strong> et du <strong>monde industriel<\/strong>. Il remet des avis concernant la politique de la Facult\u00e9 dans les domaines de l\u2019enseignement et de la recherche, ainsi que pour tout probl\u00e8me qui lui est pos\u00e9 par le Conseil de Facult\u00e9. Il joue \u00e9galement le r\u00f4le de relais entre la Facult\u00e9 et l\u2019Association de ses ing\u00e9nieurs dipl\u00f4m\u00e9s (AIMs-Polytech Mons Alumni) pour des actions qu\u2019elles veulent entreprendre en commun.<\/p>\n<h6><\/h6>\n<h6>La composition du Conseil Strat\u00e9gique propos\u00e9e pour la p\u00e9riode 2018-2022 est la suivante:<\/h6>\n<p><strong>Membres internes d\u00e9sign\u00e9s par le Conseil de Facult\u00e9 (11)<\/strong><\/p>\n<p>Christine RENOTTE, V\u00e9ronique FELDHEIM, Philippe ANCIA, Laurent VAN PARYS, Anne-Lise HANTSON, Fran\u00e7ois VALLEE, Philippe FORTEMPS, Edouard RIVIERE, Pascal GODENIAUX, Landelin DELCOUCQ et Pierre DEHOMBREUX.<\/p>\n<p><strong>Membres ext\u00e9rieurs (11)<\/strong><\/p>\n<p>Anne FIEVEZ, Airy WILMET, Daniel GAUTHIER, Christophe LEBRUN, Christine LEVEQUE, Michel VAN LIEFFERINGE, Jean-Jacques CLOQUET, Eric DEGROOTE, Guillaume DEWISPELAERE, Jean-Philippe DRAYE et Philippe VAN TROEYE.<\/p>\n<p><strong>Invit\u00e9s\u00a0<\/strong>: Diane THOMAS, Angeline AUBERT, Barbara PESENTI<\/p>\n<p><strong>Secr\u00e9tariat<\/strong>: Christine MARTENS.<\/p>\n","protected":false},"excerpt":{"rendered":"<p>Le Conseil strat\u00e9gique de la Facult\u00e9 Polytechnique est un organe consultatif au sein duquel si\u00e8gent de mani\u00e8re paritaire des repr\u00e9sentants de la Facult\u00e9 et des membres issus du monde \u00e9conomique et du monde industriel. Il remet des avis concernant la politique de la Facult\u00e9 dans les domaines de l\u2019enseignement et de la recherche, ainsi que [&hellip;]<\/p>\n","protected":false},"author":2,"featured_media":0,"parent":177,"menu_order":7,"comment_status":"closed","ping_status":"closed","template":"","meta":{"footnotes":""},"class_list":["post-217","page","type-page","status-publish","hentry"],"yoast_head":"<!-- This site is optimized with the Yoast SEO plugin v27.2 - https:\/\/yoast.com\/product\/yoast-seo-wordpress\/ -->\n<title>Conseil Strat\u00e9gique - Facult\u00e9 \/ FPMS<\/title>\n<meta name=\"robots\" content=\"index, follow, max-snippet:-1, max-image-preview:large, max-video-preview:-1\" \/>\n<link rel=\"canonical\" href=\"https:\/\/web.umons.ac.be\/fpms\/fr\/a-propos-de-la-faculte\/conseil-strategique\/\" \/>\n<meta property=\"og:locale\" content=\"fr_FR\" \/>\n<meta property=\"og:type\" content=\"article\" \/>\n<meta property=\"og:title\" content=\"Conseil Strat\u00e9gique - Facult\u00e9 \/ FPMS\" \/>\n<meta property=\"og:description\" content=\"Le Conseil strat\u00e9gique de la Facult\u00e9 Polytechnique est un organe consultatif au sein duquel si\u00e8gent de mani\u00e8re paritaire des repr\u00e9sentants de la Facult\u00e9 et des membres issus du monde \u00e9conomique et du monde industriel. Il remet des avis concernant la politique de la Facult\u00e9 dans les domaines de l\u2019enseignement et de la recherche, ainsi que [&hellip;]\" \/>\n<meta property=\"og:url\" content=\"https:\/\/web.umons.ac.be\/fpms\/fr\/a-propos-de-la-faculte\/conseil-strategique\/\" \/>\n<meta property=\"og:site_name\" content=\"Facult\u00e9 \/ FPMS\" \/>\n<meta property=\"article:modified_time\" content=\"2021-09-29T09:23:53+00:00\" \/>\n<meta name=\"twitter:card\" content=\"summary_large_image\" \/>\n<meta name=\"twitter:label1\" content=\"Dur\u00e9e de lecture estim\u00e9e\" \/>\n\t<meta name=\"twitter:data1\" content=\"1 minute\" \/>\n<script type=\"application\/ld+json\" class=\"yoast-schema-graph\">{\"@context\":\"https:\/\/schema.org\",\"@graph\":[{\"@type\":\"WebPage\",\"@id\":\"https:\/\/web.umons.ac.be\/fpms\/fr\/a-propos-de-la-faculte\/conseil-strategique\/\",\"url\":\"https:\/\/web.umons.ac.be\/fpms\/fr\/a-propos-de-la-faculte\/conseil-strategique\/\",\"name\":\"Conseil Strat\u00e9gique - Facult\u00e9 \/ FPMS\",\"isPartOf\":{\"@id\":\"https:\/\/web.umons.ac.be\/fpms\/#website\"},\"datePublished\":\"2017-09-11T14:06:45+00:00\",\"dateModified\":\"2021-09-29T09:23:53+00:00\",\"breadcrumb\":{\"@id\":\"https:\/\/web.umons.ac.be\/fpms\/fr\/a-propos-de-la-faculte\/conseil-strategique\/#breadcrumb\"},\"inLanguage\":\"fr-FR\",\"potentialAction\":[{\"@type\":\"ReadAction\",\"target\":[\"https:\/\/web.umons.ac.be\/fpms\/fr\/a-propos-de-la-faculte\/conseil-strategique\/\"]}]},{\"@type\":\"BreadcrumbList\",\"@id\":\"https:\/\/web.umons.ac.be\/fpms\/fr\/a-propos-de-la-faculte\/conseil-strategique\/#breadcrumb\",\"itemListElement\":[{\"@type\":\"ListItem\",\"position\":1,\"name\":\"Accueil\",\"item\":\"https:\/\/web.umons.ac.be\/fpms\/fr\/\"},{\"@type\":\"ListItem\",\"position\":2,\"name\":\"A propos de la Facult\u00e9\",\"item\":\"https:\/\/web.umons.ac.be\/fpms\/fr\/a-propos-de-la-faculte\/\"},{\"@type\":\"ListItem\",\"position\":3,\"name\":\"Conseil Strat\u00e9gique\"}]},{\"@type\":\"WebSite\",\"@id\":\"https:\/\/web.umons.ac.be\/fpms\/#website\",\"url\":\"https:\/\/web.umons.ac.be\/fpms\/\",\"name\":\"Facult\u00e9 \/ FPMS\",\"description\":\"Un site utilisant Universit\u00e9 de Mons \u2013 UMONS\",\"potentialAction\":[{\"@type\":\"SearchAction\",\"target\":{\"@type\":\"EntryPoint\",\"urlTemplate\":\"https:\/\/web.umons.ac.be\/fpms\/?s={search_term_string}\"},\"query-input\":{\"@type\":\"PropertyValueSpecification\",\"valueRequired\":true,\"valueName\":\"search_term_string\"}}],\"inLanguage\":\"fr-FR\"}]}<\/script>\n<!-- \/ Yoast SEO plugin. -->","yoast_head_json":{"title":"Conseil Strat\u00e9gique - Facult\u00e9 \/ FPMS","robots":{"index":"index","follow":"follow","max-snippet":"max-snippet:-1","max-image-preview":"max-image-preview:large","max-video-preview":"max-video-preview:-1"},"canonical":"https:\/\/web.umons.ac.be\/fpms\/fr\/a-propos-de-la-faculte\/conseil-strategique\/","og_locale":"fr_FR","og_type":"article","og_title":"Conseil Strat\u00e9gique - Facult\u00e9 \/ FPMS","og_description":"Le Conseil strat\u00e9gique de la Facult\u00e9 Polytechnique est un organe consultatif au sein duquel si\u00e8gent de mani\u00e8re paritaire des repr\u00e9sentants de la Facult\u00e9 et des membres issus du monde \u00e9conomique et du monde industriel. Il remet des avis concernant la politique de la Facult\u00e9 dans les domaines de l\u2019enseignement et de la recherche, ainsi que [&hellip;]","og_url":"https:\/\/web.umons.ac.be\/fpms\/fr\/a-propos-de-la-faculte\/conseil-strategique\/","og_site_name":"Facult\u00e9 \/ FPMS","article_modified_time":"2021-09-29T09:23:53+00:00","twitter_card":"summary_large_image","twitter_misc":{"Dur\u00e9e de lecture estim\u00e9e":"1 minute"},"schema":{"@context":"https:\/\/schema.org","@graph":[{"@type":"WebPage","@id":"https:\/\/web.umons.ac.be\/fpms\/fr\/a-propos-de-la-faculte\/conseil-strategique\/","url":"https:\/\/web.umons.ac.be\/fpms\/fr\/a-propos-de-la-faculte\/conseil-strategique\/","name":"Conseil Strat\u00e9gique - Facult\u00e9 \/ FPMS","isPartOf":{"@id":"https:\/\/web.umons.ac.be\/fpms\/#website"},"datePublished":"2017-09-11T14:06:45+00:00","dateModified":"2021-09-29T09:23:53+00:00","breadcrumb":{"@id":"https:\/\/web.umons.ac.be\/fpms\/fr\/a-propos-de-la-faculte\/conseil-strategique\/#breadcrumb"},"inLanguage":"fr-FR","potentialAction":[{"@type":"ReadAction","target":["https:\/\/web.umons.ac.be\/fpms\/fr\/a-propos-de-la-faculte\/conseil-strategique\/"]}]},{"@type":"BreadcrumbList","@id":"https:\/\/web.umons.ac.be\/fpms\/fr\/a-propos-de-la-faculte\/conseil-strategique\/#breadcrumb","itemListElement":[{"@type":"ListItem","position":1,"name":"Accueil","item":"https:\/\/web.umons.ac.be\/fpms\/fr\/"},{"@type":"ListItem","position":2,"name":"A propos de la Facult\u00e9","item":"https:\/\/web.umons.ac.be\/fpms\/fr\/a-propos-de-la-faculte\/"},{"@type":"ListItem","position":3,"name":"Conseil Strat\u00e9gique"}]},{"@type":"WebSite","@id":"https:\/\/web.umons.ac.be\/fpms\/#website","url":"https:\/\/web.umons.ac.be\/fpms\/","name":"Facult\u00e9 \/ FPMS","description":"Un site utilisant Universit\u00e9 de Mons \u2013 UMONS","potentialAction":[{"@type":"SearchAction","target":{"@type":"EntryPoint","urlTemplate":"https:\/\/web.umons.ac.be\/fpms\/?s={search_term_string}"},"query-input":{"@type":"PropertyValueSpecification","valueRequired":true,"valueName":"search_term_string"}}],"inLanguage":"fr-FR"}]}},"lang":"fr","translations":{"fr":217,"en":657},"pll_sync_post":[],"_links":{"self":[{"href":"https:\/\/web.umons.ac.be\/fpms\/wp-json\/wp\/v2\/pages\/217","targetHints":{"allow":["GET"]}}],"collection":[{"href":"https:\/\/web.umons.ac.be\/fpms\/wp-json\/wp\/v2\/pages"}],"about":[{"href":"https:\/\/web.umons.ac.be\/fpms\/wp-json\/wp\/v2\/types\/page"}],"author":[{"embeddable":true,"href":"https:\/\/web.umons.ac.be\/fpms\/wp-json\/wp\/v2\/users\/2"}],"replies":[{"embeddable":true,"href":"https:\/\/web.umons.ac.be\/fpms\/wp-json\/wp\/v2\/comments?post=217"}],"version-history":[{"count":4,"href":"https:\/\/web.umons.ac.be\/fpms\/wp-json\/wp\/v2\/pages\/217\/revisions"}],"predecessor-version":[{"id":1943,"href":"https:\/\/web.umons.ac.be\/fpms\/wp-json\/wp\/v2\/pages\/217\/revisions\/1943"}],"up":[{"embeddable":true,"href":"https:\/\/web.umons.ac.be\/fpms\/wp-json\/wp\/v2\/pages\/177"}],"wp:attachment":[{"href":"https:\/\/web.umons.ac.be\/fpms\/wp-json\/wp\/v2\/media?parent=217"}],"curies":[{"name":"wp","href":"https:\/\/api.w.org\/{rel}","templated":true}]}}