{"version":"1.0","provider_name":"Facult\u00e9 \/ FPSE","provider_url":"https:\/\/web.umons.ac.be\/fpse","author_name":"Florence Laline","author_url":"https:\/\/web.umons.ac.be\/fpse\/author\/flaline\/","title":"Comment s\u2019orienter dans un monde incertain ? - Facult\u00e9 \/ FPSE","type":"rich","width":600,"height":338,"html":"<blockquote class=\"wp-embedded-content\" data-secret=\"KEubG1wXSC\"><a href=\"https:\/\/web.umons.ac.be\/fpse\/fr\/evenements\/comment-sorienter-dans-un-monde-incertain\/\">Comment s\u2019orienter dans un monde incertain ?<\/a><\/blockquote><iframe sandbox=\"allow-scripts\" security=\"restricted\" src=\"https:\/\/web.umons.ac.be\/fpse\/fr\/evenements\/comment-sorienter-dans-un-monde-incertain\/embed\/#?secret=KEubG1wXSC\" width=\"600\" height=\"338\" title=\"\u00ab\u00a0Comment s\u2019orienter dans un monde incertain ?\u00a0\u00bb &#8212; Facult\u00e9 \/ FPSE\" data-secret=\"KEubG1wXSC\" frameborder=\"0\" marginwidth=\"0\" marginheight=\"0\" scrolling=\"no\" class=\"wp-embedded-content\"><\/iframe><script type=\"text\/javascript\">\n\/* <![CDATA[ *\/\n\/*! This file is auto-generated *\/\n!function(d,l){\"use strict\";l.querySelector&&d.addEventListener&&\"undefined\"!=typeof URL&&(d.wp=d.wp||{},d.wp.receiveEmbedMessage||(d.wp.receiveEmbedMessage=function(e){var t=e.data;if((t||t.secret||t.message||t.value)&&!\/[^a-zA-Z0-9]\/.test(t.secret)){for(var s,r,n,a=l.querySelectorAll('iframe[data-secret=\"'+t.secret+'\"]'),o=l.querySelectorAll('blockquote[data-secret=\"'+t.secret+'\"]'),c=new RegExp(\"^https?:$\",\"i\"),i=0;i<o.length;i++)o[i].style.display=\"none\";for(i=0;i<a.length;i++)s=a[i],e.source===s.contentWindow&&(s.removeAttribute(\"style\"),\"height\"===t.message?(1e3<(r=parseInt(t.value,10))?r=1e3:~~r<200&&(r=200),s.height=r):\"link\"===t.message&&(r=new URL(s.getAttribute(\"src\")),n=new URL(t.value),c.test(n.protocol))&&n.host===r.host&&l.activeElement===s&&(d.top.location.href=t.value))}},d.addEventListener(\"message\",d.wp.receiveEmbedMessage,!1),l.addEventListener(\"DOMContentLoaded\",function(){for(var e,t,s=l.querySelectorAll(\"iframe.wp-embedded-content\"),r=0;r<s.length;r++)(t=(e=s[r]).getAttribute(\"data-secret\"))||(t=Math.random().toString(36).substring(2,12),e.src+=\"#?secret=\"+t,e.setAttribute(\"data-secret\",t)),e.contentWindow.postMessage({message:\"ready\",secret:t},\"*\")},!1)))}(window,document);\n\/\/# sourceURL=https:\/\/web.umons.ac.be\/fpse\/wp-includes\/js\/wp-embed.min.js\n\/* ]]> *\/\n<\/script>\n","description":"L\u2019orientation scolaire est aujourd\u2019hui au c\u0153ur des pr\u00e9occupations de l\u2019\u00e9cole, tant en Belgique francophone qu\u2019au niveau international. Le Pacte pour un enseignement d\u2019excellence propose de penser et d\u2019organiser une approche \u00e9ducative de l\u2019orientation afin de pr\u00e9parer au mieux nos \u00e9l\u00e8ves \u00e0 se d\u00e9velopper tant personnellement que professionnellement. Cette journ\u00e9e de formation, destin\u00e9e \u00e0 tous les [&hellip;]"}