{"version":"1.0","provider_name":"Facult\u00e9 \/ FPSE","provider_url":"https:\/\/web.umons.ac.be\/fpse","author_name":"Elsa Cuche","author_url":"https:\/\/web.umons.ac.be\/fpse\/author\/ecuche\/","title":"P\u00e9dagogie universitaire et de l'enseignement sup\u00e9rieur - Facult\u00e9 \/ FPSE","type":"rich","width":600,"height":338,"html":"<blockquote class=\"wp-embedded-content\" data-secret=\"tZk4GDl5fY\"><a href=\"https:\/\/web.umons.ac.be\/fpse\/fr\/formations\/ms-mspeda\/\">P\u00e9dagogie universitaire et de l&rsquo;enseignement sup\u00e9rieur<\/a><\/blockquote><iframe sandbox=\"allow-scripts\" security=\"restricted\" src=\"https:\/\/web.umons.ac.be\/fpse\/fr\/formations\/ms-mspeda\/embed\/#?secret=tZk4GDl5fY\" width=\"600\" height=\"338\" title=\"\u00ab\u00a0P\u00e9dagogie universitaire et de l&rsquo;enseignement sup\u00e9rieur\u00a0\u00bb &#8212; Facult\u00e9 \/ FPSE\" data-secret=\"tZk4GDl5fY\" frameborder=\"0\" marginwidth=\"0\" marginheight=\"0\" scrolling=\"no\" class=\"wp-embedded-content\"><\/iframe><script type=\"text\/javascript\">\n\/* <![CDATA[ *\/\n\/*! This file is auto-generated *\/\n!function(d,l){\"use strict\";l.querySelector&&d.addEventListener&&\"undefined\"!=typeof URL&&(d.wp=d.wp||{},d.wp.receiveEmbedMessage||(d.wp.receiveEmbedMessage=function(e){var t=e.data;if((t||t.secret||t.message||t.value)&&!\/[^a-zA-Z0-9]\/.test(t.secret)){for(var s,r,n,a=l.querySelectorAll('iframe[data-secret=\"'+t.secret+'\"]'),o=l.querySelectorAll('blockquote[data-secret=\"'+t.secret+'\"]'),c=new RegExp(\"^https?:$\",\"i\"),i=0;i<o.length;i++)o[i].style.display=\"none\";for(i=0;i<a.length;i++)s=a[i],e.source===s.contentWindow&&(s.removeAttribute(\"style\"),\"height\"===t.message?(1e3<(r=parseInt(t.value,10))?r=1e3:~~r<200&&(r=200),s.height=r):\"link\"===t.message&&(r=new URL(s.getAttribute(\"src\")),n=new URL(t.value),c.test(n.protocol))&&n.host===r.host&&l.activeElement===s&&(d.top.location.href=t.value))}},d.addEventListener(\"message\",d.wp.receiveEmbedMessage,!1),l.addEventListener(\"DOMContentLoaded\",function(){for(var e,t,s=l.querySelectorAll(\"iframe.wp-embedded-content\"),r=0;r<s.length;r++)(t=(e=s[r]).getAttribute(\"data-secret\"))||(t=Math.random().toString(36).substring(2,12),e.src+=\"#?secret=\"+t,e.setAttribute(\"data-secret\",t)),e.contentWindow.postMessage({message:\"ready\",secret:t},\"*\")},!1)))}(window,document);\n\/\/# sourceURL=https:\/\/web.umons.ac.be\/fpse\/wp-includes\/js\/wp-embed.min.js\n\/* ]]> *\/\n<\/script>\n","description":"Ce master est con\u00e7u pour r\u00e9pondre aux besoins de formation des personnels enseignant au sein des universit\u00e9s et des hautes \u00e9coles (toutes disciplines), en particulier dans les cursus de formation d\u2019enseignants et de formateurs. Il s\u2019adresse aussi aux personnes qui exercent d\u00e9j\u00e0 ou qui sont susceptibles d\u2019exercer des fonctions d\u2019encadrement, de conseil, d\u2019\u00e9valuation dans l\u2019enseignement [&hellip;]"}