{"id":64,"date":"2024-04-22T11:20:55","date_gmt":"2024-04-22T09:20:55","guid":{"rendered":"https:\/\/web.umons.ac.be\/fs-informatique\/?page_id=64"},"modified":"2024-06-21T08:00:19","modified_gmt":"2024-06-21T06:00:19","slug":"vincent-callut","status":"publish","type":"page","link":"https:\/\/web.umons.ac.be\/fs-informatique\/equipes\/vincent-callut\/","title":{"rendered":"Vincent Callut"},"content":{"rendered":"<div class=\"wp-block-columns is-layout-flex wp-container-core-columns-layout-1 wp-block-columns-is-layout-flex\">\n<div class=\"wp-block-column is-layout-flow wp-block-column-is-layout-flow\">\n<p><strong>Coordinateur de formations<\/strong>\u00a0\u00e0 l\u2019UMONS<\/p>\n<p><strong>Responsable des Unit\u00e9s d\u2019Enseignement<\/strong>\u00a0\u00ab\u00a0Stage\u00a0\u00bb, \u00ab\u00a0Veille Technologique\u00a0\u00bb et \u00ab\u00a0Communication\u00a0\u00bb, dans le cadre du\u00a0Master (en alternance) en Sciences Informatiques \u00e0 Finalit\u00e9 Sp\u00e9cialis\u00e9e Professionnelle<\/p>\n<hr \/>\n<start-cask-shortcode-wrapper><article class=\"shortcode-training training-small content-block scheme-fs\">\n\t<a href=\"https:\/\/web.umons.ac.be\/fs\/fr\/training\/m2-infosp-c\/\" class=\"training-link scheme-border-hover\">\n\t\t<header class=\"training-small-header\">\n\t\t\t<div class=\"training-small-entity scheme-color\">\n\t\t\t\tFacult\u00e9 \/ FS\t\t\t\t\t           \t<img decoding=\"async\" src=\"https:\/\/web.umons.ac.be\/app\/uploads\/sites\/11\/2017\/05\/FS.png\" class=\"training-small-entity-logo\" alt=\"Ic\u00f4ne de Facult\u00e9 \/ FS\">\n\t        \t\t\t\t<\/div>\n\t\t\t<div class=\"training-small-degree\">\n\t\t\t\tMaster en\t\t\t<\/div>\n\n\t\t\t<h1 class=\"training-small-title\">Sciences informatiques<\/h1>\n\n\t\t\t\t\t\t<div class=\"training-small-subtitle\">\n\t\t\t\t<strong>Finalit\u00e9 sp\u00e9cialis\u00e9e professionnelle<\/strong>\n\t\t\t<\/div>\n\t\t\t\t\t<\/header>\n\t\t\t\t<div class=\"training-small-content\">\n\t\t\t<div class=\"training-small-location\">\n\t\t\t\t<span class=\"icon umons-icon-pin\" aria-hidden=\"true\"><\/span>\n\t\t\t\t<span class=\"location\">Charleroi<\/span>\n\t\t\t<\/div>\n\n\t\t\t\t\t\t<div class=\"training-small-side-info\">\n\t\t\t\t<ul class=\"training-small-side-info-list\">\n\t\t\t\t\t\t\t\t\t\t<li>\n\t\t\t\t\t\t<div class=\"training-single-schedule\">\n\t\t\t\t\t\t\t<div class=\"label\">Horaire<\/div>\n\t\t\t\t\t\t\t<div class=\"value\">Horaire en alternance<\/div>\n\t\t\t\t\t\t<\/div>\n\t\t\t\t\t<\/li>\n\t\t\t\t\t\t\t\t\t\t\t\t\t\t\t<li>\n\t\t\t\t\t\t<div class=\"training-single-credits\">\n\t\t\t\t\t\t\t<div class=\"label\">Cr\u00e9dits ECTS<\/div>\n\t\t\t\t\t\t\t<div class=\"value\">120<\/div>\n\t\t\t\t\t\t<\/div>\n\t\t\t\t\t<\/li>\n\t\t\t\t\t\t\t\t\t\t\t\t\t\t\t<li>\n\t\t\t\t\t\t<div class=\"training-single-languages\">\n\t\t\t\t\t\t\t<div class=\"label\">Langue<\/div>\n\t\t\t\t\t\t\t<div class=\"value\">\n\t\t\t\t\t\t\t\t<span class=\"lang\">Fran\u00e7ais<\/span>\n\t\t\t\t\t\t\t<\/div>\n\t\t\t\t\t\t<\/div>\n\t\t\t\t\t<\/li>\n\t\t\t\t\t\t\t\t\t<\/ul>\n\t\t\t<\/div>\n\t\t\t\t\t<\/div>\n\t\t\t<\/a>\n<\/article>\n<end-cask-shortcode-wrapper>\n<hr \/>\n<p><strong>Analyste Fonctionnel<\/strong> et Project Manager freelance<\/p>\n<\/div>\n<\/div>\n<h2 id=\"suite\" class=\"wp-block-heading\">Contact<\/h2>\n<p><a href=\"mailto:vincent.callut@umons.ac.be\">vincent.callut@umons.ac.be<\/a><\/p>\n","protected":false},"excerpt":{"rendered":"<p>Coordinateur de formations\u00a0\u00e0 l\u2019UMONS Responsable des Unit\u00e9s d\u2019Enseignement\u00a0\u00ab\u00a0Stage\u00a0\u00bb, \u00ab\u00a0Veille Technologique\u00a0\u00bb et \u00ab\u00a0Communication\u00a0\u00bb, dans le cadre du\u00a0Master (en alternance) en Sciences Informatiques \u00e0 Finalit\u00e9 Sp\u00e9cialis\u00e9e Professionnelle Analyste Fonctionnel et Project Manager freelance Contact vincent.callut@umons.ac.be<\/p>\n","protected":false},"author":2,"featured_media":0,"parent":40,"menu_order":0,"comment_status":"closed","ping_status":"closed","template":"","meta":{"footnotes":""},"class_list":["post-64","page","type-page","status-publish","hentry"],"yoast_head":"<!-- This site is optimized with the Yoast SEO plugin v27.2 - https:\/\/yoast.com\/product\/yoast-seo-wordpress\/ -->\n<title>Vincent Callut - FS - D\u00e9partement d&#039;Informatique<\/title>\n<meta name=\"robots\" content=\"index, follow, max-snippet:-1, max-image-preview:large, max-video-preview:-1\" \/>\n<link rel=\"canonical\" href=\"https:\/\/web.umons.ac.be\/fs-informatique\/equipes\/vincent-callut\/\" \/>\n<meta property=\"og:locale\" content=\"fr_FR\" \/>\n<meta property=\"og:type\" content=\"article\" \/>\n<meta property=\"og:title\" content=\"Vincent Callut - FS - D\u00e9partement d&#039;Informatique\" \/>\n<meta property=\"og:description\" content=\"Coordinateur de formations\u00a0\u00e0 l\u2019UMONS Responsable des Unit\u00e9s d\u2019Enseignement\u00a0\u00ab\u00a0Stage\u00a0\u00bb, \u00ab\u00a0Veille Technologique\u00a0\u00bb et \u00ab\u00a0Communication\u00a0\u00bb, dans le cadre du\u00a0Master (en alternance) en Sciences Informatiques \u00e0 Finalit\u00e9 Sp\u00e9cialis\u00e9e Professionnelle Analyste Fonctionnel et Project Manager freelance Contact vincent.callut@umons.ac.be\" \/>\n<meta property=\"og:url\" content=\"https:\/\/web.umons.ac.be\/fs-informatique\/equipes\/vincent-callut\/\" \/>\n<meta property=\"og:site_name\" content=\"FS - D\u00e9partement d&#039;Informatique\" \/>\n<meta property=\"article:modified_time\" content=\"2024-06-21T06:00:19+00:00\" \/>\n<meta name=\"twitter:card\" content=\"summary_large_image\" \/>\n<meta name=\"twitter:label1\" content=\"Dur\u00e9e de lecture estim\u00e9e\" \/>\n\t<meta name=\"twitter:data1\" content=\"1 minute\" \/>\n<script type=\"application\/ld+json\" class=\"yoast-schema-graph\">{\"@context\":\"https:\/\/schema.org\",\"@graph\":[{\"@type\":\"WebPage\",\"@id\":\"https:\/\/web.umons.ac.be\/fs-informatique\/equipes\/vincent-callut\/\",\"url\":\"https:\/\/web.umons.ac.be\/fs-informatique\/equipes\/vincent-callut\/\",\"name\":\"Vincent Callut - FS - D\u00e9partement d&#039;Informatique\",\"isPartOf\":{\"@id\":\"https:\/\/web.umons.ac.be\/fs-informatique\/#website\"},\"datePublished\":\"2024-04-22T09:20:55+00:00\",\"dateModified\":\"2024-06-21T06:00:19+00:00\",\"breadcrumb\":{\"@id\":\"https:\/\/web.umons.ac.be\/fs-informatique\/equipes\/vincent-callut\/#breadcrumb\"},\"inLanguage\":\"fr-FR\",\"potentialAction\":[{\"@type\":\"ReadAction\",\"target\":[\"https:\/\/web.umons.ac.be\/fs-informatique\/equipes\/vincent-callut\/\"]}]},{\"@type\":\"BreadcrumbList\",\"@id\":\"https:\/\/web.umons.ac.be\/fs-informatique\/equipes\/vincent-callut\/#breadcrumb\",\"itemListElement\":[{\"@type\":\"ListItem\",\"position\":1,\"name\":\"Accueil\",\"item\":\"https:\/\/web.umons.ac.be\/fs-informatique\/\"},{\"@type\":\"ListItem\",\"position\":2,\"name\":\"\u00c9quipes\",\"item\":\"https:\/\/web.umons.ac.be\/fs-informatique\/equipes\/\"},{\"@type\":\"ListItem\",\"position\":3,\"name\":\"Vincent Callut\"}]},{\"@type\":\"WebSite\",\"@id\":\"https:\/\/web.umons.ac.be\/fs-informatique\/#website\",\"url\":\"https:\/\/web.umons.ac.be\/fs-informatique\/\",\"name\":\"FS - D\u00e9partement d&#039;Informatique\",\"description\":\"\",\"potentialAction\":[{\"@type\":\"SearchAction\",\"target\":{\"@type\":\"EntryPoint\",\"urlTemplate\":\"https:\/\/web.umons.ac.be\/fs-informatique\/?s={search_term_string}\"},\"query-input\":{\"@type\":\"PropertyValueSpecification\",\"valueRequired\":true,\"valueName\":\"search_term_string\"}}],\"inLanguage\":\"fr-FR\"}]}<\/script>\n<!-- \/ Yoast SEO plugin. -->","yoast_head_json":{"title":"Vincent Callut - FS - D\u00e9partement d&#039;Informatique","robots":{"index":"index","follow":"follow","max-snippet":"max-snippet:-1","max-image-preview":"max-image-preview:large","max-video-preview":"max-video-preview:-1"},"canonical":"https:\/\/web.umons.ac.be\/fs-informatique\/equipes\/vincent-callut\/","og_locale":"fr_FR","og_type":"article","og_title":"Vincent Callut - FS - D\u00e9partement d&#039;Informatique","og_description":"Coordinateur de formations\u00a0\u00e0 l\u2019UMONS Responsable des Unit\u00e9s d\u2019Enseignement\u00a0\u00ab\u00a0Stage\u00a0\u00bb, \u00ab\u00a0Veille Technologique\u00a0\u00bb et \u00ab\u00a0Communication\u00a0\u00bb, dans le cadre du\u00a0Master (en alternance) en Sciences Informatiques \u00e0 Finalit\u00e9 Sp\u00e9cialis\u00e9e Professionnelle Analyste Fonctionnel et Project Manager freelance Contact vincent.callut@umons.ac.be","og_url":"https:\/\/web.umons.ac.be\/fs-informatique\/equipes\/vincent-callut\/","og_site_name":"FS - D\u00e9partement d&#039;Informatique","article_modified_time":"2024-06-21T06:00:19+00:00","twitter_card":"summary_large_image","twitter_misc":{"Dur\u00e9e de lecture estim\u00e9e":"1 minute"},"schema":{"@context":"https:\/\/schema.org","@graph":[{"@type":"WebPage","@id":"https:\/\/web.umons.ac.be\/fs-informatique\/equipes\/vincent-callut\/","url":"https:\/\/web.umons.ac.be\/fs-informatique\/equipes\/vincent-callut\/","name":"Vincent Callut - FS - D\u00e9partement d&#039;Informatique","isPartOf":{"@id":"https:\/\/web.umons.ac.be\/fs-informatique\/#website"},"datePublished":"2024-04-22T09:20:55+00:00","dateModified":"2024-06-21T06:00:19+00:00","breadcrumb":{"@id":"https:\/\/web.umons.ac.be\/fs-informatique\/equipes\/vincent-callut\/#breadcrumb"},"inLanguage":"fr-FR","potentialAction":[{"@type":"ReadAction","target":["https:\/\/web.umons.ac.be\/fs-informatique\/equipes\/vincent-callut\/"]}]},{"@type":"BreadcrumbList","@id":"https:\/\/web.umons.ac.be\/fs-informatique\/equipes\/vincent-callut\/#breadcrumb","itemListElement":[{"@type":"ListItem","position":1,"name":"Accueil","item":"https:\/\/web.umons.ac.be\/fs-informatique\/"},{"@type":"ListItem","position":2,"name":"\u00c9quipes","item":"https:\/\/web.umons.ac.be\/fs-informatique\/equipes\/"},{"@type":"ListItem","position":3,"name":"Vincent Callut"}]},{"@type":"WebSite","@id":"https:\/\/web.umons.ac.be\/fs-informatique\/#website","url":"https:\/\/web.umons.ac.be\/fs-informatique\/","name":"FS - D\u00e9partement d&#039;Informatique","description":"","potentialAction":[{"@type":"SearchAction","target":{"@type":"EntryPoint","urlTemplate":"https:\/\/web.umons.ac.be\/fs-informatique\/?s={search_term_string}"},"query-input":{"@type":"PropertyValueSpecification","valueRequired":true,"valueName":"search_term_string"}}],"inLanguage":"fr-FR"}]}},"lang":"fr","translations":{"fr":64},"pll_sync_post":[],"_links":{"self":[{"href":"https:\/\/web.umons.ac.be\/fs-informatique\/wp-json\/wp\/v2\/pages\/64","targetHints":{"allow":["GET"]}}],"collection":[{"href":"https:\/\/web.umons.ac.be\/fs-informatique\/wp-json\/wp\/v2\/pages"}],"about":[{"href":"https:\/\/web.umons.ac.be\/fs-informatique\/wp-json\/wp\/v2\/types\/page"}],"author":[{"embeddable":true,"href":"https:\/\/web.umons.ac.be\/fs-informatique\/wp-json\/wp\/v2\/users\/2"}],"replies":[{"embeddable":true,"href":"https:\/\/web.umons.ac.be\/fs-informatique\/wp-json\/wp\/v2\/comments?post=64"}],"version-history":[{"count":3,"href":"https:\/\/web.umons.ac.be\/fs-informatique\/wp-json\/wp\/v2\/pages\/64\/revisions"}],"predecessor-version":[{"id":171,"href":"https:\/\/web.umons.ac.be\/fs-informatique\/wp-json\/wp\/v2\/pages\/64\/revisions\/171"}],"up":[{"embeddable":true,"href":"https:\/\/web.umons.ac.be\/fs-informatique\/wp-json\/wp\/v2\/pages\/40"}],"wp:attachment":[{"href":"https:\/\/web.umons.ac.be\/fs-informatique\/wp-json\/wp\/v2\/media?parent=64"}],"curies":[{"name":"wp","href":"https:\/\/api.w.org\/{rel}","templated":true}]}}