{"id":70,"date":"2024-05-22T14:28:33","date_gmt":"2024-05-22T12:28:33","guid":{"rendered":"https:\/\/web.umons.ac.be\/fs-mathematique\/?page_id=70"},"modified":"2025-07-18T14:43:46","modified_gmt":"2025-07-18T12:43:46","slug":"debouches","status":"publish","type":"page","link":"https:\/\/web.umons.ac.be\/fs-mathematique\/enseignement\/debouches\/","title":{"rendered":"D\u00e9bouch\u00e9s"},"content":{"rendered":"<p>Avec les technologies nouvelles de plus en plus pr\u00e9sentes, les d\u00e9bouch\u00e9s dans les entreprises du secteur priv\u00e9 pour les dipl\u00f4m\u00e9s des Facult\u00e9s de Sciences se sont multipli\u00e9s, aussi bien pour les math\u00e9maticiens, les physiciens, que pour les biologistes, chimistes et informaticiens. Le d\u00e9veloppement des mod\u00e8les math\u00e9matiques dans la finance et les biotechnologies ouvre de nouvelles perspectives d\u2019emploi pour les math\u00e9maticiens. L\u2019\u00e9mergence des pr\u00e9occupations \u00e9cologiques avec le concept de d\u00e9veloppement durable cr\u00e9e de nouveaux d\u00e9bouch\u00e9s pour les dipl\u00f4m\u00e9s en biologie. Le secteur des mat\u00e9riaux nouveaux et des biomat\u00e9riaux est demandeur de chimistes et de physiciens. Et partout, on recrute des informaticiens ou des scientifiques d\u00e9tenteurs d\u2019une formation mixte dont une composante est l\u2019informatique. Les entreprises appr\u00e9cient de plus en plus les dipl\u00f4m\u00e9s en sciences pour leur formation pluridisciplinaire, leur rigueur scientifique, leur facult\u00e9 d\u2019adaptation et leur capacit\u00e9 \u00e0 r\u00e9soudre une vaste gamme de probl\u00e8mes.<\/p>\n<p>Afin de r\u00e9pondre \u00e0 ces demandes du monde du travail, <strong>chaque Master \u2013 \u00e0 l\u2019exception des Masters en un an \u2013 se d\u00e9cline en diff\u00e9rentes finalit\u00e9s<\/strong>, chacune pr\u00e9parant \u00e0 des profils professionnels sp\u00e9cifiques. Dans ces finalit\u00e9s, la pratique des stages en entreprises en Belgique ou \u00e0 l\u2019\u00e9tranger au cours des \u00e9tudes de Master s\u2019est g\u00e9n\u00e9ralis\u00e9e.<\/p>\n<p>Alors que la finalit\u00e9 des \u00e9tudes en sciences est encore trop souvent associ\u00e9e dans le grand public et parmi les milieux scolaires au seul m\u00e9tier d\u2019enseignant dans l\u2019enseignement secondaire sup\u00e9rieur, la plupart de nos dipl\u00f4m\u00e9s travaillent dans les secteurs informatique, bancaire, pharmaceutique, des assurances, de la finance, des t\u00e9l\u00e9communications, de la biotechnologie, de la chimie, de l\u2019optique, de l\u2019industrie du verre, dans les centres de recherches priv\u00e9s ou publics. D\u2019autre part, cette offre accrue de la part des entreprises est entr\u00e9e en concurrence avec les besoins en enseignants et le manque de professeurs de sciences et surtout de math\u00e9matiques est criant depuis plusieurs ann\u00e9es. Ces professions sont presque chaque ann\u00e9e d\u00e9clar\u00e9es \u201cen p\u00e9nurie\u201d.<\/p>\n<h2><strong>1) D\u00e9bouch\u00e9s suivant les diff\u00e9rentes finalit\u00e9s de Master.<\/strong><\/h2>\n<ul>\n<li><strong>Math\u00e9matique finalit\u00e9 approfondie, m\u00e9tiers de la recherche<\/strong>\u00a0:<\/li>\n<\/ul>\n<p>&#8211; En savoir plus sur le m\u00e9tier de <a href=\"http:\/\/metiers.siep.be\/metier\/chercheurchercheuse-en-mathematiques-pures-ou-appliquees\/\" target=\"_blank\" rel=\"noopener\">chercheur\u00b7euse en math\u00e9matiques pures ou appliqu\u00e9es<\/a>.<\/p>\n<start-cask-shortcode-wrapper>\n<blockquote class=\"shortcode-testimonial scheme-fs\">\n    <div class=\"testimonial-quote\">\n        <div>\u201cJe me suis lanc\u00e9e dans les\r\n\u00e9tudes en math\u00e9matiques sans\r\ntrop me pr\u00e9occuper des d\u00e9bou-\r\nch\u00e9s, simplement par curiosit\u00e9\r\npour la mati\u00e8re.\r\nJ\u2019ai toujours \u00e9t\u00e9 attir\u00e9e par la\r\nrecherche scientifique mai&hellip;<\/div>\n                <a href=\"#testimonial-modal-265\" class=\"button-secondary open-testimonial scheme-border scheme-color-hover-important\">\n            Poursuivre la lecture <span class=\"icon umons-icon-tail-right\" aria-hidden=\"true\"><\/span>\n        <\/a>\n            <\/div>\n    <div class=\"testimonial-author\">\n                <div class=\"testimonial-picture\">\n            <img decoding=\"async\" src=\"https:\/\/web.umons.ac.be\/app\/uploads\/sites\/210\/2024\/08\/Noemie_Parini-80x80.png\" alt=\"\" \/>\n        <\/div>\n                <div class=\"testimonial-text\">\n            <div class=\"testimonial-identity\">\n                <span class=\"testimonial-author-name\">No\u00e9mie Parrini<\/span>\n                            <\/div>\n            <div class=\"testimonial-meta\">\n                                                <span class=\"testimonial-group\">Master \u00e0 finalit\u00e9 approfondie, m\u00e9tiers de la recherche<\/span>\n                            <\/div>\n        <\/div>\n    <\/div>\n<\/blockquote>\n<div id=\"testimonial-modal-265\" class=\"testimonial-modal-wrap normal\" style=\"display: none;\">\n    <div class=\"shortcode-testimonial-modal\">\n        <blockquote class=\"shortcode-testimonial\">\n            <div class=\"testimonial-quote editor-front\">\n                                <blockquote class=\"highlighted-quote\">Ce sont les deux ann\u00e9es de Master qui m\u2019ont r\u00e9ellement convaincue \u00e0 me lancer dans la recherche.<\/blockquote>\n                                                <div class=\"testimonial-full-quote\"><p>\u201cJe me suis lanc\u00e9e dans les<br \/>\n\u00e9tudes en math\u00e9matiques sans<br \/>\ntrop me pr\u00e9occuper des d\u00e9bou-<br \/>\nch\u00e9s, simplement par curiosit\u00e9<br \/>\npour la mati\u00e8re.<br \/>\nJ\u2019ai toujours \u00e9t\u00e9 attir\u00e9e par la<br \/>\nrecherche scientifique mais apr\u00e8s mes trois an-<br \/>\nn\u00e9es de Bachelier je n\u2019\u00e9tais pas s\u00fbre que j\u2019\u00e9tais<br \/>\nfaite pour cela. J\u2019ai tout de m\u00eame choisi la fina-<br \/>\nlit\u00e9 approfondie en Master en sachant que cela<br \/>\nne m\u2019emp\u00eacherait pas de travailler dans d\u2019autres<br \/>\nsecteurs s\u2019il le fallait. J\u2019avais choisi l\u2019option phy-<br \/>\nsique en Bachelier mais j\u2019ai quand m\u00eame suivi<br \/>\nplusieurs cours d\u2019informatique car cela m\u2019a sem-<br \/>\nbl\u00e9 utile pour le futur. Ce sont les deux ann\u00e9es<br \/>\nde Master qui m\u2019ont r\u00e9ellement convaincue \u00e0 me<br \/>\nlancer dans la recherche. L\u2019encadrement y est<br \/>\nbeaucoup plus personnalis\u00e9 et le format d\u2019ensei-<br \/>\ngnement nous implique davantage tout au long<br \/>\nde l\u2019ann\u00e9e. Cela m\u2019a bien convenu et je me suis<br \/>\nbeaucoup amus\u00e9e pendant ces deux derni\u00e8res<br \/>\nann\u00e9es. La premi\u00e8re m\u2019a servi de \u00ab test \u00bb: j\u2019ai<br \/>\nchoisi de r\u00e9aliser un projet int\u00e9gr\u00e9 avec \u00e0 la fois<br \/>\nun professeur de math\u00e9matiques et un professeur<br \/>\nde physique. Puisque cela avait bien fonctionn\u00e9,<br \/>\nj\u2019ai d\u00e9cid\u00e9 de faire un m\u00e9moire dans le m\u00eame es-<br \/>\nprit. Finalement, j\u2019ai eu l\u2019opportunit\u00e9 de commen-<br \/>\ncer une th\u00e8se de doctorat en tant qu\u2019assistante \u00e0<br \/>\nl\u2019UMONS.\u201d\u00ad\u00ad<\/p>\n<\/div>\n                            <\/div>\n            <div class=\"testimonial-author\">\n                                <div class=\"testimonial-picture\">\n                    <img decoding=\"async\" src=\"https:\/\/web.umons.ac.be\/app\/uploads\/sites\/210\/2024\/08\/Noemie_Parini-80x80.png\" alt=\"\" \/>\n                <\/div>\n                                <div class=\"testimonial-text\">\n                    <div class=\"testimonial-identity\">\n                        <span class=\"testimonial-author-name\">No\u00e9mie Parrini<\/span>\n                                            <\/div>\n                    <div class=\"testimonial-meta\">\n                                                                        <span class=\"testimonial-group\">(Master \u00e0 finalit\u00e9 approfondie, m\u00e9tiers de la recherche)<\/span>\n                                            <\/div>\n                <\/div>\n            <\/div>\n        <\/blockquote>\n    <\/div>\n<\/div>\n<end-cask-shortcode-wrapper>\n<p>&nbsp;<\/p>\n<ul>\n<li><strong>Math\u00e9matique finalit\u00e9 sp\u00e9cialis\u00e9e, m\u00e9tiers de l\u2019informatique et de l\u2019intelligence artificielle<\/strong>\u00a0:<\/li>\n<\/ul>\n<p>&#8211; En savoir plus sur les m\u00e9tiers de <a href=\"http:\/\/metiers.siep.be\/metier\/mathematicien-informaticienmathematicienne-informaticienne\/\" target=\"_blank\" rel=\"noopener\">math\u00e9maticien\u00b7ne informaticien\u00b7ne<\/a> et <a href=\"http:\/\/metiers.siep.be\/metier\/mathematicienmathematicienne-analyste-de-donnees\/\" target=\"_blank\" rel=\"noopener\">math\u00e9maticien\u00b7ne analyste de donn\u00e9es<\/a>.<\/p>\n<start-cask-shortcode-wrapper>\n<blockquote class=\"shortcode-testimonial scheme-fs\">\n    <div class=\"testimonial-quote\">\n        <div>\u00c0 la fin du secondaire, j\u2019aimais bien les maths et je savais que les \u00e9tudes de math\u00e9matiques \u00e0 option\r\ninformatique existaient \u00e0 l\u2019UMONS. Apr\u00e8s mon bachelier, j\u2019ai naturellement opt\u00e9 pour le master\r\n\u00ab&hellip;<\/div>\n                <a href=\"#testimonial-modal-223\" class=\"button-secondary open-testimonial scheme-border scheme-color-hover-important\">\n            Poursuivre la lecture <span class=\"icon umons-icon-tail-right\" aria-hidden=\"true\"><\/span>\n        <\/a>\n            <\/div>\n    <div class=\"testimonial-author\">\n                <div class=\"testimonial-picture\">\n            <img decoding=\"async\" src=\"https:\/\/web.umons.ac.be\/app\/uploads\/sites\/210\/2024\/08\/ErikaDumez-80x80.png\" alt=\"\" \/>\n        <\/div>\n                <div class=\"testimonial-text\">\n            <div class=\"testimonial-identity\">\n                <span class=\"testimonial-author-name\">Erika Dumez<\/span>\n                            <\/div>\n            <div class=\"testimonial-meta\">\n                                                <span class=\"testimonial-group\">Master \u00e0 finalit\u00e9 sp\u00e9cialis\u00e9e, m\u00e9tiers de l\u2019informatique et de l\u2019intelligence artificielle<\/span>\n                            <\/div>\n        <\/div>\n    <\/div>\n<\/blockquote>\n<div id=\"testimonial-modal-223\" class=\"testimonial-modal-wrap normal\" style=\"display: none;\">\n    <div class=\"shortcode-testimonial-modal\">\n        <blockquote class=\"shortcode-testimonial\">\n            <div class=\"testimonial-quote editor-front\">\n                                <blockquote class=\"highlighted-quote\">Les comp\u00e9tences acquises lors de mes \u00e9tudes en math\u00e9matiques sont un vrai atout dans ma vie professionnelle car je dois r\u00e9guli\u00e8rement apprendre et impl\u00e9menter de nouvelles m\u00e9thodes d\u2019analyse de donn\u00e9es.<\/blockquote>\n                                                <div class=\"testimonial-full-quote\"><p>\u00c0 la fin du secondaire, j\u2019aimais bien les maths et je savais que les \u00e9tudes de math\u00e9matiques \u00e0 option<br \/>\ninformatique existaient \u00e0 l\u2019UMONS. Apr\u00e8s mon bachelier, j\u2019ai naturellement opt\u00e9 pour le master<br \/>\n\u00ab m\u00e9tiers de l\u2019informatique et de l\u2019intelligence artificielle \u00bb. Le stage r\u00e9alis\u00e9 lors de mon master m\u2019a<br \/>\npermis de confirmer mon int\u00e9r\u00eat pour cette discipline. Ce stage a \u00e9galement \u00e9t\u00e9 un grand atout lors<br \/>\nde ma recherche d\u2019emploi. D\u00e9sormais, je travaille en tant que data scientist dans une plateforme de<br \/>\npr\u00eats. Mon travail implique de la programmation, de l\u2019analyse de donn\u00e9es, de la gestion de bases de<br \/>\ndonn\u00e9es et la g\u00e9n\u00e9ration de rapports d\u2019analyse. Les comp\u00e9tences acquises lors de mes \u00e9tudes en<br \/>\nmath\u00e9matiques sont un vrai atout dans ma vie professionnelle car je dois r\u00e9guli\u00e8rement apprendre et<br \/>\nimpl\u00e9menter de nouvelles m\u00e9thodes d\u2019analyse de donn\u00e9es.<\/p>\n<\/div>\n                            <\/div>\n            <div class=\"testimonial-author\">\n                                <div class=\"testimonial-picture\">\n                    <img decoding=\"async\" src=\"https:\/\/web.umons.ac.be\/app\/uploads\/sites\/210\/2024\/08\/ErikaDumez-80x80.png\" alt=\"\" \/>\n                <\/div>\n                                <div class=\"testimonial-text\">\n                    <div class=\"testimonial-identity\">\n                        <span class=\"testimonial-author-name\">Erika Dumez<\/span>\n                                            <\/div>\n                    <div class=\"testimonial-meta\">\n                                                                        <span class=\"testimonial-group\">(Master \u00e0 finalit\u00e9 sp\u00e9cialis\u00e9e, m\u00e9tiers de l\u2019informatique et de l\u2019intelligence artificielle)<\/span>\n                                            <\/div>\n                <\/div>\n            <\/div>\n        <\/blockquote>\n    <\/div>\n<\/div>\n<end-cask-shortcode-wrapper>\n<p>&nbsp;<\/p>\n<ul>\n<li><strong>Math\u00e9matique finalit\u00e9 sp\u00e9cialis\u00e9e, m\u00e9tiers de la finance\u00a0<\/strong>:<\/li>\n<\/ul>\n<p>&#8211; En savoir plus sur les m\u00e9tiers de <a href=\"http:\/\/metiers.siep.be\/metier\/mathematicien-analyste-financiermathematicienne-analyste-financiere\/\" target=\"_blank\" rel=\"noopener\">math\u00e9maticien\u00b7ne analyste financier\u00b7\u00e8re<\/a>, <a href=\"http:\/\/metiers.siep.be\/metier\/statisticien-statisticienne\/\" target=\"_blank\" rel=\"noopener\">statisticien\u00b7ne<\/a>, <a href=\"http:\/\/metiers.siep.be\/metier\/actuaire\/\" target=\"_blank\" rel=\"noopener\">math\u00e9maticien\u00b7ne actuaire<\/a> et <a href=\"http:\/\/metiers.siep.be\/metier\/biostatisticien-biostatisticienne\/\" target=\"_blank\" rel=\"noopener\">math\u00e9maticien\u00b7ne biostatisticien\u00b7ne<\/a>.<\/p>\n<start-cask-shortcode-wrapper>\n<blockquote class=\"shortcode-testimonial scheme-fs\">\n    <div class=\"testimonial-quote\">\n        <div>\u201c\u00c0 la fin de mon secondaire,\r\nje souhaitais entreprendre\r\ndes \u00e9tudes qui seraient un\r\nchallenge. J\u2019ai donc d\u00e9cid\u00e9\r\nd\u2019entreprendre un Bachelier\r\nen sciences math\u00e9matiques \u00e0 l\u2019UMONS. Je\r\nne me suis pas &hellip;<\/div>\n                <a href=\"#testimonial-modal-262\" class=\"button-secondary open-testimonial scheme-border scheme-color-hover-important\">\n            Poursuivre la lecture <span class=\"icon umons-icon-tail-right\" aria-hidden=\"true\"><\/span>\n        <\/a>\n            <\/div>\n    <div class=\"testimonial-author\">\n                <div class=\"testimonial-picture\">\n            <img decoding=\"async\" src=\"https:\/\/web.umons.ac.be\/app\/uploads\/sites\/210\/2024\/08\/Kim-Merry_Baise-80x80.png\" alt=\"\" \/>\n        <\/div>\n                <div class=\"testimonial-text\">\n            <div class=\"testimonial-identity\">\n                <span class=\"testimonial-author-name\">Kim-Merry Baise<\/span>\n                            <\/div>\n            <div class=\"testimonial-meta\">\n                                                <span class=\"testimonial-group\">Master \u00e0 finalit\u00e9 sp\u00e9cialis\u00e9e, m\u00e9tiers de la finance<\/span>\n                            <\/div>\n        <\/div>\n    <\/div>\n<\/blockquote>\n<div id=\"testimonial-modal-262\" class=\"testimonial-modal-wrap normal\" style=\"display: none;\">\n    <div class=\"shortcode-testimonial-modal\">\n        <blockquote class=\"shortcode-testimonial\">\n            <div class=\"testimonial-quote editor-front\">\n                                <blockquote class=\"highlighted-quote\">... quelques mois apr\u00e8s avoir \u00e9t\u00e9 dipl\u00f4m\u00e9e, j\u2019ai eu la chance d\u2019\u00eatre engag\u00e9e dans une des plus grandes banques belges priv\u00e9es en tant que business analyste.<\/blockquote>\n                                                <div class=\"testimonial-full-quote\"><p>\u201c\u00c0 la fin de mon secondaire,<br \/>\nje souhaitais entreprendre<br \/>\ndes \u00e9tudes qui seraient un<br \/>\nchallenge. J\u2019ai donc d\u00e9cid\u00e9<br \/>\nd\u2019entreprendre un Bachelier<br \/>\nen sciences math\u00e9matiques \u00e0 l\u2019UMONS. Je<br \/>\nne me suis pas tromp\u00e9e, ces trois ann\u00e9es<br \/>\nde Bachelier et les deux ann\u00e9es de Master<br \/>\nont \u00e9t\u00e9 remplies de challenge mais aussi<br \/>\nde partage, d\u2019amiti\u00e9 et de d\u00e9couverte. Pour<br \/>\nmon Master, j\u2019ai opt\u00e9 pour la finalit\u00e9 sp\u00e9-<br \/>\ncialis\u00e9e, m\u00e9tiers de la finance, et quelques<br \/>\nmois apr\u00e8s avoir \u00e9t\u00e9 dipl\u00f4m\u00e9e, j\u2019ai eu la<br \/>\nchance d\u2019\u00eatre engag\u00e9e dans une des plus<br \/>\ngrandes banques belges priv\u00e9es en tant que<br \/>\nbusiness analyste. C\u2019est pour moi l\u2019aboutis-<br \/>\nsement de mes cinq ann\u00e9es d\u2019\u00e9tude uni-<br \/>\nversitaire. \u00c9tudier les math\u00e9matiques \u00e0<br \/>\nl\u2019UMONS m\u2019a permis d\u2019acqu\u00e9rir des hautes<br \/>\ncomp\u00e9tences en math\u00e9matiques, en finance<br \/>\net en informatique. C\u2019est ce c\u00f4t\u00e9 multidisci-<br \/>\nplinaire qui m\u2019a le plus enthousiasm\u00e9e. De<br \/>\nplus, mes \u00e9tudes m\u2019ont appris \u00e0 ne jamais<br \/>\nabandonner, \u00e0 ne rien l\u00e2cher et \u00e0 toujours<br \/>\nme d\u00e9passer. Gr\u00e2ce \u00e0 mon cursus univer-<br \/>\nsitaire, j\u2019ai pu aborder la vie professionnelle<br \/>\navec s\u00e9r\u00e9nit\u00e9 et efficacit\u00e9.\u201d<\/p>\n<\/div>\n                            <\/div>\n            <div class=\"testimonial-author\">\n                                <div class=\"testimonial-picture\">\n                    <img decoding=\"async\" src=\"https:\/\/web.umons.ac.be\/app\/uploads\/sites\/210\/2024\/08\/Kim-Merry_Baise-80x80.png\" alt=\"\" \/>\n                <\/div>\n                                <div class=\"testimonial-text\">\n                    <div class=\"testimonial-identity\">\n                        <span class=\"testimonial-author-name\">Kim-Merry Baise<\/span>\n                                            <\/div>\n                    <div class=\"testimonial-meta\">\n                                                                        <span class=\"testimonial-group\">(Master \u00e0 finalit\u00e9 sp\u00e9cialis\u00e9e, m\u00e9tiers de la finance)<\/span>\n                                            <\/div>\n                <\/div>\n            <\/div>\n        <\/blockquote>\n    <\/div>\n<\/div>\n<end-cask-shortcode-wrapper>\n<p>&nbsp;<\/p>\n<ul>\n<li><span style=\"text-decoration: underline;\"><strong>Carri\u00e8re d\u2019enseignant dans le secondaire sup\u00e9rieur<\/strong><\/span>, voir les nouveaux <a href=\"https:\/\/web.umons.ac.be\/fs-mathematique\/enseignement\/2eme-cycle-master\/\">Masters propos\u00e9 par l&rsquo;UMons<\/a>.<\/li>\n<\/ul>\n<p>&#8211; En savoir plus sur le m\u00e9tier de <a href=\"http:\/\/metiers.siep.be\/metier\/professeure-de-mathematiques\/\" target=\"_blank\" rel=\"noopener\">professeur\u00b7e de math\u00e9matiques<\/a>.<\/p>\n<start-cask-shortcode-wrapper>\n<blockquote class=\"shortcode-testimonial scheme-fs\">\n    <div class=\"testimonial-quote\">\n        <div>\u201c Depuis mes 15 ans, mon m\u00e9tier de r\u00eave \u00e9tait d\u2019enseigner les math\u00e9matiques \u00e0 l\u2019\u00e9cole dans\r\nlaquelle j\u2019avais fait mes \u00e9tudes secondaires. Gr\u00e2ce \u00e0 l\u2019UMONS et plus particuli\u00e8rement au\r\nD\u00e9partement de Ma&hellip;<\/div>\n                <a href=\"#testimonial-modal-245\" class=\"button-secondary open-testimonial scheme-border scheme-color-hover-important\">\n            Poursuivre la lecture <span class=\"icon umons-icon-tail-right\" aria-hidden=\"true\"><\/span>\n        <\/a>\n            <\/div>\n    <div class=\"testimonial-author\">\n                <div class=\"testimonial-picture\">\n            <img decoding=\"async\" src=\"https:\/\/web.umons.ac.be\/app\/uploads\/sites\/210\/2024\/08\/Antoine_Dupuis-80x80.png\" alt=\"\" \/>\n        <\/div>\n                <div class=\"testimonial-text\">\n            <div class=\"testimonial-identity\">\n                <span class=\"testimonial-author-name\">Antoine Dupuis<\/span>\n                            <\/div>\n            <div class=\"testimonial-meta\">\n                                <span class=\"testimonial-position\">Enseignant dans le secondaire sup\u00e9rieure,<\/span>\n                                                <span class=\"testimonial-group\">Master en Sciences Math\u00e9matiques,  ancienne finalit\u00e9 didactique<\/span>\n                            <\/div>\n        <\/div>\n    <\/div>\n<\/blockquote>\n<div id=\"testimonial-modal-245\" class=\"testimonial-modal-wrap normal\" style=\"display: none;\">\n    <div class=\"shortcode-testimonial-modal\">\n        <blockquote class=\"shortcode-testimonial\">\n            <div class=\"testimonial-quote editor-front\">\n                                <blockquote class=\"highlighted-quote\">...entre \u00e9tudiants de math, on se serre les coudes ; nous formons une sorte de famille soud\u00e9e.<\/blockquote>\n                                                <div class=\"testimonial-full-quote\"><p>\u201c Depuis mes 15 ans, mon m\u00e9tier de r\u00eave \u00e9tait d\u2019enseigner les math\u00e9matiques \u00e0 l\u2019\u00e9cole dans<br \/>\nlaquelle j\u2019avais fait mes \u00e9tudes secondaires. Gr\u00e2ce \u00e0 l\u2019UMONS et plus particuli\u00e8rement au<br \/>\nD\u00e9partement de Math\u00e9matique, j\u2019ai pu r\u00e9aliser ce r\u00eave. Mais pourquoi l\u2019UMONS ? Durant<br \/>\nles s\u00e9ances d\u2019information sur les \u00e9tudes sup\u00e9rieures que nous avions eues en secondaire,<br \/>\non m\u2019avait toujours affirm\u00e9 que l\u2019UMONS \u00e9tait une des meilleures universit\u00e9s en F\u00e9d\u00e9ration Wallonie-<br \/>\nBruxelles en ce qui concerne les math\u00e9matiques. De plus, venant de Tournai, l\u2019universit\u00e9 ne se trouvait<br \/>\nqu\u2019\u00e0 une demi-heure de chez moi.<br \/>\nEn outre, un des principaux avantages que l\u2019on remarque d\u00e8s les premiers cours est la proximit\u00e9 des<br \/>\nprofesseurs. Ces derniers sont tr\u00e8s accessibles pour r\u00e9pondre \u00e0 nos questions, corriger des exercices<br \/>\nque l\u2019on fait pour s\u2019entra\u00eener\u2026<br \/>\nIl existe \u00e9galement un syst\u00e8me de rem\u00e9diation pour pallier \u00e0 nos difficult\u00e9s et les \u00e9tudiants \u00ab plus an-<br \/>\nciens \u00bb sont disponibles pour nous donner des conseils, nous aider \u00e0 r\u00e9soudre des exercices, car entre<br \/>\n\u00e9tudiants de math, on se serre les coudes ; nous formons une sorte de famille soud\u00e9e.<br \/>\nPar ailleurs, j\u2019ai eu la chance de pouvoir faire ma troisi\u00e8me ann\u00e9e de Bachelier \u00e0 Durham, en Angleterre.<br \/>\nCela m\u2019a permis d\u2019am\u00e9liorer mon anglais et j\u2019ai pu suivre un programme de cours que j\u2019ai pu choisir. J\u2019ai<br \/>\n\u00e9t\u00e9 tr\u00e8s bien encadr\u00e9 dans mes d\u00e9marches pour y aller.<br \/>\n\u00c0 la fin des trois ann\u00e9es du Bachelier, il a fallu choisir une finalit\u00e9 pour le Master. Puisque mon but \u00e9tait<br \/>\nde devenir enseignant, j\u2019ai choisi le Master \u00e0 finalit\u00e9 didactique. Nous y sommes form\u00e9s pas \u00e0 pas et on<br \/>\nnous donne toutes sortes d\u2019astuces comme, par exemple, essayer d\u2019anticiper les difficult\u00e9s que pourraient<br \/>\nrencontrer les \u00e9l\u00e8ves par rapport \u00e0 telle ou telle mati\u00e8re. En particulier, pour les stages, on nous poussait<br \/>\nvraiment vers le haut. Les coordinateurs de stage prenaient le temps de nous expliquer ce qui n\u2019allait pas<br \/>\nmais mettaient aussi en valeur les points positifs des le\u00e7ons donn\u00e9es. Gr\u00e2ce \u00e0 leurs conseils ainsi que<br \/>\ngr\u00e2ce \u00e0 nos cours de didactique, on progressait de le\u00e7on en le\u00e7on, stage apr\u00e8s stage.<br \/>\nAu moment d\u2019\u00e9crire ces lignes, je suis enseignant de math\u00e9matiques depuis trois ans dans le secondaire<br \/>\nsup\u00e9rieur, et chaque instant pass\u00e9 en classe est un pur bonheur ! \u201d P9<\/p>\n<\/div>\n                            <\/div>\n            <div class=\"testimonial-author\">\n                                <div class=\"testimonial-picture\">\n                    <img decoding=\"async\" src=\"https:\/\/web.umons.ac.be\/app\/uploads\/sites\/210\/2024\/08\/Antoine_Dupuis-80x80.png\" alt=\"\" \/>\n                <\/div>\n                                <div class=\"testimonial-text\">\n                    <div class=\"testimonial-identity\">\n                        <span class=\"testimonial-author-name\">Antoine Dupuis<\/span>\n                                            <\/div>\n                    <div class=\"testimonial-meta\">\n                                                <span class=\"testimonial-position\">Enseignant dans le secondaire sup\u00e9rieure,<\/span>\n                                                                        <span class=\"testimonial-group\">(Master en Sciences Math\u00e9matiques,  ancienne finalit\u00e9 didactique)<\/span>\n                                            <\/div>\n                <\/div>\n            <\/div>\n        <\/blockquote>\n    <\/div>\n<\/div>\n<end-cask-shortcode-wrapper>\n<p>&nbsp;<\/p>\n<p>&nbsp;<\/p>\n<p>&nbsp;<\/p>\n<h2>2) Page Facebook Math\u00e9matique et M\u00e9tiers : <a href=\"https:\/\/www.facebook.com\/Mathematiqueetmetiers\">Lien<\/a><\/h2>\n<p>&nbsp;<\/p>\n","protected":false},"excerpt":{"rendered":"<p>Avec les technologies nouvelles de plus en plus pr\u00e9sentes, les d\u00e9bouch\u00e9s dans les entreprises du secteur priv\u00e9 pour les dipl\u00f4m\u00e9s des Facult\u00e9s de Sciences se sont multipli\u00e9s, aussi bien pour les math\u00e9maticiens, les physiciens, que pour les biologistes, chimistes et informaticiens. Le d\u00e9veloppement des mod\u00e8les math\u00e9matiques dans la finance et les biotechnologies ouvre de nouvelles [&hellip;]<\/p>\n","protected":false},"author":2,"featured_media":0,"parent":23,"menu_order":0,"comment_status":"closed","ping_status":"closed","template":"","meta":{"footnotes":""},"class_list":["post-70","page","type-page","status-publish","hentry"],"yoast_head":"<!-- This site is optimized with the Yoast SEO plugin v27.2 - https:\/\/yoast.com\/product\/yoast-seo-wordpress\/ -->\n<title>D\u00e9bouch\u00e9s - FS - D\u00e9partement de math\u00e9matique<\/title>\n<meta name=\"robots\" content=\"index, follow, max-snippet:-1, max-image-preview:large, max-video-preview:-1\" \/>\n<link rel=\"canonical\" href=\"https:\/\/web.umons.ac.be\/fs-mathematique\/enseignement\/debouches\/\" \/>\n<meta property=\"og:locale\" content=\"fr_FR\" \/>\n<meta property=\"og:type\" content=\"article\" \/>\n<meta property=\"og:title\" content=\"D\u00e9bouch\u00e9s - FS - D\u00e9partement de math\u00e9matique\" \/>\n<meta property=\"og:description\" content=\"Avec les technologies nouvelles de plus en plus pr\u00e9sentes, les d\u00e9bouch\u00e9s dans les entreprises du secteur priv\u00e9 pour les dipl\u00f4m\u00e9s des Facult\u00e9s de Sciences se sont multipli\u00e9s, aussi bien pour les math\u00e9maticiens, les physiciens, que pour les biologistes, chimistes et informaticiens. Le d\u00e9veloppement des mod\u00e8les math\u00e9matiques dans la finance et les biotechnologies ouvre de nouvelles [&hellip;]\" \/>\n<meta property=\"og:url\" content=\"https:\/\/web.umons.ac.be\/fs-mathematique\/enseignement\/debouches\/\" \/>\n<meta property=\"og:site_name\" content=\"FS - D\u00e9partement de math\u00e9matique\" \/>\n<meta property=\"article:modified_time\" content=\"2025-07-18T12:43:46+00:00\" \/>\n<meta name=\"twitter:card\" content=\"summary_large_image\" \/>\n<meta name=\"twitter:label1\" content=\"Dur\u00e9e de lecture estim\u00e9e\" \/>\n\t<meta name=\"twitter:data1\" content=\"3 minutes\" \/>\n<script type=\"application\/ld+json\" class=\"yoast-schema-graph\">{\"@context\":\"https:\/\/schema.org\",\"@graph\":[{\"@type\":\"WebPage\",\"@id\":\"https:\/\/web.umons.ac.be\/fs-mathematique\/enseignement\/debouches\/\",\"url\":\"https:\/\/web.umons.ac.be\/fs-mathematique\/enseignement\/debouches\/\",\"name\":\"D\u00e9bouch\u00e9s - FS - D\u00e9partement de math\u00e9matique\",\"isPartOf\":{\"@id\":\"https:\/\/web.umons.ac.be\/fs-mathematique\/#website\"},\"datePublished\":\"2024-05-22T12:28:33+00:00\",\"dateModified\":\"2025-07-18T12:43:46+00:00\",\"breadcrumb\":{\"@id\":\"https:\/\/web.umons.ac.be\/fs-mathematique\/enseignement\/debouches\/#breadcrumb\"},\"inLanguage\":\"fr-FR\",\"potentialAction\":[{\"@type\":\"ReadAction\",\"target\":[\"https:\/\/web.umons.ac.be\/fs-mathematique\/enseignement\/debouches\/\"]}]},{\"@type\":\"BreadcrumbList\",\"@id\":\"https:\/\/web.umons.ac.be\/fs-mathematique\/enseignement\/debouches\/#breadcrumb\",\"itemListElement\":[{\"@type\":\"ListItem\",\"position\":1,\"name\":\"Accueil\",\"item\":\"https:\/\/web.umons.ac.be\/fs-mathematique\/\"},{\"@type\":\"ListItem\",\"position\":2,\"name\":\"Enseignement\",\"item\":\"https:\/\/web.umons.ac.be\/fs-mathematique\/enseignement\/\"},{\"@type\":\"ListItem\",\"position\":3,\"name\":\"D\u00e9bouch\u00e9s\"}]},{\"@type\":\"WebSite\",\"@id\":\"https:\/\/web.umons.ac.be\/fs-mathematique\/#website\",\"url\":\"https:\/\/web.umons.ac.be\/fs-mathematique\/\",\"name\":\"FS - D\u00e9partement de math\u00e9matique\",\"description\":\"\",\"potentialAction\":[{\"@type\":\"SearchAction\",\"target\":{\"@type\":\"EntryPoint\",\"urlTemplate\":\"https:\/\/web.umons.ac.be\/fs-mathematique\/?s={search_term_string}\"},\"query-input\":{\"@type\":\"PropertyValueSpecification\",\"valueRequired\":true,\"valueName\":\"search_term_string\"}}],\"inLanguage\":\"fr-FR\"}]}<\/script>\n<!-- \/ Yoast SEO plugin. -->","yoast_head_json":{"title":"D\u00e9bouch\u00e9s - FS - D\u00e9partement de math\u00e9matique","robots":{"index":"index","follow":"follow","max-snippet":"max-snippet:-1","max-image-preview":"max-image-preview:large","max-video-preview":"max-video-preview:-1"},"canonical":"https:\/\/web.umons.ac.be\/fs-mathematique\/enseignement\/debouches\/","og_locale":"fr_FR","og_type":"article","og_title":"D\u00e9bouch\u00e9s - FS - D\u00e9partement de math\u00e9matique","og_description":"Avec les technologies nouvelles de plus en plus pr\u00e9sentes, les d\u00e9bouch\u00e9s dans les entreprises du secteur priv\u00e9 pour les dipl\u00f4m\u00e9s des Facult\u00e9s de Sciences se sont multipli\u00e9s, aussi bien pour les math\u00e9maticiens, les physiciens, que pour les biologistes, chimistes et informaticiens. Le d\u00e9veloppement des mod\u00e8les math\u00e9matiques dans la finance et les biotechnologies ouvre de nouvelles [&hellip;]","og_url":"https:\/\/web.umons.ac.be\/fs-mathematique\/enseignement\/debouches\/","og_site_name":"FS - D\u00e9partement de math\u00e9matique","article_modified_time":"2025-07-18T12:43:46+00:00","twitter_card":"summary_large_image","twitter_misc":{"Dur\u00e9e de lecture estim\u00e9e":"3 minutes"},"schema":{"@context":"https:\/\/schema.org","@graph":[{"@type":"WebPage","@id":"https:\/\/web.umons.ac.be\/fs-mathematique\/enseignement\/debouches\/","url":"https:\/\/web.umons.ac.be\/fs-mathematique\/enseignement\/debouches\/","name":"D\u00e9bouch\u00e9s - FS - D\u00e9partement de math\u00e9matique","isPartOf":{"@id":"https:\/\/web.umons.ac.be\/fs-mathematique\/#website"},"datePublished":"2024-05-22T12:28:33+00:00","dateModified":"2025-07-18T12:43:46+00:00","breadcrumb":{"@id":"https:\/\/web.umons.ac.be\/fs-mathematique\/enseignement\/debouches\/#breadcrumb"},"inLanguage":"fr-FR","potentialAction":[{"@type":"ReadAction","target":["https:\/\/web.umons.ac.be\/fs-mathematique\/enseignement\/debouches\/"]}]},{"@type":"BreadcrumbList","@id":"https:\/\/web.umons.ac.be\/fs-mathematique\/enseignement\/debouches\/#breadcrumb","itemListElement":[{"@type":"ListItem","position":1,"name":"Accueil","item":"https:\/\/web.umons.ac.be\/fs-mathematique\/"},{"@type":"ListItem","position":2,"name":"Enseignement","item":"https:\/\/web.umons.ac.be\/fs-mathematique\/enseignement\/"},{"@type":"ListItem","position":3,"name":"D\u00e9bouch\u00e9s"}]},{"@type":"WebSite","@id":"https:\/\/web.umons.ac.be\/fs-mathematique\/#website","url":"https:\/\/web.umons.ac.be\/fs-mathematique\/","name":"FS - D\u00e9partement de math\u00e9matique","description":"","potentialAction":[{"@type":"SearchAction","target":{"@type":"EntryPoint","urlTemplate":"https:\/\/web.umons.ac.be\/fs-mathematique\/?s={search_term_string}"},"query-input":{"@type":"PropertyValueSpecification","valueRequired":true,"valueName":"search_term_string"}}],"inLanguage":"fr-FR"}]}},"lang":"fr","translations":{"fr":70},"pll_sync_post":[],"_links":{"self":[{"href":"https:\/\/web.umons.ac.be\/fs-mathematique\/wp-json\/wp\/v2\/pages\/70","targetHints":{"allow":["GET"]}}],"collection":[{"href":"https:\/\/web.umons.ac.be\/fs-mathematique\/wp-json\/wp\/v2\/pages"}],"about":[{"href":"https:\/\/web.umons.ac.be\/fs-mathematique\/wp-json\/wp\/v2\/types\/page"}],"author":[{"embeddable":true,"href":"https:\/\/web.umons.ac.be\/fs-mathematique\/wp-json\/wp\/v2\/users\/2"}],"replies":[{"embeddable":true,"href":"https:\/\/web.umons.ac.be\/fs-mathematique\/wp-json\/wp\/v2\/comments?post=70"}],"version-history":[{"count":4,"href":"https:\/\/web.umons.ac.be\/fs-mathematique\/wp-json\/wp\/v2\/pages\/70\/revisions"}],"predecessor-version":[{"id":367,"href":"https:\/\/web.umons.ac.be\/fs-mathematique\/wp-json\/wp\/v2\/pages\/70\/revisions\/367"}],"up":[{"embeddable":true,"href":"https:\/\/web.umons.ac.be\/fs-mathematique\/wp-json\/wp\/v2\/pages\/23"}],"wp:attachment":[{"href":"https:\/\/web.umons.ac.be\/fs-mathematique\/wp-json\/wp\/v2\/media?parent=70"}],"curies":[{"name":"wp","href":"https:\/\/api.w.org\/{rel}","templated":true}]}}