{"version":"1.0","provider_name":"Facult\u00e9 \/ FWEG","provider_url":"https:\/\/web.umons.ac.be\/fweg","author_name":"Florence Laline","author_url":"https:\/\/web.umons.ac.be\/fweg\/author\/flaline\/","title":"A propos de la facult\u00e9 - Facult\u00e9 \/ FWEG","type":"rich","width":600,"height":338,"html":"<blockquote class=\"wp-embedded-content\" data-secret=\"7VgeoEUqJM\"><a href=\"https:\/\/web.umons.ac.be\/fweg\/fr\/a-propos-de-la-faculte\/\">A propos de la facult\u00e9<\/a><\/blockquote><iframe sandbox=\"allow-scripts\" security=\"restricted\" src=\"https:\/\/web.umons.ac.be\/fweg\/fr\/a-propos-de-la-faculte\/embed\/#?secret=7VgeoEUqJM\" width=\"600\" height=\"338\" title=\"\u00ab\u00a0A propos de la facult\u00e9\u00a0\u00bb &#8212; Facult\u00e9 \/ FWEG\" data-secret=\"7VgeoEUqJM\" frameborder=\"0\" marginwidth=\"0\" marginheight=\"0\" scrolling=\"no\" class=\"wp-embedded-content\"><\/iframe><script type=\"text\/javascript\">\n\/* <![CDATA[ *\/\n\/*! This file is auto-generated *\/\n!function(d,l){\"use strict\";l.querySelector&&d.addEventListener&&\"undefined\"!=typeof URL&&(d.wp=d.wp||{},d.wp.receiveEmbedMessage||(d.wp.receiveEmbedMessage=function(e){var t=e.data;if((t||t.secret||t.message||t.value)&&!\/[^a-zA-Z0-9]\/.test(t.secret)){for(var s,r,n,a=l.querySelectorAll('iframe[data-secret=\"'+t.secret+'\"]'),o=l.querySelectorAll('blockquote[data-secret=\"'+t.secret+'\"]'),c=new RegExp(\"^https?:$\",\"i\"),i=0;i<o.length;i++)o[i].style.display=\"none\";for(i=0;i<a.length;i++)s=a[i],e.source===s.contentWindow&&(s.removeAttribute(\"style\"),\"height\"===t.message?(1e3<(r=parseInt(t.value,10))?r=1e3:~~r<200&&(r=200),s.height=r):\"link\"===t.message&&(r=new URL(s.getAttribute(\"src\")),n=new URL(t.value),c.test(n.protocol))&&n.host===r.host&&l.activeElement===s&&(d.top.location.href=t.value))}},d.addEventListener(\"message\",d.wp.receiveEmbedMessage,!1),l.addEventListener(\"DOMContentLoaded\",function(){for(var e,t,s=l.querySelectorAll(\"iframe.wp-embedded-content\"),r=0;r<s.length;r++)(t=(e=s[r]).getAttribute(\"data-secret\"))||(t=Math.random().toString(36).substring(2,12),e.src+=\"#?secret=\"+t,e.setAttribute(\"data-secret\",t)),e.contentWindow.postMessage({message:\"ready\",secret:t},\"*\")},!1)))}(window,document);\n\/\/# sourceURL=https:\/\/web.umons.ac.be\/fweg\/wp-includes\/js\/wp-embed.min.js\n\/* ]]> *\/\n<\/script>\n","description":"La Facult\u00e9 Warocqu\u00e9 d\u2019Economie et de Gestion offre des \u00e9tudes de Bachelier et de Master dans le domaine de l\u2019\u00e9conomie et de la gestion ainsi qu\u2019un Master en Politique \u00e9conomique et sociale. Elle est pr\u00e9sente \u00e0 Mons, en horaire de jour, mais \u00e9galement \u00e0 Charleroi, en horaire de jour et en horaire d\u00e9cal\u00e9. La Facult\u00e9 [&hellip;]"}