{"version":"1.0","provider_name":"Facult\u00e9 \/ FWEG","provider_url":"https:\/\/web.umons.ac.be\/fweg","author_name":"Florence Laline","author_url":"https:\/\/web.umons.ac.be\/fweg\/author\/flaline\/","title":"Investissements, risques et environnement - R\u00e9mi Valepin - Facult\u00e9 \/ FWEG","type":"rich","width":600,"height":338,"html":"<blockquote class=\"wp-embedded-content\" data-secret=\"J9jlEh38ow\"><a href=\"https:\/\/web.umons.ac.be\/fweg\/fr\/evenements\/investissements-risques-et-environnement-remi-valepin\/\">Investissements, risques et environnement &#8211; R\u00e9mi Valepin<\/a><\/blockquote><iframe sandbox=\"allow-scripts\" security=\"restricted\" src=\"https:\/\/web.umons.ac.be\/fweg\/fr\/evenements\/investissements-risques-et-environnement-remi-valepin\/embed\/#?secret=J9jlEh38ow\" width=\"600\" height=\"338\" title=\"\u00ab\u00a0Investissements, risques et environnement &#8211; R\u00e9mi Valepin\u00a0\u00bb &#8212; Facult\u00e9 \/ FWEG\" data-secret=\"J9jlEh38ow\" frameborder=\"0\" marginwidth=\"0\" marginheight=\"0\" scrolling=\"no\" class=\"wp-embedded-content\"><\/iframe><script type=\"text\/javascript\">\n\/* <![CDATA[ *\/\n\/*! This file is auto-generated *\/\n!function(d,l){\"use strict\";l.querySelector&&d.addEventListener&&\"undefined\"!=typeof URL&&(d.wp=d.wp||{},d.wp.receiveEmbedMessage||(d.wp.receiveEmbedMessage=function(e){var t=e.data;if((t||t.secret||t.message||t.value)&&!\/[^a-zA-Z0-9]\/.test(t.secret)){for(var s,r,n,a=l.querySelectorAll('iframe[data-secret=\"'+t.secret+'\"]'),o=l.querySelectorAll('blockquote[data-secret=\"'+t.secret+'\"]'),c=new RegExp(\"^https?:$\",\"i\"),i=0;i<o.length;i++)o[i].style.display=\"none\";for(i=0;i<a.length;i++)s=a[i],e.source===s.contentWindow&&(s.removeAttribute(\"style\"),\"height\"===t.message?(1e3<(r=parseInt(t.value,10))?r=1e3:~~r<200&&(r=200),s.height=r):\"link\"===t.message&&(r=new URL(s.getAttribute(\"src\")),n=new URL(t.value),c.test(n.protocol))&&n.host===r.host&&l.activeElement===s&&(d.top.location.href=t.value))}},d.addEventListener(\"message\",d.wp.receiveEmbedMessage,!1),l.addEventListener(\"DOMContentLoaded\",function(){for(var e,t,s=l.querySelectorAll(\"iframe.wp-embedded-content\"),r=0;r<s.length;r++)(t=(e=s[r]).getAttribute(\"data-secret\"))||(t=Math.random().toString(36).substring(2,12),e.src+=\"#?secret=\"+t,e.setAttribute(\"data-secret\",t)),e.contentWindow.postMessage({message:\"ready\",secret:t},\"*\")},!1)))}(window,document);\n\/\/# sourceURL=https:\/\/web.umons.ac.be\/fweg\/wp-includes\/js\/wp-embed.min.js\n\/* ]]> *\/\n<\/script>\n","description":"Les Mardis de la recherche consistent en des pr\u00e9sentations mensuelles de deux ou trois avancements de recherche, en fran\u00e7ais ou en anglais, dans le but de promouvoir l\u2019\u00e9change et la discussion dans le domaine des sciences humaines. Les s\u00e9minaires seront organis\u00e9s en pr\u00e9sentiel ou en distanciel selon la situation sanitaire. The Mardis de la recherche [&hellip;]"}