{"id":143,"date":"2017-11-09T12:04:44","date_gmt":"2017-11-09T11:04:44","guid":{"rendered":"https:\/\/web.umons.ac.be\/langage\/?page_id=143"},"modified":"2024-03-06T14:13:57","modified_gmt":"2024-03-06T13:13:57","slug":"members","status":"publish","type":"page","link":"https:\/\/web.umons.ac.be\/langage\/en\/members\/","title":{"rendered":"Members"},"content":{"rendered":"<h6 style=\"font-weight: 400;\"><span style=\"color: #00abcc;\"><strong>President of the Institute \u2013 <\/strong><\/span><span style=\"color: #00abcc;\"><strong>Anne Staquet<\/strong><\/span><\/h6>\n<h1 style=\"font-weight: 400;\"><strong>Full members of the Research Institute :<\/strong><\/h1>\n<table style=\"font-weight: 400;\" width=\"708\">\n<tbody>\n<tr>\n<td width=\"466\"><strong>Anatomie humaine et Oncologie exp\u00e9rimentale<\/strong><\/p>\n<ul>\n<li>BOELPAEP Philippe<\/li>\n<li>CHELLE Anne Julie<\/li>\n<li>DAPRI Giovanni<\/li>\n<li>DESCAMPS G\u00e9raldine<\/li>\n<li>JOURNE Fabrice<\/li>\n<li>LECHIEN J\u00e9rome<\/li>\n<li>LEROY Delphine<\/li>\n<li>MHAIDLY Nour<\/li>\n<li>PICRON Patrick<\/li>\n<li>SANT&rsquo; ANGELO Dorianne<\/li>\n<li>SAUSSEZ Sven<\/li>\n<li>SIMON Jean-Fran\u00e7ois<\/li>\n<li>TRELCAT Anne<\/li>\n<\/ul>\n<\/td>\n<td width=\"113\">FMP<\/td>\n<\/tr>\n<tr>\n<td><strong>Communication \u00e9crite, litt\u00e9rature, traduction et analyse du discours<\/strong><\/p>\n<ul>\n<li>GUILLERMO Juan Miguel<\/li>\n<\/ul>\n<\/td>\n<td>FTI<\/td>\n<\/tr>\n<tr>\n<td><strong>M\u00e9trologie et Sciences du langage<\/strong><\/p>\n<ul>\n<li>ATTOUT Lucie<\/li>\n<li>BASAGLIA-PAPPAS Sandrine<\/li>\n<li>BOUMAZGUIDA Karim<\/li>\n<li>BRAUN Alain<\/li>\n<li>DAMAR Marie-Eve<\/li>\n<li>DEGHORAIN Pauline<\/li>\n<li>DELVAUX V\u00e9ronique<\/li>\n<li>DEMANET Laurence<\/li>\n<li>DENEUBOURG Sylvain<\/li>\n<li>FAGNIART Sophie<\/li>\n<li>FINCK Camille<\/li>\n<li>GOESEELS Eva<\/li>\n<li>HUET Kathy<\/li>\n<li>LECHIEN Alain<\/li>\n<li>LECHIEN J\u00e9rome<\/li>\n<li>LOPEZ GARCIA Patricia<\/li>\n<li>MANTO Mario<\/li>\n<li>MATHEY Estelle<\/li>\n<li>NOPERE Martin<\/li>\n<li>PICCALUGA Myriam<\/li>\n<li>PIERART Bernadette<\/li>\n<li>ROLAND Virginie<\/li>\n<li>TERNY Lola<\/li>\n<li>VAN MALDEREN Sophie<\/li>\n<\/ul>\n<\/td>\n<td>FPSE<\/td>\n<\/tr>\n<tr>\n<td><strong>Philosophie et Histoire des Sciences<\/strong><\/p>\n<ul>\n<li>ATTARD J\u00e9r\u00e9my<\/li>\n<li>BRANDELET Antoine<\/li>\n<li>CALLAERTS Nephtali<\/li>\n<li>STAQUET Anne<\/li>\n<li>VU DUC Doan<\/li>\n<\/ul>\n<\/td>\n<td>FS<\/td>\n<\/tr>\n<tr>\n<td><strong>Arts et Techniques de Repr\u00e9sentation<\/strong><\/p>\n<ul>\n<li>BATITA Iman<\/li>\n<li>BOLLEN Lydia<\/li>\n<li>DANHAIVE Louise<\/li>\n<li>DARCIS Damien<\/li>\n<li>HENIN Henri<\/li>\n<li>RANIERI Marjorie<\/li>\n<li>SUINEN Cathy<\/li>\n<li>VERSPEELT Franck<\/li>\n<\/ul>\n<\/td>\n<td>FAU<\/td>\n<\/tr>\n<tr>\n<td><strong>Etudes nordiques\u00a0<\/strong><\/p>\n<ul>\n<li>BROUILLARD Elisabet<\/li>\n<li>DALODIERE Romuald<\/li>\n<li>DEGUELDRE Julien<\/li>\n<li>DELNESTE St\u00e9phanie<\/li>\n<li>ERIKSEN Margrethe<\/li>\n<li>VAN CEULEBROECK Peggy<\/li>\n<li>VAN GYSEL B\u00e9n\u00e9dicte<\/li>\n<li>VANDERSMISSEN Sabine<\/li>\n<\/ul>\n<\/td>\n<td>FTI<\/td>\n<\/tr>\n<\/tbody>\n<\/table>\n<h5>Additional members of the Institute :<\/h5>\n<ul style=\"font-weight: 400;\">\n<li>BAYLE David<\/li>\n<li>CARFAGNINI Astrid<\/li>\n<li>DARCIS Damien<\/li>\n<li>DUCHATELET Vincent<\/li>\n<li>DUTOIT Thierry<\/li>\n<li>GIOIELLA Marina<\/li>\n<li>GRISEZ Viviane<\/li>\n<li>IMOLA Letizia<\/li>\n<li>JANDRAIN Tiffany<\/li>\n<li>JIMENEZ-SALCEDO Juan<\/li>\n<li>KAZMIERCZAK Laure<\/li>\n<li>MEYERS Charl\u00e8ne<\/li>\n<li>PIEROPAN Laurence<\/li>\n<li>SAFAR Hayssam<\/li>\n<li>STAQUET Anne<\/li>\n<li>STILMANT Nathana\u00ebl<\/li>\n<li>VANDERBAUWHEDE Gudrun<\/li>\n<li>VERHAEGEN Cl\u00e9mence<\/li>\n<li>VUDUC Doan<\/li>\n<\/ul>\n","protected":false},"excerpt":{"rendered":"<p>President of the Institute \u2013 Anne Staquet Full members of the Research Institute : Anatomie humaine et Oncologie exp\u00e9rimentale BOELPAEP Philippe CHELLE Anne Julie DAPRI Giovanni DESCAMPS G\u00e9raldine JOURNE Fabrice LECHIEN J\u00e9rome LEROY Delphine MHAIDLY Nour PICRON Patrick SANT&rsquo; ANGELO Dorianne SAUSSEZ Sven SIMON Jean-Fran\u00e7ois TRELCAT Anne FMP Communication \u00e9crite, litt\u00e9rature, traduction et analyse du [&hellip;]<\/p>\n","protected":false},"author":2,"featured_media":0,"parent":0,"menu_order":0,"comment_status":"closed","ping_status":"closed","template":"","meta":{"footnotes":""},"class_list":["post-143","page","type-page","status-publish","hentry"],"yoast_head":"<!-- This site is optimized with the Yoast SEO plugin v27.2 - https:\/\/yoast.com\/product\/yoast-seo-wordpress\/ -->\n<title>Members - Institut \/ Langage<\/title>\n<meta name=\"robots\" content=\"index, follow, max-snippet:-1, max-image-preview:large, max-video-preview:-1\" \/>\n<link rel=\"canonical\" href=\"https:\/\/web.umons.ac.be\/langage\/en\/members\/\" \/>\n<meta property=\"og:locale\" content=\"fr_FR\" \/>\n<meta property=\"og:type\" content=\"article\" \/>\n<meta property=\"og:title\" content=\"Members - Institut \/ Langage\" \/>\n<meta property=\"og:description\" content=\"President of the Institute \u2013 Anne Staquet Full members of the Research Institute : Anatomie humaine et Oncologie exp\u00e9rimentale BOELPAEP Philippe CHELLE Anne Julie DAPRI Giovanni DESCAMPS G\u00e9raldine JOURNE Fabrice LECHIEN J\u00e9rome LEROY Delphine MHAIDLY Nour PICRON Patrick SANT&rsquo; ANGELO Dorianne SAUSSEZ Sven SIMON Jean-Fran\u00e7ois TRELCAT Anne FMP Communication \u00e9crite, litt\u00e9rature, traduction et analyse du [&hellip;]\" \/>\n<meta property=\"og:url\" content=\"https:\/\/web.umons.ac.be\/langage\/en\/members\/\" \/>\n<meta property=\"og:site_name\" content=\"Institut \/ Langage\" \/>\n<meta property=\"article:modified_time\" content=\"2024-03-06T13:13:57+00:00\" \/>\n<meta name=\"twitter:card\" content=\"summary_large_image\" \/>\n<meta name=\"twitter:label1\" content=\"Dur\u00e9e de lecture estim\u00e9e\" \/>\n\t<meta name=\"twitter:data1\" content=\"2 minutes\" \/>\n<script type=\"application\/ld+json\" class=\"yoast-schema-graph\">{\"@context\":\"https:\/\/schema.org\",\"@graph\":[{\"@type\":\"WebPage\",\"@id\":\"https:\/\/web.umons.ac.be\/langage\/en\/members\/\",\"url\":\"https:\/\/web.umons.ac.be\/langage\/en\/members\/\",\"name\":\"Members - Institut \/ Langage\",\"isPartOf\":{\"@id\":\"https:\/\/web.umons.ac.be\/langage\/#website\"},\"datePublished\":\"2017-11-09T11:04:44+00:00\",\"dateModified\":\"2024-03-06T13:13:57+00:00\",\"breadcrumb\":{\"@id\":\"https:\/\/web.umons.ac.be\/langage\/en\/members\/#breadcrumb\"},\"inLanguage\":\"fr-FR\",\"potentialAction\":[{\"@type\":\"ReadAction\",\"target\":[\"https:\/\/web.umons.ac.be\/langage\/en\/members\/\"]}]},{\"@type\":\"BreadcrumbList\",\"@id\":\"https:\/\/web.umons.ac.be\/langage\/en\/members\/#breadcrumb\",\"itemListElement\":[{\"@type\":\"ListItem\",\"position\":1,\"name\":\"Accueil\",\"item\":\"https:\/\/web.umons.ac.be\/langage\/fr\/\"},{\"@type\":\"ListItem\",\"position\":2,\"name\":\"Members\"}]},{\"@type\":\"WebSite\",\"@id\":\"https:\/\/web.umons.ac.be\/langage\/#website\",\"url\":\"https:\/\/web.umons.ac.be\/langage\/\",\"name\":\"Institut \/ Langage\",\"description\":\"Un site utilisant Universit\u00e9 de Mons \u2013 UMONS\",\"potentialAction\":[{\"@type\":\"SearchAction\",\"target\":{\"@type\":\"EntryPoint\",\"urlTemplate\":\"https:\/\/web.umons.ac.be\/langage\/?s={search_term_string}\"},\"query-input\":{\"@type\":\"PropertyValueSpecification\",\"valueRequired\":true,\"valueName\":\"search_term_string\"}}],\"inLanguage\":\"fr-FR\"}]}<\/script>\n<!-- \/ Yoast SEO plugin. -->","yoast_head_json":{"title":"Members - Institut \/ Langage","robots":{"index":"index","follow":"follow","max-snippet":"max-snippet:-1","max-image-preview":"max-image-preview:large","max-video-preview":"max-video-preview:-1"},"canonical":"https:\/\/web.umons.ac.be\/langage\/en\/members\/","og_locale":"fr_FR","og_type":"article","og_title":"Members - Institut \/ Langage","og_description":"President of the Institute \u2013 Anne Staquet Full members of the Research Institute : Anatomie humaine et Oncologie exp\u00e9rimentale BOELPAEP Philippe CHELLE Anne Julie DAPRI Giovanni DESCAMPS G\u00e9raldine JOURNE Fabrice LECHIEN J\u00e9rome LEROY Delphine MHAIDLY Nour PICRON Patrick SANT&rsquo; ANGELO Dorianne SAUSSEZ Sven SIMON Jean-Fran\u00e7ois TRELCAT Anne FMP Communication \u00e9crite, litt\u00e9rature, traduction et analyse du [&hellip;]","og_url":"https:\/\/web.umons.ac.be\/langage\/en\/members\/","og_site_name":"Institut \/ Langage","article_modified_time":"2024-03-06T13:13:57+00:00","twitter_card":"summary_large_image","twitter_misc":{"Dur\u00e9e de lecture estim\u00e9e":"2 minutes"},"schema":{"@context":"https:\/\/schema.org","@graph":[{"@type":"WebPage","@id":"https:\/\/web.umons.ac.be\/langage\/en\/members\/","url":"https:\/\/web.umons.ac.be\/langage\/en\/members\/","name":"Members - Institut \/ Langage","isPartOf":{"@id":"https:\/\/web.umons.ac.be\/langage\/#website"},"datePublished":"2017-11-09T11:04:44+00:00","dateModified":"2024-03-06T13:13:57+00:00","breadcrumb":{"@id":"https:\/\/web.umons.ac.be\/langage\/en\/members\/#breadcrumb"},"inLanguage":"fr-FR","potentialAction":[{"@type":"ReadAction","target":["https:\/\/web.umons.ac.be\/langage\/en\/members\/"]}]},{"@type":"BreadcrumbList","@id":"https:\/\/web.umons.ac.be\/langage\/en\/members\/#breadcrumb","itemListElement":[{"@type":"ListItem","position":1,"name":"Accueil","item":"https:\/\/web.umons.ac.be\/langage\/fr\/"},{"@type":"ListItem","position":2,"name":"Members"}]},{"@type":"WebSite","@id":"https:\/\/web.umons.ac.be\/langage\/#website","url":"https:\/\/web.umons.ac.be\/langage\/","name":"Institut \/ Langage","description":"Un site utilisant Universit\u00e9 de Mons \u2013 UMONS","potentialAction":[{"@type":"SearchAction","target":{"@type":"EntryPoint","urlTemplate":"https:\/\/web.umons.ac.be\/langage\/?s={search_term_string}"},"query-input":{"@type":"PropertyValueSpecification","valueRequired":true,"valueName":"search_term_string"}}],"inLanguage":"fr-FR"}]}},"lang":"en","translations":{"en":143,"fr":69},"pll_sync_post":[],"_links":{"self":[{"href":"https:\/\/web.umons.ac.be\/langage\/wp-json\/wp\/v2\/pages\/143","targetHints":{"allow":["GET"]}}],"collection":[{"href":"https:\/\/web.umons.ac.be\/langage\/wp-json\/wp\/v2\/pages"}],"about":[{"href":"https:\/\/web.umons.ac.be\/langage\/wp-json\/wp\/v2\/types\/page"}],"author":[{"embeddable":true,"href":"https:\/\/web.umons.ac.be\/langage\/wp-json\/wp\/v2\/users\/2"}],"replies":[{"embeddable":true,"href":"https:\/\/web.umons.ac.be\/langage\/wp-json\/wp\/v2\/comments?post=143"}],"version-history":[{"count":4,"href":"https:\/\/web.umons.ac.be\/langage\/wp-json\/wp\/v2\/pages\/143\/revisions"}],"predecessor-version":[{"id":522,"href":"https:\/\/web.umons.ac.be\/langage\/wp-json\/wp\/v2\/pages\/143\/revisions\/522"}],"wp:attachment":[{"href":"https:\/\/web.umons.ac.be\/langage\/wp-json\/wp\/v2\/media?parent=143"}],"curies":[{"name":"wp","href":"https:\/\/api.w.org\/{rel}","templated":true}]}}