{"id":65,"date":"2022-02-04T14:03:10","date_gmt":"2022-02-04T13:03:10","guid":{"rendered":"https:\/\/web.umons.ac.be\/lescedres\/?page_id=65"},"modified":"2026-04-10T11:04:56","modified_gmt":"2026-04-10T09:04:56","slug":"documents-et-supports-utiles","status":"publish","type":"page","link":"https:\/\/web.umons.ac.be\/lescedres\/documents-et-supports-utiles\/","title":{"rendered":"Documents et supports utiles"},"content":{"rendered":"<p><img loading=\"lazy\" decoding=\"async\" class=\"wp-image-507 alignleft\" src=\"https:\/\/web.umons.ac.be\/app\/uploads\/sites\/168\/2026\/04\/Image-bilan-logopedique.png\" alt=\"\" width=\"100\" height=\"85\" srcset=\"https:\/\/web.umons.ac.be\/app\/uploads\/sites\/168\/2026\/04\/Image-bilan-logopedique.png 777w, https:\/\/web.umons.ac.be\/app\/uploads\/sites\/168\/2026\/04\/Image-bilan-logopedique-300x253.png 300w, https:\/\/web.umons.ac.be\/app\/uploads\/sites\/168\/2026\/04\/Image-bilan-logopedique-768x648.png 768w, https:\/\/web.umons.ac.be\/app\/uploads\/sites\/168\/2026\/04\/Image-bilan-logopedique-30x25.png 30w, https:\/\/web.umons.ac.be\/app\/uploads\/sites\/168\/2026\/04\/Image-bilan-logopedique-60x51.png 60w, https:\/\/web.umons.ac.be\/app\/uploads\/sites\/168\/2026\/04\/Image-bilan-logopedique-360x304.png 360w\" sizes=\"auto, (max-width: 100px) 100vw, 100px\" \/><\/p>\n<p>&nbsp;<\/p>\n<p><a href=\"https:\/\/web.umons.ac.be\/app\/uploads\/sites\/168\/2026\/04\/Bilan-logopedique-trame-version-informatique.docx\">Bilan logop\u00e9dique &#8211; trame<\/a><\/p>\n<p>&nbsp;<\/p>\n<hr \/>\n<p><img loading=\"lazy\" decoding=\"async\" class=\"wp-image-506 alignleft\" src=\"https:\/\/web.umons.ac.be\/app\/uploads\/sites\/168\/2026\/04\/Image-marche-a-suivre.png\" alt=\"\" width=\"83\" height=\"68\" srcset=\"https:\/\/web.umons.ac.be\/app\/uploads\/sites\/168\/2026\/04\/Image-marche-a-suivre.png 1048w, https:\/\/web.umons.ac.be\/app\/uploads\/sites\/168\/2026\/04\/Image-marche-a-suivre-300x244.png 300w, https:\/\/web.umons.ac.be\/app\/uploads\/sites\/168\/2026\/04\/Image-marche-a-suivre-1024x833.png 1024w, https:\/\/web.umons.ac.be\/app\/uploads\/sites\/168\/2026\/04\/Image-marche-a-suivre-768x625.png 768w, https:\/\/web.umons.ac.be\/app\/uploads\/sites\/168\/2026\/04\/Image-marche-a-suivre-811x660.png 811w, https:\/\/web.umons.ac.be\/app\/uploads\/sites\/168\/2026\/04\/Image-marche-a-suivre-30x24.png 30w, https:\/\/web.umons.ac.be\/app\/uploads\/sites\/168\/2026\/04\/Image-marche-a-suivre-60x49.png 60w, https:\/\/web.umons.ac.be\/app\/uploads\/sites\/168\/2026\/04\/Image-marche-a-suivre-360x293.png 360w\" sizes=\"auto, (max-width: 83px) 100vw, 83px\" \/><\/p>\n<p>&nbsp;<\/p>\n<p><a href=\"https:\/\/web.umons.ac.be\/app\/uploads\/sites\/168\/2025\/08\/Marche-a-suivre-Introduction-du-statut-detudiant-en-situation-de-handicap.pdf\">Marche \u00e0 suivre &#8211; Introduction du statut d&rsquo;\u00e9tudiant en situation de handicap<\/a><\/p>\n<p>&nbsp;<\/p>\n<hr \/>\n<p><img loading=\"lazy\" decoding=\"async\" class=\"wp-image-438 alignleft\" src=\"https:\/\/web.umons.ac.be\/app\/uploads\/sites\/168\/2025\/07\/image-reconnaissance-150x150.png\" alt=\"\" width=\"83\" height=\"83\" \/><\/p>\n<p>&nbsp;<\/p>\n<p><a style=\"font-size: 14px;\" href=\"https:\/\/web.umons.ac.be\/app\/uploads\/sites\/168\/2025\/07\/Formulaire-ESH-Demande-de-reconnaissance-de-handicap-2025-2026.docx\">Demande de reconnaissance de handicap &#8211; 2025-2026<\/a><\/p>\n<p>&nbsp;<\/p>\n<hr \/>\n<p>&nbsp;<\/p>\n<p><img loading=\"lazy\" decoding=\"async\" class=\"wp-image-217 alignleft\" src=\"https:\/\/web.umons.ac.be\/app\/uploads\/sites\/168\/2023\/03\/Fiche-signaletique-1.png\" alt=\"\" width=\"97\" height=\"67\" \/><\/p>\n<p>&nbsp;<\/p>\n<p><a href=\"https:\/\/web.umons.ac.be\/app\/uploads\/sites\/168\/2025\/03\/Fiche-signaletique-Etudiant-en-situation-de-handicap-2025-2026.docx\">Fiche signal\u00e9tique &#8211; Etudiant en situation de handicap 2025-2026<\/a><\/p>\n<p>&nbsp;<\/p>\n<hr \/>\n<p><img loading=\"lazy\" decoding=\"async\" class=\"wp-image-220 alignleft\" src=\"https:\/\/web.umons.ac.be\/app\/uploads\/sites\/168\/2023\/03\/Expertise-medicale-Etudiant-en-situation-de-handicap.png\" alt=\"\" width=\"99\" height=\"85\" \/><\/p>\n<p>&nbsp;<\/p>\n<p><a href=\"https:\/\/web.umons.ac.be\/app\/uploads\/sites\/168\/2025\/03\/Attestation-dexpertise-medicale-2025-2026-Etudiant-en-situation-de-handicap.docx\">Attestation d&rsquo;expertise m\u00e9dicale 2025-2026 &#8211; \u00c9tudiant en situation de handicap<\/a><\/p>\n<p>&nbsp;<\/p>\n<hr \/>\n<p><img loading=\"lazy\" decoding=\"async\" class=\"wp-image-219 alignleft\" src=\"https:\/\/web.umons.ac.be\/app\/uploads\/sites\/168\/2023\/03\/Tests-reconnaissance-Dys.png\" alt=\"\" width=\"98\" height=\"62\" \/><\/p>\n<p>&nbsp;<\/p>\n<p><a href=\"https:\/\/web.umons.ac.be\/app\/uploads\/sites\/168\/2023\/03\/Tests-reconnaissance-Dys.docx\">Tests reconnaissance Dys<\/a><\/p>\n<p>&nbsp;<\/p>\n<hr \/>\n<p><a href=\"https:\/\/www.calameo.com\/read\/000265915d679f1b52512\" target=\"_blank\" rel=\"noopener\"><img loading=\"lazy\" decoding=\"async\" class=\"alignleft wp-image-14772\" src=\"https:\/\/web.umons.ac.be\/app\/uploads\/2021\/08\/Capture.jpg\" alt=\"\" width=\"163\" height=\"124\" \/><\/a><\/p>\n<p>&nbsp;<\/p>\n<p><a href=\"https:\/\/www.calameo.com\/read\/000265915d679f1b52512\" target=\"_blank\" rel=\"noopener\">Etudiants en situation de handicap &#8211; Petit guide pratique \u00e0 l&rsquo;usage des enseignants<\/a><\/p>\n<p>&nbsp;<\/p>\n<p>&nbsp;<\/p>\n<hr \/>\n<p><a href=\"https:\/\/www.calameo.com\/read\/000265915036679774a64\" target=\"_blank\" rel=\"noopener noreferrer\"><img loading=\"lazy\" decoding=\"async\" class=\"alignleft wp-image-12959\" src=\"https:\/\/web.umons.ac.be\/app\/uploads\/2020\/11\/Guide-ChESI_1-223x300.png\" alt=\"\" width=\"111\" height=\"149\" \/><\/a><\/p>\n<p>La Chambre Enseignement Sup\u00e9rieur Inclusif du P\u00f4le hainuyer a r\u00e9alis\u00e9 un\u00a0<strong><a href=\"https:\/\/www.calameo.com\/read\/000265915036679774a64\" target=\"_blank\" rel=\"noopener\">guide d\u2019information<\/a> qui vous permettra d\u2019en savoir davantage sur l\u2019enseignement inclusif<\/strong>.<\/p>\n<p>En plus de son cadre l\u00e9gislatif, ce guide vous donnera des cl\u00e9s pour mieux comprendre et appr\u00e9hender les termes li\u00e9s \u00e0 l\u2019inclusion dans l\u2019Enseignement sup\u00e9rieur. Une liste de contacts bien utiles est \u00e9galement disponible !<\/p>\n<p>&nbsp;<\/p>\n<p>&nbsp;<\/p>\n<hr \/>\n<p><a href=\"https:\/\/web.umons.ac.be\/app\/uploads\/2020\/06\/video-ares.png\"><img loading=\"lazy\" decoding=\"async\" class=\"alignleft wp-image-12009\" src=\"https:\/\/web.umons.ac.be\/app\/uploads\/2020\/06\/video-ares-300x202.png\" alt=\"\" width=\"158\" height=\"106\" \/><\/a><\/p>\n<p>Lien vers des <a href=\"https:\/\/www.ares-ac.be\/fr\/a-propos\/instances\/commissions-permanentes\/enseignement-inclusif-cesi\" target=\"_blank\" rel=\"noopener noreferrer\">capsules vid\u00e9o<\/a>, cr\u00e9\u00e9es comme supports didactiques par l&rsquo;<a href=\"https:\/\/www.ares-ac.be\/fr\/\" target=\"_blank\" rel=\"noopener noreferrer\">ARES<\/a>, qui permettent d&rsquo;appr\u00e9hender la philosophie du d\u00e9cret\u00a0et les processus qui peuvent \u00eatre mis en place pour r\u00e9pondre aux besoins des \u00e9tudiantes et \u00e9tudiants en situation de handicap. L&rsquo;objectif du d\u00e9cret \u00e9tant de d\u00e9passer\u00a0les barri\u00e8res qui constituent des obstacles \u00e0 leur pleine et effective participation \u00e0 la vie acad\u00e9mique.<\/p>\n<p>&nbsp;<\/p>\n","protected":false},"excerpt":{"rendered":"<p>&nbsp; Bilan logop\u00e9dique &#8211; trame &nbsp; &nbsp; Marche \u00e0 suivre &#8211; Introduction du statut d&rsquo;\u00e9tudiant en situation de handicap &nbsp; &nbsp; Demande de reconnaissance de handicap &#8211; 2025-2026 &nbsp; &nbsp; &nbsp; Fiche signal\u00e9tique &#8211; Etudiant en situation de handicap 2025-2026 &nbsp; &nbsp; Attestation d&rsquo;expertise m\u00e9dicale 2025-2026 &#8211; \u00c9tudiant en situation de handicap &nbsp; &nbsp; Tests [&hellip;]<\/p>\n","protected":false},"author":4,"featured_media":0,"parent":0,"menu_order":0,"comment_status":"closed","ping_status":"closed","template":"","meta":{"footnotes":""},"class_list":["post-65","page","type-page","status-publish","hentry"],"yoast_head":"<!-- This site is optimized with the Yoast SEO plugin v27.2 - https:\/\/yoast.com\/product\/yoast-seo-wordpress\/ -->\n<title>Documents et supports utiles - LES CEDRES<\/title>\n<meta name=\"robots\" content=\"index, follow, max-snippet:-1, max-image-preview:large, max-video-preview:-1\" \/>\n<link rel=\"canonical\" href=\"https:\/\/web.umons.ac.be\/lescedres\/documents-et-supports-utiles\/\" \/>\n<meta property=\"og:locale\" content=\"fr_FR\" \/>\n<meta property=\"og:type\" content=\"article\" \/>\n<meta property=\"og:title\" content=\"Documents et supports utiles - LES CEDRES\" \/>\n<meta property=\"og:description\" content=\"&nbsp; Bilan logop\u00e9dique &#8211; trame &nbsp; &nbsp; Marche \u00e0 suivre &#8211; Introduction du statut d&rsquo;\u00e9tudiant en situation de handicap &nbsp; &nbsp; Demande de reconnaissance de handicap &#8211; 2025-2026 &nbsp; &nbsp; &nbsp; Fiche signal\u00e9tique &#8211; Etudiant en situation de handicap 2025-2026 &nbsp; &nbsp; Attestation d&rsquo;expertise m\u00e9dicale 2025-2026 &#8211; \u00c9tudiant en situation de handicap &nbsp; &nbsp; Tests [&hellip;]\" \/>\n<meta property=\"og:url\" content=\"https:\/\/web.umons.ac.be\/lescedres\/documents-et-supports-utiles\/\" \/>\n<meta property=\"og:site_name\" content=\"LES CEDRES\" \/>\n<meta property=\"article:modified_time\" content=\"2026-04-10T09:04:56+00:00\" \/>\n<meta property=\"og:image\" content=\"https:\/\/web.umons.ac.be\/app\/uploads\/sites\/168\/2026\/04\/Image-bilan-logopedique.png\" \/>\n\t<meta property=\"og:image:width\" content=\"777\" \/>\n\t<meta property=\"og:image:height\" content=\"656\" \/>\n\t<meta property=\"og:image:type\" content=\"image\/png\" \/>\n<meta name=\"twitter:card\" content=\"summary_large_image\" \/>\n<meta name=\"twitter:label1\" content=\"Dur\u00e9e de lecture estim\u00e9e\" \/>\n\t<meta name=\"twitter:data1\" content=\"3 minutes\" \/>\n<script type=\"application\/ld+json\" class=\"yoast-schema-graph\">{\"@context\":\"https:\/\/schema.org\",\"@graph\":[{\"@type\":\"WebPage\",\"@id\":\"https:\/\/web.umons.ac.be\/lescedres\/documents-et-supports-utiles\/\",\"url\":\"https:\/\/web.umons.ac.be\/lescedres\/documents-et-supports-utiles\/\",\"name\":\"Documents et supports utiles - LES CEDRES\",\"isPartOf\":{\"@id\":\"https:\/\/web.umons.ac.be\/lescedres\/#website\"},\"primaryImageOfPage\":{\"@id\":\"https:\/\/web.umons.ac.be\/lescedres\/documents-et-supports-utiles\/#primaryimage\"},\"image\":{\"@id\":\"https:\/\/web.umons.ac.be\/lescedres\/documents-et-supports-utiles\/#primaryimage\"},\"thumbnailUrl\":\"https:\/\/web.umons.ac.be\/app\/uploads\/sites\/168\/2026\/04\/Image-bilan-logopedique.png\",\"datePublished\":\"2022-02-04T13:03:10+00:00\",\"dateModified\":\"2026-04-10T09:04:56+00:00\",\"breadcrumb\":{\"@id\":\"https:\/\/web.umons.ac.be\/lescedres\/documents-et-supports-utiles\/#breadcrumb\"},\"inLanguage\":\"fr-FR\",\"potentialAction\":[{\"@type\":\"ReadAction\",\"target\":[\"https:\/\/web.umons.ac.be\/lescedres\/documents-et-supports-utiles\/\"]}]},{\"@type\":\"ImageObject\",\"inLanguage\":\"fr-FR\",\"@id\":\"https:\/\/web.umons.ac.be\/lescedres\/documents-et-supports-utiles\/#primaryimage\",\"url\":\"https:\/\/web.umons.ac.be\/app\/uploads\/sites\/168\/2026\/04\/Image-bilan-logopedique.png\",\"contentUrl\":\"https:\/\/web.umons.ac.be\/app\/uploads\/sites\/168\/2026\/04\/Image-bilan-logopedique.png\"},{\"@type\":\"BreadcrumbList\",\"@id\":\"https:\/\/web.umons.ac.be\/lescedres\/documents-et-supports-utiles\/#breadcrumb\",\"itemListElement\":[{\"@type\":\"ListItem\",\"position\":1,\"name\":\"Home\",\"item\":\"https:\/\/web.umons.ac.be\/lescedres\/\"},{\"@type\":\"ListItem\",\"position\":2,\"name\":\"Documents et supports utiles\"}]},{\"@type\":\"WebSite\",\"@id\":\"https:\/\/web.umons.ac.be\/lescedres\/#website\",\"url\":\"https:\/\/web.umons.ac.be\/lescedres\/\",\"name\":\"LES CEDRES\",\"description\":\"Service d\u2019accueil et d\u2019accompagnement des \u00e9tudiants reconnus en situation de handicap avec des besoins sp\u00e9cifiques de l\u2019UMONS\",\"potentialAction\":[{\"@type\":\"SearchAction\",\"target\":{\"@type\":\"EntryPoint\",\"urlTemplate\":\"https:\/\/web.umons.ac.be\/lescedres\/?s={search_term_string}\"},\"query-input\":{\"@type\":\"PropertyValueSpecification\",\"valueRequired\":true,\"valueName\":\"search_term_string\"}}],\"inLanguage\":\"fr-FR\"}]}<\/script>\n<!-- \/ Yoast SEO plugin. -->","yoast_head_json":{"title":"Documents et supports utiles - LES CEDRES","robots":{"index":"index","follow":"follow","max-snippet":"max-snippet:-1","max-image-preview":"max-image-preview:large","max-video-preview":"max-video-preview:-1"},"canonical":"https:\/\/web.umons.ac.be\/lescedres\/documents-et-supports-utiles\/","og_locale":"fr_FR","og_type":"article","og_title":"Documents et supports utiles - LES CEDRES","og_description":"&nbsp; Bilan logop\u00e9dique &#8211; trame &nbsp; &nbsp; Marche \u00e0 suivre &#8211; Introduction du statut d&rsquo;\u00e9tudiant en situation de handicap &nbsp; &nbsp; Demande de reconnaissance de handicap &#8211; 2025-2026 &nbsp; &nbsp; &nbsp; Fiche signal\u00e9tique &#8211; Etudiant en situation de handicap 2025-2026 &nbsp; &nbsp; Attestation d&rsquo;expertise m\u00e9dicale 2025-2026 &#8211; \u00c9tudiant en situation de handicap &nbsp; &nbsp; Tests [&hellip;]","og_url":"https:\/\/web.umons.ac.be\/lescedres\/documents-et-supports-utiles\/","og_site_name":"LES CEDRES","article_modified_time":"2026-04-10T09:04:56+00:00","og_image":[{"width":777,"height":656,"url":"https:\/\/web.umons.ac.be\/app\/uploads\/sites\/168\/2026\/04\/Image-bilan-logopedique.png","type":"image\/png"}],"twitter_card":"summary_large_image","twitter_misc":{"Dur\u00e9e de lecture estim\u00e9e":"3 minutes"},"schema":{"@context":"https:\/\/schema.org","@graph":[{"@type":"WebPage","@id":"https:\/\/web.umons.ac.be\/lescedres\/documents-et-supports-utiles\/","url":"https:\/\/web.umons.ac.be\/lescedres\/documents-et-supports-utiles\/","name":"Documents et supports utiles - LES CEDRES","isPartOf":{"@id":"https:\/\/web.umons.ac.be\/lescedres\/#website"},"primaryImageOfPage":{"@id":"https:\/\/web.umons.ac.be\/lescedres\/documents-et-supports-utiles\/#primaryimage"},"image":{"@id":"https:\/\/web.umons.ac.be\/lescedres\/documents-et-supports-utiles\/#primaryimage"},"thumbnailUrl":"https:\/\/web.umons.ac.be\/app\/uploads\/sites\/168\/2026\/04\/Image-bilan-logopedique.png","datePublished":"2022-02-04T13:03:10+00:00","dateModified":"2026-04-10T09:04:56+00:00","breadcrumb":{"@id":"https:\/\/web.umons.ac.be\/lescedres\/documents-et-supports-utiles\/#breadcrumb"},"inLanguage":"fr-FR","potentialAction":[{"@type":"ReadAction","target":["https:\/\/web.umons.ac.be\/lescedres\/documents-et-supports-utiles\/"]}]},{"@type":"ImageObject","inLanguage":"fr-FR","@id":"https:\/\/web.umons.ac.be\/lescedres\/documents-et-supports-utiles\/#primaryimage","url":"https:\/\/web.umons.ac.be\/app\/uploads\/sites\/168\/2026\/04\/Image-bilan-logopedique.png","contentUrl":"https:\/\/web.umons.ac.be\/app\/uploads\/sites\/168\/2026\/04\/Image-bilan-logopedique.png"},{"@type":"BreadcrumbList","@id":"https:\/\/web.umons.ac.be\/lescedres\/documents-et-supports-utiles\/#breadcrumb","itemListElement":[{"@type":"ListItem","position":1,"name":"Home","item":"https:\/\/web.umons.ac.be\/lescedres\/"},{"@type":"ListItem","position":2,"name":"Documents et supports utiles"}]},{"@type":"WebSite","@id":"https:\/\/web.umons.ac.be\/lescedres\/#website","url":"https:\/\/web.umons.ac.be\/lescedres\/","name":"LES CEDRES","description":"Service d\u2019accueil et d\u2019accompagnement des \u00e9tudiants reconnus en situation de handicap avec des besoins sp\u00e9cifiques de l\u2019UMONS","potentialAction":[{"@type":"SearchAction","target":{"@type":"EntryPoint","urlTemplate":"https:\/\/web.umons.ac.be\/lescedres\/?s={search_term_string}"},"query-input":{"@type":"PropertyValueSpecification","valueRequired":true,"valueName":"search_term_string"}}],"inLanguage":"fr-FR"}]}},"lang":"fr","translations":{"fr":65},"pll_sync_post":[],"_links":{"self":[{"href":"https:\/\/web.umons.ac.be\/lescedres\/wp-json\/wp\/v2\/pages\/65","targetHints":{"allow":["GET"]}}],"collection":[{"href":"https:\/\/web.umons.ac.be\/lescedres\/wp-json\/wp\/v2\/pages"}],"about":[{"href":"https:\/\/web.umons.ac.be\/lescedres\/wp-json\/wp\/v2\/types\/page"}],"author":[{"embeddable":true,"href":"https:\/\/web.umons.ac.be\/lescedres\/wp-json\/wp\/v2\/users\/4"}],"replies":[{"embeddable":true,"href":"https:\/\/web.umons.ac.be\/lescedres\/wp-json\/wp\/v2\/comments?post=65"}],"version-history":[{"count":3,"href":"https:\/\/web.umons.ac.be\/lescedres\/wp-json\/wp\/v2\/pages\/65\/revisions"}],"predecessor-version":[{"id":213,"href":"https:\/\/web.umons.ac.be\/lescedres\/wp-json\/wp\/v2\/pages\/65\/revisions\/213"}],"wp:attachment":[{"href":"https:\/\/web.umons.ac.be\/lescedres\/wp-json\/wp\/v2\/media?parent=65"}],"curies":[{"name":"wp","href":"https:\/\/api.w.org\/{rel}","templated":true}]}}