{"id":186,"date":"2022-03-03T14:46:37","date_gmt":"2022-03-03T13:46:37","guid":{"rendered":"https:\/\/web.umons.ac.be\/sdht\/?page_id=186"},"modified":"2026-04-23T10:47:10","modified_gmt":"2026-04-23T08:47:10","slug":"actualites-du-service","status":"publish","type":"page","link":"https:\/\/web.umons.ac.be\/sdht\/actualites-du-service\/","title":{"rendered":"Actualit\u00e9s du service"},"content":{"rendered":"<p><em><span style=\"font-size: 10pt; color: #333333;\">*Participations avec communication<\/span><\/em><\/p>\n<p><span style=\"font-size: 12pt; color: #009ee0;\"><strong>2026:<\/strong><\/span><\/p>\n<ul>\n<li>Visite de l\u2019exposition <em>\u00ab Robert Cappa, photographe de guerre \u00bb<\/em> &#8211; Mus\u00e9e de la Lib\u00e9ration de Paris, avril 2026 (M. Bruyninckx)<\/li>\n<li>Visite de l\u2019exposition <em>\u00ab Lee Miller \u00bb<\/em>, reporter de guerre \u2013 Mus\u00e9e d\u2019Art Moderne de Paris, avril 2026 (M. Bruyninckx)<\/li>\n<li>*Participation \u00e0 la conf\u00e9rence \u00ab<em>International Psychological Applications Conference and Trends (InPACT)<\/em>\u00bb<em>, <\/em>Madeira (Portugal), avril 2026 (L. Santoro).<\/li>\n<li>Participation \u00e0 la Journ\u00e9e Portes Ouvertes de l\u2019UMONS, Site de Charleroi, avril 2026 (D. Cauchie, L. Santoro).<\/li>\n<li>Participation au colloque international <em>\u00ab\u00a0L&rsquo;Europe est-elle en guerre?\u00a0\u00bb<\/em>, Bastogne War Museum, Bastogne, avril 2026 (M. Bruyninckx).<\/li>\n<li>*Participation au s\u00e9minaire organis\u00e9 par l&rsquo;\u00c9cole doctorale th\u00e9matique en sciences sociales de la Communaut\u00e9 fran\u00e7aise de Belgique (EDTSS) sur la th\u00e9matique <em>\u00ab\u00a0Migrations &amp; Diversit\u00e9 culturelle\u00a0\u00bb<\/em>, Universit\u00e9 Libre de Bruxelles (ULB), avril 2026 (L. Santoro).<\/li>\n<li>Participation \u00e0 la conf\u00e9rence \u00ab\u00a0<em>Migration, hospitalit\u00e9, clandestinit\u00e9 et sant\u00e9 mentale<\/em> \u00bb, organis\u00e9e par les services de D\u00e9veloppement humain et traitement des donn\u00e9es et de Psychologie cognitive et Neuropsychologie, UMONS, avril 2026 (M. Bruyninckx, D. Cauchie, M. Dutrieux, C. G\u00e9va, L. Lacourt, L. Santoro).<\/li>\n<li>Participation au webinaire <em>\u00ab\u00a01914-1918, la Grande Guerre chimique \u00ab\u00a0<\/em><span class=\"html-span xexx8yu xyri2b x18d9i69 x1c1uobl x1hl2dhg x16tdsg8 x1vvkbs x3nfvp2 x1j61x8r x1fcty0u xdj266r xat24cr xm2jcoa x1mpyi22 xxymvpz xlup9mm x1kky2od\" style=\"font-size: 14px;\"><span style=\"font-size: 14px;\"><em>, <\/em>organis\u00e9 par le Mus\u00e9e de la Grande guerre du Pays de Meaux, avril 2025 (M. Bruyninckx).<\/span><\/span><\/li>\n<li>*Participation au Researchers&rsquo; Tuesday, Mons, mars 2026 (C. G\u00e9va)<\/li>\n<li>Participation au Colloque international <em>\u00ab\u00a0Displaced\u00a0\u00bb<\/em>, In Flanders Fields Museum, Ypres, mars 2026 (M. Bruyninckx).<\/li>\n<li>*Participation \u00e0 la Demi-journ\u00e9e de la recherche, organis\u00e9e par la FPSE, UMONS, mars 2026 (M. Dutrieux, C. G\u00e9va, L. Lacourt, L. Santoro).<\/li>\n<li>Participation \u00e0 la Conf\u00e9rence d&rsquo;H\u00e9l\u00e8ne Rustin <em>\u00ab\u00a0Les enfants juifs cach\u00e9s au ch\u00e2teau de Beloeil durant la Seconde Guerre mondiale\u00a0\u00bb<\/em>, Centre culturel de Pommeroeul, mars 2026 (M. Bruyninckx).<\/li>\n<li>Participation \u00e0 la journ\u00e9e \u00ab\u00a0<em>Services ouverts<\/em> \u00bb\u00a0de la FPSE, UMONS, mars 2026 (M. Dutrieux, C. G\u00e9va, L. Lacourt, L. Santoro).<\/li>\n<li>Participation au webinaire \u00ab\u00a0<em><em>Les camps de concentration et les centres de mise \u00e0 mort\u00a0\u00bb,<\/em><\/em><strong style=\"font-size: 14px;\">\u00a0<\/strong><span style=\"font-size: 14px;\">organis\u00e9 par la Direction <\/span><em style=\"font-size: 14px;\">Citoyennet\u00e9, M\u00e9moire, D\u00e9mocratie<\/em><span style=\"font-size: 14px;\">, F\u00e9d\u00e9ration Wallonie-Bruxelles, mars 2026 (M. Bruyninckx).<\/span><\/li>\n<li>Participation au Salon SIEP de Charleroi, mars 2026 (L. Santoro).<\/li>\n<li>Participation au Salon SIEP de Mons, mars 2026 (L. Lacourt).<\/li>\n<li>Visite des cimeti\u00e8res militaires britanniques d&rsquo;\u00c9taples-sur-Mer et de Wimmereux; visite de l&rsquo;exposition <em>\u00ab\u00a0A Friendly Invasion. Le monde \u00e0 nos portes. L&rsquo;arri\u00e8re-front du Nord-Pas-de-Calais durant la Grande Guerre\u00a0\u00bb<\/em> \u00e0 la Citadelle de Montreuil-sur-Mer (France), mars 2026 (M. Bruyninckx).<\/li>\n<li>Participation \u00e0 la formation <em>\u00ab\u00a0Enjeux politiques et psycho-juridiques des demandeurs de protection internationale\u00a0\u00bb <\/em>par le centre de sant\u00e9 mentale Ulysse, Bruxelles, mars 2026 (C. G\u00e9va)<\/li>\n<li>Participation \u00e0 la formation <em>\u00ab\u00a0Effets psychiques de l&rsquo;exil et place de la dimension culturelle dans l&rsquo;accompagnement\u00a0\u00bb<\/em>\u00a0par le centre de sant\u00e9 mentale Ulysse, Bruxelles, mars 2026 (C. G\u00e9va)<\/li>\n<li>Participation au Colloque international <em>\u00abFemmes combattantes en France, Grande-Bretagne et Irlande\u00bb<\/em>, Universit\u00e9 du Littoral C\u00f4te d&rsquo;Opale, Boulogne-sur-Mer (France), mars 2026 (M. Bruyninckx).<\/li>\n<li>Participation \u00e0 la journ\u00e9e de pr\u00e9sentation de l\u2019outil \u00ab\u00a0<em>Le soutien \u00e0 la parentalit\u00e9 en p\u00e9riode p\u00e9rinatale<\/em> \u00bb\u00a0de l\u2019Office de la Naissance et de l\u2019Enfance, Charleroi (Belgique), mars 2026 (L. Lacourt).<\/li>\n<li>Visite du Centre d&rsquo;Histoire <em>\u00ab\u00a0La coupole\u00a0\u00bb<\/em> et de l&rsquo;exposition <em>\u00ab\u00a0Lib\u00e9rer, reconstruire et esp\u00e9rer, les d\u00e9fis de 1945 en Nord-pas-de-Calais\u00a0\u00bb<\/em>, Wizernes (France), mars 206 (M. Bruyninckx).<\/li>\n<li>Participation \u00e0 la rencontre-d\u00e9bat <em>\u00ab\u00a0Souffrances psychiques dans l&rsquo;exil\u00a0\u00bb <\/em>par le Centre Bruxellois d&rsquo;Action Interculturelle, Bruxelles, f\u00e9vrier 2026 (C. G\u00e9va)<\/li>\n<li>Participation au webinaire <em>\u00ab\u00a0Le r\u00f4le de la SNCB dans la d\u00e9portation\u00a0\u00bb<\/em><strong style=\"font-size: 14px;\">, <\/strong><span style=\"font-size: 14px;\">organis\u00e9 par la Direction <\/span><em style=\"font-size: 14px;\">Citoyennet\u00e9, M\u00e9moire, D\u00e9mocratie<\/em><span style=\"font-size: 14px;\">, F\u00e9d\u00e9ration Wallonie-Bruxelles, f\u00e9vrier 2026 (M. Bruyninckx).<\/span><\/li>\n<li>Participation aux 2 matin\u00e9es de r\u00e9flexion : \u00ab <em>Mesure d\u2019Observation Protectrice \u2013 Focus Jeunes. R\u00e9forme de la loi du 26 juin 1990 : pr\u00e9sentation et impact sur les soins de sant\u00e9 mentale des mineurs<\/em> \u00bb, organis\u00e9es par Rh\u00e9seau, la Plate-forme de concertation en sant\u00e9 mentale (PF RCC) et la Plate-forme picarde de Concertation pour la Sant\u00e9 mentale (PfpCSm), La Louvi\u00e8re &amp; Mons (Belgique), janvier &amp; f\u00e9vrier 2026 (L. Lacourt).<\/li>\n<li>Participation au webinaire <em>\u00ab\u00a0Le rassemblement des Juifs avant la d\u00e9portation: le camp de transit (Caserne Dossin)\u00a0\u00bb<\/em><strong style=\"font-size: 14px;\">, <\/strong><span style=\"font-size: 14px;\">organis\u00e9 par la Direction <\/span><em style=\"font-size: 14px;\">Citoyennet\u00e9, M\u00e9moire, D\u00e9mocratie<\/em><span style=\"font-size: 14px;\">, F\u00e9d\u00e9ration Wallonie-Bruxelles, janvier 2026 (M. Bruyninckx).<\/span><\/li>\n<\/ul>\n","protected":false},"excerpt":{"rendered":"<p>*Participations avec communication 2026: Visite de l\u2019exposition \u00ab Robert Cappa, photographe de guerre \u00bb &#8211; Mus\u00e9e de la Lib\u00e9ration de Paris, avril 2026 (M. Bruyninckx) Visite de l\u2019exposition \u00ab Lee Miller \u00bb, reporter de guerre \u2013 Mus\u00e9e d\u2019Art Moderne de Paris, avril 2026 (M. Bruyninckx) *Participation \u00e0 la conf\u00e9rence \u00abInternational Psychological Applications Conference and Trends [&hellip;]<\/p>\n","protected":false},"author":118,"featured_media":0,"parent":0,"menu_order":0,"comment_status":"closed","ping_status":"closed","template":"","meta":{"footnotes":""},"class_list":["post-186","page","type-page","status-publish","hentry"],"yoast_head":"<!-- This site is optimized with the Yoast SEO plugin v27.2 - https:\/\/yoast.com\/product\/yoast-seo-wordpress\/ -->\n<title>Actualit\u00e9s du service - Service \/ FPSE - D\u00e9veloppement humain et traitement des donn\u00e9es<\/title>\n<meta name=\"robots\" content=\"index, follow, max-snippet:-1, max-image-preview:large, max-video-preview:-1\" \/>\n<link rel=\"canonical\" href=\"https:\/\/web.umons.ac.be\/sdht\/actualites-du-service\/\" \/>\n<meta property=\"og:locale\" content=\"fr_FR\" \/>\n<meta property=\"og:type\" content=\"article\" \/>\n<meta property=\"og:title\" content=\"Actualit\u00e9s du service - Service \/ FPSE - D\u00e9veloppement humain et traitement des donn\u00e9es\" \/>\n<meta property=\"og:description\" content=\"*Participations avec communication 2026: Visite de l\u2019exposition \u00ab Robert Cappa, photographe de guerre \u00bb &#8211; Mus\u00e9e de la Lib\u00e9ration de Paris, avril 2026 (M. Bruyninckx) Visite de l\u2019exposition \u00ab Lee Miller \u00bb, reporter de guerre \u2013 Mus\u00e9e d\u2019Art Moderne de Paris, avril 2026 (M. Bruyninckx) *Participation \u00e0 la conf\u00e9rence \u00abInternational Psychological Applications Conference and Trends [&hellip;]\" \/>\n<meta property=\"og:url\" content=\"https:\/\/web.umons.ac.be\/sdht\/actualites-du-service\/\" \/>\n<meta property=\"og:site_name\" content=\"Service \/ FPSE - D\u00e9veloppement humain et traitement des donn\u00e9es\" \/>\n<meta property=\"article:modified_time\" content=\"2026-04-23T08:47:10+00:00\" \/>\n<meta name=\"twitter:card\" content=\"summary_large_image\" \/>\n<meta name=\"twitter:label1\" content=\"Dur\u00e9e de lecture estim\u00e9e\" \/>\n\t<meta name=\"twitter:data1\" content=\"4 minutes\" \/>\n<script type=\"application\/ld+json\" class=\"yoast-schema-graph\">{\"@context\":\"https:\/\/schema.org\",\"@graph\":[{\"@type\":\"WebPage\",\"@id\":\"https:\/\/web.umons.ac.be\/sdht\/actualites-du-service\/\",\"url\":\"https:\/\/web.umons.ac.be\/sdht\/actualites-du-service\/\",\"name\":\"Actualit\u00e9s du service - Service \/ FPSE - D\u00e9veloppement humain et traitement des donn\u00e9es\",\"isPartOf\":{\"@id\":\"https:\/\/web.umons.ac.be\/sdht\/#website\"},\"datePublished\":\"2022-03-03T13:46:37+00:00\",\"dateModified\":\"2026-04-23T08:47:10+00:00\",\"breadcrumb\":{\"@id\":\"https:\/\/web.umons.ac.be\/sdht\/actualites-du-service\/#breadcrumb\"},\"inLanguage\":\"fr-FR\",\"potentialAction\":[{\"@type\":\"ReadAction\",\"target\":[\"https:\/\/web.umons.ac.be\/sdht\/actualites-du-service\/\"]}]},{\"@type\":\"BreadcrumbList\",\"@id\":\"https:\/\/web.umons.ac.be\/sdht\/actualites-du-service\/#breadcrumb\",\"itemListElement\":[{\"@type\":\"ListItem\",\"position\":1,\"name\":\"Home\",\"item\":\"https:\/\/web.umons.ac.be\/sdht\/\"},{\"@type\":\"ListItem\",\"position\":2,\"name\":\"Actualit\u00e9s du service\"}]},{\"@type\":\"WebSite\",\"@id\":\"https:\/\/web.umons.ac.be\/sdht\/#website\",\"url\":\"https:\/\/web.umons.ac.be\/sdht\/\",\"name\":\"Service \/ FPSE - D\u00e9veloppement humain et traitement des donn\u00e9es\",\"description\":\"\",\"potentialAction\":[{\"@type\":\"SearchAction\",\"target\":{\"@type\":\"EntryPoint\",\"urlTemplate\":\"https:\/\/web.umons.ac.be\/sdht\/?s={search_term_string}\"},\"query-input\":{\"@type\":\"PropertyValueSpecification\",\"valueRequired\":true,\"valueName\":\"search_term_string\"}}],\"inLanguage\":\"fr-FR\"}]}<\/script>\n<!-- \/ Yoast SEO plugin. -->","yoast_head_json":{"title":"Actualit\u00e9s du service - Service \/ FPSE - D\u00e9veloppement humain et traitement des donn\u00e9es","robots":{"index":"index","follow":"follow","max-snippet":"max-snippet:-1","max-image-preview":"max-image-preview:large","max-video-preview":"max-video-preview:-1"},"canonical":"https:\/\/web.umons.ac.be\/sdht\/actualites-du-service\/","og_locale":"fr_FR","og_type":"article","og_title":"Actualit\u00e9s du service - Service \/ FPSE - D\u00e9veloppement humain et traitement des donn\u00e9es","og_description":"*Participations avec communication 2026: Visite de l\u2019exposition \u00ab Robert Cappa, photographe de guerre \u00bb &#8211; Mus\u00e9e de la Lib\u00e9ration de Paris, avril 2026 (M. Bruyninckx) Visite de l\u2019exposition \u00ab Lee Miller \u00bb, reporter de guerre \u2013 Mus\u00e9e d\u2019Art Moderne de Paris, avril 2026 (M. Bruyninckx) *Participation \u00e0 la conf\u00e9rence \u00abInternational Psychological Applications Conference and Trends [&hellip;]","og_url":"https:\/\/web.umons.ac.be\/sdht\/actualites-du-service\/","og_site_name":"Service \/ FPSE - D\u00e9veloppement humain et traitement des donn\u00e9es","article_modified_time":"2026-04-23T08:47:10+00:00","twitter_card":"summary_large_image","twitter_misc":{"Dur\u00e9e de lecture estim\u00e9e":"4 minutes"},"schema":{"@context":"https:\/\/schema.org","@graph":[{"@type":"WebPage","@id":"https:\/\/web.umons.ac.be\/sdht\/actualites-du-service\/","url":"https:\/\/web.umons.ac.be\/sdht\/actualites-du-service\/","name":"Actualit\u00e9s du service - Service \/ FPSE - D\u00e9veloppement humain et traitement des donn\u00e9es","isPartOf":{"@id":"https:\/\/web.umons.ac.be\/sdht\/#website"},"datePublished":"2022-03-03T13:46:37+00:00","dateModified":"2026-04-23T08:47:10+00:00","breadcrumb":{"@id":"https:\/\/web.umons.ac.be\/sdht\/actualites-du-service\/#breadcrumb"},"inLanguage":"fr-FR","potentialAction":[{"@type":"ReadAction","target":["https:\/\/web.umons.ac.be\/sdht\/actualites-du-service\/"]}]},{"@type":"BreadcrumbList","@id":"https:\/\/web.umons.ac.be\/sdht\/actualites-du-service\/#breadcrumb","itemListElement":[{"@type":"ListItem","position":1,"name":"Home","item":"https:\/\/web.umons.ac.be\/sdht\/"},{"@type":"ListItem","position":2,"name":"Actualit\u00e9s du service"}]},{"@type":"WebSite","@id":"https:\/\/web.umons.ac.be\/sdht\/#website","url":"https:\/\/web.umons.ac.be\/sdht\/","name":"Service \/ FPSE - D\u00e9veloppement humain et traitement des donn\u00e9es","description":"","potentialAction":[{"@type":"SearchAction","target":{"@type":"EntryPoint","urlTemplate":"https:\/\/web.umons.ac.be\/sdht\/?s={search_term_string}"},"query-input":{"@type":"PropertyValueSpecification","valueRequired":true,"valueName":"search_term_string"}}],"inLanguage":"fr-FR"}]}},"lang":"fr","translations":{"fr":186},"pll_sync_post":[],"_links":{"self":[{"href":"https:\/\/web.umons.ac.be\/sdht\/wp-json\/wp\/v2\/pages\/186","targetHints":{"allow":["GET"]}}],"collection":[{"href":"https:\/\/web.umons.ac.be\/sdht\/wp-json\/wp\/v2\/pages"}],"about":[{"href":"https:\/\/web.umons.ac.be\/sdht\/wp-json\/wp\/v2\/types\/page"}],"author":[{"embeddable":true,"href":"https:\/\/web.umons.ac.be\/sdht\/wp-json\/wp\/v2\/users\/118"}],"replies":[{"embeddable":true,"href":"https:\/\/web.umons.ac.be\/sdht\/wp-json\/wp\/v2\/comments?post=186"}],"version-history":[{"count":5,"href":"https:\/\/web.umons.ac.be\/sdht\/wp-json\/wp\/v2\/pages\/186\/revisions"}],"predecessor-version":[{"id":1359,"href":"https:\/\/web.umons.ac.be\/sdht\/wp-json\/wp\/v2\/pages\/186\/revisions\/1359"}],"wp:attachment":[{"href":"https:\/\/web.umons.ac.be\/sdht\/wp-json\/wp\/v2\/media?parent=186"}],"curies":[{"name":"wp","href":"https:\/\/api.w.org\/{rel}","templated":true}]}}