{"id":7,"date":"2021-11-09T10:52:54","date_gmt":"2021-11-09T09:52:54","guid":{"rendered":"https:\/\/web.umons.ac.be\/sdht\/equipe\/"},"modified":"2026-01-13T11:18:28","modified_gmt":"2026-01-13T10:18:28","slug":"equipe","status":"publish","type":"page","link":"https:\/\/web.umons.ac.be\/sdht\/equipe\/","title":{"rendered":"\u00c9quipe"},"content":{"rendered":"<table style=\"border-collapse: collapse; width: 100%;\">\n<tbody>\n<tr>\n<td style=\"width: 26.2424%;\"><img loading=\"lazy\" decoding=\"async\" class=\"wp-image-143 alignleft\" src=\"https:\/\/web.umons.ac.be\/app\/uploads\/sites\/110\/2022\/02\/marielle_bruyninckx-300x295.png\" alt=\"\" width=\"176\" height=\"173\" srcset=\"https:\/\/web.umons.ac.be\/app\/uploads\/sites\/110\/2022\/02\/marielle_bruyninckx-300x295.png 300w, https:\/\/web.umons.ac.be\/app\/uploads\/sites\/110\/2022\/02\/marielle_bruyninckx-30x29.png 30w, https:\/\/web.umons.ac.be\/app\/uploads\/sites\/110\/2022\/02\/marielle_bruyninckx-80x80.png 80w, https:\/\/web.umons.ac.be\/app\/uploads\/sites\/110\/2022\/02\/marielle_bruyninckx-60x60.png 60w, https:\/\/web.umons.ac.be\/app\/uploads\/sites\/110\/2022\/02\/marielle_bruyninckx-360x354.png 360w, https:\/\/web.umons.ac.be\/app\/uploads\/sites\/110\/2022\/02\/marielle_bruyninckx.png 591w\" sizes=\"auto, (max-width: 176px) 100vw, 176px\" \/><\/td>\n<td style=\"width: 73.7576%;\"><strong><span style=\"vertical-align: inherit;\"><span style=\"vertical-align: inherit;\">Marielle BRUYNINCKX<\/span><\/span><\/strong><\/p>\n<p style=\"margin-top: 0cm;\">Professeure ordinaire (titulaire) \u200b<br \/>\nResponsable du Service<\/p>\n<ul>\n<li><em>Docteure en Sciences psycho-p\u00e9dagogiques\u200b<\/em><\/li>\n<li><em>Agr\u00e9g\u00e9e de l\u2019enseignement secondaire sup\u00e9rieur en Sciences psycho-p\u00e9dagogiques\u200b<\/em><\/li>\n<li><em>Titulaire du Certificat de sp\u00e9cialisation en Didactique des langues\u200b<\/em><\/li>\n<li><em>Licenci\u00e9e en Sciences psycho-p\u00e9dagogiques<\/em><\/li>\n<li><span style=\"vertical-align: inherit;\"><span style=\"vertical-align: inherit;\">\u200b<\/span><\/span><span style=\"vertical-align: inherit;\"><span style=\"vertical-align: inherit;\">Contact : <\/span><\/span><b><span style=\"vertical-align: inherit;\"><span style=\"vertical-align: inherit;\">marielle.bruyninckx@umons.ac.be<\/span><\/span><\/b><\/li>\n<\/ul>\n<\/td>\n<\/tr>\n<\/tbody>\n<\/table>\n<p><strong><em><a href=\"https:\/\/web.umons.ac.be\/app\/uploads\/sites\/110\/2026\/01\/CV-MB-decembre-2025.pdf\"><span style=\"vertical-align: inherit;\"><span style=\"vertical-align: inherit;\">Curriculum vitae<\/span><\/span><\/a><\/em><\/strong><\/p>\n<table style=\"border-collapse: collapse; width: 100%;\">\n<tbody>\n<tr>\n<td style=\"width: 26.4848%;\"><img loading=\"lazy\" decoding=\"async\" class=\"wp-image-193 alignleft\" src=\"https:\/\/web.umons.ac.be\/app\/uploads\/sites\/110\/2022\/03\/dimitri_cauchie-300x300.png\" alt=\"\" width=\"175\" height=\"175\" srcset=\"https:\/\/web.umons.ac.be\/app\/uploads\/sites\/110\/2022\/03\/dimitri_cauchie-300x300.png 300w, https:\/\/web.umons.ac.be\/app\/uploads\/sites\/110\/2022\/03\/dimitri_cauchie-150x150.png 150w, https:\/\/web.umons.ac.be\/app\/uploads\/sites\/110\/2022\/03\/dimitri_cauchie-30x30.png 30w, https:\/\/web.umons.ac.be\/app\/uploads\/sites\/110\/2022\/03\/dimitri_cauchie-80x80.png 80w, https:\/\/web.umons.ac.be\/app\/uploads\/sites\/110\/2022\/03\/dimitri_cauchie-60x60.png 60w, https:\/\/web.umons.ac.be\/app\/uploads\/sites\/110\/2022\/03\/dimitri_cauchie-360x360.png 360w, https:\/\/web.umons.ac.be\/app\/uploads\/sites\/110\/2022\/03\/dimitri_cauchie-400x400.png 400w, https:\/\/web.umons.ac.be\/app\/uploads\/sites\/110\/2022\/03\/dimitri_cauchie-200x200.png 200w, https:\/\/web.umons.ac.be\/app\/uploads\/sites\/110\/2022\/03\/dimitri_cauchie.png 605w\" sizes=\"auto, (max-width: 175px) 100vw, 175px\" \/><\/td>\n<td style=\"width: 73.5152%;\"><strong>Dimitri CAUCHIE<\/strong>\u200b\u00a0<strong><br \/>\n<\/strong>Charg\u00e9 de cours \u200b<\/p>\n<ul>\n<li><em>Docteur en Sciences psychologiques et de l&rsquo;\u00e9ducation<\/em>\u200b<\/li>\n<li><em>Licenci\u00e9 en Sciences de l&rsquo;\u00e9ducation<\/em>\u200b<\/li>\n<li><em>Agr\u00e9g\u00e9 de l&rsquo;enseignement secondaire inf\u00e9rieur en Sciences \u00e9conomiques et Sciences \u00e9conomiques appliqu\u00e9es<\/em><\/li>\n<li>Contact: <strong style=\"font-size: 14px;\">dimitri.cauchie@umons.ac.be<\/strong><\/li>\n<\/ul>\n<\/td>\n<\/tr>\n<\/tbody>\n<\/table>\n<p><strong><a href=\"https:\/\/web.umons.ac.be\/app\/uploads\/sites\/110\/2022\/06\/CV_DC_06_2022.pdf\"><em><span style=\"vertical-align: inherit;\"><span style=\"vertical-align: inherit;\">Curriculum vitae<\/span><\/span><\/em><\/a><\/strong><\/p>\n<table style=\"border-collapse: collapse; width: 100%;\">\n<tbody>\n<tr>\n<td style=\"width: 26.7273%;\"><img loading=\"lazy\" decoding=\"async\" class=\"alignnone size-medium wp-image-892\" src=\"https:\/\/web.umons.ac.be\/app\/uploads\/sites\/110\/2023\/10\/Photo_2-300x300.png\" alt=\"\" width=\"300\" height=\"300\" srcset=\"https:\/\/web.umons.ac.be\/app\/uploads\/sites\/110\/2023\/10\/Photo_2-300x300.png 300w, https:\/\/web.umons.ac.be\/app\/uploads\/sites\/110\/2023\/10\/Photo_2-1021x1024.png 1021w, https:\/\/web.umons.ac.be\/app\/uploads\/sites\/110\/2023\/10\/Photo_2-150x150.png 150w, https:\/\/web.umons.ac.be\/app\/uploads\/sites\/110\/2023\/10\/Photo_2-768x770.png 768w, https:\/\/web.umons.ac.be\/app\/uploads\/sites\/110\/2023\/10\/Photo_2-658x660.png 658w, https:\/\/web.umons.ac.be\/app\/uploads\/sites\/110\/2023\/10\/Photo_2-30x30.png 30w, https:\/\/web.umons.ac.be\/app\/uploads\/sites\/110\/2023\/10\/Photo_2-80x80.png 80w, https:\/\/web.umons.ac.be\/app\/uploads\/sites\/110\/2023\/10\/Photo_2-60x60.png 60w, https:\/\/web.umons.ac.be\/app\/uploads\/sites\/110\/2023\/10\/Photo_2-360x361.png 360w, https:\/\/web.umons.ac.be\/app\/uploads\/sites\/110\/2023\/10\/Photo_2-400x400.png 400w, https:\/\/web.umons.ac.be\/app\/uploads\/sites\/110\/2023\/10\/Photo_2-200x200.png 200w, https:\/\/web.umons.ac.be\/app\/uploads\/sites\/110\/2023\/10\/Photo_2.png 1200w\" sizes=\"auto, (max-width: 300px) 100vw, 300px\" \/><\/td>\n<td style=\"width: 73.2727%;\"><strong>Cl\u00e9mence GEVA<\/strong><strong><br \/>\n<\/strong>Assistante doctorante\u200b<\/p>\n<ul>\n<li><em>Titulaire du Master en Sciences psychologiques<\/em><\/li>\n<li>Contact:<strong style=\"font-size: 14px;\"> clemence.geva@umons.ac.be<\/strong><\/li>\n<\/ul>\n<\/td>\n<\/tr>\n<\/tbody>\n<\/table>\n<p><strong><a href=\"https:\/\/web.umons.ac.be\/app\/uploads\/sites\/110\/2025\/12\/Clemence-GEVA-CV-decembre-25.pdf\"><em><span style=\"vertical-align: inherit;\"><span style=\"vertical-align: inherit;\">Curriculum vitae<\/span><\/span><\/em><\/a><\/strong><\/p>\n<table style=\"border-collapse: collapse; width: 100%;\">\n<tbody>\n<tr>\n<td style=\"width: 26.3636%;\"><img loading=\"lazy\" decoding=\"async\" class=\"wp-image-535 alignleft\" src=\"https:\/\/web.umons.ac.be\/app\/uploads\/sites\/110\/2022\/09\/Lea_Lacourt-297x300.png\" alt=\"\" width=\"178\" height=\"180\" srcset=\"https:\/\/web.umons.ac.be\/app\/uploads\/sites\/110\/2022\/09\/Lea_Lacourt-297x300.png 297w, https:\/\/web.umons.ac.be\/app\/uploads\/sites\/110\/2022\/09\/Lea_Lacourt-768x775.png 768w, https:\/\/web.umons.ac.be\/app\/uploads\/sites\/110\/2022\/09\/Lea_Lacourt-654x660.png 654w, https:\/\/web.umons.ac.be\/app\/uploads\/sites\/110\/2022\/09\/Lea_Lacourt-30x30.png 30w, https:\/\/web.umons.ac.be\/app\/uploads\/sites\/110\/2022\/09\/Lea_Lacourt-80x80.png 80w, https:\/\/web.umons.ac.be\/app\/uploads\/sites\/110\/2022\/09\/Lea_Lacourt-60x60.png 60w, https:\/\/web.umons.ac.be\/app\/uploads\/sites\/110\/2022\/09\/Lea_Lacourt-360x363.png 360w, https:\/\/web.umons.ac.be\/app\/uploads\/sites\/110\/2022\/09\/Lea_Lacourt.png 1000w\" sizes=\"auto, (max-width: 178px) 100vw, 178px\" \/><\/td>\n<td style=\"width: 73.6364%;\"><strong>L\u00e9a LACOURT<\/strong><strong><br \/>\n<\/strong>Assistante doctorante\u200b<\/p>\n<ul>\n<li><em>Titulaire du Certificat de formation \u00e0 la recherche<\/em><\/li>\n<li><em>Titulaire du Master en Sciences psychologiques<\/em><\/li>\n<li>Contact:<strong style=\"font-size: 14px;\"> lea.lacourt@umons.ac.be<\/strong><\/li>\n<\/ul>\n<\/td>\n<\/tr>\n<\/tbody>\n<\/table>\n<p><em><a href=\"https:\/\/web.umons.ac.be\/app\/uploads\/sites\/110\/2025\/12\/Lea-LACOURT-CV-decembre-2025.pdf\"><strong><span style=\"vertical-align: inherit;\"><span style=\"vertical-align: inherit;\">Curriculum vitae<\/span><\/span><\/strong><\/a><\/em><\/p>\n<table style=\"border-collapse: collapse; width: 100%;\">\n<tbody>\n<tr>\n<td style=\"width: 26.3636%;\"><img loading=\"lazy\" decoding=\"async\" class=\"wp-image-533 alignleft\" src=\"https:\/\/web.umons.ac.be\/app\/uploads\/sites\/110\/2022\/09\/241545697_549941172902058_694896741222395412_Retouche-300x300.png\" alt=\"\" width=\"186\" height=\"186\" srcset=\"https:\/\/web.umons.ac.be\/app\/uploads\/sites\/110\/2022\/09\/241545697_549941172902058_694896741222395412_Retouche-300x300.png 300w, https:\/\/web.umons.ac.be\/app\/uploads\/sites\/110\/2022\/09\/241545697_549941172902058_694896741222395412_Retouche-150x150.png 150w, https:\/\/web.umons.ac.be\/app\/uploads\/sites\/110\/2022\/09\/241545697_549941172902058_694896741222395412_Retouche-768x765.png 768w, https:\/\/web.umons.ac.be\/app\/uploads\/sites\/110\/2022\/09\/241545697_549941172902058_694896741222395412_Retouche-663x660.png 663w, https:\/\/web.umons.ac.be\/app\/uploads\/sites\/110\/2022\/09\/241545697_549941172902058_694896741222395412_Retouche-30x30.png 30w, https:\/\/web.umons.ac.be\/app\/uploads\/sites\/110\/2022\/09\/241545697_549941172902058_694896741222395412_Retouche-80x80.png 80w, https:\/\/web.umons.ac.be\/app\/uploads\/sites\/110\/2022\/09\/241545697_549941172902058_694896741222395412_Retouche-60x60.png 60w, https:\/\/web.umons.ac.be\/app\/uploads\/sites\/110\/2022\/09\/241545697_549941172902058_694896741222395412_Retouche-360x359.png 360w, https:\/\/web.umons.ac.be\/app\/uploads\/sites\/110\/2022\/09\/241545697_549941172902058_694896741222395412_Retouche-400x400.png 400w, https:\/\/web.umons.ac.be\/app\/uploads\/sites\/110\/2022\/09\/241545697_549941172902058_694896741222395412_Retouche-200x200.png 200w, https:\/\/web.umons.ac.be\/app\/uploads\/sites\/110\/2022\/09\/241545697_549941172902058_694896741222395412_Retouche.png 1000w\" sizes=\"auto, (max-width: 186px) 100vw, 186px\" \/><\/td>\n<td style=\"width: 73.6364%;\"><strong>Lisa SANTORO<\/strong><strong><br \/>\n<\/strong>Assistante doctorante\u200b<\/p>\n<ul>\n<li><em>Titulaire du Certificat de formation \u00e0 la recherche<\/em><\/li>\n<li><em>Titulaire du Master en Sciences psychologiques\u00a0 <\/em><\/li>\n<li>\u200bContact:<strong style=\"font-size: 14px;\"> lisa.Santoro@umons.ac.be<\/strong><\/li>\n<\/ul>\n<\/td>\n<\/tr>\n<\/tbody>\n<\/table>\n<p><em><a href=\"https:\/\/web.umons.ac.be\/app\/uploads\/sites\/110\/2025\/11\/CV_LS_nov2025.pdf\"><strong><span style=\"vertical-align: inherit;\"><span style=\"vertical-align: inherit;\">Curriculum vitae<\/span><\/span><\/strong><\/a><\/em><\/p>\n<table style=\"border-collapse: collapse; width: 100%;\">\n<tbody>\n<tr>\n<td style=\"width: 26.4848%;\"><img loading=\"lazy\" decoding=\"async\" class=\"wp-image-198 alignleft\" src=\"https:\/\/web.umons.ac.be\/app\/uploads\/sites\/110\/2022\/03\/MD_sdht-300x298.png\" alt=\"\" width=\"186\" height=\"185\" srcset=\"https:\/\/web.umons.ac.be\/app\/uploads\/sites\/110\/2022\/03\/MD_sdht-300x298.png 300w, https:\/\/web.umons.ac.be\/app\/uploads\/sites\/110\/2022\/03\/MD_sdht-150x150.png 150w, https:\/\/web.umons.ac.be\/app\/uploads\/sites\/110\/2022\/03\/MD_sdht-30x30.png 30w, https:\/\/web.umons.ac.be\/app\/uploads\/sites\/110\/2022\/03\/MD_sdht-80x80.png 80w, https:\/\/web.umons.ac.be\/app\/uploads\/sites\/110\/2022\/03\/MD_sdht-60x60.png 60w, https:\/\/web.umons.ac.be\/app\/uploads\/sites\/110\/2022\/03\/MD_sdht-360x357.png 360w, https:\/\/web.umons.ac.be\/app\/uploads\/sites\/110\/2022\/03\/MD_sdht-400x400.png 400w, https:\/\/web.umons.ac.be\/app\/uploads\/sites\/110\/2022\/03\/MD_sdht-200x200.png 200w, https:\/\/web.umons.ac.be\/app\/uploads\/sites\/110\/2022\/03\/MD_sdht.png 404w\" sizes=\"auto, (max-width: 186px) 100vw, 186px\" \/><\/td>\n<td style=\"width: 73.5152%;\"><strong>M\u00e9lanie DUTRIEUX<\/strong>\u200b<b><br \/>\n<\/b>Adjointe p\u00e9dagogique principale d\u00e9tach\u00e9e de la Cellule facultaire de p\u00e9dagogie universitaire (CFPU) pour l&rsquo;encadrement des exercices dirig\u00e9s de statistique\u200b<\/p>\n<ul>\n<li><em>Agr\u00e9g\u00e9e de l\u2019enseignement secondaire sup\u00e9rieur en Sciences psychologiques et de l\u2019\u00e9ducation<\/em><\/li>\n<li><em>Licenci\u00e9e en Sciences psychologiques<\/em><\/li>\n<li>\u200bContact: <strong>melanie.dutrieux@umons.ac.be<\/strong><\/li>\n<\/ul>\n<\/td>\n<\/tr>\n<\/tbody>\n<\/table>\n<p><span style=\"color: #00abcc;\"><em><a style=\"color: #00abcc;\" href=\"https:\/\/web.umons.ac.be\/app\/uploads\/sites\/110\/2022\/05\/CV-MD-mai-2022.pdf\"><strong><span style=\"vertical-align: inherit;\"><span style=\"vertical-align: inherit;\">Curriculum vitae<\/span><\/span><\/strong><\/a><\/em><\/span><\/p>\n<table style=\"border-collapse: collapse; width: 100%;\">\n<tbody>\n<tr>\n<td style=\"width: 27.1058%;\"><\/td>\n<td style=\"width: 72.8942%;\"><b>Esther MUCCI<\/b><\/p>\n<p><span style=\"font-size: 14px;\">Stagiaire (encadrement des \u00e9tudiants en situation de handicap pour les cours de statistique)<\/span><\/p>\n<ul>\n<li><em>Etudiante Master en sciences de l&rsquo;\u00e9ducation<\/em><\/li>\n<li><em>Bachelier Institutrice primaire<\/em><\/li>\n<li><span style=\"vertical-align: inherit;\">Contact <span style=\"font-size: 14px;\">: <\/span><span style=\"font-size: 14px;\"><strong>esther.mucci@student.umons.ac.be<\/strong><\/span><\/span><\/li>\n<\/ul>\n<\/td>\n<\/tr>\n<\/tbody>\n<\/table>\n<p><span style=\"color: #00abcc;\"><em><a style=\"color: #00abcc;\" href=\"https:\/\/web.umons.ac.be\/app\/uploads\/sites\/110\/2025\/10\/Esther_Mucci_CV.pdf\"><strong><span style=\"vertical-align: inherit;\">Curriculum vitae<\/span><\/strong><\/a><\/em><\/span><\/p>\n<table style=\"border-collapse: collapse; width: 97.089%; height: 152px;\">\n<tbody>\n<tr>\n<td style=\"width: 27.3492%;\"><\/td>\n<td style=\"width: 71.1404%;\"><b>Anne LAMBERT<\/b><\/p>\n<p>Doctorante<\/p>\n<ul>\n<li><em>Titulaire du Certificat de formation \u00e0 la recherche<\/em><\/li>\n<li><span style=\"font-size: 14px;\"><em>Titulaire du Master en Sciences psychologiques<\/em><\/span><\/li>\n<li><em>Titulaire du Certificat en m\u00e9diation scolaire<\/em><\/li>\n<li><em>Agr\u00e9g\u00e9e de l&rsquo;enseignement secondaire sup\u00e9rieur<\/em><\/li>\n<li><em>Licenci\u00e9e en sciences biologiques<\/em><\/li>\n<li><span style=\"vertical-align: inherit;\"><span style=\"vertical-align: inherit;\">Contact <\/span><span style=\"font-size: 14px;\"><span style=\"vertical-align: inherit;\">: <\/span><\/span><span style=\"font-size: 14px;\"><strong><span style=\"vertical-align: inherit;\">anne.lambert@student.umons.ac.be<\/span><\/strong><\/span><\/span><\/li>\n<\/ul>\n<\/td>\n<\/tr>\n<\/tbody>\n<\/table>\n<p><em><a href=\"https:\/\/web.umons.ac.be\/app\/uploads\/sites\/110\/2024\/10\/CV-academique-AL.pdf\"><strong><span style=\"vertical-align: inherit;\"><span style=\"vertical-align: inherit;\">Curriculum vitae<\/span><\/span><\/strong><\/a><\/em><\/p>\n<p>&nbsp;<\/p>\n<p style=\"text-align: right;\">\u00a0<a href=\"https:\/\/annuaire.umons.ac.be\/reppublic\"><em>Lien vers l&rsquo;annuaire UMONS<\/em><\/a><\/p>\n","protected":false},"excerpt":{"rendered":"<p>Marielle BRUYNINCKX Professeure ordinaire (titulaire) \u200b Responsable du Service Docteure en Sciences psycho-p\u00e9dagogiques\u200b Agr\u00e9g\u00e9e de l\u2019enseignement secondaire sup\u00e9rieur en Sciences psycho-p\u00e9dagogiques\u200b Titulaire du Certificat de sp\u00e9cialisation en Didactique des langues\u200b Licenci\u00e9e en Sciences psycho-p\u00e9dagogiques \u200bContact : marielle.bruyninckx@umons.ac.be Curriculum vitae Dimitri CAUCHIE\u200b\u00a0 Charg\u00e9 de cours \u200b Docteur en Sciences psychologiques et de l&rsquo;\u00e9ducation\u200b Licenci\u00e9 en Sciences [&hellip;]<\/p>\n","protected":false},"author":4,"featured_media":0,"parent":0,"menu_order":0,"comment_status":"closed","ping_status":"closed","template":"","meta":{"footnotes":""},"class_list":["post-7","page","type-page","status-publish","hentry"],"yoast_head":"<!-- This site is optimized with the Yoast SEO plugin v27.2 - https:\/\/yoast.com\/product\/yoast-seo-wordpress\/ -->\n<title>\u00c9quipe - Service \/ FPSE - D\u00e9veloppement humain et traitement des donn\u00e9es<\/title>\n<meta name=\"robots\" content=\"index, follow, max-snippet:-1, max-image-preview:large, max-video-preview:-1\" \/>\n<link rel=\"canonical\" href=\"https:\/\/web.umons.ac.be\/sdht\/equipe\/\" \/>\n<meta property=\"og:locale\" content=\"fr_FR\" \/>\n<meta property=\"og:type\" content=\"article\" \/>\n<meta property=\"og:title\" content=\"\u00c9quipe - Service \/ FPSE - D\u00e9veloppement humain et traitement des donn\u00e9es\" \/>\n<meta property=\"og:description\" content=\"Marielle BRUYNINCKX Professeure ordinaire (titulaire) \u200b Responsable du Service Docteure en Sciences psycho-p\u00e9dagogiques\u200b Agr\u00e9g\u00e9e de l\u2019enseignement secondaire sup\u00e9rieur en Sciences psycho-p\u00e9dagogiques\u200b Titulaire du Certificat de sp\u00e9cialisation en Didactique des langues\u200b Licenci\u00e9e en Sciences psycho-p\u00e9dagogiques \u200bContact : marielle.bruyninckx@umons.ac.be Curriculum vitae Dimitri CAUCHIE\u200b\u00a0 Charg\u00e9 de cours \u200b Docteur en Sciences psychologiques et de l&rsquo;\u00e9ducation\u200b Licenci\u00e9 en Sciences [&hellip;]\" \/>\n<meta property=\"og:url\" content=\"https:\/\/web.umons.ac.be\/sdht\/equipe\/\" \/>\n<meta property=\"og:site_name\" content=\"Service \/ FPSE - D\u00e9veloppement humain et traitement des donn\u00e9es\" \/>\n<meta property=\"article:modified_time\" content=\"2026-01-13T10:18:28+00:00\" \/>\n<meta property=\"og:image\" content=\"https:\/\/web.umons.ac.be\/app\/uploads\/sites\/110\/2022\/02\/marielle_bruyninckx.png\" \/>\n\t<meta property=\"og:image:width\" content=\"591\" \/>\n\t<meta property=\"og:image:height\" content=\"581\" \/>\n\t<meta property=\"og:image:type\" content=\"image\/png\" \/>\n<meta name=\"twitter:card\" content=\"summary_large_image\" \/>\n<meta name=\"twitter:label1\" content=\"Dur\u00e9e de lecture estim\u00e9e\" \/>\n\t<meta name=\"twitter:data1\" content=\"3 minutes\" \/>\n<script type=\"application\/ld+json\" class=\"yoast-schema-graph\">{\"@context\":\"https:\/\/schema.org\",\"@graph\":[{\"@type\":\"WebPage\",\"@id\":\"https:\/\/web.umons.ac.be\/sdht\/equipe\/\",\"url\":\"https:\/\/web.umons.ac.be\/sdht\/equipe\/\",\"name\":\"\u00c9quipe - Service \/ FPSE - D\u00e9veloppement humain et traitement des donn\u00e9es\",\"isPartOf\":{\"@id\":\"https:\/\/web.umons.ac.be\/sdht\/#website\"},\"primaryImageOfPage\":{\"@id\":\"https:\/\/web.umons.ac.be\/sdht\/equipe\/#primaryimage\"},\"image\":{\"@id\":\"https:\/\/web.umons.ac.be\/sdht\/equipe\/#primaryimage\"},\"thumbnailUrl\":\"https:\/\/web.umons.ac.be\/app\/uploads\/sites\/110\/2022\/02\/marielle_bruyninckx-300x295.png\",\"datePublished\":\"2021-11-09T09:52:54+00:00\",\"dateModified\":\"2026-01-13T10:18:28+00:00\",\"breadcrumb\":{\"@id\":\"https:\/\/web.umons.ac.be\/sdht\/equipe\/#breadcrumb\"},\"inLanguage\":\"fr-FR\",\"potentialAction\":[{\"@type\":\"ReadAction\",\"target\":[\"https:\/\/web.umons.ac.be\/sdht\/equipe\/\"]}]},{\"@type\":\"ImageObject\",\"inLanguage\":\"fr-FR\",\"@id\":\"https:\/\/web.umons.ac.be\/sdht\/equipe\/#primaryimage\",\"url\":\"https:\/\/web.umons.ac.be\/app\/uploads\/sites\/110\/2022\/02\/marielle_bruyninckx-300x295.png\",\"contentUrl\":\"https:\/\/web.umons.ac.be\/app\/uploads\/sites\/110\/2022\/02\/marielle_bruyninckx-300x295.png\"},{\"@type\":\"BreadcrumbList\",\"@id\":\"https:\/\/web.umons.ac.be\/sdht\/equipe\/#breadcrumb\",\"itemListElement\":[{\"@type\":\"ListItem\",\"position\":1,\"name\":\"Home\",\"item\":\"https:\/\/web.umons.ac.be\/sdht\/\"},{\"@type\":\"ListItem\",\"position\":2,\"name\":\"\u00c9quipe\"}]},{\"@type\":\"WebSite\",\"@id\":\"https:\/\/web.umons.ac.be\/sdht\/#website\",\"url\":\"https:\/\/web.umons.ac.be\/sdht\/\",\"name\":\"Service \/ FPSE - D\u00e9veloppement humain et traitement des donn\u00e9es\",\"description\":\"\",\"potentialAction\":[{\"@type\":\"SearchAction\",\"target\":{\"@type\":\"EntryPoint\",\"urlTemplate\":\"https:\/\/web.umons.ac.be\/sdht\/?s={search_term_string}\"},\"query-input\":{\"@type\":\"PropertyValueSpecification\",\"valueRequired\":true,\"valueName\":\"search_term_string\"}}],\"inLanguage\":\"fr-FR\"}]}<\/script>\n<!-- \/ Yoast SEO plugin. -->","yoast_head_json":{"title":"\u00c9quipe - Service \/ FPSE - D\u00e9veloppement humain et traitement des donn\u00e9es","robots":{"index":"index","follow":"follow","max-snippet":"max-snippet:-1","max-image-preview":"max-image-preview:large","max-video-preview":"max-video-preview:-1"},"canonical":"https:\/\/web.umons.ac.be\/sdht\/equipe\/","og_locale":"fr_FR","og_type":"article","og_title":"\u00c9quipe - Service \/ FPSE - D\u00e9veloppement humain et traitement des donn\u00e9es","og_description":"Marielle BRUYNINCKX Professeure ordinaire (titulaire) \u200b Responsable du Service Docteure en Sciences psycho-p\u00e9dagogiques\u200b Agr\u00e9g\u00e9e de l\u2019enseignement secondaire sup\u00e9rieur en Sciences psycho-p\u00e9dagogiques\u200b Titulaire du Certificat de sp\u00e9cialisation en Didactique des langues\u200b Licenci\u00e9e en Sciences psycho-p\u00e9dagogiques \u200bContact : marielle.bruyninckx@umons.ac.be Curriculum vitae Dimitri CAUCHIE\u200b\u00a0 Charg\u00e9 de cours \u200b Docteur en Sciences psychologiques et de l&rsquo;\u00e9ducation\u200b Licenci\u00e9 en Sciences [&hellip;]","og_url":"https:\/\/web.umons.ac.be\/sdht\/equipe\/","og_site_name":"Service \/ FPSE - D\u00e9veloppement humain et traitement des donn\u00e9es","article_modified_time":"2026-01-13T10:18:28+00:00","og_image":[{"width":591,"height":581,"url":"https:\/\/web.umons.ac.be\/app\/uploads\/sites\/110\/2022\/02\/marielle_bruyninckx.png","type":"image\/png"}],"twitter_card":"summary_large_image","twitter_misc":{"Dur\u00e9e de lecture estim\u00e9e":"3 minutes"},"schema":{"@context":"https:\/\/schema.org","@graph":[{"@type":"WebPage","@id":"https:\/\/web.umons.ac.be\/sdht\/equipe\/","url":"https:\/\/web.umons.ac.be\/sdht\/equipe\/","name":"\u00c9quipe - Service \/ FPSE - D\u00e9veloppement humain et traitement des donn\u00e9es","isPartOf":{"@id":"https:\/\/web.umons.ac.be\/sdht\/#website"},"primaryImageOfPage":{"@id":"https:\/\/web.umons.ac.be\/sdht\/equipe\/#primaryimage"},"image":{"@id":"https:\/\/web.umons.ac.be\/sdht\/equipe\/#primaryimage"},"thumbnailUrl":"https:\/\/web.umons.ac.be\/app\/uploads\/sites\/110\/2022\/02\/marielle_bruyninckx-300x295.png","datePublished":"2021-11-09T09:52:54+00:00","dateModified":"2026-01-13T10:18:28+00:00","breadcrumb":{"@id":"https:\/\/web.umons.ac.be\/sdht\/equipe\/#breadcrumb"},"inLanguage":"fr-FR","potentialAction":[{"@type":"ReadAction","target":["https:\/\/web.umons.ac.be\/sdht\/equipe\/"]}]},{"@type":"ImageObject","inLanguage":"fr-FR","@id":"https:\/\/web.umons.ac.be\/sdht\/equipe\/#primaryimage","url":"https:\/\/web.umons.ac.be\/app\/uploads\/sites\/110\/2022\/02\/marielle_bruyninckx-300x295.png","contentUrl":"https:\/\/web.umons.ac.be\/app\/uploads\/sites\/110\/2022\/02\/marielle_bruyninckx-300x295.png"},{"@type":"BreadcrumbList","@id":"https:\/\/web.umons.ac.be\/sdht\/equipe\/#breadcrumb","itemListElement":[{"@type":"ListItem","position":1,"name":"Home","item":"https:\/\/web.umons.ac.be\/sdht\/"},{"@type":"ListItem","position":2,"name":"\u00c9quipe"}]},{"@type":"WebSite","@id":"https:\/\/web.umons.ac.be\/sdht\/#website","url":"https:\/\/web.umons.ac.be\/sdht\/","name":"Service \/ FPSE - D\u00e9veloppement humain et traitement des donn\u00e9es","description":"","potentialAction":[{"@type":"SearchAction","target":{"@type":"EntryPoint","urlTemplate":"https:\/\/web.umons.ac.be\/sdht\/?s={search_term_string}"},"query-input":{"@type":"PropertyValueSpecification","valueRequired":true,"valueName":"search_term_string"}}],"inLanguage":"fr-FR"}]}},"lang":"fr","translations":{"fr":7},"pll_sync_post":[],"_links":{"self":[{"href":"https:\/\/web.umons.ac.be\/sdht\/wp-json\/wp\/v2\/pages\/7","targetHints":{"allow":["GET"]}}],"collection":[{"href":"https:\/\/web.umons.ac.be\/sdht\/wp-json\/wp\/v2\/pages"}],"about":[{"href":"https:\/\/web.umons.ac.be\/sdht\/wp-json\/wp\/v2\/types\/page"}],"author":[{"embeddable":true,"href":"https:\/\/web.umons.ac.be\/sdht\/wp-json\/wp\/v2\/users\/4"}],"replies":[{"embeddable":true,"href":"https:\/\/web.umons.ac.be\/sdht\/wp-json\/wp\/v2\/comments?post=7"}],"version-history":[{"count":4,"href":"https:\/\/web.umons.ac.be\/sdht\/wp-json\/wp\/v2\/pages\/7\/revisions"}],"predecessor-version":[{"id":1322,"href":"https:\/\/web.umons.ac.be\/sdht\/wp-json\/wp\/v2\/pages\/7\/revisions\/1322"}],"wp:attachment":[{"href":"https:\/\/web.umons.ac.be\/sdht\/wp-json\/wp\/v2\/media?parent=7"}],"curies":[{"name":"wp","href":"https:\/\/api.w.org\/{rel}","templated":true}]}}