{"id":77,"date":"2022-02-17T13:16:55","date_gmt":"2022-02-17T12:16:55","guid":{"rendered":"https:\/\/web.umons.ac.be\/sdht\/?page_id=77"},"modified":"2025-07-11T15:52:48","modified_gmt":"2025-07-11T13:52:48","slug":"participation-a-des-comites-daccompagnement-de-theses","status":"publish","type":"page","link":"https:\/\/web.umons.ac.be\/sdht\/theses-2\/participation-a-des-comites-daccompagnement-de-theses\/","title":{"rendered":"Participation \u00e0 des comit\u00e9s d&rsquo;accompagnement de th\u00e8ses"},"content":{"rendered":"<ul>\n<li><strong>COEN Constance<\/strong>, <em>L&rsquo;observation outill\u00e9e en stage professionnalisant pour aider les futurs enseignants \u00e0 analyser les pratiques de leurs maitres de stages et d\u00e9velopper leur vision professionnelle<\/em><\/li>\n<\/ul>\n<p style=\"padding-left: 40px;\">Promoteur : DEMEUSE Marc<br \/>\nCo-promotrice : BOCQUILLON Marie<br \/>\nMembre du comit\u00e9 : WILLAYE Eric<br \/>\nPr\u00e9sident du comit\u00e9 : CAUCHIE Dimitri<\/p>\n<ul>\n<li><strong>DESCAMPS Sarah<\/strong>, <em>La protection de l\u2019environnement, une comp\u00e9tence num\u00e9rique. Comment d\u00e9velopper cette comp\u00e9tence du XXe si\u00e8cle<\/em><\/li>\n<\/ul>\n<p style=\"padding-left: 40px;\">Promoteur : TEMPERMAN Ga\u00ebtan<br \/>\nCo-promoteur : BOUMAZGUIDA Karim<br \/>\nMembre du comit\u00e9 : DE STERCKE Joachim<br \/>\nPr\u00e9sident du comit\u00e9 : CAUCHIE Dimitri<\/p>\n<ul>\n<li><strong>GEVA Cl\u00e9mence<\/strong>, <em>Parcours migratoire et d\u00e9veloppement psychosocial des personnes qui demandent l\u2019asile en Belgique en raison de leur orientation sexuelle.<\/em><\/li>\n<\/ul>\n<p style=\"padding-left: 40px;\">Promoteur : CAUCHIE Dimitri<br \/>\nCo-promotrice: BRUYNINCKX Marielle<br \/>\nMembre du comit\u00e9 :\u00a0 DENIS Jennifer<br \/>\nPr\u00e9sidente du comit\u00e9 : VICENZUTTO Audrey<\/p>\n<ul>\n<li><strong>HARB Lea<\/strong>, <em>Couple et infid\u00e9lit\u00e9, perspective interculturelle entre le Liban et la Belgique.<\/em><\/li>\n<\/ul>\n<p style=\"padding-left: 40px;\">Promotrice: GALDIOLO Sarah<br \/>\nMembres du comit\u00e9 : CAUCHIE Dimitri, <span style=\"font-size: 14px;\">DENIS Jennifer.<\/span><\/p>\n<ul>\n<li><strong>HYACINTHE Nice-Glyne<\/strong>, <em>Prise en charge \u00e9motionnelle des enfants ha\u00eftiens pour am\u00e9liorer leurs apprentissages scolaires.<\/em><\/li>\n<\/ul>\n<p style=\"padding-left: 40px;\">Promotrice: ROSSIGNOL Mandy<br \/>\nMembres du comit\u00e9 : CAUCHIE Dimitri, <span style=\"font-size: 14px;\">GAUGUE Justine, TEMPERMAN Ga\u00ebtan.<\/span><\/p>\n<ul>\n<li><strong>LACOURT L\u00e9a<\/strong>, <em>Prise en compte de la diversit\u00e9 culturelle dans les pratiques des psychologues infanto-juv\u00e9niles en Belgique francophone.<br \/>\n<\/em><\/li>\n<\/ul>\n<p style=\"padding-left: 40px;\">Promoteur : CAUCHIE Dimitri<br \/>\nCo-promotrice: BRUYNINCKX Marielle<br \/>\nMembre du comit\u00e9 :\u00a0 ROSSIGNOL Mandy<br \/>\nPr\u00e9sidente du comit\u00e9 : GAUGUE Justine<\/p>\n<ul>\n<li><strong>LAMBERT Anne<\/strong>, <em>Transmission de g\u00e9n\u00e9ration en g\u00e9n\u00e9ration de la m\u00e9moire de la Shoah dans les familles de descendants d\u2019enfants juifs cach\u00e9s pendant la Seconde Guerre mondiale.<br \/>\n<\/em><\/li>\n<\/ul>\n<p style=\"padding-left: 40px;\">Promotrice : BRUYNINCKX Marielle<br \/>\nCo-promoteur: CAUCHIE Dimitri<br \/>\nMembre du comit\u00e9 :\u00a0 BOUMAZGUIDA Karim<br \/>\nPr\u00e9sident du comit\u00e9 : LAHAYE Willy<\/p>\n<ul>\n<li><strong>RENARD\u00a0<\/strong><strong>Gauthier<\/strong>, <em>Analyse de l\u2019utilisation de l&rsquo;intelligence artificielle dans un contexte th\u00e9orique de d\u00e9croissance<\/em><em>.<br \/>\n<\/em><\/li>\n<\/ul>\n<p style=\"padding-left: 40px;\">Promoteur : CAUCHIE Dimitri<br \/>\nCo-promotrice: VANDENBUCLKE Virginie<br \/>\nMembre du comit\u00e9 :\u00a0 BETTE S\u00e9bastien<br \/>\nPr\u00e9sident du comit\u00e9 : SIMOES LOUREIRO Isabelle<\/p>\n<ul>\n<li><strong>SANTORO Lisa<\/strong>, \u00a0<em>Prise en compte de la diversit\u00e9 culturelle au sein des pratiques cliniques des professionnels de la sant\u00e9 li\u00e9es au vieillissement.<\/em><em><br \/>\n<\/em><\/li>\n<\/ul>\n<p style=\"padding-left: 40px;\">Promoteur : CAUCHIE Dimitri<br \/>\nCo-promotrice: BRUYNINCKX Marielle<br \/>\nMembre du Comit\u00e9 :\u00a0 SIMOES LOUREIRO Isabelle<br \/>\nPr\u00e9sidente du Comit\u00e9 : ROLAND Virginie<\/p>\n<ul>\n<li><strong>VISEE Martine<\/strong>, <em>Sant\u00e9 mentale chez les musiciens<\/em><em>.<\/em><em><br \/>\n<\/em><\/li>\n<\/ul>\n<p style=\"padding-left: 40px;\">Promotrice : DENIS Jennifer<br \/>\nMembre du Comit\u00e9 : PICALUGGA Myriam<br \/>\nPr\u00e9sidente du Comit\u00e9 : CAUCHIE Dimitri<\/p>\n<ul>\n<li><strong>SILVA DE SOUSA Maria<\/strong>, <em>Trajectoires de vie des m\u00e8res filicides<\/em><em>.<\/em><em><br \/>\n<\/em><\/li>\n<\/ul>\n<p style=\"padding-left: 40px;\">Promoteur : PHAM HOANG Thierry<br \/>\nCo-promotrice: VICENZUTTO Audrey<br \/>\nMembre du Comit\u00e9 : CAUCHIE Dimitri, CORTONI Franca, ELOIR Julien, NANDRINO Jean-Louis<br \/>\nPr\u00e9sidente du Comit\u00e9 : GAUGUE Justine<\/p>\n<p style=\"padding-left: 40px;\">\n","protected":false},"excerpt":{"rendered":"<p>COEN Constance, L&rsquo;observation outill\u00e9e en stage professionnalisant pour aider les futurs enseignants \u00e0 analyser les pratiques de leurs maitres de stages et d\u00e9velopper leur vision professionnelle Promoteur : DEMEUSE Marc Co-promotrice : BOCQUILLON Marie Membre du comit\u00e9 : WILLAYE Eric Pr\u00e9sident du comit\u00e9 : CAUCHIE Dimitri DESCAMPS Sarah, La protection de l\u2019environnement, une comp\u00e9tence num\u00e9rique. [&hellip;]<\/p>\n","protected":false},"author":118,"featured_media":0,"parent":84,"menu_order":0,"comment_status":"closed","ping_status":"closed","template":"","meta":{"footnotes":""},"class_list":["post-77","page","type-page","status-publish","hentry"],"yoast_head":"<!-- This site is optimized with the Yoast SEO plugin v27.2 - https:\/\/yoast.com\/product\/yoast-seo-wordpress\/ -->\n<title>Participation \u00e0 des comit\u00e9s d&#039;accompagnement de th\u00e8ses - Service \/ FPSE - D\u00e9veloppement humain et traitement des donn\u00e9es<\/title>\n<meta name=\"robots\" content=\"index, follow, max-snippet:-1, max-image-preview:large, max-video-preview:-1\" \/>\n<link rel=\"canonical\" href=\"https:\/\/web.umons.ac.be\/sdht\/theses-2\/participation-a-des-comites-daccompagnement-de-theses\/\" \/>\n<meta property=\"og:locale\" content=\"fr_FR\" \/>\n<meta property=\"og:type\" content=\"article\" \/>\n<meta property=\"og:title\" content=\"Participation \u00e0 des comit\u00e9s d&#039;accompagnement de th\u00e8ses - Service \/ FPSE - D\u00e9veloppement humain et traitement des donn\u00e9es\" \/>\n<meta property=\"og:description\" content=\"COEN Constance, L&rsquo;observation outill\u00e9e en stage professionnalisant pour aider les futurs enseignants \u00e0 analyser les pratiques de leurs maitres de stages et d\u00e9velopper leur vision professionnelle Promoteur : DEMEUSE Marc Co-promotrice : BOCQUILLON Marie Membre du comit\u00e9 : WILLAYE Eric Pr\u00e9sident du comit\u00e9 : CAUCHIE Dimitri DESCAMPS Sarah, La protection de l\u2019environnement, une comp\u00e9tence num\u00e9rique. [&hellip;]\" \/>\n<meta property=\"og:url\" content=\"https:\/\/web.umons.ac.be\/sdht\/theses-2\/participation-a-des-comites-daccompagnement-de-theses\/\" \/>\n<meta property=\"og:site_name\" content=\"Service \/ FPSE - D\u00e9veloppement humain et traitement des donn\u00e9es\" \/>\n<meta property=\"article:modified_time\" content=\"2025-07-11T13:52:48+00:00\" \/>\n<meta name=\"twitter:card\" content=\"summary_large_image\" \/>\n<meta name=\"twitter:label1\" content=\"Dur\u00e9e de lecture estim\u00e9e\" \/>\n\t<meta name=\"twitter:data1\" content=\"2 minutes\" \/>\n<script type=\"application\/ld+json\" class=\"yoast-schema-graph\">{\"@context\":\"https:\/\/schema.org\",\"@graph\":[{\"@type\":\"WebPage\",\"@id\":\"https:\/\/web.umons.ac.be\/sdht\/theses-2\/participation-a-des-comites-daccompagnement-de-theses\/\",\"url\":\"https:\/\/web.umons.ac.be\/sdht\/theses-2\/participation-a-des-comites-daccompagnement-de-theses\/\",\"name\":\"Participation \u00e0 des comit\u00e9s d'accompagnement de th\u00e8ses - Service \/ FPSE - D\u00e9veloppement humain et traitement des donn\u00e9es\",\"isPartOf\":{\"@id\":\"https:\/\/web.umons.ac.be\/sdht\/#website\"},\"datePublished\":\"2022-02-17T12:16:55+00:00\",\"dateModified\":\"2025-07-11T13:52:48+00:00\",\"breadcrumb\":{\"@id\":\"https:\/\/web.umons.ac.be\/sdht\/theses-2\/participation-a-des-comites-daccompagnement-de-theses\/#breadcrumb\"},\"inLanguage\":\"fr-FR\",\"potentialAction\":[{\"@type\":\"ReadAction\",\"target\":[\"https:\/\/web.umons.ac.be\/sdht\/theses-2\/participation-a-des-comites-daccompagnement-de-theses\/\"]}]},{\"@type\":\"BreadcrumbList\",\"@id\":\"https:\/\/web.umons.ac.be\/sdht\/theses-2\/participation-a-des-comites-daccompagnement-de-theses\/#breadcrumb\",\"itemListElement\":[{\"@type\":\"ListItem\",\"position\":1,\"name\":\"Home\",\"item\":\"https:\/\/web.umons.ac.be\/sdht\/\"},{\"@type\":\"ListItem\",\"position\":2,\"name\":\"Th\u00e8ses\",\"item\":\"https:\/\/web.umons.ac.be\/sdht\/theses-2\/\"},{\"@type\":\"ListItem\",\"position\":3,\"name\":\"Participation \u00e0 des comit\u00e9s d&rsquo;accompagnement de th\u00e8ses\"}]},{\"@type\":\"WebSite\",\"@id\":\"https:\/\/web.umons.ac.be\/sdht\/#website\",\"url\":\"https:\/\/web.umons.ac.be\/sdht\/\",\"name\":\"Service \/ FPSE - D\u00e9veloppement humain et traitement des donn\u00e9es\",\"description\":\"\",\"potentialAction\":[{\"@type\":\"SearchAction\",\"target\":{\"@type\":\"EntryPoint\",\"urlTemplate\":\"https:\/\/web.umons.ac.be\/sdht\/?s={search_term_string}\"},\"query-input\":{\"@type\":\"PropertyValueSpecification\",\"valueRequired\":true,\"valueName\":\"search_term_string\"}}],\"inLanguage\":\"fr-FR\"}]}<\/script>\n<!-- \/ Yoast SEO plugin. -->","yoast_head_json":{"title":"Participation \u00e0 des comit\u00e9s d'accompagnement de th\u00e8ses - Service \/ FPSE - D\u00e9veloppement humain et traitement des donn\u00e9es","robots":{"index":"index","follow":"follow","max-snippet":"max-snippet:-1","max-image-preview":"max-image-preview:large","max-video-preview":"max-video-preview:-1"},"canonical":"https:\/\/web.umons.ac.be\/sdht\/theses-2\/participation-a-des-comites-daccompagnement-de-theses\/","og_locale":"fr_FR","og_type":"article","og_title":"Participation \u00e0 des comit\u00e9s d'accompagnement de th\u00e8ses - Service \/ FPSE - D\u00e9veloppement humain et traitement des donn\u00e9es","og_description":"COEN Constance, L&rsquo;observation outill\u00e9e en stage professionnalisant pour aider les futurs enseignants \u00e0 analyser les pratiques de leurs maitres de stages et d\u00e9velopper leur vision professionnelle Promoteur : DEMEUSE Marc Co-promotrice : BOCQUILLON Marie Membre du comit\u00e9 : WILLAYE Eric Pr\u00e9sident du comit\u00e9 : CAUCHIE Dimitri DESCAMPS Sarah, La protection de l\u2019environnement, une comp\u00e9tence num\u00e9rique. [&hellip;]","og_url":"https:\/\/web.umons.ac.be\/sdht\/theses-2\/participation-a-des-comites-daccompagnement-de-theses\/","og_site_name":"Service \/ FPSE - D\u00e9veloppement humain et traitement des donn\u00e9es","article_modified_time":"2025-07-11T13:52:48+00:00","twitter_card":"summary_large_image","twitter_misc":{"Dur\u00e9e de lecture estim\u00e9e":"2 minutes"},"schema":{"@context":"https:\/\/schema.org","@graph":[{"@type":"WebPage","@id":"https:\/\/web.umons.ac.be\/sdht\/theses-2\/participation-a-des-comites-daccompagnement-de-theses\/","url":"https:\/\/web.umons.ac.be\/sdht\/theses-2\/participation-a-des-comites-daccompagnement-de-theses\/","name":"Participation \u00e0 des comit\u00e9s d'accompagnement de th\u00e8ses - Service \/ FPSE - D\u00e9veloppement humain et traitement des donn\u00e9es","isPartOf":{"@id":"https:\/\/web.umons.ac.be\/sdht\/#website"},"datePublished":"2022-02-17T12:16:55+00:00","dateModified":"2025-07-11T13:52:48+00:00","breadcrumb":{"@id":"https:\/\/web.umons.ac.be\/sdht\/theses-2\/participation-a-des-comites-daccompagnement-de-theses\/#breadcrumb"},"inLanguage":"fr-FR","potentialAction":[{"@type":"ReadAction","target":["https:\/\/web.umons.ac.be\/sdht\/theses-2\/participation-a-des-comites-daccompagnement-de-theses\/"]}]},{"@type":"BreadcrumbList","@id":"https:\/\/web.umons.ac.be\/sdht\/theses-2\/participation-a-des-comites-daccompagnement-de-theses\/#breadcrumb","itemListElement":[{"@type":"ListItem","position":1,"name":"Home","item":"https:\/\/web.umons.ac.be\/sdht\/"},{"@type":"ListItem","position":2,"name":"Th\u00e8ses","item":"https:\/\/web.umons.ac.be\/sdht\/theses-2\/"},{"@type":"ListItem","position":3,"name":"Participation \u00e0 des comit\u00e9s d&rsquo;accompagnement de th\u00e8ses"}]},{"@type":"WebSite","@id":"https:\/\/web.umons.ac.be\/sdht\/#website","url":"https:\/\/web.umons.ac.be\/sdht\/","name":"Service \/ FPSE - D\u00e9veloppement humain et traitement des donn\u00e9es","description":"","potentialAction":[{"@type":"SearchAction","target":{"@type":"EntryPoint","urlTemplate":"https:\/\/web.umons.ac.be\/sdht\/?s={search_term_string}"},"query-input":{"@type":"PropertyValueSpecification","valueRequired":true,"valueName":"search_term_string"}}],"inLanguage":"fr-FR"}]}},"lang":"fr","translations":{"fr":77},"pll_sync_post":[],"_links":{"self":[{"href":"https:\/\/web.umons.ac.be\/sdht\/wp-json\/wp\/v2\/pages\/77","targetHints":{"allow":["GET"]}}],"collection":[{"href":"https:\/\/web.umons.ac.be\/sdht\/wp-json\/wp\/v2\/pages"}],"about":[{"href":"https:\/\/web.umons.ac.be\/sdht\/wp-json\/wp\/v2\/types\/page"}],"author":[{"embeddable":true,"href":"https:\/\/web.umons.ac.be\/sdht\/wp-json\/wp\/v2\/users\/118"}],"replies":[{"embeddable":true,"href":"https:\/\/web.umons.ac.be\/sdht\/wp-json\/wp\/v2\/comments?post=77"}],"version-history":[{"count":4,"href":"https:\/\/web.umons.ac.be\/sdht\/wp-json\/wp\/v2\/pages\/77\/revisions"}],"predecessor-version":[{"id":1236,"href":"https:\/\/web.umons.ac.be\/sdht\/wp-json\/wp\/v2\/pages\/77\/revisions\/1236"}],"up":[{"embeddable":true,"href":"https:\/\/web.umons.ac.be\/sdht\/wp-json\/wp\/v2\/pages\/84"}],"wp:attachment":[{"href":"https:\/\/web.umons.ac.be\/sdht\/wp-json\/wp\/v2\/media?parent=77"}],"curies":[{"name":"wp","href":"https:\/\/api.w.org\/{rel}","templated":true}]}}