{"version":"1.0","provider_name":"Service \/ FPSE - Sciences de l&#039;Enseignement et de la Formation","provider_url":"https:\/\/web.umons.ac.be\/semf","author_name":"Anne Senecal","author_url":"https:\/\/web.umons.ac.be\/semf\/author\/asenecal\/","title":"Journ\u00e9e d'\u00e9tude \/ Pacte pour un enseignement d'excellence : \"Donner sens aux apprentisssages des \u00e9l\u00e8ves\" \/ 24 mai 2022 - Service \/ FPSE - Sciences de l&#039;Enseignement et de la Formation","type":"rich","width":600,"height":338,"html":"<blockquote class=\"wp-embedded-content\" data-secret=\"CmJANenZ1I\"><a href=\"https:\/\/web.umons.ac.be\/semf\/event\/peca-mai2022\/\">Journ\u00e9e d&rsquo;\u00e9tude \/ Pacte pour un enseignement d&rsquo;excellence : \u00ab\u00a0Donner sens aux apprentisssages des \u00e9l\u00e8ves\u00a0\u00bb \/ 24 mai 2022<\/a><\/blockquote><iframe sandbox=\"allow-scripts\" security=\"restricted\" src=\"https:\/\/web.umons.ac.be\/semf\/event\/peca-mai2022\/embed\/#?secret=CmJANenZ1I\" width=\"600\" height=\"338\" title=\"\u00ab\u00a0Journ\u00e9e d&rsquo;\u00e9tude \/ Pacte pour un enseignement d&rsquo;excellence : \u00ab\u00a0Donner sens aux apprentisssages des \u00e9l\u00e8ves\u00a0\u00bb \/ 24 mai 2022\u00a0\u00bb &#8212; Service \/ FPSE - Sciences de l&#039;Enseignement et de la Formation\" data-secret=\"CmJANenZ1I\" frameborder=\"0\" marginwidth=\"0\" marginheight=\"0\" scrolling=\"no\" class=\"wp-embedded-content\"><\/iframe><script type=\"text\/javascript\">\n\/* <![CDATA[ *\/\n\/*! This file is auto-generated *\/\n!function(d,l){\"use strict\";l.querySelector&&d.addEventListener&&\"undefined\"!=typeof URL&&(d.wp=d.wp||{},d.wp.receiveEmbedMessage||(d.wp.receiveEmbedMessage=function(e){var t=e.data;if((t||t.secret||t.message||t.value)&&!\/[^a-zA-Z0-9]\/.test(t.secret)){for(var s,r,n,a=l.querySelectorAll('iframe[data-secret=\"'+t.secret+'\"]'),o=l.querySelectorAll('blockquote[data-secret=\"'+t.secret+'\"]'),c=new RegExp(\"^https?:$\",\"i\"),i=0;i<o.length;i++)o[i].style.display=\"none\";for(i=0;i<a.length;i++)s=a[i],e.source===s.contentWindow&&(s.removeAttribute(\"style\"),\"height\"===t.message?(1e3<(r=parseInt(t.value,10))?r=1e3:~~r<200&&(r=200),s.height=r):\"link\"===t.message&&(r=new URL(s.getAttribute(\"src\")),n=new URL(t.value),c.test(n.protocol))&&n.host===r.host&&l.activeElement===s&&(d.top.location.href=t.value))}},d.addEventListener(\"message\",d.wp.receiveEmbedMessage,!1),l.addEventListener(\"DOMContentLoaded\",function(){for(var e,t,s=l.querySelectorAll(\"iframe.wp-embedded-content\"),r=0;r<s.length;r++)(t=(e=s[r]).getAttribute(\"data-secret\"))||(t=Math.random().toString(36).substring(2,12),e.src+=\"#?secret=\"+t,e.setAttribute(\"data-secret\",t)),e.contentWindow.postMessage({message:\"ready\",secret:t},\"*\")},!1)))}(window,document);\n\/\/# sourceURL=https:\/\/web.umons.ac.be\/semf\/wp-includes\/js\/wp-embed.min.js\n\/* ]]> *\/\n<\/script>\n","thumbnail_url":"https:\/\/web.umons.ac.be\/app\/uploads\/sites\/103\/2022\/04\/MicrosoftTeams-image-3.jpg","thumbnail_width":2400,"thumbnail_height":1350,"description":"Apr\u00e8s deux ann\u00e9es de confinement sanitaire, c\u2019est avec un grand plaisir que les \u00e9quipes de l\u2019Universit\u00e9 de Mons vous accueillent en pr\u00e9sentiel, une nouvelle fois, pour une journ\u00e9e de formation men\u00e9e dans le cadre du Pacte pour un enseignement d\u2019excellence. Cette journ\u00e9e poursuit en effet le travail d\u00e9j\u00e0 entrepris depuis 2018 lors des pr\u00e9c\u00e9dentes journ\u00e9es [&hellip;]"}