{"id":2592,"date":"2025-05-28T15:31:28","date_gmt":"2025-05-28T13:31:28","guid":{"rendered":"https:\/\/web.umons.ac.be\/semf\/?page_id=2592"},"modified":"2026-01-15T17:16:31","modified_gmt":"2026-01-15T16:16:31","slug":"analyse-et-conception-doutils-et-de-dispositifs-denseignement-et-de-formation","status":"publish","type":"page","link":"https:\/\/web.umons.ac.be\/semf\/analyse-et-conception-doutils-et-de-dispositifs-denseignement-et-de-formation\/","title":{"rendered":"ANALYSE ET CONCEPTION D\u2019OUTILS ET DE DISPOSITIFS D\u2019ENSEIGNEMENT ET DE FORMATION"},"content":{"rendered":"<p>Outils et dispositifs sont au c\u0153ur de l\u2019enseignement et de la formation. Les membres de l\u2019INAS sont amen\u00e9s, dans le cadre de commandes, le plus souvent, \u00e0 d\u00e9velopper de tels outils et \u00e0 d\u00e9finir des dispositifs dans lesquels ils peuvent \u00eatre mobilit\u00e9s. Au-del\u00e0 de leur d\u00e9veloppement, les recherches portent \u00e9galement sur l\u2019\u00e9valuation de leurs usages.<\/p>\n<ul>\n<li><a href=\"https:\/\/orbi.umons.ac.be\/reports?action=1&amp;field_1=subject&amp;value_1_authority=&amp;value_1=outils&amp;conjunction_2=OR&amp;field_2=subject&amp;value_2_authority=&amp;value_2=dispositifs&amp;conjunction_3=AND&amp;field_3=researchunit&amp;value_3_authority=ORG_1172&amp;value_3=P316+-+M%C3%A9thodologie+et+formation&amp;year_start=&amp;year_end=&amp;references=&amp;model=list&amp;format=apa&amp;abstract_length=&amp;sort_1=issued_dt%3Adesc&amp;sort_2=author_sort%3Aasc&amp;sort_3=title_sort%3Aasc&amp;output=html&amp;lang_report=fr&amp;title=ANALYSE+ET+CONCEPTION+D%E2%80%99OUTILS+ET+DE+DISPOSITIFS+D%E2%80%99ENSEIGNEMENT+ET+DE+FORMATION\"><strong>Bibliographie<\/strong><\/a><\/li>\n<li><a href=\"https:\/\/youtube.com\/playlist?list=PLxXEiNYFnzZZInOdeYAfQ3pl8Q9zuByIB&amp;si=ZsAfPvI1p6uOX7kW\" target=\"_blank\" rel=\"noopener\"><strong>C@f\u00e9s de l\u2019INAS<\/strong><\/a><\/li>\n<li><a href=\"https:\/\/open.spotify.com\/playlist\/2vbjyeqZx4j3IbHdGQUuXR?si=IYE68FxLS2GuaHpNDttPAA\" target=\"_blank\" rel=\"noopener\"><strong>Podcasts<\/strong><\/a><\/li>\n<\/ul>\n","protected":false},"excerpt":{"rendered":"<p>Outils et dispositifs sont au c\u0153ur de l\u2019enseignement et de la formation. Les membres de l\u2019INAS sont amen\u00e9s, dans le cadre de commandes, le plus souvent, \u00e0 d\u00e9velopper de tels outils et \u00e0 d\u00e9finir des dispositifs dans lesquels ils peuvent \u00eatre mobilit\u00e9s. Au-del\u00e0 de leur d\u00e9veloppement, les recherches portent \u00e9galement sur l\u2019\u00e9valuation de leurs usages. [&hellip;]<\/p>\n","protected":false},"author":121,"featured_media":0,"parent":0,"menu_order":0,"comment_status":"closed","ping_status":"closed","template":"","meta":{"footnotes":""},"class_list":["post-2592","page","type-page","status-publish","hentry"],"yoast_head":"<!-- This site is optimized with the Yoast SEO plugin v27.2 - https:\/\/yoast.com\/product\/yoast-seo-wordpress\/ -->\n<title>ANALYSE ET CONCEPTION D\u2019OUTILS ET DE DISPOSITIFS D\u2019ENSEIGNEMENT ET DE FORMATION - Service \/ FPSE - Sciences de l&#039;Enseignement et de la Formation<\/title>\n<meta name=\"robots\" content=\"index, follow, max-snippet:-1, max-image-preview:large, max-video-preview:-1\" \/>\n<link rel=\"canonical\" href=\"https:\/\/web.umons.ac.be\/semf\/analyse-et-conception-doutils-et-de-dispositifs-denseignement-et-de-formation\/\" \/>\n<meta property=\"og:locale\" content=\"fr_FR\" \/>\n<meta property=\"og:type\" content=\"article\" \/>\n<meta property=\"og:title\" content=\"ANALYSE ET CONCEPTION D\u2019OUTILS ET DE DISPOSITIFS D\u2019ENSEIGNEMENT ET DE FORMATION - Service \/ FPSE - Sciences de l&#039;Enseignement et de la Formation\" \/>\n<meta property=\"og:description\" content=\"Outils et dispositifs sont au c\u0153ur de l\u2019enseignement et de la formation. Les membres de l\u2019INAS sont amen\u00e9s, dans le cadre de commandes, le plus souvent, \u00e0 d\u00e9velopper de tels outils et \u00e0 d\u00e9finir des dispositifs dans lesquels ils peuvent \u00eatre mobilit\u00e9s. Au-del\u00e0 de leur d\u00e9veloppement, les recherches portent \u00e9galement sur l\u2019\u00e9valuation de leurs usages. [&hellip;]\" \/>\n<meta property=\"og:url\" content=\"https:\/\/web.umons.ac.be\/semf\/analyse-et-conception-doutils-et-de-dispositifs-denseignement-et-de-formation\/\" \/>\n<meta property=\"og:site_name\" content=\"Service \/ FPSE - Sciences de l&#039;Enseignement et de la Formation\" \/>\n<meta property=\"article:modified_time\" content=\"2026-01-15T16:16:31+00:00\" \/>\n<meta name=\"twitter:card\" content=\"summary_large_image\" \/>\n<meta name=\"twitter:label1\" content=\"Dur\u00e9e de lecture estim\u00e9e\" \/>\n\t<meta name=\"twitter:data1\" content=\"1 minute\" \/>\n<script type=\"application\/ld+json\" class=\"yoast-schema-graph\">{\"@context\":\"https:\/\/schema.org\",\"@graph\":[{\"@type\":\"WebPage\",\"@id\":\"https:\/\/web.umons.ac.be\/semf\/analyse-et-conception-doutils-et-de-dispositifs-denseignement-et-de-formation\/\",\"url\":\"https:\/\/web.umons.ac.be\/semf\/analyse-et-conception-doutils-et-de-dispositifs-denseignement-et-de-formation\/\",\"name\":\"ANALYSE ET CONCEPTION D\u2019OUTILS ET DE DISPOSITIFS D\u2019ENSEIGNEMENT ET DE FORMATION - Service \/ FPSE - Sciences de l&#039;Enseignement et de la Formation\",\"isPartOf\":{\"@id\":\"https:\/\/web.umons.ac.be\/semf\/#website\"},\"datePublished\":\"2025-05-28T13:31:28+00:00\",\"dateModified\":\"2026-01-15T16:16:31+00:00\",\"breadcrumb\":{\"@id\":\"https:\/\/web.umons.ac.be\/semf\/analyse-et-conception-doutils-et-de-dispositifs-denseignement-et-de-formation\/#breadcrumb\"},\"inLanguage\":\"fr-FR\",\"potentialAction\":[{\"@type\":\"ReadAction\",\"target\":[\"https:\/\/web.umons.ac.be\/semf\/analyse-et-conception-doutils-et-de-dispositifs-denseignement-et-de-formation\/\"]}]},{\"@type\":\"BreadcrumbList\",\"@id\":\"https:\/\/web.umons.ac.be\/semf\/analyse-et-conception-doutils-et-de-dispositifs-denseignement-et-de-formation\/#breadcrumb\",\"itemListElement\":[{\"@type\":\"ListItem\",\"position\":1,\"name\":\"Home\",\"item\":\"https:\/\/web.umons.ac.be\/semf\/\"},{\"@type\":\"ListItem\",\"position\":2,\"name\":\"ANALYSE ET CONCEPTION D\u2019OUTILS ET DE DISPOSITIFS D\u2019ENSEIGNEMENT ET DE FORMATION\"}]},{\"@type\":\"WebSite\",\"@id\":\"https:\/\/web.umons.ac.be\/semf\/#website\",\"url\":\"https:\/\/web.umons.ac.be\/semf\/\",\"name\":\"Service \/ FPSE - M\u00e9thodologie et formation\",\"description\":\"\",\"publisher\":{\"@id\":\"https:\/\/web.umons.ac.be\/semf\/#organization\"},\"potentialAction\":[{\"@type\":\"SearchAction\",\"target\":{\"@type\":\"EntryPoint\",\"urlTemplate\":\"https:\/\/web.umons.ac.be\/semf\/?s={search_term_string}\"},\"query-input\":{\"@type\":\"PropertyValueSpecification\",\"valueRequired\":true,\"valueName\":\"search_term_string\"}}],\"inLanguage\":\"fr-FR\"},{\"@type\":\"Organization\",\"@id\":\"https:\/\/web.umons.ac.be\/semf\/#organization\",\"name\":\"Service \/ FPSE - M\u00e9thodologie et formation\",\"url\":\"https:\/\/web.umons.ac.be\/semf\/\",\"logo\":{\"@type\":\"ImageObject\",\"inLanguage\":\"fr-FR\",\"@id\":\"https:\/\/web.umons.ac.be\/semf\/#\/schema\/logo\/image\/\",\"url\":\"https:\/\/web.umons.ac.be\/app\/uploads\/sites\/103\/2021\/11\/LOGOP316_Benoit-VANSCHOEBEKE.svg\",\"contentUrl\":\"https:\/\/web.umons.ac.be\/app\/uploads\/sites\/103\/2021\/11\/LOGOP316_Benoit-VANSCHOEBEKE.svg\",\"width\":1,\"height\":1,\"caption\":\"Service \/ FPSE - M\u00e9thodologie et formation\"},\"image\":{\"@id\":\"https:\/\/web.umons.ac.be\/semf\/#\/schema\/logo\/image\/\"}}]}<\/script>\n<!-- \/ Yoast SEO plugin. -->","yoast_head_json":{"title":"ANALYSE ET CONCEPTION D\u2019OUTILS ET DE DISPOSITIFS D\u2019ENSEIGNEMENT ET DE FORMATION - Service \/ FPSE - Sciences de l&#039;Enseignement et de la Formation","robots":{"index":"index","follow":"follow","max-snippet":"max-snippet:-1","max-image-preview":"max-image-preview:large","max-video-preview":"max-video-preview:-1"},"canonical":"https:\/\/web.umons.ac.be\/semf\/analyse-et-conception-doutils-et-de-dispositifs-denseignement-et-de-formation\/","og_locale":"fr_FR","og_type":"article","og_title":"ANALYSE ET CONCEPTION D\u2019OUTILS ET DE DISPOSITIFS D\u2019ENSEIGNEMENT ET DE FORMATION - Service \/ FPSE - Sciences de l&#039;Enseignement et de la Formation","og_description":"Outils et dispositifs sont au c\u0153ur de l\u2019enseignement et de la formation. Les membres de l\u2019INAS sont amen\u00e9s, dans le cadre de commandes, le plus souvent, \u00e0 d\u00e9velopper de tels outils et \u00e0 d\u00e9finir des dispositifs dans lesquels ils peuvent \u00eatre mobilit\u00e9s. Au-del\u00e0 de leur d\u00e9veloppement, les recherches portent \u00e9galement sur l\u2019\u00e9valuation de leurs usages. [&hellip;]","og_url":"https:\/\/web.umons.ac.be\/semf\/analyse-et-conception-doutils-et-de-dispositifs-denseignement-et-de-formation\/","og_site_name":"Service \/ FPSE - Sciences de l&#039;Enseignement et de la Formation","article_modified_time":"2026-01-15T16:16:31+00:00","twitter_card":"summary_large_image","twitter_misc":{"Dur\u00e9e de lecture estim\u00e9e":"1 minute"},"schema":{"@context":"https:\/\/schema.org","@graph":[{"@type":"WebPage","@id":"https:\/\/web.umons.ac.be\/semf\/analyse-et-conception-doutils-et-de-dispositifs-denseignement-et-de-formation\/","url":"https:\/\/web.umons.ac.be\/semf\/analyse-et-conception-doutils-et-de-dispositifs-denseignement-et-de-formation\/","name":"ANALYSE ET CONCEPTION D\u2019OUTILS ET DE DISPOSITIFS D\u2019ENSEIGNEMENT ET DE FORMATION - Service \/ FPSE - Sciences de l&#039;Enseignement et de la Formation","isPartOf":{"@id":"https:\/\/web.umons.ac.be\/semf\/#website"},"datePublished":"2025-05-28T13:31:28+00:00","dateModified":"2026-01-15T16:16:31+00:00","breadcrumb":{"@id":"https:\/\/web.umons.ac.be\/semf\/analyse-et-conception-doutils-et-de-dispositifs-denseignement-et-de-formation\/#breadcrumb"},"inLanguage":"fr-FR","potentialAction":[{"@type":"ReadAction","target":["https:\/\/web.umons.ac.be\/semf\/analyse-et-conception-doutils-et-de-dispositifs-denseignement-et-de-formation\/"]}]},{"@type":"BreadcrumbList","@id":"https:\/\/web.umons.ac.be\/semf\/analyse-et-conception-doutils-et-de-dispositifs-denseignement-et-de-formation\/#breadcrumb","itemListElement":[{"@type":"ListItem","position":1,"name":"Home","item":"https:\/\/web.umons.ac.be\/semf\/"},{"@type":"ListItem","position":2,"name":"ANALYSE ET CONCEPTION D\u2019OUTILS ET DE DISPOSITIFS D\u2019ENSEIGNEMENT ET DE FORMATION"}]},{"@type":"WebSite","@id":"https:\/\/web.umons.ac.be\/semf\/#website","url":"https:\/\/web.umons.ac.be\/semf\/","name":"Service \/ FPSE - M\u00e9thodologie et formation","description":"","publisher":{"@id":"https:\/\/web.umons.ac.be\/semf\/#organization"},"potentialAction":[{"@type":"SearchAction","target":{"@type":"EntryPoint","urlTemplate":"https:\/\/web.umons.ac.be\/semf\/?s={search_term_string}"},"query-input":{"@type":"PropertyValueSpecification","valueRequired":true,"valueName":"search_term_string"}}],"inLanguage":"fr-FR"},{"@type":"Organization","@id":"https:\/\/web.umons.ac.be\/semf\/#organization","name":"Service \/ FPSE - M\u00e9thodologie et formation","url":"https:\/\/web.umons.ac.be\/semf\/","logo":{"@type":"ImageObject","inLanguage":"fr-FR","@id":"https:\/\/web.umons.ac.be\/semf\/#\/schema\/logo\/image\/","url":"https:\/\/web.umons.ac.be\/app\/uploads\/sites\/103\/2021\/11\/LOGOP316_Benoit-VANSCHOEBEKE.svg","contentUrl":"https:\/\/web.umons.ac.be\/app\/uploads\/sites\/103\/2021\/11\/LOGOP316_Benoit-VANSCHOEBEKE.svg","width":1,"height":1,"caption":"Service \/ FPSE - M\u00e9thodologie et formation"},"image":{"@id":"https:\/\/web.umons.ac.be\/semf\/#\/schema\/logo\/image\/"}}]}},"lang":"fr","translations":{"fr":2592},"pll_sync_post":[],"_links":{"self":[{"href":"https:\/\/web.umons.ac.be\/semf\/wp-json\/wp\/v2\/pages\/2592","targetHints":{"allow":["GET"]}}],"collection":[{"href":"https:\/\/web.umons.ac.be\/semf\/wp-json\/wp\/v2\/pages"}],"about":[{"href":"https:\/\/web.umons.ac.be\/semf\/wp-json\/wp\/v2\/types\/page"}],"author":[{"embeddable":true,"href":"https:\/\/web.umons.ac.be\/semf\/wp-json\/wp\/v2\/users\/121"}],"replies":[{"embeddable":true,"href":"https:\/\/web.umons.ac.be\/semf\/wp-json\/wp\/v2\/comments?post=2592"}],"version-history":[{"count":3,"href":"https:\/\/web.umons.ac.be\/semf\/wp-json\/wp\/v2\/pages\/2592\/revisions"}],"predecessor-version":[{"id":3000,"href":"https:\/\/web.umons.ac.be\/semf\/wp-json\/wp\/v2\/pages\/2592\/revisions\/3000"}],"wp:attachment":[{"href":"https:\/\/web.umons.ac.be\/semf\/wp-json\/wp\/v2\/media?parent=2592"}],"curies":[{"name":"wp","href":"https:\/\/api.w.org\/{rel}","templated":true}]}}