{"version":"1.0","provider_name":"Service \/ FTI-EII - \u00c9tude de l\u2019espace post-sovi\u00e9tique et des mondes slaves","provider_url":"https:\/\/web.umons.ac.be\/sepsoms","author_name":"Anne Deliz\u00e9e","author_url":"https:\/\/web.umons.ac.be\/sepsoms\/author\/adelizee\/","title":"Interpr\u00e9tation & m\u00e9diation en contexte migratoire - Service \/ FTI-EII - \u00c9tude de l\u2019espace post-sovi\u00e9tique et des mondes slaves","type":"rich","width":600,"height":338,"html":"<blockquote class=\"wp-embedded-content\" data-secret=\"lwudVQvTtq\"><a href=\"https:\/\/web.umons.ac.be\/sepsoms\/fr\/interpretation-mediation-migration\/\">Interpr\u00e9tation &#038; m\u00e9diation en contexte migratoire<\/a><\/blockquote><iframe sandbox=\"allow-scripts\" security=\"restricted\" src=\"https:\/\/web.umons.ac.be\/sepsoms\/fr\/interpretation-mediation-migration\/embed\/#?secret=lwudVQvTtq\" width=\"600\" height=\"338\" title=\"\u00ab\u00a0Interpr\u00e9tation &#038; m\u00e9diation en contexte migratoire\u00a0\u00bb &#8212; Service \/ FTI-EII - \u00c9tude de l\u2019espace post-sovi\u00e9tique et des mondes slaves\" data-secret=\"lwudVQvTtq\" frameborder=\"0\" marginwidth=\"0\" marginheight=\"0\" scrolling=\"no\" class=\"wp-embedded-content\"><\/iframe><script type=\"text\/javascript\">\n\/* <![CDATA[ *\/\n\/*! This file is auto-generated *\/\n!function(d,l){\"use strict\";l.querySelector&&d.addEventListener&&\"undefined\"!=typeof URL&&(d.wp=d.wp||{},d.wp.receiveEmbedMessage||(d.wp.receiveEmbedMessage=function(e){var t=e.data;if((t||t.secret||t.message||t.value)&&!\/[^a-zA-Z0-9]\/.test(t.secret)){for(var s,r,n,a=l.querySelectorAll('iframe[data-secret=\"'+t.secret+'\"]'),o=l.querySelectorAll('blockquote[data-secret=\"'+t.secret+'\"]'),c=new RegExp(\"^https?:$\",\"i\"),i=0;i<o.length;i++)o[i].style.display=\"none\";for(i=0;i<a.length;i++)s=a[i],e.source===s.contentWindow&&(s.removeAttribute(\"style\"),\"height\"===t.message?(1e3<(r=parseInt(t.value,10))?r=1e3:~~r<200&&(r=200),s.height=r):\"link\"===t.message&&(r=new URL(s.getAttribute(\"src\")),n=new URL(t.value),c.test(n.protocol))&&n.host===r.host&&l.activeElement===s&&(d.top.location.href=t.value))}},d.addEventListener(\"message\",d.wp.receiveEmbedMessage,!1),l.addEventListener(\"DOMContentLoaded\",function(){for(var e,t,s=l.querySelectorAll(\"iframe.wp-embedded-content\"),r=0;r<s.length;r++)(t=(e=s[r]).getAttribute(\"data-secret\"))||(t=Math.random().toString(36).substring(2,12),e.src+=\"#?secret=\"+t,e.setAttribute(\"data-secret\",t)),e.contentWindow.postMessage({message:\"ready\",secret:t},\"*\")},!1)))}(window,document);\n\/\/# sourceURL=https:\/\/web.umons.ac.be\/sepsoms\/wp-includes\/js\/wp-embed.min.js\n\/* ]]> *\/\n<\/script>\n","description":"Le LabIM\u00e9Mi a pour mission principale de d\u00e9velopper la recherche et l\u2019enseignement en interpr\u00e9tation\/m\u00e9diation en contexte migratoire dans une approche r\u00e9solument interdisciplinaire. Sont concern\u00e9es la m\u00e9diation interculturelle et l\u2019interpr\u00e9tation de dialogue (de liaison, de services publics) en face \u00e0 face ou \u00e0 distance, en langues majoritaires ou minoritaires, vocales ou non vocales.","thumbnail_url":"https:\/\/web.umons.ac.be\/app\/uploads\/sites\/199\/2024\/04\/IMeMi-avec-txt.jpeg","thumbnail_width":488,"thumbnail_height":310}