{"id":746,"date":"2025-05-13T10:58:42","date_gmt":"2025-05-13T08:58:42","guid":{"rendered":"https:\/\/web.umons.ac.be\/smsl\/?page_id=746"},"modified":"2025-05-13T10:58:42","modified_gmt":"2025-05-13T08:58:42","slug":"projet-arc-evaldy","status":"publish","type":"page","link":"https:\/\/web.umons.ac.be\/smsl\/projet-arc-evaldy\/","title":{"rendered":"Projet ARC EvalDy"},"content":{"rendered":"<p style=\"text-align: center;\"><span style=\"color: #c40242; font-size: 24pt;\"><strong>Projet ARC EvalDy<\/strong><\/span><\/p>\n<p><strong><em>\u00a0<\/em><\/strong><span style=\"font-size: 14pt; color: #009ee0;\"><strong>R\u00e9sum\u00e9 du projet<\/strong><\/span><\/p>\n<p>L\u2019objectif g\u00e9n\u00e9ral du projet est de contribuer \u00e0 la caract\u00e9risation et \u00e0 l\u2019\u00e9valuation des troubles de la voix et de la parole dans la dysarthrie. L\u2019\u00e9valuation objective (via des mesures acoustiques et articulatoires) de la production de parole pathologique est un champ de recherche en pleine expansion, en particulier en contexte francophone, et de nombreux d\u00e9fis sont \u00e0 relever.<\/p>\n<p>Dans une premi\u00e8re phase, le projet vise \u00e0 documenter les productions de parole d\u2019un grand nombre de patients dysarthriques belges francophones, hommes et femmes, aux profils diversifi\u00e9s en termes de type de dysarthrie et \u00e9tiologie associ\u00e9e (maladie de Parkinson, maladie de Wilson, maladie de Huntington, ataxie de Friedreich, scl\u00e9rose en plaques, scl\u00e9rose lat\u00e9rale amyotrophique, maladie de Kennedy, dysarthrie apr\u00e8s accident vasculaire c\u00e9r\u00e9bral ou traumatisme cr\u00e2nien) et de degr\u00e9 de s\u00e9v\u00e9rit\u00e9 de la dysarthrie (l\u00e9g\u00e8re, mod\u00e9r\u00e9e, s\u00e9v\u00e8re).<\/p>\n<p>Les enregistrements acoustiques concernent l\u2019ensemble des participants, qui sont invit\u00e9s \u00e0 produire les 8 modules du protocole MonPaGe 2.0.s (r\u00e9p\u00e9tition de pseudo-mots, t\u00e2che d\u2019intelligibilit\u00e9, module pneumo-phonatoire, lecture de texte, parole spontan\u00e9e, production de diadococin\u00e9sies verbales, de s\u00e9ries automatiques et de phrases aux contours prosodiques vari\u00e9s), auxquelles on adjoindra 3 modules compl\u00e9mentaires (visant plus particuli\u00e8rement les ph\u00e9nom\u00e8nes de nasalit\u00e9, les glides, et les aptitudes en flexibilit\u00e9 phon\u00e9tique). Plusieurs sous-groupes de participants sont invit\u00e9s \u00e0 r\u00e9aliser certains des modules dans un cadre exp\u00e9rimental permettant de combiner les mesures acoustiques \u00e0 des mesures physiologiques afin d\u2019\u00e9tudier certains ph\u00e9nom\u00e8nes sp\u00e9cifiques (acoustique et nasom\u00e9trie pour la nasalit\u00e9\u00a0; acoustique, \u00e9lectroglottographie et a\u00e9rodynamique pour la coordination entre les syst\u00e8mes laryng\u00e9 et supra-laryng\u00e9\u00a0; acoustique et imagerie par nasofibroscopie et stroboscopie pour la qualit\u00e9 de voix).<\/p>\n<p>L\u2019analyse de ce large ensemble de donn\u00e9es, notamment l\u2019analyse des relations entre mesures acoustiques et articulatoires, vise \u00e0 r\u00e9duire les multiples mesures acoustiques \u00e0 un nombre plus restreint d\u2019indicateurs, fiables, robustes et permettant de caract\u00e9riser l\u2019ensemble des dimensions de la parole dysarthrique: fonctionnement laryng\u00e9, comportement pneumo-phonatoire (y compris le contr\u00f4le de l\u2019intensit\u00e9), fluence, pr\u00e9cision articulatoire et coordination gestuelle, organisation du syst\u00e8me vocalique, aptitude \u00e0 la flexibilit\u00e9 phon\u00e9tique.<\/p>\n<p>Dans une deuxi\u00e8me phase, le projet vise \u00e0 s\u2019appuyer sur les indicateurs acoustiques ainsi isol\u00e9s afin de d\u00e9velopper (c\u2019est-\u00e0-dire concevoir, op\u00e9rationnaliser puis \u00e9valuer les qualit\u00e9s psychom\u00e9triques et enfin adapter) plusieurs outils d\u2019\u00e9valuation qui sont d\u00e9di\u00e9s \u00e0 rencontrer chacun un objectif plus pr\u00e9cis, d\u00e9fini soit en lien avec une question de recherche, soit avec un besoin identifi\u00e9 en clinique.<\/p>\n<p>Le premier objectif concerne les signes infracliniques de dysarthrie dans la maladie de Parkinson, et la possibilit\u00e9 d\u2019utiliser certains indices acoustiques tels des biomarqueurs vocaux afin d\u2019assister les cliniciens dans le diagnostic pr\u00e9coce de la maladie. Le second objectif est de contribuer au diagnostic diff\u00e9rentiel, gr\u00e2ce \u00e0 un outil d\u2019\u00e9valuation acoustique des productions de parole qui permette la distinction entre diff\u00e9rents sous-types de dysarthrie, ainsi qu\u2019entre dysarthrie et apraxie de la parole. Le troisi\u00e8me objectif clinique concerne la dynamique temporelle de la maladie, envisag\u00e9e du point de vue intra-individuel. Il s\u2019agit de proposer un outil qui soit adapt\u00e9 \u00e0 un suivi longitudinal du patient dysarthrique, une fois le diagnostic pos\u00e9. Le quatri\u00e8me objectif s\u2019int\u00e8gre \u00e0 une question de recherche fondamentale, celle de la caract\u00e9risation de l\u2019\u00e9volution des dysarthries en fonction du degr\u00e9 de s\u00e9v\u00e9rit\u00e9 dans le contexte de l\u2019hypoth\u00e8se de la r\u00e9trogen\u00e8se. Le cinqui\u00e8me objectif concerne l\u2019intelligibilit\u00e9. Il s\u2019agit de produire un outil permettant d\u2019\u00e9valuer l\u2019intelligibilit\u00e9 de la parole dysarthrique, qui pourra \u00eatre utilis\u00e9 dans des travaux ult\u00e9rieurs concernant le lien entre intelligibilit\u00e9, efficience communicationnelle et qualit\u00e9 de vie chez les patients dysarthriques.<\/p>\n<p>&nbsp;<\/p>\n<p><span style=\"color: #009ee0; font-size: 14pt;\"><strong><em>Principaux\u00a0 intervenants<\/em><\/strong><\/span><\/p>\n<p>Promotrice principale\u00a0: prof. V. Delvaux, FNRS, SMSL, Institut Langage et Institut Sant\u00e9<\/p>\n<p>Co-promotrices\u00a0: prof. K. Huet, prof. M. Piccaluga, dr. V. Roland, SMSL, Institut Langage et Institut Sant\u00e9<\/p>\n<p>Co-promoteurs\u00a0: prof. J.R. Lechien et S. Saussez, AHOE, Institut Sant\u00e9 et Institut Langage<\/p>\n<p>Doctorantes\u00a0: M. Miri (Dr en M\u00e9decine), P. Deghorain (Master en Logop\u00e9die)<\/p>\n<p><em>\u00a0<\/em><em><strong>Institutions\/lieux de soin partenaires\u00a0:<\/strong><\/em><\/p>\n<ul>\n<li>CHU Ambroise Par\u00e9, Mons (Consultation neurologie)\u00a0: Dr J-A. Elosegi, P. Vercauteren<\/li>\n<li>EpiCURA Ath (Consultation neurologie)\u00a0: Dr S. Blecic, L. Bousard<\/li>\n<li>Andr\u00e9 V\u00e9sale, Charleroi (Convention Parkinson)\u00a0: Dr T. Piette, C. DeCrocq<\/li>\n<li>CHU Tivoli La Louvi\u00e8re (Service neurologie)\u00a0: Dr S. Dethy, C. Di Pietro<\/li>\n<li>CHwapi Tournai (Service neurologie)\u00a0: Dr D. Gueben, L. Bousard<\/li>\n<\/ul>\n<p><em>Le projet b\u00e9n\u00e9ficie d\u2019un agr\u00e9ment \u00e9thique \u00e9mis par le Comit\u00e9 d\u2019Ethique Hospitalo-facultaire Erasme\u00a0ULB: <\/em><em>P2024\/440 &#8211; CCB : B4062024000317 <\/em><\/p>\n<p>&nbsp;<\/p>\n<p><span style=\"color: #009ee0; font-size: 14pt;\"><strong><em>\u00a0<\/em><\/strong><strong><em>Qu\u2019est-ce qu\u2019un projet ARC\u00a0?<\/em><\/strong><\/span><\/p>\n<p>Les projets ARC sont des projets de recherche collaboratifs de grande envergure (48 \u00e0 60 mois), visant au d\u00e9veloppement de centres inter-disciplinaires (interfacultaires, interuniversitaires) et ayant en vue la valorisation sociale et \u00e9conomique des r\u00e9sultats de la recherche. Une subvention de la F\u00e9d\u00e9ration Wallonie-Bruxelles est accord\u00e9e \u00e0 l\u2019UMONS pour le financement des projets ARC. L\u2019appel \u00e0 candidatures est bisannuel et la s\u00e9lection des projets \u00e0 soutenir est confi\u00e9e au Conseil de Recherche de l\u2019UMONS. Le projet ARC EvalDy fait l\u2019objet d\u2019un financement qui s\u2019\u00e9tale de 2023 \u00e0 2027.<\/p>\n<p><a href=\"https:\/\/web.umons.ac.be\/smsl\/projets_de_recherche\/\">Retour sur la page des projets de recherche<\/a><\/p>\n<p><span style=\"font-size: 14pt; color: #009ee0;\"><strong><em>Publications de l\u2019\u00e9quipe en lien avec le projet<\/em><\/strong><\/span><\/p>\n<p>Audibert, N., Pillot-Loiseau, C., Crevier-Buchman, L., Fagniart, S., Harmegnies, B., Huet, K., Pettirossi, A., Piccaluga, M., Remman, R., Roland, V., Terny, L., Verhaegen, C., &amp; Delvaux, V. (2023). Relations entre \u00e9valuation acoustique et perceptive de la qualit\u00e9 de la voix : une approche dynamique. In Actes des 9e Journ\u00e9es de Phon\u00e9tique Clinique \u00ab\u00a0Prendre la mesure de la parole\u00a0\u00bb. Universit\u00e9 Jean Jaures.<\/p>\n<p>Barillari, M. R., Nacci, A., Bastiani, L., Mirra, G., Costa, G., Maniaci, A., Docimo, L., Tolone, S., Giumello, F., Minichilli, F., Chiesa Estomba, C. M., Lechien, J. R., &amp; Carroll, T. L. (2024). Is there a role for voice therapy in the treatment of laryngopharyngeal reflux? A pilot study. <em>Acta Otorhinolaryngologica Italica: Organo Ufficiale Della Societa Italiana Di Otorinolaringologia E Chirurgia Cervico-Facciale<\/em>, <em>44<\/em>(1), 27\u201335. https:\/\/doi.org\/10.14639\/0392-100X-N2742<\/p>\n<p>Deghorain, P., Delvaux, V., Huet, K., Piccaluga, M. &amp; Roland, V. <em>Soumis.<\/em> EvalDy: Assessment of Speech Disorders in Dysarthric Subjects based on the MonPaGe-2.0.2-s Protocol, Folia Phoniatrica Logopaedica.<\/p>\n<p>Deghorain, P., Delvaux, V., Huet, K., Piccaluga, M., &amp; Roland, V. (2024). EvalDy: Assessment of Speech Disorders in Dysarthric Subjects based on the MonPaGe-2.0.2-S Protocol [Poster presentation]. 9\u00e8me journ\u00e9e du Groupe de Contact en Psycholinguistique et Neurolinguistique (GCPN 2024).<\/p>\n<p>Deghorain, P., Delvaux, V., Huet, K., Piccaluga, M., &amp; Roland, V. <em>Accept\u00e9.<\/em> \u00c9valuation objective de la Dysarthrie Hypokin\u00e9tique dans la Maladie de Parkinson: Identification de Mesures Fiables des Niveaux de S\u00e9v\u00e9rit\u00e9. R\u00e9\u00e9ducation Orthophonique.<\/p>\n<p>Deghorain, P., Delvaux, V., Huet, K., Piccaluga, M., &amp; Roland, V. (2025). Caract\u00e9risation de la parole dysarthrique: Vers une \u00e9valuation objective pour une meilleure compr\u00e9hension et prise en charge [oral presentation] Papotages, UMONS]<\/p>\n<p>Deghorain, P., Delvaux, V., Huet, K., Piccaluga, M., &amp; Roland, V. (2025). Caract\u00e9risation de la dysarthrie hypokin\u00e9tique dans la maladie de Parkinson: Identification de mesures pertinente pour une \u00e9valuation objective. Revue neurologique, 181, S12, https:\/\/doi.org\/10.1016\/j.neurol.2025.01.029<\/p>\n<p>Deghorain, P., Delvaux, V., Huet, K., Piccaluga, M., &amp; Roland, V. <em>Accept\u00e9.<\/em> Caract\u00e9risation de la dysarthrie: Identification de mesures pertinentes pour la distinction entre la dysarthrie hypokin\u00e9tique parkinsonienne et les dysarthries post-AVC. [poster presentation] 10e Journ\u00e9es de Phon\u00e9tique Clinique, S\u00e8te, France.<\/p>\n<p>Deghorain, P., Huet, K., Delvaux, V., Piccaluga, M., &amp; Roland, V. (2024). \u00c9tude de la parole dysarthrique: Analyse et identification d\u2019indices acoustiques pertinents pour le suivi longitudinal. [poster presentation] Mardi des Chercheurs, UMONS<\/p>\n<p>Deghorain, P., Roland, V., Delvaux, V., Huet, K., Piccaluga, M., &amp; Pyrgies, J. <em>Accept\u00e9.<\/em> Impact de la musicoth\u00e9rapie sur les troubles de la parole et la qualit\u00e9 de vie dans la maladie de Parkinson. [oral presentation] 5es Journ\u00e9es Scientifiques d\u2019Orthophonie<\/p>\n<p>Delvaux, V., Goeseels, E., Huet, K., Piccaluga, M., Roland, V., Verhaegen, C., &amp; Harmegnies, B. (2023). People with Parkinson&rsquo;s Disease exhibit phonetic flexibility. In Radek Skarnitzl, Proceedings of the 20th International Congress of Phonetic Sciences. New York, IPA.<\/p>\n<p>Delvaux, V., &amp; Gioiella, M. (2024). Flexibilit\u00e9 phon\u00e9tique et enseignement-apprentissage des langues \u00e9trang\u00e8res [Oral presentation]. L\u2019espagnol et ses vari\u00e9t\u00e9s : \u00e9tudes interdisciplinaires de sa phon\u00e9tique, Mons, Belgium.<\/p>\n<p>Fagniart, S., Charlier Brigitte, Delvaux, V., Harmegnies, B., Huberlant Anne, Piccaluga, M., &amp; Huet, K. (2023). Nasal vowel production and grammatical processing in French-speaking children with cochlear implants and normal-hearing peers. Interspeech 2023. doi:10.21437\/Interspeech.2023-203<\/p>\n<p>Fagniart, S., Delvaux, V., Charlier Brigitte, Harmegnies, B., Huberlant Anne, Piccaluga, M., &amp; Huet, K. (2023). Nasalit\u00e9 vocalique, comp\u00e9tences phonologiques et grammaticales : des liens sp\u00e9cifiques chez les enfants porteurs d\u2019implants cochl\u00e9aires ? 9\u00e8mes Journ\u00e9es de Phon\u00e9tique Clinique \u00ab\u00a0Prendre la mesure de la parole\u00a0\u00bb.<\/p>\n<p>Fagniart, S., Charlier, B., Delvaux, V., Harmegnies, B., Huberlant, A., Piccaluga, M., &amp; Huet, K. (2024). Production of fricative consonants in French-speaking children with cochlear implants and typical hearing: Acoustic and phonological analyses. 877. https:\/\/doi.org\/10.21437\/interspeech.2024-871<\/p>\n<p>Fagniart, S., Charlier, B., Delvaux, V., Huberlant, A., Harmegnies, B., Piccaluga, M., &amp; Huet, K. (2024). Consonant and vowel production in children with cochlear implants: Acoustic measures and multiple factor analysis. Frontiers in Audiology and Otology, 2. https:\/\/doi.org\/10.3389\/fauot.2024.1425959<\/p>\n<p>Fagniart, S., Delvaux, V., Harmegnies, B., Huberlant, A., Huet, K., Piccaluga, M., Watterman, I., &amp; Charlier, B. (2024). Nasal\/oral vowel perception in French-speaking children with cochlear implants and children with typical hearing. Journal of Speech, Language, and Hearing Research, 64(4), 1243. https:\/\/doi.org\/10.1044\/2024_JSLHR-23-00274<\/p>\n<p>Fagniart, S., Delvaux, V., Harmegnies, B., Huberlant, A., Huet, K., Piccaluga, M., Watterman, I., &amp; Charlier, B. (2025). Producing Nasal Vowels Without Nasalization? Perceptual Judgments and Acoustic Measurements of Nasal\/Oral Vowels Produced by Children With Cochlear Implants and Typically Hearing Peers. Journal of Speech, Language, and Hearing Research, 68(1), 301. https:\/\/doi.org\/10.1044\/2024_JSLHR-24-00083<\/p>\n<p>Goeseels, E., Piccaluga, M., Roland, V., Verhaegen, C., Huet, K., &amp; Delvaux, V. (2023). Flexibilit\u00e9 phon\u00e9tique et Autisme. Actes des 9e Journ\u00e9es de Phon\u00e9tique Clinique \u00ab\u00a0Prendre la mesure de la parole\u00a0\u00bb. Universit\u00e9 Jean Jaures<\/p>\n<p>Goeseels, E., Huet, K., Piccaluga, M., Roland, V., &amp; Delvaux, V. (2024). Autisme et compliance phonique. Actes des 35<sup>e<\/sup> Journ\u00e9es d\u2019Etude sur la Parole, Toulouse, France. pp.2-12<\/p>\n<p>Lechien, J., Hans, S., &amp; Crevier-Buchman, L. (12 September 2023). Influence of age on voice quality after transoral CO2 laser microsurgery. Journal of Otolaryngology &#8211; Head and Neck Surgery, 52 (1), 59. doi:10.1186\/s40463-023-00664-3<\/p>\n<p>Lechien, J., Geneid, A., Bohlender, J. E., Cantarella, G., Avellaneda, J. C., Desuter, G., Sjogren, E. V., Finck, C., Hans, S., Hess, M., Oguz, H., Remacle, M. J., Schneider-Stickler, B., Tedla, M., Schindler, A., Vilaseca, I., Zabrodsky, M., Dikkers, F. G., &amp; Crevier-Buchman, L. (December 2023). Consensus for voice quality assessment in clinical practice: guidelines of the European Laryngological Society and Union of the European Phoniatricians. European Archives of Oto-Rhino-Laryngology, 280 (12), 5459 &#8211; 5473. doi:10.1007\/s00405-023-08211-6<\/p>\n<p>Lechien, J. R., &amp; Rameau, A. (2024). Applications of ChatGPT in Otolaryngology-Head Neck Surgery: A State of the Art Review.\u00a0<em>Otolaryngology&#8211;head and neck surgery : official journal of American Academy of Otolaryngology-Head and Neck Surgery<\/em>,\u00a0<em>171<\/em>(3), 667\u2013677. https:\/\/doi.org\/10.1002\/ohn.807<\/p>\n<p>Lechien, J. R. (2024). Generative AI and Otolaryngology\u2014Head &amp; Neck Surgery. <em>Otolaryngologic Clinics of North America<\/em>, <em>57<\/em>(5), 753\u2013765. https:\/\/doi.org\/10.1016\/j.otc.2024.04.006<\/p>\n<p>Maniaci, A., Lechien, J. R., Caruso, S., Nocera, F., Ferlito, S., Iannella, G., Grillo, C. M., Magliulo, G., Pace, A., Vicini, C., &amp; La Mantia, I. (2024). Voice-Related Quality of Life After Total Laryngectomy: Systematic Review and Meta-Analysis. <em>Journal of Voice: Official Journal of the Voice Foundation<\/em>, <em>38<\/em>(2), 539.e11-539.e19. https:\/\/doi.org\/10.1016\/j.jvoice.2021.09.040<\/p>\n<p>Maselli, L., &amp; Delvaux, V. (2024). Aerodynamics of Sakata labial-velar oral stops. Proceedings Interspeech 2024, 3140-3144. doi:10.21437\/interspeech.2024-525<\/p>\n<p>Maselli, L. &amp; Delvaux, V. <em>Soumis.<\/em> Glottalisation in Bagiro. In \u201cIllustrating African Phonologies\u201d, Bennett W. &amp; Braver A., Eds. Language Science Press<\/p>\n<p>Miri, M., Hamdan, A.L., Forges, C., Baudouin, R., Rigal, T., Huet, K., Delvaux, V., Hans, S., Akst, L. M., Lechien, J. R. <em>Soumis.<\/em> Surgical and Voice Quality Outcomes of Office-Based Laryngeal Surgeries for Vocal Fold Dysplasia and Leukoplakia: A Systematic Review. Otolaryngol Head Neck Surgery<\/p>\n<p>Nopere, M., Delvaux, V., Harmegnies, B., Piccaluga, M., Huet, K., &amp; Roland, V. (2023). Troubles de la parole dans la maladie de Parkinson : effets d\u2019une prise en charge par l\u2019utilisation de la musicoth\u00e9rapie ? \u00c9tude de cas. Actes des 9e Journ\u00e9es de Phon\u00e9tique Clinique \u00ab\u00a0Prendre la mesure de la parole\u00a0\u00bb. Universit\u00e9 Jean Jaures.<\/p>\n<p>Pettirossi, A., Westermeyer, L., Rouchez Slimani, A., Audibert, N., Crevier-Buchman, L., Delvaux, V., Fagniart, S., Harmegnies, B., Huet, K., Piccaluga, M., Remman, R., Roland, V., Terny, L., Verhaegen, C., &amp; Pillot-Loiseau, C. (2023). \u00c9chelles perceptives pour les voix parl\u00e9es normophoniques, pathologiques et chant\u00e9es : revue de litt\u00e9rature et r\u00e9flexions m\u00e9thodologiques. Actes des 9e Journ\u00e9es de Phon\u00e9tique Clinique \u00ab\u00a0Prendre la mesure de la parole\u00a0\u00bb. Universit\u00e9 Jean Jaures.<\/p>\n<p>Pettirossi, A., Audibert, N., Crevier-Buchman, L., Delvaux, V.,\u00a0 Fagniart, S., Harmegnies, B., Huet, K.,\u00a0 Piccaluga, M., Remman, R., Roland, V.,\u00a0 Terny, L., Pillot-Loiseau, C. <em>Accept\u00e9.<\/em> Protocoles perceptifs d&rsquo;h\u00e9t\u00e9ro-\u00e9valuation de la qualit\u00e9 de voix normophonique, pathologique et chant\u00e9e : Une scoping review. [oral presentation] 10e Journ\u00e9es de Phon\u00e9tique Clinique, S\u00e8te, France.<\/p>\n<p>Pommee, T., Pinquier, J., Mauclair, J., Delvaux, V., Fougeron, C., Ast\u00e9sano, C., Martel-Sauvageau, V., Morsomme, D., Lalain, M., &amp; Woisard, V. (December 2023). Le voyage d\u2019Alice : un texte standardis\u00e9 pour l\u2019\u00e9valuation de la parole et de la voix en Fran\u00e7ais. Glossa: Cahiers de l&rsquo;UNADREO, 138, 6-43.<\/p>\n<p>Rodberg, A., Deghorain, P., &amp; Huet, K. (2024). Fluent-IA : un outil de r\u00e9\u00e9ducation fonctionnelle auto-administr\u00e9e pour l\u2019anomie en aphasie au moyen de l\u2019IA g\u00e9n\u00e9rative. 9\u00e8me journ\u00e9e du Groupe de Contact en Psycholinguistique et Neurolinguistique (GCPN 2024), Bruxelles, Belgium.<\/p>\n<p>Roland, V., Delvaux, V., Harmegnies, B., Piccaluga, M., &amp; Huet, K. (2023). Contribution \u00e0 l&rsquo;\u00e9tude psychom\u00e9trique du Voice Handicap Index aupr\u00e8s de patients parkinsoniens. Actes des 9e Journ\u00e9es de Phon\u00e9tique Clinique \u00ab\u00a0Prendre la mesure de la parole\u00a0\u00bb. Universit\u00e9 Jean Jaures.<\/p>\n<p>Roland, V., Delvaux, V., Piccaluga, M., Verhaegen, C., &amp; Huet, K. (April 2023). L\u2019\u00e9valuation de la dysarthrie comme outil d\u2019aide au diagnostic pr\u00e9coce dans la maladie de Parkinson. Revue Neurologique, 179, 198. doi:10.1016\/j.neurol.2023.02.057<\/p>\n<p>Roland, V., Huet, K., Harmegnies, B., Piccaluga, M., Verhaegen, C., &amp; Delvaux, V. (2023). Vowel production: a potential speech biomarker for early detection of dysarthria in Parkinson&rsquo;s Disease. Frontiers in Psychology, 14, 01-09. doi:10.3389\/fpsyg.2023.1129830<\/p>\n<p>Roland, V., Delvaux, V., Harmegnies, B., Piccaluga, M., &amp; Huet, K. (08 December 2023). Vers une version abr\u00e9g\u00e9e du Voice Handicap Index. 8\u00e8me Journ\u00e9e du Groupe de Contact en Neuropsychologie et Psycholinguistique, Louvain-La-Neuve, Belgium.<\/p>\n<p>Roland, V., Deghorain, P., Delvaux, V., Piccaluga, M., &amp; Huet, K. <em>Accept\u00e9.<\/em> Diagnostic diff\u00e9rentiel dans la maladie de Parkinson: Identifications d\u2019indicateurs pertinents \u00e0 partir de l\u2019\u00e9valuation de la dysarthrie. R\u00e9\u00e9ducation Orthophonique.<\/p>\n<p>Roland, V., Delvaux, V., Piccaluga, M., &amp; Huet, K. (2025). Influence du code-switching chez le sujet aphasique bilingue. Revue Neurologique, 181, S193. https:\/\/doi.org\/10.1016\/j.neurol.2025.01.406<\/p>\n<p>Roland, V., Touzani, B., Deghorain, P., Delvaux, V., Piccaluga, M., &amp; Huet, K. <em>Accept\u00e9.<\/em> Identification d\u2019indices acoustiques pertinents pour la d\u00e9tection des sympt\u00f4mes d\u00e9pressifs dans la maladie de Parkinson. [poster presentation] 10e Journ\u00e9es de Phon\u00e9tique Clinique, S\u00e8te, France.<\/p>\n","protected":false},"excerpt":{"rendered":"<p>Projet ARC EvalDy \u00a0R\u00e9sum\u00e9 du projet L\u2019objectif g\u00e9n\u00e9ral du projet est de contribuer \u00e0 la caract\u00e9risation et \u00e0 l\u2019\u00e9valuation des troubles de la voix et de la parole dans la dysarthrie. L\u2019\u00e9valuation objective (via des mesures acoustiques et articulatoires) de la production de parole pathologique est un champ de recherche en pleine expansion, en particulier [&hellip;]<\/p>\n","protected":false},"author":21,"featured_media":0,"parent":0,"menu_order":0,"comment_status":"closed","ping_status":"closed","template":"","meta":{"footnotes":""},"class_list":["post-746","page","type-page","status-publish","hentry"],"yoast_head":"<!-- This site is optimized with the Yoast SEO plugin v27.2 - https:\/\/yoast.com\/product\/yoast-seo-wordpress\/ -->\n<title>Projet ARC EvalDy - Service \/ FPSE - M\u00e9trologie et Sciences du langage<\/title>\n<meta name=\"robots\" content=\"index, follow, max-snippet:-1, max-image-preview:large, max-video-preview:-1\" \/>\n<link rel=\"canonical\" href=\"https:\/\/web.umons.ac.be\/smsl\/projet-arc-evaldy\/\" \/>\n<meta property=\"og:locale\" content=\"fr_FR\" \/>\n<meta property=\"og:type\" content=\"article\" \/>\n<meta property=\"og:title\" content=\"Projet ARC EvalDy - Service \/ FPSE - M\u00e9trologie et Sciences du langage\" \/>\n<meta property=\"og:description\" content=\"Projet ARC EvalDy \u00a0R\u00e9sum\u00e9 du projet L\u2019objectif g\u00e9n\u00e9ral du projet est de contribuer \u00e0 la caract\u00e9risation et \u00e0 l\u2019\u00e9valuation des troubles de la voix et de la parole dans la dysarthrie. L\u2019\u00e9valuation objective (via des mesures acoustiques et articulatoires) de la production de parole pathologique est un champ de recherche en pleine expansion, en particulier [&hellip;]\" \/>\n<meta property=\"og:url\" content=\"https:\/\/web.umons.ac.be\/smsl\/projet-arc-evaldy\/\" \/>\n<meta property=\"og:site_name\" content=\"Service \/ FPSE - M\u00e9trologie et Sciences du langage\" \/>\n<meta name=\"twitter:card\" content=\"summary_large_image\" \/>\n<meta name=\"twitter:label1\" content=\"Dur\u00e9e de lecture estim\u00e9e\" \/>\n\t<meta name=\"twitter:data1\" content=\"12 minutes\" \/>\n<script type=\"application\/ld+json\" class=\"yoast-schema-graph\">{\"@context\":\"https:\/\/schema.org\",\"@graph\":[{\"@type\":\"WebPage\",\"@id\":\"https:\/\/web.umons.ac.be\/smsl\/projet-arc-evaldy\/\",\"url\":\"https:\/\/web.umons.ac.be\/smsl\/projet-arc-evaldy\/\",\"name\":\"Projet ARC EvalDy - Service \/ FPSE - M\u00e9trologie et Sciences du langage\",\"isPartOf\":{\"@id\":\"https:\/\/web.umons.ac.be\/smsl\/#website\"},\"datePublished\":\"2025-05-13T08:58:42+00:00\",\"breadcrumb\":{\"@id\":\"https:\/\/web.umons.ac.be\/smsl\/projet-arc-evaldy\/#breadcrumb\"},\"inLanguage\":\"fr-FR\",\"potentialAction\":[{\"@type\":\"ReadAction\",\"target\":[\"https:\/\/web.umons.ac.be\/smsl\/projet-arc-evaldy\/\"]}]},{\"@type\":\"BreadcrumbList\",\"@id\":\"https:\/\/web.umons.ac.be\/smsl\/projet-arc-evaldy\/#breadcrumb\",\"itemListElement\":[{\"@type\":\"ListItem\",\"position\":1,\"name\":\"Home\",\"item\":\"https:\/\/web.umons.ac.be\/smsl\/\"},{\"@type\":\"ListItem\",\"position\":2,\"name\":\"Projet ARC EvalDy\"}]},{\"@type\":\"WebSite\",\"@id\":\"https:\/\/web.umons.ac.be\/smsl\/#website\",\"url\":\"https:\/\/web.umons.ac.be\/smsl\/\",\"name\":\"Service \/ FPSE - M\u00e9trologie et Sciences du langage\",\"description\":\"\",\"potentialAction\":[{\"@type\":\"SearchAction\",\"target\":{\"@type\":\"EntryPoint\",\"urlTemplate\":\"https:\/\/web.umons.ac.be\/smsl\/?s={search_term_string}\"},\"query-input\":{\"@type\":\"PropertyValueSpecification\",\"valueRequired\":true,\"valueName\":\"search_term_string\"}}],\"inLanguage\":\"fr-FR\"}]}<\/script>\n<!-- \/ Yoast SEO plugin. -->","yoast_head_json":{"title":"Projet ARC EvalDy - Service \/ FPSE - M\u00e9trologie et Sciences du langage","robots":{"index":"index","follow":"follow","max-snippet":"max-snippet:-1","max-image-preview":"max-image-preview:large","max-video-preview":"max-video-preview:-1"},"canonical":"https:\/\/web.umons.ac.be\/smsl\/projet-arc-evaldy\/","og_locale":"fr_FR","og_type":"article","og_title":"Projet ARC EvalDy - Service \/ FPSE - M\u00e9trologie et Sciences du langage","og_description":"Projet ARC EvalDy \u00a0R\u00e9sum\u00e9 du projet L\u2019objectif g\u00e9n\u00e9ral du projet est de contribuer \u00e0 la caract\u00e9risation et \u00e0 l\u2019\u00e9valuation des troubles de la voix et de la parole dans la dysarthrie. L\u2019\u00e9valuation objective (via des mesures acoustiques et articulatoires) de la production de parole pathologique est un champ de recherche en pleine expansion, en particulier [&hellip;]","og_url":"https:\/\/web.umons.ac.be\/smsl\/projet-arc-evaldy\/","og_site_name":"Service \/ FPSE - M\u00e9trologie et Sciences du langage","twitter_card":"summary_large_image","twitter_misc":{"Dur\u00e9e de lecture estim\u00e9e":"12 minutes"},"schema":{"@context":"https:\/\/schema.org","@graph":[{"@type":"WebPage","@id":"https:\/\/web.umons.ac.be\/smsl\/projet-arc-evaldy\/","url":"https:\/\/web.umons.ac.be\/smsl\/projet-arc-evaldy\/","name":"Projet ARC EvalDy - Service \/ FPSE - M\u00e9trologie et Sciences du langage","isPartOf":{"@id":"https:\/\/web.umons.ac.be\/smsl\/#website"},"datePublished":"2025-05-13T08:58:42+00:00","breadcrumb":{"@id":"https:\/\/web.umons.ac.be\/smsl\/projet-arc-evaldy\/#breadcrumb"},"inLanguage":"fr-FR","potentialAction":[{"@type":"ReadAction","target":["https:\/\/web.umons.ac.be\/smsl\/projet-arc-evaldy\/"]}]},{"@type":"BreadcrumbList","@id":"https:\/\/web.umons.ac.be\/smsl\/projet-arc-evaldy\/#breadcrumb","itemListElement":[{"@type":"ListItem","position":1,"name":"Home","item":"https:\/\/web.umons.ac.be\/smsl\/"},{"@type":"ListItem","position":2,"name":"Projet ARC EvalDy"}]},{"@type":"WebSite","@id":"https:\/\/web.umons.ac.be\/smsl\/#website","url":"https:\/\/web.umons.ac.be\/smsl\/","name":"Service \/ FPSE - M\u00e9trologie et Sciences du langage","description":"","potentialAction":[{"@type":"SearchAction","target":{"@type":"EntryPoint","urlTemplate":"https:\/\/web.umons.ac.be\/smsl\/?s={search_term_string}"},"query-input":{"@type":"PropertyValueSpecification","valueRequired":true,"valueName":"search_term_string"}}],"inLanguage":"fr-FR"}]}},"lang":"fr","translations":{"fr":746},"pll_sync_post":[],"_links":{"self":[{"href":"https:\/\/web.umons.ac.be\/smsl\/wp-json\/wp\/v2\/pages\/746","targetHints":{"allow":["GET"]}}],"collection":[{"href":"https:\/\/web.umons.ac.be\/smsl\/wp-json\/wp\/v2\/pages"}],"about":[{"href":"https:\/\/web.umons.ac.be\/smsl\/wp-json\/wp\/v2\/types\/page"}],"author":[{"embeddable":true,"href":"https:\/\/web.umons.ac.be\/smsl\/wp-json\/wp\/v2\/users\/21"}],"replies":[{"embeddable":true,"href":"https:\/\/web.umons.ac.be\/smsl\/wp-json\/wp\/v2\/comments?post=746"}],"version-history":[{"count":3,"href":"https:\/\/web.umons.ac.be\/smsl\/wp-json\/wp\/v2\/pages\/746\/revisions"}],"predecessor-version":[{"id":752,"href":"https:\/\/web.umons.ac.be\/smsl\/wp-json\/wp\/v2\/pages\/746\/revisions\/752"}],"wp:attachment":[{"href":"https:\/\/web.umons.ac.be\/smsl\/wp-json\/wp\/v2\/media?parent=746"}],"curies":[{"name":"wp","href":"https:\/\/api.w.org\/{rel}","templated":true}]}}