{"id":15,"date":"2021-11-24T11:21:09","date_gmt":"2021-11-24T10:21:09","guid":{"rendered":"https:\/\/web.umons.ac.be\/soant\/activites-de-recherche\/"},"modified":"2021-11-24T11:34:46","modified_gmt":"2021-11-24T10:34:46","slug":"activites-de-recherche","status":"publish","type":"page","link":"https:\/\/web.umons.ac.be\/soant\/activites-de-recherche\/","title":{"rendered":"Activit\u00e9s de recherche"},"content":{"rendered":"<p>Nous cherchons \u00e0 faire des questions \u00e9cologiques, des occasions de pens\u00e9e. Ecologie et d\u00e9veloppement font l&rsquo;objet d&rsquo;un important travail critique. Nous \u00e9tudions notamment les effets des dispositifs mis en place autour du discours sur l\u2019acc\u00e8s et la conservation de la nature \u00e0 partir de l\u2019approche de la \u2018political ecology\u2019 afin de d\u00e9tecter les formes d\u2019ins\u00e9curit\u00e9 qu\u2019ils produisent au sein des populations les plus vuln\u00e9rables. Il en est de m\u00eame des dispositifs de d\u00e9veloppement durable que nous consid\u00e9rons, \u00e0 partir de diverses approches de la socioanthropologie du d\u00e9veloppement, des \u00e9tudes postcoloniales et de l\u2019\u00e9conomie politique, comme h\u00e9ritiers des op\u00e9rateurs de modernisation. Il s&rsquo;agit d&rsquo;en \u00e9tudier les effets de violence au sein de ces m\u00eames populations, \u00e0 partir, toujours de terrains ethnographiques et socioanthropologique, en Europe et en Afrique.<\/p>\n<p>Les d\u00e9sastres \u00e9cologiques s&rsquo;appuient sur les formes syst\u00e9miques de racisme, et inversement. Nous \u00e9tudions les ph\u00e9nom\u00e8nes de racisme \u00e0 partir de certains de leurs sites de production: violences polici\u00e8res, fronti\u00e8res et violences institutionnelles antimigratoires, tribunaux, rapports Nord\/Sud, mais aussi institutions scientifiques et culturelles. Nous cherchons \u00e0 comprendre la mani\u00e8re dont ceux-ci se rapportent aux rapports coloniaux, en ce compris ses dimensions \u00e9pist\u00e9mologiques. Pour ce faire, nous mobilisons tant les \u00e9tudes d\u00e9coloniales et postcoloniales que les subaltern studies, les critical race studies, les cultural studies, la tradition afrocritique, ou encore certaines formes minoritaires de savoirs europ\u00e9ens (pragmatisme, notamment).<\/p>\n<p>Mais il s&rsquo;agit \u00e9galement d&rsquo;\u00e9tudier les innombrables formes de r\u00e9sistance ou le d\u00e9ploiement d&rsquo;alternatives \u00e0 ces mod\u00e8les d\u00e9vastateurs. Ainsi les luttes pour la justice environnementale, mais aussi certaines innovations syndicales attentives aux formes salariales r\u00e9siduelles (pr\u00e9cariat) et \u00e0 leurs effets, mais aussi certaines formes locales de production, les mouvements de d\u00e9colonisation, les luttes antiracistes nouvelles (BLM, comit\u00e9s), les exigences de s\u00e9pulture dignes (cimeti\u00e8res, rapatriements) proposent d&rsquo;autres rapports aux \u00eatres humains et non humains, tracent d&rsquo;autres propositions territoriales. Ce sont des alliances souvent inattendues qui se forment alors, par-dessous les sillons et domaines sectoriels de l&rsquo;action collective. Si elles d\u00e9ploient, pour ce faire, des formes de savoirs \u00ab\u00a0situ\u00e9s\u00a0\u00bb, le r\u00f4le de la sociologie et de l&rsquo;anthropologie consiste aussi \u00e0 en d\u00e9crire la port\u00e9e. Il s&rsquo;agit l\u00e0 d&rsquo;une dimension \u00e9thique des savoirs. Le rapport de ces initiatives aux institutions (participation, conflit, notion de public-cible) et \u00e0 l&rsquo;action publique fait l&rsquo;objet de nos attentions.<\/p>\n<p>Les humanit\u00e9s m\u00e9dicales sont d&rsquo;ailleurs \u00e9tudi\u00e9es en ce sens, \u00e0 la fois d&rsquo;un point de vue historique et contemporain. A partir notamment de situations probl\u00e9matiques dans le monde de la maladie et de la sant\u00e9 &#8211; concernant les biais non-r\u00e9fl\u00e9chis dans les recherches fondamentales et cliniques tout autant que les violences trop souvent pr\u00e9sentes dans les rencontres cliniques &#8211; nous visons \u00e0 en reconstruire leur g\u00e9n\u00e9alogies \u00e0 la fois \u00e9pist\u00e9mologiques et institutionnelles et nous nous effor\u00e7ons d&rsquo;explorer et de donner chaire aux situations contemporaines. Nous menons des terrains dans des laboratoires, en milieux hospitaliers (en Europe et ailleurs) mais \u00e9galement et crucialement au sein de collectifs d&rsquo;usagers et d&rsquo;activistes de la sant\u00e9. Nos recherches dans ce domaine puisent dans l&rsquo;\u00e9pist\u00e9mologie historique et les Sciences Studies, mais s&rsquo;inspirent \u00e9galement de la tradition pragmatiste en ce qu&rsquo;elle interroge syst\u00e9matiquement les effets de chaque \u00e9l\u00e9ment pratique, conceptuel ainsi que th\u00e9orique.<\/p>\n<hr \/>\n<p>Notre service est, par ailleurs rattach\u00e9 \u00e0 un institut de recherche de l\u2019UMONS :<\/p>\n<start-cask-shortcode-wrapper>\t\t<div class=\"associated-institutes content-block scheme-eshs\">\n\t\t\t<ul class=\"institutes-list\">\n\t\t\t\t\t\t\t\t\t\t<li>\n\t\t\t\t\t\t\t<a href=\"https:\/\/web.umons.ac.be\/langage\" title=\"Acc\u00e9der au site web de : Institut \/ Langage\" class=\"associated-institute\">\n\t\t\t\t\t\t\t\t<img loading=\"lazy\" decoding=\"async\" width=\"1\" height=\"1\" src=\"https:\/\/web.umons.ac.be\/app\/uploads\/sites\/39\/2017\/12\/langage_logo_fr.svg\" class=\"attachment-thumbnail size-thumbnail\" alt=\"\" \/>\t\t\t\t\t\t\t<\/a>\t\t\t\n\t\t\t\t\t\t<\/li>\n\t\t\t\t\t\t\t\t\t\t<li>\n\t\t\t\t\t\t\t<a href=\"https:\/\/web.umons.ac.be\/sante\" title=\"Acc\u00e9der au site web de : Institut \/ Sant\u00e9\" class=\"associated-institute\">\n\t\t\t\t\t\t\t\t<img loading=\"lazy\" decoding=\"async\" width=\"1\" height=\"1\" src=\"https:\/\/web.umons.ac.be\/app\/uploads\/sites\/35\/2021\/03\/sante_logo_fr.svg\" class=\"attachment-thumbnail size-thumbnail\" alt=\"\" \/>\t\t\t\t\t\t\t<\/a>\t\t\t\n\t\t\t\t\t\t<\/li>\n\t\t\t\t\t\t\t\t\t\t<li>\n\t\t\t\t\t\t\t<a href=\"https:\/\/web.umons.ac.be\/soci_e_ter\" title=\"Acc\u00e9der au site web de : Institut \/ Soci&amp;ter\" class=\"associated-institute\">\n\t\t\t\t\t\t\t\t<img loading=\"lazy\" decoding=\"async\" width=\"1\" height=\"1\" src=\"https:\/\/web.umons.ac.be\/app\/uploads\/sites\/33\/2021\/11\/Societer-FR.svg\" class=\"attachment-thumbnail size-thumbnail\" alt=\"\" \/>\t\t\t\t\t\t\t<\/a>\t\t\t\n\t\t\t\t\t\t<\/li>\n\t\t\t\t\t\t\t<\/ul>\n\t\t<\/div>\n <end-cask-shortcode-wrapper>\n","protected":false},"excerpt":{"rendered":"<p>Nous cherchons \u00e0 faire des questions \u00e9cologiques, des occasions de pens\u00e9e. Ecologie et d\u00e9veloppement font l&rsquo;objet d&rsquo;un important travail critique. Nous \u00e9tudions notamment les effets des dispositifs mis en place autour du discours sur l\u2019acc\u00e8s et la conservation de la nature \u00e0 partir de l\u2019approche de la \u2018political ecology\u2019 afin de d\u00e9tecter les formes d\u2019ins\u00e9curit\u00e9 [&hellip;]<\/p>\n","protected":false},"author":4,"featured_media":0,"parent":0,"menu_order":0,"comment_status":"closed","ping_status":"closed","template":"","meta":{"footnotes":""},"class_list":["post-15","page","type-page","status-publish","hentry"],"yoast_head":"<!-- This site is optimized with the Yoast SEO plugin v27.2 - https:\/\/yoast.com\/product\/yoast-seo-wordpress\/ -->\n<title>Activit\u00e9s de recherche - Service \/ ESHS - Sociologie et Anthropologie<\/title>\n<meta name=\"robots\" content=\"index, follow, max-snippet:-1, max-image-preview:large, max-video-preview:-1\" \/>\n<link rel=\"canonical\" href=\"https:\/\/web.umons.ac.be\/soant\/activites-de-recherche\/\" \/>\n<meta property=\"og:locale\" content=\"fr_FR\" \/>\n<meta property=\"og:type\" content=\"article\" \/>\n<meta property=\"og:title\" content=\"Activit\u00e9s de recherche - Service \/ ESHS - Sociologie et Anthropologie\" \/>\n<meta property=\"og:description\" content=\"Nous cherchons \u00e0 faire des questions \u00e9cologiques, des occasions de pens\u00e9e. Ecologie et d\u00e9veloppement font l&rsquo;objet d&rsquo;un important travail critique. Nous \u00e9tudions notamment les effets des dispositifs mis en place autour du discours sur l\u2019acc\u00e8s et la conservation de la nature \u00e0 partir de l\u2019approche de la \u2018political ecology\u2019 afin de d\u00e9tecter les formes d\u2019ins\u00e9curit\u00e9 [&hellip;]\" \/>\n<meta property=\"og:url\" content=\"https:\/\/web.umons.ac.be\/soant\/activites-de-recherche\/\" \/>\n<meta property=\"og:site_name\" content=\"Service \/ ESHS - Sociologie et Anthropologie\" \/>\n<meta property=\"article:modified_time\" content=\"2021-11-24T10:34:46+00:00\" \/>\n<meta name=\"twitter:card\" content=\"summary_large_image\" \/>\n<meta name=\"twitter:label1\" content=\"Dur\u00e9e de lecture estim\u00e9e\" \/>\n\t<meta name=\"twitter:data1\" content=\"3 minutes\" \/>\n<script type=\"application\/ld+json\" class=\"yoast-schema-graph\">{\"@context\":\"https:\/\/schema.org\",\"@graph\":[{\"@type\":\"WebPage\",\"@id\":\"https:\/\/web.umons.ac.be\/soant\/activites-de-recherche\/\",\"url\":\"https:\/\/web.umons.ac.be\/soant\/activites-de-recherche\/\",\"name\":\"Activit\u00e9s de recherche - Service \/ ESHS - Sociologie et Anthropologie\",\"isPartOf\":{\"@id\":\"https:\/\/web.umons.ac.be\/soant\/#website\"},\"datePublished\":\"2021-11-24T10:21:09+00:00\",\"dateModified\":\"2021-11-24T10:34:46+00:00\",\"breadcrumb\":{\"@id\":\"https:\/\/web.umons.ac.be\/soant\/activites-de-recherche\/#breadcrumb\"},\"inLanguage\":\"fr-FR\",\"potentialAction\":[{\"@type\":\"ReadAction\",\"target\":[\"https:\/\/web.umons.ac.be\/soant\/activites-de-recherche\/\"]}]},{\"@type\":\"BreadcrumbList\",\"@id\":\"https:\/\/web.umons.ac.be\/soant\/activites-de-recherche\/#breadcrumb\",\"itemListElement\":[{\"@type\":\"ListItem\",\"position\":1,\"name\":\"Home\",\"item\":\"https:\/\/web.umons.ac.be\/soant\/\"},{\"@type\":\"ListItem\",\"position\":2,\"name\":\"Activit\u00e9s de recherche\"}]},{\"@type\":\"WebSite\",\"@id\":\"https:\/\/web.umons.ac.be\/soant\/#website\",\"url\":\"https:\/\/web.umons.ac.be\/soant\/\",\"name\":\"Service \/ ESHS - Sociologie et Anthropologie\",\"description\":\"\",\"potentialAction\":[{\"@type\":\"SearchAction\",\"target\":{\"@type\":\"EntryPoint\",\"urlTemplate\":\"https:\/\/web.umons.ac.be\/soant\/?s={search_term_string}\"},\"query-input\":{\"@type\":\"PropertyValueSpecification\",\"valueRequired\":true,\"valueName\":\"search_term_string\"}}],\"inLanguage\":\"fr-FR\"}]}<\/script>\n<!-- \/ Yoast SEO plugin. -->","yoast_head_json":{"title":"Activit\u00e9s de recherche - Service \/ ESHS - Sociologie et Anthropologie","robots":{"index":"index","follow":"follow","max-snippet":"max-snippet:-1","max-image-preview":"max-image-preview:large","max-video-preview":"max-video-preview:-1"},"canonical":"https:\/\/web.umons.ac.be\/soant\/activites-de-recherche\/","og_locale":"fr_FR","og_type":"article","og_title":"Activit\u00e9s de recherche - Service \/ ESHS - Sociologie et Anthropologie","og_description":"Nous cherchons \u00e0 faire des questions \u00e9cologiques, des occasions de pens\u00e9e. Ecologie et d\u00e9veloppement font l&rsquo;objet d&rsquo;un important travail critique. Nous \u00e9tudions notamment les effets des dispositifs mis en place autour du discours sur l\u2019acc\u00e8s et la conservation de la nature \u00e0 partir de l\u2019approche de la \u2018political ecology\u2019 afin de d\u00e9tecter les formes d\u2019ins\u00e9curit\u00e9 [&hellip;]","og_url":"https:\/\/web.umons.ac.be\/soant\/activites-de-recherche\/","og_site_name":"Service \/ ESHS - Sociologie et Anthropologie","article_modified_time":"2021-11-24T10:34:46+00:00","twitter_card":"summary_large_image","twitter_misc":{"Dur\u00e9e de lecture estim\u00e9e":"3 minutes"},"schema":{"@context":"https:\/\/schema.org","@graph":[{"@type":"WebPage","@id":"https:\/\/web.umons.ac.be\/soant\/activites-de-recherche\/","url":"https:\/\/web.umons.ac.be\/soant\/activites-de-recherche\/","name":"Activit\u00e9s de recherche - Service \/ ESHS - Sociologie et Anthropologie","isPartOf":{"@id":"https:\/\/web.umons.ac.be\/soant\/#website"},"datePublished":"2021-11-24T10:21:09+00:00","dateModified":"2021-11-24T10:34:46+00:00","breadcrumb":{"@id":"https:\/\/web.umons.ac.be\/soant\/activites-de-recherche\/#breadcrumb"},"inLanguage":"fr-FR","potentialAction":[{"@type":"ReadAction","target":["https:\/\/web.umons.ac.be\/soant\/activites-de-recherche\/"]}]},{"@type":"BreadcrumbList","@id":"https:\/\/web.umons.ac.be\/soant\/activites-de-recherche\/#breadcrumb","itemListElement":[{"@type":"ListItem","position":1,"name":"Home","item":"https:\/\/web.umons.ac.be\/soant\/"},{"@type":"ListItem","position":2,"name":"Activit\u00e9s de recherche"}]},{"@type":"WebSite","@id":"https:\/\/web.umons.ac.be\/soant\/#website","url":"https:\/\/web.umons.ac.be\/soant\/","name":"Service \/ ESHS - Sociologie et Anthropologie","description":"","potentialAction":[{"@type":"SearchAction","target":{"@type":"EntryPoint","urlTemplate":"https:\/\/web.umons.ac.be\/soant\/?s={search_term_string}"},"query-input":{"@type":"PropertyValueSpecification","valueRequired":true,"valueName":"search_term_string"}}],"inLanguage":"fr-FR"}]}},"lang":"fr","translations":{"fr":15,"en":17},"pll_sync_post":[],"_links":{"self":[{"href":"https:\/\/web.umons.ac.be\/soant\/wp-json\/wp\/v2\/pages\/15","targetHints":{"allow":["GET"]}}],"collection":[{"href":"https:\/\/web.umons.ac.be\/soant\/wp-json\/wp\/v2\/pages"}],"about":[{"href":"https:\/\/web.umons.ac.be\/soant\/wp-json\/wp\/v2\/types\/page"}],"author":[{"embeddable":true,"href":"https:\/\/web.umons.ac.be\/soant\/wp-json\/wp\/v2\/users\/4"}],"replies":[{"embeddable":true,"href":"https:\/\/web.umons.ac.be\/soant\/wp-json\/wp\/v2\/comments?post=15"}],"version-history":[{"count":1,"href":"https:\/\/web.umons.ac.be\/soant\/wp-json\/wp\/v2\/pages\/15\/revisions"}],"predecessor-version":[{"id":47,"href":"https:\/\/web.umons.ac.be\/soant\/wp-json\/wp\/v2\/pages\/15\/revisions\/47"}],"wp:attachment":[{"href":"https:\/\/web.umons.ac.be\/soant\/wp-json\/wp\/v2\/media?parent=15"}],"curies":[{"name":"wp","href":"https:\/\/api.w.org\/{rel}","templated":true}]}}