{"version":"1.0","provider_name":"Service \/ FPSE - Psychologie cognitive et Neuropsychologie","provider_url":"https:\/\/web.umons.ac.be\/spcn","author_name":"Sandra Invernizzi","author_url":"https:\/\/web.umons.ac.be\/spcn\/author\/sinvernizzi\/","title":"Appel \u00e0 candidature doctorat - Service \/ FPSE - Psychologie cognitive et Neuropsychologie","type":"rich","width":600,"height":338,"html":"<blockquote class=\"wp-embedded-content\" data-secret=\"Ig8nR4KqKt\"><a href=\"https:\/\/web.umons.ac.be\/spcn\/2022\/11\/07\/appel-a-candidature-doctorat\/\">Appel \u00e0 candidature doctorat<\/a><\/blockquote><iframe sandbox=\"allow-scripts\" security=\"restricted\" src=\"https:\/\/web.umons.ac.be\/spcn\/2022\/11\/07\/appel-a-candidature-doctorat\/embed\/#?secret=Ig8nR4KqKt\" width=\"600\" height=\"338\" title=\"\u00ab\u00a0Appel \u00e0 candidature doctorat\u00a0\u00bb &#8212; Service \/ FPSE - Psychologie cognitive et Neuropsychologie\" data-secret=\"Ig8nR4KqKt\" frameborder=\"0\" marginwidth=\"0\" marginheight=\"0\" scrolling=\"no\" class=\"wp-embedded-content\"><\/iframe><script type=\"text\/javascript\">\n\/* <![CDATA[ *\/\n\/*! This file is auto-generated *\/\n!function(d,l){\"use strict\";l.querySelector&&d.addEventListener&&\"undefined\"!=typeof URL&&(d.wp=d.wp||{},d.wp.receiveEmbedMessage||(d.wp.receiveEmbedMessage=function(e){var t=e.data;if((t||t.secret||t.message||t.value)&&!\/[^a-zA-Z0-9]\/.test(t.secret)){for(var s,r,n,a=l.querySelectorAll('iframe[data-secret=\"'+t.secret+'\"]'),o=l.querySelectorAll('blockquote[data-secret=\"'+t.secret+'\"]'),c=new RegExp(\"^https?:$\",\"i\"),i=0;i<o.length;i++)o[i].style.display=\"none\";for(i=0;i<a.length;i++)s=a[i],e.source===s.contentWindow&&(s.removeAttribute(\"style\"),\"height\"===t.message?(1e3<(r=parseInt(t.value,10))?r=1e3:~~r<200&&(r=200),s.height=r):\"link\"===t.message&&(r=new URL(s.getAttribute(\"src\")),n=new URL(t.value),c.test(n.protocol))&&n.host===r.host&&l.activeElement===s&&(d.top.location.href=t.value))}},d.addEventListener(\"message\",d.wp.receiveEmbedMessage,!1),l.addEventListener(\"DOMContentLoaded\",function(){for(var e,t,s=l.querySelectorAll(\"iframe.wp-embedded-content\"),r=0;r<s.length;r++)(t=(e=s[r]).getAttribute(\"data-secret\"))||(t=Math.random().toString(36).substring(2,12),e.src+=\"#?secret=\"+t,e.setAttribute(\"data-secret\",t)),e.contentWindow.postMessage({message:\"ready\",secret:t},\"*\")},!1)))}(window,document);\n\/\/# sourceURL=https:\/\/web.umons.ac.be\/spcn\/wp-includes\/js\/wp-embed.min.js\n\/* ]]> *\/\n<\/script>\n","description":"Bonne nouvelle pour notre laboratoire ! Isabelle Simoes Loureiro, charg\u00e9e de cours , a \u00e9t\u00e9 s\u00e9lectionn\u00e9e comme laur\u00e9ate par la fondation pour la maladie d'Alzheimer SOA-FRA (https:\/\/www.stopalzheimer.be\/) pour l'obtention d'un prix qui financera une th\u00e8se de doctorat. Une offre d'emploi pour d\u00e9buter une th\u00e8se sous sa supervision est d\u00e8s lors lanc\u00e9e. La th\u00e8se portera sur le projet intitul\u00e9 \"Investigating how alternative semantic memory cares programs moderate the decline of lexico-semantic disorders in Alzheimer's disease\" Vous pouvez d\u00e8s \u00e0 pr\u00e9sent postuler pour un d\u00e9but du contrat au 9 janvier 2023. Pour cela, envoyez votre CV accompagn\u00e9 d\u2019une lettre de motivation, vos dipl\u00f4mes ainsi que le nom et les coordonn\u00e9es de 2 personnes de r\u00e9f\u00e9rence (isabelle.simoesloureiro@umons.ac.be) avant le 25 novembre 2022."}