{"version":"1.0","provider_name":"Service \/ FPSE - Psychologie cognitive et Neuropsychologie","provider_url":"https:\/\/web.umons.ac.be\/spcn","author_name":"Sandra Invernizzi","author_url":"https:\/\/web.umons.ac.be\/spcn\/author\/sinvernizzi\/","title":"Journ\u00e9e Internationale des Femmes et Filles de Science - Service \/ FPSE - Psychologie cognitive et Neuropsychologie","type":"rich","width":600,"height":338,"html":"<blockquote class=\"wp-embedded-content\" data-secret=\"uTr1srOOkv\"><a href=\"https:\/\/web.umons.ac.be\/spcn\/2023\/02\/10\/journee-internationale-des-femmes-et-filles-de-science\/\">Journ\u00e9e Internationale des Femmes et Filles de Science<\/a><\/blockquote><iframe sandbox=\"allow-scripts\" security=\"restricted\" src=\"https:\/\/web.umons.ac.be\/spcn\/2023\/02\/10\/journee-internationale-des-femmes-et-filles-de-science\/embed\/#?secret=uTr1srOOkv\" width=\"600\" height=\"338\" title=\"\u00ab\u00a0Journ\u00e9e Internationale des Femmes et Filles de Science\u00a0\u00bb &#8212; Service \/ FPSE - Psychologie cognitive et Neuropsychologie\" data-secret=\"uTr1srOOkv\" frameborder=\"0\" marginwidth=\"0\" marginheight=\"0\" scrolling=\"no\" class=\"wp-embedded-content\"><\/iframe><script type=\"text\/javascript\">\n\/* <![CDATA[ *\/\n\/*! This file is auto-generated *\/\n!function(d,l){\"use strict\";l.querySelector&&d.addEventListener&&\"undefined\"!=typeof URL&&(d.wp=d.wp||{},d.wp.receiveEmbedMessage||(d.wp.receiveEmbedMessage=function(e){var t=e.data;if((t||t.secret||t.message||t.value)&&!\/[^a-zA-Z0-9]\/.test(t.secret)){for(var s,r,n,a=l.querySelectorAll('iframe[data-secret=\"'+t.secret+'\"]'),o=l.querySelectorAll('blockquote[data-secret=\"'+t.secret+'\"]'),c=new RegExp(\"^https?:$\",\"i\"),i=0;i<o.length;i++)o[i].style.display=\"none\";for(i=0;i<a.length;i++)s=a[i],e.source===s.contentWindow&&(s.removeAttribute(\"style\"),\"height\"===t.message?(1e3<(r=parseInt(t.value,10))?r=1e3:~~r<200&&(r=200),s.height=r):\"link\"===t.message&&(r=new URL(s.getAttribute(\"src\")),n=new URL(t.value),c.test(n.protocol))&&n.host===r.host&&l.activeElement===s&&(d.top.location.href=t.value))}},d.addEventListener(\"message\",d.wp.receiveEmbedMessage,!1),l.addEventListener(\"DOMContentLoaded\",function(){for(var e,t,s=l.querySelectorAll(\"iframe.wp-embedded-content\"),r=0;r<s.length;r++)(t=(e=s[r]).getAttribute(\"data-secret\"))||(t=Math.random().toString(36).substring(2,12),e.src+=\"#?secret=\"+t,e.setAttribute(\"data-secret\",t)),e.contentWindow.postMessage({message:\"ready\",secret:t},\"*\")},!1)))}(window,document);\n\/\/# sourceURL=https:\/\/web.umons.ac.be\/spcn\/wp-includes\/js\/wp-embed.min.js\n\/* ]]> *\/\n<\/script>\n","thumbnail_url":"https:\/\/web.umons.ac.be\/app\/uploads\/sites\/64\/2023\/02\/mosaique-avec-texte-tous.jpg","thumbnail_width":719,"thumbnail_height":959,"description":"Depuis 2015, par d\u00e9cision de l\u2019Assembl\u00e9e g\u00e9n\u00e9rale de l\u2019UNESCO, le 11 f\u00e9vrier est la Journ\u00e9e Internationale des femmes et des filles de science. Cette initiative commune de l\u2019UNESCO et de ONU-femmes trouve tout son \u00e9cho au sein de l\u2019\u00e9quipe de Psychologie Cognitive et Neuropsychologie dans sa volont\u00e9 de soutenir l&rsquo;\u00e9galit\u00e9 des chances et de participation [&hellip;]"}