{"version":"1.0","provider_name":"Service \/ FPSE - Psychologie cognitive et Neuropsychologie","provider_url":"https:\/\/web.umons.ac.be\/spcn","author_name":"Sandra Invernizzi","author_url":"https:\/\/web.umons.ac.be\/spcn\/author\/sinvernizzi\/","title":"C\u00e9r\u00e9monie des dipl\u00f4m\u00e9s: Bravo \u00e0 nos \u00e9tudiants - Service \/ FPSE - Psychologie cognitive et Neuropsychologie","type":"rich","width":600,"height":338,"html":"<blockquote class=\"wp-embedded-content\" data-secret=\"Maoc43mOpY\"><a href=\"https:\/\/web.umons.ac.be\/spcn\/2023\/09\/10\/ceremonie-des-diplomes-bravo-a-nos-etudiants\/\">C\u00e9r\u00e9monie des dipl\u00f4m\u00e9s: Bravo \u00e0 nos \u00e9tudiants<\/a><\/blockquote><iframe sandbox=\"allow-scripts\" security=\"restricted\" src=\"https:\/\/web.umons.ac.be\/spcn\/2023\/09\/10\/ceremonie-des-diplomes-bravo-a-nos-etudiants\/embed\/#?secret=Maoc43mOpY\" width=\"600\" height=\"338\" title=\"\u00ab\u00a0C\u00e9r\u00e9monie des dipl\u00f4m\u00e9s: Bravo \u00e0 nos \u00e9tudiants\u00a0\u00bb &#8212; Service \/ FPSE - Psychologie cognitive et Neuropsychologie\" data-secret=\"Maoc43mOpY\" frameborder=\"0\" marginwidth=\"0\" marginheight=\"0\" scrolling=\"no\" class=\"wp-embedded-content\"><\/iframe><script type=\"text\/javascript\">\n\/* <![CDATA[ *\/\n\/*! This file is auto-generated *\/\n!function(d,l){\"use strict\";l.querySelector&&d.addEventListener&&\"undefined\"!=typeof URL&&(d.wp=d.wp||{},d.wp.receiveEmbedMessage||(d.wp.receiveEmbedMessage=function(e){var t=e.data;if((t||t.secret||t.message||t.value)&&!\/[^a-zA-Z0-9]\/.test(t.secret)){for(var s,r,n,a=l.querySelectorAll('iframe[data-secret=\"'+t.secret+'\"]'),o=l.querySelectorAll('blockquote[data-secret=\"'+t.secret+'\"]'),c=new RegExp(\"^https?:$\",\"i\"),i=0;i<o.length;i++)o[i].style.display=\"none\";for(i=0;i<a.length;i++)s=a[i],e.source===s.contentWindow&&(s.removeAttribute(\"style\"),\"height\"===t.message?(1e3<(r=parseInt(t.value,10))?r=1e3:~~r<200&&(r=200),s.height=r):\"link\"===t.message&&(r=new URL(s.getAttribute(\"src\")),n=new URL(t.value),c.test(n.protocol))&&n.host===r.host&&l.activeElement===s&&(d.top.location.href=t.value))}},d.addEventListener(\"message\",d.wp.receiveEmbedMessage,!1),l.addEventListener(\"DOMContentLoaded\",function(){for(var e,t,s=l.querySelectorAll(\"iframe.wp-embedded-content\"),r=0;r<s.length;r++)(t=(e=s[r]).getAttribute(\"data-secret\"))||(t=Math.random().toString(36).substring(2,12),e.src+=\"#?secret=\"+t,e.setAttribute(\"data-secret\",t)),e.contentWindow.postMessage({message:\"ready\",secret:t},\"*\")},!1)))}(window,document);\n\/\/# sourceURL=https:\/\/web.umons.ac.be\/spcn\/wp-includes\/js\/wp-embed.min.js\n\/* ]]> *\/\n<\/script>\n","thumbnail_url":"https:\/\/web.umons.ac.be\/app\/uploads\/sites\/64\/2023\/09\/received_1521273672032730.jpeg","thumbnail_width":1734,"thumbnail_height":1301,"description":"Vendredi 9 septembre, la traditionnelle c\u00e9r\u00e9monie des nouveaux dipl\u00f4m\u00e9s a pris place \u00e0 l\u2019auditoire Stievenart. Une belle soir\u00e9e, plac\u00e9e sous le signe du soleil, au cours de laquelle l\u2019ensemble des \u00e9tudiants et \u00e9tudiantes ont pu symboliquement franchir le pas qui les confirme comme dipl\u00f4m\u00e9.e.s Master en sciences psychologiques ou en sciences de l\u2019\u00e9ducation, durant une [&hellip;]"}